{"id":41592,"date":"2025-03-19T09:58:10","date_gmt":"2025-03-19T09:58:10","guid":{"rendered":"https:\/\/www.ull.es\/portal\/agenda\/?post_type=tribe_events&#038;p=41592"},"modified":"2025-09-08T08:02:22","modified_gmt":"2025-09-08T08:02:22","slug":"reconocimiento-de-setas-silvestres-de-la-esperanza-nivel-avanzado","status":"publish","type":"tribe_events","link":"https:\/\/www.ull.es\/portal\/agenda\/evento\/reconocimiento-de-setas-silvestres-de-la-esperanza-nivel-avanzado\/","title":{"rendered":"Reconocimiento de setas silvestres de La Esperanza (nivel avanzado)"},"content":{"rendered":"<p>El Rosario acoge el curso <em>\u00abReconocimiento de setas silvestres de La Esperanza (nivel avanzado)\u00bb<\/em>, organizado conjuntamente por el Vicerrectorado de Cultura y Extensi\u00f3n Universitaria y el Ayuntamiento de El Rosario, dentro de la programaci\u00f3n de los Cursos de Extensi\u00f3n Universitaria en el \u00e1mbito municipal <a href=\"https:\/\/www.ull.es\/cultura\/cursos-extension-universitaria\/cursos-de-ayuntamientos\/\" target=\"_blank\" rel=\"noopener\" target=\"_blank\" rel=\"noopener\">\u201cAyuntamientos 2025\u201d<\/a>, que se celebrar\u00e1 los d\u00edas 4, 5 y 6 de noviembre de 2025.<\/p>\n<p>El objetivo de este curso es acercarte al fascinante mundo de las setas de una manera sencilla y pr\u00e1ctica. Aprender\u00e1s a diferenciar las especies comestibles y t\u00f3xicas, descubriendo d\u00f3nde y cu\u00e1ndo encontrarlas. Tambi\u00e9n te ense\u00f1aremos c\u00f3mo recolectarlas sin da\u00f1ar la naturaleza, respetando el entorno y las normativas locales. Adem\u00e1s, conocer\u00e1s m\u00e9todos tradicionales y modernos para conservarlas y aprovecharlas en la cocina, con ideas y consejos para su consumo seguro. Todo esto se complementar\u00e1 con salidas pr\u00e1cticas al campo para aplicar lo aprendido \u00a1Una experiencia ideal para disfrutar de la naturaleza mientras descubres el apasionante mundo de las setas!<\/p>\n<p>Metodolog\u00eda docente: El curso combina teor\u00eda y pr\u00e1ctica para un aprendizaje din\u00e1mico. Se impartir\u00e1n charlas te\u00f3ricas con explicaciones claras sobre identificaci\u00f3n, recolecci\u00f3n y conservaci\u00f3n, utilizando material visual y fomentando la participaci\u00f3n. Adem\u00e1s, realizaremos salidas al campo donde los participantes podr\u00e1n identificar setas en su h\u00e1bitat y practicar t\u00e9cnicas de recolecci\u00f3n responsable. Para reforzar lo aprendido, tambi\u00e9n se llevar\u00e1n a cabo talleres de identificaci\u00f3n, donde se clasificar\u00e1n las setas recolectadas utilizando gu\u00edas y herramientas b\u00e1sicas.<\/p>\n<p>El curso est\u00e1 dirigido al p\u00fablico en general y a estudiantes de formaci\u00f3n profesional en sectores agr\u00edcolas y forestales, as\u00ed como a ingenieros agr\u00edcolas y forestales. Tambi\u00e9n est\u00e1 orientado a estudiantes de ciencias ambientales, biolog\u00eda y capacitaci\u00f3n agraria, agricultores profesionales y aficionados, amantes de la micolog\u00eda, trabajadores del sector gastron\u00f3mico, y personas desempleadas interesadas en adquirir nuevas habilidades.<\/p>\n<p>Direcci\u00f3n acad\u00e9mica: Luis Jes\u00fas Quijada Fumero. Investigador, Departamento de Bot\u00e1nica, Ecolog\u00eda y Fisiolog\u00eda Vegetal de la Universidad de La Laguna.<\/p>\n<p><strong>CERTIFICADO DE ASISTENCIA, APTITUD Y RECONOCIMIENTO POR CR\u00c9DITO ECTS<\/strong><\/p>\n<p>La Universidad de La Laguna, a trav\u00e9s del Vicerrectorado de Cultura y Extensi\u00f3n Universitaria, emitir\u00e1 un certificado de asistencia a todas aquellas personas que asistan a un m\u00ednimo del 80% de las horas lectivas presenciales. Asimismo, aquellas personas que superen el trabajo aut\u00f3nomo del alumnado, recibir\u00e1n un certificado de asistencia y aprovechamiento, reconocible a su vez por un cr\u00e9dito ECTS.<\/p>\n<p><a href=\"https:\/\/sede.fg.ull.es\/es\/curso\/detalle?code=a25020074&amp;name=reconocimiento-de-setas-silvestres-de-la-esperanza-nivel-avanzado&amp;query=%3Fcode%3DA25020074\" target=\"_blank\" rel=\"noopener\" target=\"_blank\" rel=\"noopener\"><strong><u>Consulta el programa e inscr\u00edbete aqu\u00ed.<\/u><\/strong><\/a><\/p>\n<p><span style=\"color: #ff0000\"><strong>\u00a1PLAZAS AGOTADAS!<\/strong><\/span><\/p>\n<p><strong>Contacto:\u00a0<\/strong><a href=\"mailto:extuni@ull.edu.es\" target=\"_blank\" rel=\"noopener\" target=\"_blank\" rel=\"noopener\"><strong>extuni@ull.es<\/strong><\/a><\/p>\n","protected":false},"excerpt":{"rendered":"<p>El Rosario acoge el curso \u00abReconocimiento de setas silvestres de La Esperanza (nivel avanzado)\u00bb, organizado conjuntamente por el Vicerrectorado de Cultura y Extensi\u00f3n Universitaria y el Ayuntamiento de El Rosario, dentro de la programaci\u00f3n de los Cursos de Extensi\u00f3n Universitaria en el \u00e1mbito municipal \u201cAyuntamientos 2025\u201d, que se celebrar\u00e1 los d\u00edas 4, 5 y 6&#8230;<\/p>\n","protected":false},"author":43,"featured_media":43697,"comment_status":"closed","ping_status":"closed","template":"","tags":[4519,977,4920,3812,4852,3751],"tribe_events_cat":[472,469,4,186],"acf":[],"yoast_head":"<!-- This site is optimized with the Yoast SEO plugin v21.3 - https:\/\/yoast.com\/wordpress\/plugins\/seo\/ -->\n<title>Reconocimiento de setas silvestres de La Esperanza (nivel avanzado) - ULL - Agenda<\/title>\n<meta name=\"robots\" content=\"index, follow, max-snippet:-1, max-image-preview:large, max-video-preview:-1\" \/>\n<link rel=\"canonical\" href=\"https:\/\/www.ull.es\/portal\/agenda\/evento\/reconocimiento-de-setas-silvestres-de-la-esperanza-nivel-avanzado\/\" \/>\n<meta property=\"og:locale\" content=\"es_ES\" \/>\n<meta property=\"og:type\" content=\"article\" \/>\n<meta property=\"og:title\" content=\"Reconocimiento de setas silvestres de La Esperanza (nivel avanzado) - ULL - Agenda\" \/>\n<meta property=\"og:description\" content=\"El Rosario acoge el curso \u00abReconocimiento de setas silvestres de La Esperanza (nivel avanzado)\u00bb, organizado conjuntamente por el Vicerrectorado de Cultura y Extensi\u00f3n Universitaria y el Ayuntamiento de El Rosario, dentro de la programaci\u00f3n de los Cursos de Extensi\u00f3n Universitaria en el \u00e1mbito municipal \u201cAyuntamientos 2025\u201d, que se celebrar\u00e1 los d\u00edas 4, 5 y 6...\" \/>\n<meta property=\"og:url\" content=\"https:\/\/www.ull.es\/portal\/agenda\/evento\/reconocimiento-de-setas-silvestres-de-la-esperanza-nivel-avanzado\/\" \/>\n<meta property=\"og:site_name\" content=\"ULL - Agenda\" \/>\n<meta property=\"article:modified_time\" content=\"2025-09-08T08:02:22+00:00\" \/>\n<meta property=\"og:image\" content=\"https:\/\/www.ull.es\/portal\/agenda\/wp-content\/uploads\/sites\/12\/2025\/03\/BannerSetas-1.png\" \/>\n\t<meta property=\"og:image:width\" content=\"750\" \/>\n\t<meta property=\"og:image:height\" content=\"350\" \/>\n\t<meta property=\"og:image:type\" content=\"image\/png\" \/>\n<meta name=\"twitter:card\" content=\"summary_large_image\" \/>\n<meta name=\"twitter:label1\" content=\"Tiempo de lectura\" \/>\n\t<meta name=\"twitter:data1\" content=\"2 minutos\" \/>\n<script type=\"application\/ld+json\" class=\"yoast-schema-graph\">{\"@context\":\"https:\/\/schema.org\",\"@graph\":[{\"@type\":\"WebPage\",\"@id\":\"https:\/\/www.ull.es\/portal\/agenda\/evento\/reconocimiento-de-setas-silvestres-de-la-esperanza-nivel-avanzado\/\",\"url\":\"https:\/\/www.ull.es\/portal\/agenda\/evento\/reconocimiento-de-setas-silvestres-de-la-esperanza-nivel-avanzado\/\",\"name\":\"Reconocimiento de setas silvestres de La Esperanza (nivel avanzado) - ULL - Agenda\",\"isPartOf\":{\"@id\":\"https:\/\/www.ull.es\/portal\/agenda\/#website\"},\"datePublished\":\"2025-03-19T09:58:10+00:00\",\"dateModified\":\"2025-09-08T08:02:22+00:00\",\"breadcrumb\":{\"@id\":\"https:\/\/www.ull.es\/portal\/agenda\/evento\/reconocimiento-de-setas-silvestres-de-la-esperanza-nivel-avanzado\/#breadcrumb\"},\"inLanguage\":\"es\",\"potentialAction\":[{\"@type\":\"ReadAction\",\"target\":[\"https:\/\/www.ull.es\/portal\/agenda\/evento\/reconocimiento-de-setas-silvestres-de-la-esperanza-nivel-avanzado\/\"]}]},{\"@type\":\"BreadcrumbList\",\"@id\":\"https:\/\/www.ull.es\/portal\/agenda\/evento\/reconocimiento-de-setas-silvestres-de-la-esperanza-nivel-avanzado\/#breadcrumb\",\"itemListElement\":[{\"@type\":\"ListItem\",\"position\":1,\"name\":\"Portada\",\"item\":\"https:\/\/www.ull.es\/portal\/agenda\/\"},{\"@type\":\"ListItem\",\"position\":2,\"name\":\"Reconocimiento de setas silvestres de La Esperanza (nivel avanzado)\"}]},{\"@type\":\"WebSite\",\"@id\":\"https:\/\/www.ull.es\/portal\/agenda\/#website\",\"url\":\"https:\/\/www.ull.es\/portal\/agenda\/\",\"name\":\"ULL - Agenda\",\"description\":\"\",\"potentialAction\":[{\"@type\":\"SearchAction\",\"target\":{\"@type\":\"EntryPoint\",\"urlTemplate\":\"https:\/\/www.ull.es\/portal\/agenda\/?s={search_term_string}\"},\"query-input\":\"required name=search_term_string\"}],\"inLanguage\":\"es\"}]}<\/script>\n<!-- \/ Yoast SEO plugin. -->","yoast_head_json":{"title":"Reconocimiento de setas silvestres de La Esperanza (nivel avanzado) - ULL - Agenda","robots":{"index":"index","follow":"follow","max-snippet":"max-snippet:-1","max-image-preview":"max-image-preview:large","max-video-preview":"max-video-preview:-1"},"canonical":"https:\/\/www.ull.es\/portal\/agenda\/evento\/reconocimiento-de-setas-silvestres-de-la-esperanza-nivel-avanzado\/","og_locale":"es_ES","og_type":"article","og_title":"Reconocimiento de setas silvestres de La Esperanza (nivel avanzado) - ULL - Agenda","og_description":"El Rosario acoge el curso \u00abReconocimiento de setas silvestres de La Esperanza (nivel avanzado)\u00bb, organizado conjuntamente por el Vicerrectorado de Cultura y Extensi\u00f3n Universitaria y el Ayuntamiento de El Rosario, dentro de la programaci\u00f3n de los Cursos de Extensi\u00f3n Universitaria en el \u00e1mbito municipal \u201cAyuntamientos 2025\u201d, que se celebrar\u00e1 los d\u00edas 4, 5 y 6...","og_url":"https:\/\/www.ull.es\/portal\/agenda\/evento\/reconocimiento-de-setas-silvestres-de-la-esperanza-nivel-avanzado\/","og_site_name":"ULL - Agenda","article_modified_time":"2025-09-08T08:02:22+00:00","og_image":[{"width":750,"height":350,"url":"https:\/\/www.ull.es\/portal\/agenda\/wp-content\/uploads\/sites\/12\/2025\/03\/BannerSetas-1.png","type":"image\/png"}],"twitter_card":"summary_large_image","twitter_misc":{"Tiempo de lectura":"2 minutos"},"schema":{"@context":"https:\/\/schema.org","@graph":[{"@type":"WebPage","@id":"https:\/\/www.ull.es\/portal\/agenda\/evento\/reconocimiento-de-setas-silvestres-de-la-esperanza-nivel-avanzado\/","url":"https:\/\/www.ull.es\/portal\/agenda\/evento\/reconocimiento-de-setas-silvestres-de-la-esperanza-nivel-avanzado\/","name":"Reconocimiento de setas silvestres de La Esperanza (nivel avanzado) - ULL - Agenda","isPartOf":{"@id":"https:\/\/www.ull.es\/portal\/agenda\/#website"},"datePublished":"2025-03-19T09:58:10+00:00","dateModified":"2025-09-08T08:02:22+00:00","breadcrumb":{"@id":"https:\/\/www.ull.es\/portal\/agenda\/evento\/reconocimiento-de-setas-silvestres-de-la-esperanza-nivel-avanzado\/#breadcrumb"},"inLanguage":"es","potentialAction":[{"@type":"ReadAction","target":["https:\/\/www.ull.es\/portal\/agenda\/evento\/reconocimiento-de-setas-silvestres-de-la-esperanza-nivel-avanzado\/"]}]},{"@type":"BreadcrumbList","@id":"https:\/\/www.ull.es\/portal\/agenda\/evento\/reconocimiento-de-setas-silvestres-de-la-esperanza-nivel-avanzado\/#breadcrumb","itemListElement":[{"@type":"ListItem","position":1,"name":"Portada","item":"https:\/\/www.ull.es\/portal\/agenda\/"},{"@type":"ListItem","position":2,"name":"Reconocimiento de setas silvestres de La Esperanza (nivel avanzado)"}]},{"@type":"WebSite","@id":"https:\/\/www.ull.es\/portal\/agenda\/#website","url":"https:\/\/www.ull.es\/portal\/agenda\/","name":"ULL - Agenda","description":"","potentialAction":[{"@type":"SearchAction","target":{"@type":"EntryPoint","urlTemplate":"https:\/\/www.ull.es\/portal\/agenda\/?s={search_term_string}"},"query-input":"required name=search_term_string"}],"inLanguage":"es"}]}},"_links":{"self":[{"href":"https:\/\/www.ull.es\/portal\/agenda\/wp-json\/wp\/v2\/tribe_events\/41592"}],"collection":[{"href":"https:\/\/www.ull.es\/portal\/agenda\/wp-json\/wp\/v2\/tribe_events"}],"about":[{"href":"https:\/\/www.ull.es\/portal\/agenda\/wp-json\/wp\/v2\/types\/tribe_events"}],"author":[{"embeddable":true,"href":"https:\/\/www.ull.es\/portal\/agenda\/wp-json\/wp\/v2\/users\/43"}],"replies":[{"embeddable":true,"href":"https:\/\/www.ull.es\/portal\/agenda\/wp-json\/wp\/v2\/comments?post=41592"}],"version-history":[{"count":7,"href":"https:\/\/www.ull.es\/portal\/agenda\/wp-json\/wp\/v2\/tribe_events\/41592\/revisions"}],"predecessor-version":[{"id":43842,"href":"https:\/\/www.ull.es\/portal\/agenda\/wp-json\/wp\/v2\/tribe_events\/41592\/revisions\/43842"}],"wp:featuredmedia":[{"embeddable":true,"href":"https:\/\/www.ull.es\/portal\/agenda\/wp-json\/wp\/v2\/media\/43697"}],"wp:attachment":[{"href":"https:\/\/www.ull.es\/portal\/agenda\/wp-json\/wp\/v2\/media?parent=41592"}],"wp:term":[{"taxonomy":"post_tag","embeddable":true,"href":"https:\/\/www.ull.es\/portal\/agenda\/wp-json\/wp\/v2\/tags?post=41592"},{"taxonomy":"tribe_events_cat","embeddable":true,"href":"https:\/\/www.ull.es\/portal\/agenda\/wp-json\/wp\/v2\/tribe_events_cat?post=41592"}],"curies":[{"name":"wp","href":"https:\/\/api.w.org\/{rel}","templated":true}]}}