{"id":42164,"date":"2025-04-21T09:12:28","date_gmt":"2025-04-21T09:12:28","guid":{"rendered":"https:\/\/www.ull.es\/portal\/agenda\/?post_type=tribe_events&#038;p=42164"},"modified":"2025-04-28T09:10:13","modified_gmt":"2025-04-28T09:10:13","slug":"i-reunion-cientifica-de-atrofia-muscular-espinal","status":"publish","type":"tribe_events","link":"https:\/\/www.ull.es\/portal\/agenda\/evento\/i-reunion-cientifica-de-atrofia-muscular-espinal\/","title":{"rendered":"I Reuni\u00f3n Cient\u00edfica de Atrofia Muscular Espinal"},"content":{"rendered":"<p>Los pr\u00f3ximos d\u00edas 23 y 24 de abril, la Universidad de La Laguna ser\u00e1 sede de una reuni\u00f3n cient\u00edfica dedicada a la Atrofia Muscular Espinal (AME), organizada por diversos grupos de investigaci\u00f3n b\u00e1sica nacional implicados en el estudio y abordaje de esta enfermedad neurodegenerativa.\u00a0 El encuentro tendr\u00e1 lugar en la Sala de Grados de la Secci\u00f3n de Medicina de la Facultad de Ciencias de la Salud, y reunir\u00e1 a investigadores de instituciones de prestigio a nivel nacional.<\/p>\n<p>La Dra. Olga Tapia, investigadora del Instituto de Tecnolog\u00edas Biom\u00e9dicas de la Universidad de LaLaguna (ITB-ULL), dar\u00e1 inicio a las jornadas con la presentaci\u00f3n del programa, que se estructura en diferentes sesiones centradas en l\u00edneas de investigaci\u00f3n punteras en torno a la AME.<\/p>\n<p>La primera jornada contar\u00e1 con la participaci\u00f3n del Grupo de Biolog\u00eda Celular del N\u00facleo, formado por investigadores del Instituto de Investigaci\u00f3n Sanitaria Valdecilla (IDIVAL), \u00a0la Universidad de Cantabria y el propio ITB de la Universidad de La Laguna. El Dr. Miguel \u00c1ngel Lafarga y la Dra. Mar\u00eda Teresa Berciano presentar\u00e1n la charla \u201cEl Cajal body, diana de la SMA: un relato hist\u00f3rico\u201d, seguida por intervenciones de la propia Dra. Tapia y de j\u00f3venes investigadores como Alexis Rufino y Sof\u00eda Cardona, quienes abordar\u00e1n nuevas aproximaciones terap\u00e9uticas y moleculares para la enfermedad.<\/p>\n<p>El programa continuar\u00e1 con el Grupo de Neurotransmisi\u00f3n y Sinaptolog\u00edas de la Universidad de Sevilla, representado por Luc\u00eda Tabares, Saravanan Arumugam y Andrea Fuentes, quienes presentar\u00e1n sus avances en modelos murinos de AME y los efectos de compuestos como la nifedipina sobre la actividad neuronal.<\/p>\n<p>Durante la tarde, tomar\u00e1 el relevo el Grupo de Patolog\u00eda Neuromuscular Experimental de la Universitat de Lleida y el IRBLleida, con presentaciones centradas en los mecanismos de neuroinflamaci\u00f3n, estrategias terap\u00e9uticas basadas en oligonucle\u00f3tidos antisentido (ASOs) y procesos celulares implicados en la degeneraci\u00f3n de motoneuronas.<\/p>\n<p>La segunda jornada del 24 de abril incluir\u00e1 la participaci\u00f3n del Grupo de Inestabilidad Gen\u00f3mica del Centro Nacional de Investigaciones Oncol\u00f3gicas (CNIO), con estudios sobre el estr\u00e9s nucleolar en enfermedades como la Esclerosis Lateral Amiotr\u00f3fica (ELA), as\u00ed como del Grupo de Mecanismos Moleculares en Neurodegeneraci\u00f3n de la Unidad de Investigaci\u00f3n del Hospital Universitario de Canarias y el ITB-ULL, que explor\u00e1n nuevos modelos murinos y estrategias terap\u00e9uticas centradas en la prote\u00edna TDP-43, con relevancia tanto en ELA como en AME.<\/p>\n<p>El programa se completar\u00e1 con perspectivas cl\u00ednicas y rehabilitadoras, gracias a la participaci\u00f3n de profesionales de la Fundaci\u00f3n FundAME, el Hospital Universitario Nuestra Se\u00f1ora de la Candelaria y el Hospital Universitario y Polit\u00e9cnico La Fe de Valencia, quienes compartir\u00e1n su experiencia en el tratamiento y abordaje multidisciplinar de la AME.<\/p>\n<p>Finalmente, el Grupo de Se\u00f1alizaci\u00f3n Neuronal de la Universitat de Lleida cerrar\u00e1 la reuni\u00f3n con ponencias sobre las alteraciones moleculares en motoneuronas, los cambios lip\u00eddicos en la m\u00e9dula espinal y las investigaciones con c\u00e9lulas madre derivadas de pacientes AME.<\/p>\n<p>Esta reuni\u00f3n cient\u00edfica representa una valiosa oportunidad para fortalecer redes de colaboraci\u00f3n, compartir avances significativos y promover nuevas estrategias terap\u00e9uticas en la lucha contra la Atrofia Muscular\u00a0Espinal.<\/p>\n","protected":false},"excerpt":{"rendered":"<p>Los pr\u00f3ximos d\u00edas 23 y 24 de abril, la Universidad de La Laguna ser\u00e1 sede de una reuni\u00f3n cient\u00edfica dedicada a la Atrofia Muscular Espinal (AME), organizada por diversos grupos de investigaci\u00f3n b\u00e1sica nacional implicados en el estudio y abordaje de esta enfermedad neurodegenerativa.\u00a0 El encuentro tendr\u00e1 lugar en la Sala de Grados de la&#8230;<\/p>\n","protected":false},"author":65,"featured_media":42386,"comment_status":"closed","ping_status":"closed","template":"","tags":[],"tribe_events_cat":[1090,3681,5],"acf":[],"yoast_head":"<!-- This site is optimized with the Yoast SEO plugin v21.3 - https:\/\/yoast.com\/wordpress\/plugins\/seo\/ -->\n<title>I Reuni\u00f3n Cient\u00edfica de Atrofia Muscular Espinal - ULL - Agenda<\/title>\n<meta name=\"robots\" content=\"index, follow, max-snippet:-1, max-image-preview:large, max-video-preview:-1\" \/>\n<link rel=\"canonical\" href=\"https:\/\/www.ull.es\/portal\/agenda\/evento\/i-reunion-cientifica-de-atrofia-muscular-espinal\/\" \/>\n<meta property=\"og:locale\" content=\"es_ES\" \/>\n<meta property=\"og:type\" content=\"article\" \/>\n<meta property=\"og:title\" content=\"I Reuni\u00f3n Cient\u00edfica de Atrofia Muscular Espinal - ULL - Agenda\" \/>\n<meta property=\"og:description\" content=\"Los pr\u00f3ximos d\u00edas 23 y 24 de abril, la Universidad de La Laguna ser\u00e1 sede de una reuni\u00f3n cient\u00edfica dedicada a la Atrofia Muscular Espinal (AME), organizada por diversos grupos de investigaci\u00f3n b\u00e1sica nacional implicados en el estudio y abordaje de esta enfermedad neurodegenerativa.\u00a0 El encuentro tendr\u00e1 lugar en la Sala de Grados de la...\" \/>\n<meta property=\"og:url\" content=\"https:\/\/www.ull.es\/portal\/agenda\/evento\/i-reunion-cientifica-de-atrofia-muscular-espinal\/\" \/>\n<meta property=\"og:site_name\" content=\"ULL - Agenda\" \/>\n<meta property=\"article:modified_time\" content=\"2025-04-28T09:10:13+00:00\" \/>\n<meta property=\"og:image\" content=\"https:\/\/www.ull.es\/portal\/agenda\/wp-content\/uploads\/sites\/12\/2025\/04\/BANNER_1RC2025_750.jpg\" \/>\n\t<meta property=\"og:image:width\" content=\"1600\" \/>\n\t<meta property=\"og:image:height\" content=\"790\" \/>\n\t<meta property=\"og:image:type\" content=\"image\/jpeg\" \/>\n<meta name=\"twitter:card\" content=\"summary_large_image\" \/>\n<meta name=\"twitter:label1\" content=\"Tiempo de lectura\" \/>\n\t<meta name=\"twitter:data1\" content=\"3 minutos\" \/>\n<script type=\"application\/ld+json\" class=\"yoast-schema-graph\">{\"@context\":\"https:\/\/schema.org\",\"@graph\":[{\"@type\":\"WebPage\",\"@id\":\"https:\/\/www.ull.es\/portal\/agenda\/evento\/i-reunion-cientifica-de-atrofia-muscular-espinal\/\",\"url\":\"https:\/\/www.ull.es\/portal\/agenda\/evento\/i-reunion-cientifica-de-atrofia-muscular-espinal\/\",\"name\":\"I Reuni\u00f3n Cient\u00edfica de Atrofia Muscular Espinal - ULL - Agenda\",\"isPartOf\":{\"@id\":\"https:\/\/www.ull.es\/portal\/agenda\/#website\"},\"datePublished\":\"2025-04-21T09:12:28+00:00\",\"dateModified\":\"2025-04-28T09:10:13+00:00\",\"breadcrumb\":{\"@id\":\"https:\/\/www.ull.es\/portal\/agenda\/evento\/i-reunion-cientifica-de-atrofia-muscular-espinal\/#breadcrumb\"},\"inLanguage\":\"es\",\"potentialAction\":[{\"@type\":\"ReadAction\",\"target\":[\"https:\/\/www.ull.es\/portal\/agenda\/evento\/i-reunion-cientifica-de-atrofia-muscular-espinal\/\"]}]},{\"@type\":\"BreadcrumbList\",\"@id\":\"https:\/\/www.ull.es\/portal\/agenda\/evento\/i-reunion-cientifica-de-atrofia-muscular-espinal\/#breadcrumb\",\"itemListElement\":[{\"@type\":\"ListItem\",\"position\":1,\"name\":\"Portada\",\"item\":\"https:\/\/www.ull.es\/portal\/agenda\/\"},{\"@type\":\"ListItem\",\"position\":2,\"name\":\"I Reuni\u00f3n Cient\u00edfica de Atrofia Muscular Espinal\"}]},{\"@type\":\"WebSite\",\"@id\":\"https:\/\/www.ull.es\/portal\/agenda\/#website\",\"url\":\"https:\/\/www.ull.es\/portal\/agenda\/\",\"name\":\"ULL - Agenda\",\"description\":\"\",\"potentialAction\":[{\"@type\":\"SearchAction\",\"target\":{\"@type\":\"EntryPoint\",\"urlTemplate\":\"https:\/\/www.ull.es\/portal\/agenda\/?s={search_term_string}\"},\"query-input\":\"required name=search_term_string\"}],\"inLanguage\":\"es\"}]}<\/script>\n<!-- \/ Yoast SEO plugin. -->","yoast_head_json":{"title":"I Reuni\u00f3n Cient\u00edfica de Atrofia Muscular Espinal - ULL - Agenda","robots":{"index":"index","follow":"follow","max-snippet":"max-snippet:-1","max-image-preview":"max-image-preview:large","max-video-preview":"max-video-preview:-1"},"canonical":"https:\/\/www.ull.es\/portal\/agenda\/evento\/i-reunion-cientifica-de-atrofia-muscular-espinal\/","og_locale":"es_ES","og_type":"article","og_title":"I Reuni\u00f3n Cient\u00edfica de Atrofia Muscular Espinal - ULL - Agenda","og_description":"Los pr\u00f3ximos d\u00edas 23 y 24 de abril, la Universidad de La Laguna ser\u00e1 sede de una reuni\u00f3n cient\u00edfica dedicada a la Atrofia Muscular Espinal (AME), organizada por diversos grupos de investigaci\u00f3n b\u00e1sica nacional implicados en el estudio y abordaje de esta enfermedad neurodegenerativa.\u00a0 El encuentro tendr\u00e1 lugar en la Sala de Grados de la...","og_url":"https:\/\/www.ull.es\/portal\/agenda\/evento\/i-reunion-cientifica-de-atrofia-muscular-espinal\/","og_site_name":"ULL - Agenda","article_modified_time":"2025-04-28T09:10:13+00:00","og_image":[{"width":1600,"height":790,"url":"https:\/\/www.ull.es\/portal\/agenda\/wp-content\/uploads\/sites\/12\/2025\/04\/BANNER_1RC2025_750.jpg","type":"image\/jpeg"}],"twitter_card":"summary_large_image","twitter_misc":{"Tiempo de lectura":"3 minutos"},"schema":{"@context":"https:\/\/schema.org","@graph":[{"@type":"WebPage","@id":"https:\/\/www.ull.es\/portal\/agenda\/evento\/i-reunion-cientifica-de-atrofia-muscular-espinal\/","url":"https:\/\/www.ull.es\/portal\/agenda\/evento\/i-reunion-cientifica-de-atrofia-muscular-espinal\/","name":"I Reuni\u00f3n Cient\u00edfica de Atrofia Muscular Espinal - ULL - Agenda","isPartOf":{"@id":"https:\/\/www.ull.es\/portal\/agenda\/#website"},"datePublished":"2025-04-21T09:12:28+00:00","dateModified":"2025-04-28T09:10:13+00:00","breadcrumb":{"@id":"https:\/\/www.ull.es\/portal\/agenda\/evento\/i-reunion-cientifica-de-atrofia-muscular-espinal\/#breadcrumb"},"inLanguage":"es","potentialAction":[{"@type":"ReadAction","target":["https:\/\/www.ull.es\/portal\/agenda\/evento\/i-reunion-cientifica-de-atrofia-muscular-espinal\/"]}]},{"@type":"BreadcrumbList","@id":"https:\/\/www.ull.es\/portal\/agenda\/evento\/i-reunion-cientifica-de-atrofia-muscular-espinal\/#breadcrumb","itemListElement":[{"@type":"ListItem","position":1,"name":"Portada","item":"https:\/\/www.ull.es\/portal\/agenda\/"},{"@type":"ListItem","position":2,"name":"I Reuni\u00f3n Cient\u00edfica de Atrofia Muscular Espinal"}]},{"@type":"WebSite","@id":"https:\/\/www.ull.es\/portal\/agenda\/#website","url":"https:\/\/www.ull.es\/portal\/agenda\/","name":"ULL - Agenda","description":"","potentialAction":[{"@type":"SearchAction","target":{"@type":"EntryPoint","urlTemplate":"https:\/\/www.ull.es\/portal\/agenda\/?s={search_term_string}"},"query-input":"required name=search_term_string"}],"inLanguage":"es"}]}},"_links":{"self":[{"href":"https:\/\/www.ull.es\/portal\/agenda\/wp-json\/wp\/v2\/tribe_events\/42164"}],"collection":[{"href":"https:\/\/www.ull.es\/portal\/agenda\/wp-json\/wp\/v2\/tribe_events"}],"about":[{"href":"https:\/\/www.ull.es\/portal\/agenda\/wp-json\/wp\/v2\/types\/tribe_events"}],"author":[{"embeddable":true,"href":"https:\/\/www.ull.es\/portal\/agenda\/wp-json\/wp\/v2\/users\/65"}],"replies":[{"embeddable":true,"href":"https:\/\/www.ull.es\/portal\/agenda\/wp-json\/wp\/v2\/comments?post=42164"}],"version-history":[{"count":1,"href":"https:\/\/www.ull.es\/portal\/agenda\/wp-json\/wp\/v2\/tribe_events\/42164\/revisions"}],"predecessor-version":[{"id":42166,"href":"https:\/\/www.ull.es\/portal\/agenda\/wp-json\/wp\/v2\/tribe_events\/42164\/revisions\/42166"}],"wp:featuredmedia":[{"embeddable":true,"href":"https:\/\/www.ull.es\/portal\/agenda\/wp-json\/wp\/v2\/media\/42386"}],"wp:attachment":[{"href":"https:\/\/www.ull.es\/portal\/agenda\/wp-json\/wp\/v2\/media?parent=42164"}],"wp:term":[{"taxonomy":"post_tag","embeddable":true,"href":"https:\/\/www.ull.es\/portal\/agenda\/wp-json\/wp\/v2\/tags?post=42164"},{"taxonomy":"tribe_events_cat","embeddable":true,"href":"https:\/\/www.ull.es\/portal\/agenda\/wp-json\/wp\/v2\/tribe_events_cat?post=42164"}],"curies":[{"name":"wp","href":"https:\/\/api.w.org\/{rel}","templated":true}]}}