{"id":42328,"date":"2025-04-24T09:25:56","date_gmt":"2025-04-24T09:25:56","guid":{"rendered":"https:\/\/www.ull.es\/portal\/agenda\/?post_type=tribe_events&#038;p=42328"},"modified":"2025-04-24T13:21:30","modified_gmt":"2025-04-24T13:21:30","slug":"ii-congreso-de-estudiantes-de-ingenierias-industriales","status":"publish","type":"tribe_events","link":"https:\/\/www.ull.es\/portal\/agenda\/evento\/ii-congreso-de-estudiantes-de-ingenierias-industriales\/","title":{"rendered":"II Congreso de Estudiantes de Ingenier\u00edas Industriales"},"content":{"rendered":"<p>Tras el \u00e9xito de su primera edici\u00f3n, el II Congreso de estudiantes de Ingenier\u00edas Industriales vuelve con energ\u00edas renovadas para crear un espacio din\u00e1mico donde estudiantes, profesionales y acad\u00e9micos compartir\u00e1n conocimientos, experiencias y las \u00faltimas innovaciones del sector. Durante una jornada intensa, los participantes podr\u00e1n sumergirse en un programa dise\u00f1ado para inspirar, conectar y abrir nuevas oportunidades en el \u00e1mbito de la ingenier\u00eda industrial.<\/p>\n<p>El evento contar\u00e1 con la presencia de destacados representantes del mundo empresarial e institucional. Entre las ponencias m\u00e1s esperadas se encuentra la del Colegio de Ingenieros T\u00e9cnicos Industriales, que estar\u00e1 a cargo de su decano, Antonio Miguel Rodr\u00edguez Hern\u00e1ndez, as\u00ed como la intervenci\u00f3n de Gregorio S\u00e1nchez, director t\u00e9cnico de la hist\u00f3rica empresa Tirma. El Grupo Mahou San Miguel tambi\u00e9n formar\u00e1 parte del programa, aportando su visi\u00f3n sobre los retos de la producci\u00f3n industrial en el sector de bebidas.<\/p>\n<p>Uno de los momentos clave ser\u00e1 la mesa redonda sobre Econom\u00eda Circular, donde expertos de diversos campos &#8211; desde la arquitectura hasta la veterinaria &#8211; ofrecer\u00e1n perspectivas innovadoras sobre este modelo econ\u00f3mico. Juan Manuel Palerm, Jos\u00e9 Luis Rivero Ceballos, Pedro Jes\u00fas Rivero Rodr\u00edguez y Santiago Mayans debatir\u00e1n sobre c\u00f3mo aplicar estos principios en el contexto industrial actual.<\/p>\n<p>M\u00e1s all\u00e1 de las charlas, el CEII 2025 ofrecer\u00e1 espacios pr\u00e1cticos como el stand de Digital Codesign, donde los asistentes podr\u00e1n experimentar con herramientas tecnol\u00f3gicas de vanguardia. Las sesiones de networking ser\u00e1n otra gran oportunidad para establecer contactos profesionales con representantes de empresas e instituciones, creando puentes entre la formaci\u00f3n acad\u00e9mica y el mundo laboral.<\/p>\n<p>Con precios accesibles (1\u20ac para estudiantes de la ULL y 5\u20ac para externos) y la posibilidad de becas para quienes lo necesiten, el congreso busca ser un evento inclusivo que refleje la diversidad de la comunidad educativa y profesional.<\/p>\n","protected":false},"excerpt":{"rendered":"<p>Tras el \u00e9xito de su primera edici\u00f3n, el II Congreso de estudiantes de Ingenier\u00edas Industriales vuelve con energ\u00edas renovadas para crear un espacio din\u00e1mico donde estudiantes, profesionales y acad\u00e9micos compartir\u00e1n conocimientos, experiencias y las \u00faltimas innovaciones del sector. Durante una jornada intensa, los participantes podr\u00e1n sumergirse en un programa dise\u00f1ado para inspirar, conectar y abrir&#8230;<\/p>\n","protected":false},"author":65,"featured_media":42346,"comment_status":"closed","ping_status":"closed","template":"","tags":[],"tribe_events_cat":[4,1103,789,186],"acf":[],"yoast_head":"<!-- This site is optimized with the Yoast SEO plugin v21.3 - https:\/\/yoast.com\/wordpress\/plugins\/seo\/ -->\n<title>II Congreso de Estudiantes de Ingenier\u00edas Industriales - ULL - Agenda<\/title>\n<meta name=\"robots\" content=\"index, follow, max-snippet:-1, max-image-preview:large, max-video-preview:-1\" \/>\n<link rel=\"canonical\" href=\"https:\/\/www.ull.es\/portal\/agenda\/evento\/ii-congreso-de-estudiantes-de-ingenierias-industriales\/\" \/>\n<meta property=\"og:locale\" content=\"es_ES\" \/>\n<meta property=\"og:type\" content=\"article\" \/>\n<meta property=\"og:title\" content=\"II Congreso de Estudiantes de Ingenier\u00edas Industriales - ULL - Agenda\" \/>\n<meta property=\"og:description\" content=\"Tras el \u00e9xito de su primera edici\u00f3n, el II Congreso de estudiantes de Ingenier\u00edas Industriales vuelve con energ\u00edas renovadas para crear un espacio din\u00e1mico donde estudiantes, profesionales y acad\u00e9micos compartir\u00e1n conocimientos, experiencias y las \u00faltimas innovaciones del sector. Durante una jornada intensa, los participantes podr\u00e1n sumergirse en un programa dise\u00f1ado para inspirar, conectar y abrir...\" \/>\n<meta property=\"og:url\" content=\"https:\/\/www.ull.es\/portal\/agenda\/evento\/ii-congreso-de-estudiantes-de-ingenierias-industriales\/\" \/>\n<meta property=\"og:site_name\" content=\"ULL - Agenda\" \/>\n<meta property=\"article:modified_time\" content=\"2025-04-24T13:21:30+00:00\" \/>\n<meta property=\"og:image\" content=\"https:\/\/www.ull.es\/portal\/agenda\/wp-content\/uploads\/sites\/12\/2025\/04\/II-Congreso-de-estudiantes-de-Ingenierias-Industriales_Banner-eventos.png\" \/>\n\t<meta property=\"og:image:width\" content=\"750\" \/>\n\t<meta property=\"og:image:height\" content=\"370\" \/>\n\t<meta property=\"og:image:type\" content=\"image\/png\" \/>\n<meta name=\"twitter:card\" content=\"summary_large_image\" \/>\n<meta name=\"twitter:label1\" content=\"Tiempo de lectura\" \/>\n\t<meta name=\"twitter:data1\" content=\"2 minutos\" \/>\n<script type=\"application\/ld+json\" class=\"yoast-schema-graph\">{\"@context\":\"https:\/\/schema.org\",\"@graph\":[{\"@type\":\"WebPage\",\"@id\":\"https:\/\/www.ull.es\/portal\/agenda\/evento\/ii-congreso-de-estudiantes-de-ingenierias-industriales\/\",\"url\":\"https:\/\/www.ull.es\/portal\/agenda\/evento\/ii-congreso-de-estudiantes-de-ingenierias-industriales\/\",\"name\":\"II Congreso de Estudiantes de Ingenier\u00edas Industriales - ULL - Agenda\",\"isPartOf\":{\"@id\":\"https:\/\/www.ull.es\/portal\/agenda\/#website\"},\"datePublished\":\"2025-04-24T09:25:56+00:00\",\"dateModified\":\"2025-04-24T13:21:30+00:00\",\"breadcrumb\":{\"@id\":\"https:\/\/www.ull.es\/portal\/agenda\/evento\/ii-congreso-de-estudiantes-de-ingenierias-industriales\/#breadcrumb\"},\"inLanguage\":\"es\",\"potentialAction\":[{\"@type\":\"ReadAction\",\"target\":[\"https:\/\/www.ull.es\/portal\/agenda\/evento\/ii-congreso-de-estudiantes-de-ingenierias-industriales\/\"]}]},{\"@type\":\"BreadcrumbList\",\"@id\":\"https:\/\/www.ull.es\/portal\/agenda\/evento\/ii-congreso-de-estudiantes-de-ingenierias-industriales\/#breadcrumb\",\"itemListElement\":[{\"@type\":\"ListItem\",\"position\":1,\"name\":\"Portada\",\"item\":\"https:\/\/www.ull.es\/portal\/agenda\/\"},{\"@type\":\"ListItem\",\"position\":2,\"name\":\"II Congreso de Estudiantes de Ingenier\u00edas Industriales\"}]},{\"@type\":\"WebSite\",\"@id\":\"https:\/\/www.ull.es\/portal\/agenda\/#website\",\"url\":\"https:\/\/www.ull.es\/portal\/agenda\/\",\"name\":\"ULL - Agenda\",\"description\":\"\",\"potentialAction\":[{\"@type\":\"SearchAction\",\"target\":{\"@type\":\"EntryPoint\",\"urlTemplate\":\"https:\/\/www.ull.es\/portal\/agenda\/?s={search_term_string}\"},\"query-input\":\"required name=search_term_string\"}],\"inLanguage\":\"es\"}]}<\/script>\n<!-- \/ Yoast SEO plugin. -->","yoast_head_json":{"title":"II Congreso de Estudiantes de Ingenier\u00edas Industriales - ULL - Agenda","robots":{"index":"index","follow":"follow","max-snippet":"max-snippet:-1","max-image-preview":"max-image-preview:large","max-video-preview":"max-video-preview:-1"},"canonical":"https:\/\/www.ull.es\/portal\/agenda\/evento\/ii-congreso-de-estudiantes-de-ingenierias-industriales\/","og_locale":"es_ES","og_type":"article","og_title":"II Congreso de Estudiantes de Ingenier\u00edas Industriales - ULL - Agenda","og_description":"Tras el \u00e9xito de su primera edici\u00f3n, el II Congreso de estudiantes de Ingenier\u00edas Industriales vuelve con energ\u00edas renovadas para crear un espacio din\u00e1mico donde estudiantes, profesionales y acad\u00e9micos compartir\u00e1n conocimientos, experiencias y las \u00faltimas innovaciones del sector. Durante una jornada intensa, los participantes podr\u00e1n sumergirse en un programa dise\u00f1ado para inspirar, conectar y abrir...","og_url":"https:\/\/www.ull.es\/portal\/agenda\/evento\/ii-congreso-de-estudiantes-de-ingenierias-industriales\/","og_site_name":"ULL - Agenda","article_modified_time":"2025-04-24T13:21:30+00:00","og_image":[{"width":750,"height":370,"url":"https:\/\/www.ull.es\/portal\/agenda\/wp-content\/uploads\/sites\/12\/2025\/04\/II-Congreso-de-estudiantes-de-Ingenierias-Industriales_Banner-eventos.png","type":"image\/png"}],"twitter_card":"summary_large_image","twitter_misc":{"Tiempo de lectura":"2 minutos"},"schema":{"@context":"https:\/\/schema.org","@graph":[{"@type":"WebPage","@id":"https:\/\/www.ull.es\/portal\/agenda\/evento\/ii-congreso-de-estudiantes-de-ingenierias-industriales\/","url":"https:\/\/www.ull.es\/portal\/agenda\/evento\/ii-congreso-de-estudiantes-de-ingenierias-industriales\/","name":"II Congreso de Estudiantes de Ingenier\u00edas Industriales - ULL - Agenda","isPartOf":{"@id":"https:\/\/www.ull.es\/portal\/agenda\/#website"},"datePublished":"2025-04-24T09:25:56+00:00","dateModified":"2025-04-24T13:21:30+00:00","breadcrumb":{"@id":"https:\/\/www.ull.es\/portal\/agenda\/evento\/ii-congreso-de-estudiantes-de-ingenierias-industriales\/#breadcrumb"},"inLanguage":"es","potentialAction":[{"@type":"ReadAction","target":["https:\/\/www.ull.es\/portal\/agenda\/evento\/ii-congreso-de-estudiantes-de-ingenierias-industriales\/"]}]},{"@type":"BreadcrumbList","@id":"https:\/\/www.ull.es\/portal\/agenda\/evento\/ii-congreso-de-estudiantes-de-ingenierias-industriales\/#breadcrumb","itemListElement":[{"@type":"ListItem","position":1,"name":"Portada","item":"https:\/\/www.ull.es\/portal\/agenda\/"},{"@type":"ListItem","position":2,"name":"II Congreso de Estudiantes de Ingenier\u00edas Industriales"}]},{"@type":"WebSite","@id":"https:\/\/www.ull.es\/portal\/agenda\/#website","url":"https:\/\/www.ull.es\/portal\/agenda\/","name":"ULL - Agenda","description":"","potentialAction":[{"@type":"SearchAction","target":{"@type":"EntryPoint","urlTemplate":"https:\/\/www.ull.es\/portal\/agenda\/?s={search_term_string}"},"query-input":"required name=search_term_string"}],"inLanguage":"es"}]}},"_links":{"self":[{"href":"https:\/\/www.ull.es\/portal\/agenda\/wp-json\/wp\/v2\/tribe_events\/42328"}],"collection":[{"href":"https:\/\/www.ull.es\/portal\/agenda\/wp-json\/wp\/v2\/tribe_events"}],"about":[{"href":"https:\/\/www.ull.es\/portal\/agenda\/wp-json\/wp\/v2\/types\/tribe_events"}],"author":[{"embeddable":true,"href":"https:\/\/www.ull.es\/portal\/agenda\/wp-json\/wp\/v2\/users\/65"}],"replies":[{"embeddable":true,"href":"https:\/\/www.ull.es\/portal\/agenda\/wp-json\/wp\/v2\/comments?post=42328"}],"version-history":[{"count":2,"href":"https:\/\/www.ull.es\/portal\/agenda\/wp-json\/wp\/v2\/tribe_events\/42328\/revisions"}],"predecessor-version":[{"id":42347,"href":"https:\/\/www.ull.es\/portal\/agenda\/wp-json\/wp\/v2\/tribe_events\/42328\/revisions\/42347"}],"wp:featuredmedia":[{"embeddable":true,"href":"https:\/\/www.ull.es\/portal\/agenda\/wp-json\/wp\/v2\/media\/42346"}],"wp:attachment":[{"href":"https:\/\/www.ull.es\/portal\/agenda\/wp-json\/wp\/v2\/media?parent=42328"}],"wp:term":[{"taxonomy":"post_tag","embeddable":true,"href":"https:\/\/www.ull.es\/portal\/agenda\/wp-json\/wp\/v2\/tags?post=42328"},{"taxonomy":"tribe_events_cat","embeddable":true,"href":"https:\/\/www.ull.es\/portal\/agenda\/wp-json\/wp\/v2\/tribe_events_cat?post=42328"}],"curies":[{"name":"wp","href":"https:\/\/api.w.org\/{rel}","templated":true}]}}