{"id":42381,"date":"2025-04-28T08:57:31","date_gmt":"2025-04-28T08:57:31","guid":{"rendered":"https:\/\/www.ull.es\/portal\/agenda\/?post_type=tribe_events&#038;p=42381"},"modified":"2025-05-20T08:28:56","modified_gmt":"2025-05-20T08:28:56","slug":"jornada-tecnica-formacion-dual-universitaria-crue","status":"publish","type":"tribe_events","link":"https:\/\/www.ull.es\/portal\/agenda\/evento\/jornada-tecnica-formacion-dual-universitaria-crue\/","title":{"rendered":"Jornada T\u00e9cnica Formaci\u00f3n Dual universitaria (CRUE)"},"content":{"rendered":"<p>Durante dos sesiones matinales, esta jornada t\u00e9cnica organizada por CRUE se centrar\u00e1 en analizar y debatir los principales retos, avances y perspectivas de la Formaci\u00f3n Dual Universitaria en el contexto espa\u00f1ol. La propuesta combina reflexiones acad\u00e9micas, normativas y experiencias pr\u00e1cticas desde universidades y empresas.<\/p>\n<p>La jornada se celebrar\u00e1 durante 2 d\u00edas consecutivos:<\/p>\n<ul>\n<li><strong>21 de mayo: \u201cAspectos normativos y acad\u00e9micos de la Formaci\u00f3n Dual Universitaria\u201d.<\/strong> La primera jornada estar\u00e1 dedicada a los fundamentos, el marco legal y la implementaci\u00f3n acad\u00e9mica de la Formaci\u00f3n Dual Universitaria. Se abordar\u00e1n cuestiones clave como los principios rectores de este modelo formativo, su desarrollo en Espa\u00f1a, el papel de las empresas, los retos actuales y las tendencias emergentes. Adem\u00e1s, se presentar\u00e1n ejemplos concretos sobre la aplicaci\u00f3n pr\u00e1ctica de la normativa vigente, incluyendo referencias internacionales y nacionales, con especial atenci\u00f3n al contrato de formaci\u00f3n en alternancia.<\/li>\n<li><strong>22 de mayo: \u201cBuenas pr\u00e1cticas de universidades y empresas\u201d.<\/strong> El segundo d\u00eda estar\u00e1 centrado en compartir experiencias reales y buenas pr\u00e1cticas desarrolladas por universidades y empresas en distintos territorios. Se presentar\u00e1n estrategias de implantaci\u00f3n, mecanismos de integraci\u00f3n y evaluaci\u00f3n del estudiantado en contextos empresariales, y los resultados alcanzados. Finalmente, se dar\u00e1 espacio a distintas perspectivas universitarias (docencia, estudiantado, gesti\u00f3n institucional), con el objetivo de enriquecer el modelo desde una mirada plural y participativa.<\/li>\n<\/ul>\n<p>La jornada est\u00e1 dirigida a: a responsables acad\u00e9micos y personal t\u00e9cnico de gesti\u00f3n universitaria, equipos rectorales, profesorado universitario implicado en programas duales, representantes institucionales, as\u00ed como a empresas y organizaciones interesadas en colaborar con las universidades en el desarrollo de esta modalidad formativa. Tambi\u00e9n puede resultar de gran inter\u00e9s para responsables de pol\u00edticas p\u00fablicas en educaci\u00f3n superior, personal t\u00e9cnico vinculado a la regulaci\u00f3n y seguimiento de programas duales, y para quienes deseen conocer de primera mano experiencias exitosas, marcos normativos y estrategias de implementaci\u00f3n de la Formaci\u00f3n Dual Universitaria en el contexto espa\u00f1ol.<\/p>\n","protected":false},"excerpt":{"rendered":"<p>Durante dos sesiones matinales, esta jornada t\u00e9cnica organizada por CRUE se centrar\u00e1 en analizar y debatir los principales retos, avances y perspectivas de la Formaci\u00f3n Dual Universitaria en el contexto espa\u00f1ol. La propuesta combina reflexiones acad\u00e9micas, normativas y experiencias pr\u00e1cticas desde universidades y empresas. La jornada se celebrar\u00e1 durante 2 d\u00edas consecutivos: 21 de mayo:&#8230;<\/p>\n","protected":false},"author":65,"featured_media":42431,"comment_status":"closed","ping_status":"closed","template":"","tags":[],"tribe_events_cat":[4,187],"acf":[],"yoast_head":"<!-- This site is optimized with the Yoast SEO plugin v21.3 - https:\/\/yoast.com\/wordpress\/plugins\/seo\/ -->\n<title>Jornada T\u00e9cnica Formaci\u00f3n Dual universitaria (CRUE) - ULL - Agenda<\/title>\n<meta name=\"robots\" content=\"index, follow, max-snippet:-1, max-image-preview:large, max-video-preview:-1\" \/>\n<link rel=\"canonical\" href=\"https:\/\/www.ull.es\/portal\/agenda\/evento\/jornada-tecnica-formacion-dual-universitaria-crue\/\" \/>\n<meta property=\"og:locale\" content=\"es_ES\" \/>\n<meta property=\"og:type\" content=\"article\" \/>\n<meta property=\"og:title\" content=\"Jornada T\u00e9cnica Formaci\u00f3n Dual universitaria (CRUE) - ULL - Agenda\" \/>\n<meta property=\"og:description\" content=\"Durante dos sesiones matinales, esta jornada t\u00e9cnica organizada por CRUE se centrar\u00e1 en analizar y debatir los principales retos, avances y perspectivas de la Formaci\u00f3n Dual Universitaria en el contexto espa\u00f1ol. La propuesta combina reflexiones acad\u00e9micas, normativas y experiencias pr\u00e1cticas desde universidades y empresas. La jornada se celebrar\u00e1 durante 2 d\u00edas consecutivos: 21 de mayo:...\" \/>\n<meta property=\"og:url\" content=\"https:\/\/www.ull.es\/portal\/agenda\/evento\/jornada-tecnica-formacion-dual-universitaria-crue\/\" \/>\n<meta property=\"og:site_name\" content=\"ULL - Agenda\" \/>\n<meta property=\"article:modified_time\" content=\"2025-05-20T08:28:56+00:00\" \/>\n<meta property=\"og:image\" content=\"https:\/\/www.ull.es\/portal\/agenda\/wp-content\/uploads\/sites\/12\/2025\/04\/Jornada-Tecnica-Formacion-Dual-universitaria_Banner-eventos.png\" \/>\n\t<meta property=\"og:image:width\" content=\"750\" \/>\n\t<meta property=\"og:image:height\" content=\"370\" \/>\n\t<meta property=\"og:image:type\" content=\"image\/png\" \/>\n<meta name=\"twitter:card\" content=\"summary_large_image\" \/>\n<meta name=\"twitter:label1\" content=\"Tiempo de lectura\" \/>\n\t<meta name=\"twitter:data1\" content=\"2 minutos\" \/>\n<script type=\"application\/ld+json\" class=\"yoast-schema-graph\">{\"@context\":\"https:\/\/schema.org\",\"@graph\":[{\"@type\":\"WebPage\",\"@id\":\"https:\/\/www.ull.es\/portal\/agenda\/evento\/jornada-tecnica-formacion-dual-universitaria-crue\/\",\"url\":\"https:\/\/www.ull.es\/portal\/agenda\/evento\/jornada-tecnica-formacion-dual-universitaria-crue\/\",\"name\":\"Jornada T\u00e9cnica Formaci\u00f3n Dual universitaria (CRUE) - ULL - Agenda\",\"isPartOf\":{\"@id\":\"https:\/\/www.ull.es\/portal\/agenda\/#website\"},\"datePublished\":\"2025-04-28T08:57:31+00:00\",\"dateModified\":\"2025-05-20T08:28:56+00:00\",\"breadcrumb\":{\"@id\":\"https:\/\/www.ull.es\/portal\/agenda\/evento\/jornada-tecnica-formacion-dual-universitaria-crue\/#breadcrumb\"},\"inLanguage\":\"es\",\"potentialAction\":[{\"@type\":\"ReadAction\",\"target\":[\"https:\/\/www.ull.es\/portal\/agenda\/evento\/jornada-tecnica-formacion-dual-universitaria-crue\/\"]}]},{\"@type\":\"BreadcrumbList\",\"@id\":\"https:\/\/www.ull.es\/portal\/agenda\/evento\/jornada-tecnica-formacion-dual-universitaria-crue\/#breadcrumb\",\"itemListElement\":[{\"@type\":\"ListItem\",\"position\":1,\"name\":\"Portada\",\"item\":\"https:\/\/www.ull.es\/portal\/agenda\/\"},{\"@type\":\"ListItem\",\"position\":2,\"name\":\"Jornada T\u00e9cnica Formaci\u00f3n Dual universitaria (CRUE)\"}]},{\"@type\":\"WebSite\",\"@id\":\"https:\/\/www.ull.es\/portal\/agenda\/#website\",\"url\":\"https:\/\/www.ull.es\/portal\/agenda\/\",\"name\":\"ULL - Agenda\",\"description\":\"\",\"potentialAction\":[{\"@type\":\"SearchAction\",\"target\":{\"@type\":\"EntryPoint\",\"urlTemplate\":\"https:\/\/www.ull.es\/portal\/agenda\/?s={search_term_string}\"},\"query-input\":\"required name=search_term_string\"}],\"inLanguage\":\"es\"}]}<\/script>\n<!-- \/ Yoast SEO plugin. -->","yoast_head_json":{"title":"Jornada T\u00e9cnica Formaci\u00f3n Dual universitaria (CRUE) - ULL - Agenda","robots":{"index":"index","follow":"follow","max-snippet":"max-snippet:-1","max-image-preview":"max-image-preview:large","max-video-preview":"max-video-preview:-1"},"canonical":"https:\/\/www.ull.es\/portal\/agenda\/evento\/jornada-tecnica-formacion-dual-universitaria-crue\/","og_locale":"es_ES","og_type":"article","og_title":"Jornada T\u00e9cnica Formaci\u00f3n Dual universitaria (CRUE) - ULL - Agenda","og_description":"Durante dos sesiones matinales, esta jornada t\u00e9cnica organizada por CRUE se centrar\u00e1 en analizar y debatir los principales retos, avances y perspectivas de la Formaci\u00f3n Dual Universitaria en el contexto espa\u00f1ol. La propuesta combina reflexiones acad\u00e9micas, normativas y experiencias pr\u00e1cticas desde universidades y empresas. La jornada se celebrar\u00e1 durante 2 d\u00edas consecutivos: 21 de mayo:...","og_url":"https:\/\/www.ull.es\/portal\/agenda\/evento\/jornada-tecnica-formacion-dual-universitaria-crue\/","og_site_name":"ULL - Agenda","article_modified_time":"2025-05-20T08:28:56+00:00","og_image":[{"width":750,"height":370,"url":"https:\/\/www.ull.es\/portal\/agenda\/wp-content\/uploads\/sites\/12\/2025\/04\/Jornada-Tecnica-Formacion-Dual-universitaria_Banner-eventos.png","type":"image\/png"}],"twitter_card":"summary_large_image","twitter_misc":{"Tiempo de lectura":"2 minutos"},"schema":{"@context":"https:\/\/schema.org","@graph":[{"@type":"WebPage","@id":"https:\/\/www.ull.es\/portal\/agenda\/evento\/jornada-tecnica-formacion-dual-universitaria-crue\/","url":"https:\/\/www.ull.es\/portal\/agenda\/evento\/jornada-tecnica-formacion-dual-universitaria-crue\/","name":"Jornada T\u00e9cnica Formaci\u00f3n Dual universitaria (CRUE) - ULL - Agenda","isPartOf":{"@id":"https:\/\/www.ull.es\/portal\/agenda\/#website"},"datePublished":"2025-04-28T08:57:31+00:00","dateModified":"2025-05-20T08:28:56+00:00","breadcrumb":{"@id":"https:\/\/www.ull.es\/portal\/agenda\/evento\/jornada-tecnica-formacion-dual-universitaria-crue\/#breadcrumb"},"inLanguage":"es","potentialAction":[{"@type":"ReadAction","target":["https:\/\/www.ull.es\/portal\/agenda\/evento\/jornada-tecnica-formacion-dual-universitaria-crue\/"]}]},{"@type":"BreadcrumbList","@id":"https:\/\/www.ull.es\/portal\/agenda\/evento\/jornada-tecnica-formacion-dual-universitaria-crue\/#breadcrumb","itemListElement":[{"@type":"ListItem","position":1,"name":"Portada","item":"https:\/\/www.ull.es\/portal\/agenda\/"},{"@type":"ListItem","position":2,"name":"Jornada T\u00e9cnica Formaci\u00f3n Dual universitaria (CRUE)"}]},{"@type":"WebSite","@id":"https:\/\/www.ull.es\/portal\/agenda\/#website","url":"https:\/\/www.ull.es\/portal\/agenda\/","name":"ULL - Agenda","description":"","potentialAction":[{"@type":"SearchAction","target":{"@type":"EntryPoint","urlTemplate":"https:\/\/www.ull.es\/portal\/agenda\/?s={search_term_string}"},"query-input":"required name=search_term_string"}],"inLanguage":"es"}]}},"_links":{"self":[{"href":"https:\/\/www.ull.es\/portal\/agenda\/wp-json\/wp\/v2\/tribe_events\/42381"}],"collection":[{"href":"https:\/\/www.ull.es\/portal\/agenda\/wp-json\/wp\/v2\/tribe_events"}],"about":[{"href":"https:\/\/www.ull.es\/portal\/agenda\/wp-json\/wp\/v2\/types\/tribe_events"}],"author":[{"embeddable":true,"href":"https:\/\/www.ull.es\/portal\/agenda\/wp-json\/wp\/v2\/users\/65"}],"replies":[{"embeddable":true,"href":"https:\/\/www.ull.es\/portal\/agenda\/wp-json\/wp\/v2\/comments?post=42381"}],"version-history":[{"count":1,"href":"https:\/\/www.ull.es\/portal\/agenda\/wp-json\/wp\/v2\/tribe_events\/42381\/revisions"}],"predecessor-version":[{"id":42382,"href":"https:\/\/www.ull.es\/portal\/agenda\/wp-json\/wp\/v2\/tribe_events\/42381\/revisions\/42382"}],"wp:featuredmedia":[{"embeddable":true,"href":"https:\/\/www.ull.es\/portal\/agenda\/wp-json\/wp\/v2\/media\/42431"}],"wp:attachment":[{"href":"https:\/\/www.ull.es\/portal\/agenda\/wp-json\/wp\/v2\/media?parent=42381"}],"wp:term":[{"taxonomy":"post_tag","embeddable":true,"href":"https:\/\/www.ull.es\/portal\/agenda\/wp-json\/wp\/v2\/tags?post=42381"},{"taxonomy":"tribe_events_cat","embeddable":true,"href":"https:\/\/www.ull.es\/portal\/agenda\/wp-json\/wp\/v2\/tribe_events_cat?post=42381"}],"curies":[{"name":"wp","href":"https:\/\/api.w.org\/{rel}","templated":true}]}}