{"id":42469,"date":"2025-04-30T10:57:11","date_gmt":"2025-04-30T10:57:11","guid":{"rendered":"https:\/\/www.ull.es\/portal\/agenda\/?post_type=tribe_events&#038;p=42469"},"modified":"2025-05-05T07:52:46","modified_gmt":"2025-05-05T07:52:46","slug":"taller-de-creacion-ia-y-cuerpos-en-movimiento","status":"publish","type":"tribe_events","link":"https:\/\/www.ull.es\/portal\/agenda\/evento\/taller-de-creacion-ia-y-cuerpos-en-movimiento\/","title":{"rendered":"Taller de creaci\u00f3n \u201cIA y cuerpos en movimiento\u201d"},"content":{"rendered":"<p>El taller\u00a0<em>\u201cIA y cuerpos en movimiento\u201d<\/em> busca involucrar a j\u00f3venes estudiantes de la ULL en la creaci\u00f3n de una performance transgeneracional, en colaboraci\u00f3n con un elenco de cuatro artistas (especialistas en m\u00fasica, artes visuales y esc\u00e9nicas). Juntos, est\u00e1n desarrollando de manera colaborativa una obra sobre el envejecimiento, utilizando herramientas de inteligencia artificial generativa desde una perspectiva cr\u00edtica. Como objetivo general, el taller promueve la integraci\u00f3n de la inteligencia artificial en la educaci\u00f3n superior de forma inclusiva, sostenible y centrada en la ciudadan\u00eda, a trav\u00e9s de un enfoque innovador que combina arte, creatividad y tecnolog\u00eda.<\/p>\n<p>Se celebrar\u00e1 en localizaciones distintas en espacios di\u00e1fanos o abiertos de la Universidad de La Laguna los d\u00edas 8, 15, 22 y 27 de mayo de 2025 en horario de 16:00 a 18:30 horas.<\/p>\n<p>Dirigido especialmente a j\u00f3venes estudiantes de la Universidad de La Laguna.<\/p>\n<p>Direcci\u00f3n acad\u00e9mica: Judit Mendoza Aguilar. Profesora Contratada Doctora, Departamento de Econom\u00eda, Contabilidad y Finanzas de la Universidad de La Laguna.<\/p>\n<p>CERTIFICADO DE ASISTENCIA Y APTITUD: La Universidad de La Laguna, a trav\u00e9s del Vicerrectorado de Cultura y Extensi\u00f3n Universitaria, emitir\u00e1 un certificado de asistencia a todas aquellas personas que participen, previa inscripci\u00f3n en la actividad. Adem\u00e1s, aquellas personas que superen la evaluaci\u00f3n, recibir\u00e1n un certificado de asistencia y aprovechamiento.<\/p>\n<p>Asistencia gratuita previa inscripci\u00f3n.\u00a0<a href=\"https:\/\/sede.fg.ull.es\/es\/curso\/detalle?code=a25020144&amp;name=taller-de-creacion-ia-y-cuerpos-en-movimiento&amp;query=%3Fcode%3DA25020144\" target=\"_blank\" rel=\"noopener\" target=\"_blank\" rel=\"noopener\"><strong><u>Inscr\u00edbete aqu\u00ed.<\/u><\/strong><\/a><\/p>\n<p><strong>Contacto:\u00a0<\/strong><a href=\"mailto:extuni@ull.edu.es\" target=\"_blank\" rel=\"noopener\" target=\"_blank\" rel=\"noopener\"><strong>extuni@ull.es<\/strong><\/a><\/p>\n<p>Financia: Fundaci\u00f3n CajaCanarias.<\/p>\n","protected":false},"excerpt":{"rendered":"<p>El taller\u00a0\u201cIA y cuerpos en movimiento\u201d busca involucrar a j\u00f3venes estudiantes de la ULL en la creaci\u00f3n de una performance transgeneracional, en colaboraci\u00f3n con un elenco de cuatro artistas (especialistas en m\u00fasica, artes visuales y esc\u00e9nicas). Juntos, est\u00e1n desarrollando de manera colaborativa una obra sobre el envejecimiento, utilizando herramientas de inteligencia artificial generativa desde una&#8230;<\/p>\n","protected":false},"author":43,"featured_media":42470,"comment_status":"closed","ping_status":"closed","template":"","tags":[4259,977,3812,3751,4165],"tribe_events_cat":[472,4,186],"acf":[],"yoast_head":"<!-- This site is optimized with the Yoast SEO plugin v21.3 - https:\/\/yoast.com\/wordpress\/plugins\/seo\/ -->\n<title>Taller de creaci\u00f3n \u201cIA y cuerpos en movimiento\u201d - ULL - Agenda<\/title>\n<meta name=\"robots\" content=\"index, follow, max-snippet:-1, max-image-preview:large, max-video-preview:-1\" \/>\n<link rel=\"canonical\" href=\"https:\/\/www.ull.es\/portal\/agenda\/evento\/taller-de-creacion-ia-y-cuerpos-en-movimiento\/\" \/>\n<meta property=\"og:locale\" content=\"es_ES\" \/>\n<meta property=\"og:type\" content=\"article\" \/>\n<meta property=\"og:title\" content=\"Taller de creaci\u00f3n \u201cIA y cuerpos en movimiento\u201d - ULL - Agenda\" \/>\n<meta property=\"og:description\" content=\"El taller\u00a0\u201cIA y cuerpos en movimiento\u201d busca involucrar a j\u00f3venes estudiantes de la ULL en la creaci\u00f3n de una performance transgeneracional, en colaboraci\u00f3n con un elenco de cuatro artistas (especialistas en m\u00fasica, artes visuales y esc\u00e9nicas). Juntos, est\u00e1n desarrollando de manera colaborativa una obra sobre el envejecimiento, utilizando herramientas de inteligencia artificial generativa desde una...\" \/>\n<meta property=\"og:url\" content=\"https:\/\/www.ull.es\/portal\/agenda\/evento\/taller-de-creacion-ia-y-cuerpos-en-movimiento\/\" \/>\n<meta property=\"og:site_name\" content=\"ULL - Agenda\" \/>\n<meta property=\"article:modified_time\" content=\"2025-05-05T07:52:46+00:00\" \/>\n<meta property=\"og:image\" content=\"https:\/\/www.ull.es\/portal\/agenda\/wp-content\/uploads\/sites\/12\/2025\/04\/BannerIAMovimiento.jpg\" \/>\n\t<meta property=\"og:image:width\" content=\"750\" \/>\n\t<meta property=\"og:image:height\" content=\"370\" \/>\n\t<meta property=\"og:image:type\" content=\"image\/jpeg\" \/>\n<meta name=\"twitter:card\" content=\"summary_large_image\" \/>\n<meta name=\"twitter:label1\" content=\"Tiempo de lectura\" \/>\n\t<meta name=\"twitter:data1\" content=\"2 minutos\" \/>\n<script type=\"application\/ld+json\" class=\"yoast-schema-graph\">{\"@context\":\"https:\/\/schema.org\",\"@graph\":[{\"@type\":\"WebPage\",\"@id\":\"https:\/\/www.ull.es\/portal\/agenda\/evento\/taller-de-creacion-ia-y-cuerpos-en-movimiento\/\",\"url\":\"https:\/\/www.ull.es\/portal\/agenda\/evento\/taller-de-creacion-ia-y-cuerpos-en-movimiento\/\",\"name\":\"Taller de creaci\u00f3n \u201cIA y cuerpos en movimiento\u201d - ULL - Agenda\",\"isPartOf\":{\"@id\":\"https:\/\/www.ull.es\/portal\/agenda\/#website\"},\"datePublished\":\"2025-04-30T10:57:11+00:00\",\"dateModified\":\"2025-05-05T07:52:46+00:00\",\"breadcrumb\":{\"@id\":\"https:\/\/www.ull.es\/portal\/agenda\/evento\/taller-de-creacion-ia-y-cuerpos-en-movimiento\/#breadcrumb\"},\"inLanguage\":\"es\",\"potentialAction\":[{\"@type\":\"ReadAction\",\"target\":[\"https:\/\/www.ull.es\/portal\/agenda\/evento\/taller-de-creacion-ia-y-cuerpos-en-movimiento\/\"]}]},{\"@type\":\"BreadcrumbList\",\"@id\":\"https:\/\/www.ull.es\/portal\/agenda\/evento\/taller-de-creacion-ia-y-cuerpos-en-movimiento\/#breadcrumb\",\"itemListElement\":[{\"@type\":\"ListItem\",\"position\":1,\"name\":\"Portada\",\"item\":\"https:\/\/www.ull.es\/portal\/agenda\/\"},{\"@type\":\"ListItem\",\"position\":2,\"name\":\"Taller de creaci\u00f3n \u201cIA y cuerpos en movimiento\u201d\"}]},{\"@type\":\"WebSite\",\"@id\":\"https:\/\/www.ull.es\/portal\/agenda\/#website\",\"url\":\"https:\/\/www.ull.es\/portal\/agenda\/\",\"name\":\"ULL - Agenda\",\"description\":\"\",\"potentialAction\":[{\"@type\":\"SearchAction\",\"target\":{\"@type\":\"EntryPoint\",\"urlTemplate\":\"https:\/\/www.ull.es\/portal\/agenda\/?s={search_term_string}\"},\"query-input\":\"required name=search_term_string\"}],\"inLanguage\":\"es\"}]}<\/script>\n<!-- \/ Yoast SEO plugin. -->","yoast_head_json":{"title":"Taller de creaci\u00f3n \u201cIA y cuerpos en movimiento\u201d - ULL - Agenda","robots":{"index":"index","follow":"follow","max-snippet":"max-snippet:-1","max-image-preview":"max-image-preview:large","max-video-preview":"max-video-preview:-1"},"canonical":"https:\/\/www.ull.es\/portal\/agenda\/evento\/taller-de-creacion-ia-y-cuerpos-en-movimiento\/","og_locale":"es_ES","og_type":"article","og_title":"Taller de creaci\u00f3n \u201cIA y cuerpos en movimiento\u201d - ULL - Agenda","og_description":"El taller\u00a0\u201cIA y cuerpos en movimiento\u201d busca involucrar a j\u00f3venes estudiantes de la ULL en la creaci\u00f3n de una performance transgeneracional, en colaboraci\u00f3n con un elenco de cuatro artistas (especialistas en m\u00fasica, artes visuales y esc\u00e9nicas). Juntos, est\u00e1n desarrollando de manera colaborativa una obra sobre el envejecimiento, utilizando herramientas de inteligencia artificial generativa desde una...","og_url":"https:\/\/www.ull.es\/portal\/agenda\/evento\/taller-de-creacion-ia-y-cuerpos-en-movimiento\/","og_site_name":"ULL - Agenda","article_modified_time":"2025-05-05T07:52:46+00:00","og_image":[{"width":750,"height":370,"url":"https:\/\/www.ull.es\/portal\/agenda\/wp-content\/uploads\/sites\/12\/2025\/04\/BannerIAMovimiento.jpg","type":"image\/jpeg"}],"twitter_card":"summary_large_image","twitter_misc":{"Tiempo de lectura":"2 minutos"},"schema":{"@context":"https:\/\/schema.org","@graph":[{"@type":"WebPage","@id":"https:\/\/www.ull.es\/portal\/agenda\/evento\/taller-de-creacion-ia-y-cuerpos-en-movimiento\/","url":"https:\/\/www.ull.es\/portal\/agenda\/evento\/taller-de-creacion-ia-y-cuerpos-en-movimiento\/","name":"Taller de creaci\u00f3n \u201cIA y cuerpos en movimiento\u201d - ULL - Agenda","isPartOf":{"@id":"https:\/\/www.ull.es\/portal\/agenda\/#website"},"datePublished":"2025-04-30T10:57:11+00:00","dateModified":"2025-05-05T07:52:46+00:00","breadcrumb":{"@id":"https:\/\/www.ull.es\/portal\/agenda\/evento\/taller-de-creacion-ia-y-cuerpos-en-movimiento\/#breadcrumb"},"inLanguage":"es","potentialAction":[{"@type":"ReadAction","target":["https:\/\/www.ull.es\/portal\/agenda\/evento\/taller-de-creacion-ia-y-cuerpos-en-movimiento\/"]}]},{"@type":"BreadcrumbList","@id":"https:\/\/www.ull.es\/portal\/agenda\/evento\/taller-de-creacion-ia-y-cuerpos-en-movimiento\/#breadcrumb","itemListElement":[{"@type":"ListItem","position":1,"name":"Portada","item":"https:\/\/www.ull.es\/portal\/agenda\/"},{"@type":"ListItem","position":2,"name":"Taller de creaci\u00f3n \u201cIA y cuerpos en movimiento\u201d"}]},{"@type":"WebSite","@id":"https:\/\/www.ull.es\/portal\/agenda\/#website","url":"https:\/\/www.ull.es\/portal\/agenda\/","name":"ULL - Agenda","description":"","potentialAction":[{"@type":"SearchAction","target":{"@type":"EntryPoint","urlTemplate":"https:\/\/www.ull.es\/portal\/agenda\/?s={search_term_string}"},"query-input":"required name=search_term_string"}],"inLanguage":"es"}]}},"_links":{"self":[{"href":"https:\/\/www.ull.es\/portal\/agenda\/wp-json\/wp\/v2\/tribe_events\/42469"}],"collection":[{"href":"https:\/\/www.ull.es\/portal\/agenda\/wp-json\/wp\/v2\/tribe_events"}],"about":[{"href":"https:\/\/www.ull.es\/portal\/agenda\/wp-json\/wp\/v2\/types\/tribe_events"}],"author":[{"embeddable":true,"href":"https:\/\/www.ull.es\/portal\/agenda\/wp-json\/wp\/v2\/users\/43"}],"replies":[{"embeddable":true,"href":"https:\/\/www.ull.es\/portal\/agenda\/wp-json\/wp\/v2\/comments?post=42469"}],"version-history":[{"count":6,"href":"https:\/\/www.ull.es\/portal\/agenda\/wp-json\/wp\/v2\/tribe_events\/42469\/revisions"}],"predecessor-version":[{"id":42519,"href":"https:\/\/www.ull.es\/portal\/agenda\/wp-json\/wp\/v2\/tribe_events\/42469\/revisions\/42519"}],"wp:featuredmedia":[{"embeddable":true,"href":"https:\/\/www.ull.es\/portal\/agenda\/wp-json\/wp\/v2\/media\/42470"}],"wp:attachment":[{"href":"https:\/\/www.ull.es\/portal\/agenda\/wp-json\/wp\/v2\/media?parent=42469"}],"wp:term":[{"taxonomy":"post_tag","embeddable":true,"href":"https:\/\/www.ull.es\/portal\/agenda\/wp-json\/wp\/v2\/tags?post=42469"},{"taxonomy":"tribe_events_cat","embeddable":true,"href":"https:\/\/www.ull.es\/portal\/agenda\/wp-json\/wp\/v2\/tribe_events_cat?post=42469"}],"curies":[{"name":"wp","href":"https:\/\/api.w.org\/{rel}","templated":true}]}}