{"id":42741,"date":"2025-05-23T13:03:33","date_gmt":"2025-05-23T13:03:33","guid":{"rendered":"https:\/\/www.ull.es\/portal\/agenda\/?post_type=tribe_events&#038;p=42741"},"modified":"2025-05-26T08:18:41","modified_gmt":"2025-05-26T08:18:41","slug":"conferencia-de-luis-arenas-por-una-economia-politica-del-tiempo-karl-marx-y-la-idea-de-tiempo-disponible","status":"publish","type":"tribe_events","link":"https:\/\/www.ull.es\/portal\/agenda\/evento\/conferencia-de-luis-arenas-por-una-economia-politica-del-tiempo-karl-marx-y-la-idea-de-tiempo-disponible\/","title":{"rendered":"Conferencia de Luis Arenas. \u00abPor una econom\u00eda pol\u00edtica del tiempo: Karl Marx y la idea de tiempo disponible\u00bb"},"content":{"rendered":"<p>La C\u00e1tedra Cultural de Hermen\u00e9utica Cr\u00edtica organiza el 9 de junio a las 12:30 en el Sal\u00f3n de Grados de la Secci\u00f3n de Filosof\u00eda, de la Facultad de Humanidades, de la Universidad de La Laguna una conferencia que ser\u00e1 impartida por Luis Arenas.<\/p>\n<p>Luis Arenas, autor de la monograf\u00eda \u00abCapitalismo cansado\u00bb, plantea una reflexi\u00f3n sobre la sugerente concepci\u00f3n de la riqueza aut\u00e9ntica como tiempo disponible aportada por Marx en los manuscritos denominados \u00abGrundrisse\u00bb. El debate sobre esos conceptos cobra especial actualidad en nuestra \u00e9poca, cuando las tecnolog\u00edas digitales apuntan a una dr\u00e1stica reducci\u00f3n del tiempo de trabajo inmediato.<\/p>\n","protected":false},"excerpt":{"rendered":"<p>La C\u00e1tedra Cultural de Hermen\u00e9utica Cr\u00edtica organiza el 9 de junio a las 12:30 en el Sal\u00f3n de Grados de la Secci\u00f3n de Filosof\u00eda, de la Facultad de Humanidades, de la Universidad de La Laguna una conferencia que ser\u00e1 impartida por Luis Arenas. Luis Arenas, autor de la monograf\u00eda \u00abCapitalismo cansado\u00bb, plantea una reflexi\u00f3n sobre&#8230;<\/p>\n","protected":false},"author":65,"featured_media":42754,"comment_status":"closed","ping_status":"closed","template":"","tags":[],"tribe_events_cat":[344,985,349],"acf":[],"yoast_head":"<!-- This site is optimized with the Yoast SEO plugin v21.3 - https:\/\/yoast.com\/wordpress\/plugins\/seo\/ -->\n<title>Conferencia de Luis Arenas. &quot;Por una econom\u00eda pol\u00edtica del tiempo: Karl Marx y la idea de tiempo disponible&quot; - ULL - Agenda<\/title>\n<meta name=\"robots\" content=\"index, follow, max-snippet:-1, max-image-preview:large, max-video-preview:-1\" \/>\n<link rel=\"canonical\" href=\"https:\/\/www.ull.es\/portal\/agenda\/evento\/conferencia-de-luis-arenas-por-una-economia-politica-del-tiempo-karl-marx-y-la-idea-de-tiempo-disponible\/\" \/>\n<meta property=\"og:locale\" content=\"es_ES\" \/>\n<meta property=\"og:type\" content=\"article\" \/>\n<meta property=\"og:title\" content=\"Conferencia de Luis Arenas. &quot;Por una econom\u00eda pol\u00edtica del tiempo: Karl Marx y la idea de tiempo disponible&quot; - ULL - Agenda\" \/>\n<meta property=\"og:description\" content=\"La C\u00e1tedra Cultural de Hermen\u00e9utica Cr\u00edtica organiza el 9 de junio a las 12:30 en el Sal\u00f3n de Grados de la Secci\u00f3n de Filosof\u00eda, de la Facultad de Humanidades, de la Universidad de La Laguna una conferencia que ser\u00e1 impartida por Luis Arenas. Luis Arenas, autor de la monograf\u00eda \u00abCapitalismo cansado\u00bb, plantea una reflexi\u00f3n sobre...\" \/>\n<meta property=\"og:url\" content=\"https:\/\/www.ull.es\/portal\/agenda\/evento\/conferencia-de-luis-arenas-por-una-economia-politica-del-tiempo-karl-marx-y-la-idea-de-tiempo-disponible\/\" \/>\n<meta property=\"og:site_name\" content=\"ULL - Agenda\" \/>\n<meta property=\"article:modified_time\" content=\"2025-05-26T08:18:41+00:00\" \/>\n<meta property=\"og:image\" content=\"https:\/\/www.ull.es\/portal\/agenda\/wp-content\/uploads\/sites\/12\/2025\/05\/Conferencia-de-Luis-Arenas-UV-Por-una-economia-politica-del-tiempo-Karl-Marx-y-la-idea-de-tiempo-disponible_Banner-eventos.jpg\" \/>\n\t<meta property=\"og:image:width\" content=\"1563\" \/>\n\t<meta property=\"og:image:height\" content=\"771\" \/>\n\t<meta property=\"og:image:type\" content=\"image\/jpeg\" \/>\n<meta name=\"twitter:card\" content=\"summary_large_image\" \/>\n<meta name=\"twitter:label1\" content=\"Tiempo de lectura\" \/>\n\t<meta name=\"twitter:data1\" content=\"1 minuto\" \/>\n<script type=\"application\/ld+json\" class=\"yoast-schema-graph\">{\"@context\":\"https:\/\/schema.org\",\"@graph\":[{\"@type\":\"WebPage\",\"@id\":\"https:\/\/www.ull.es\/portal\/agenda\/evento\/conferencia-de-luis-arenas-por-una-economia-politica-del-tiempo-karl-marx-y-la-idea-de-tiempo-disponible\/\",\"url\":\"https:\/\/www.ull.es\/portal\/agenda\/evento\/conferencia-de-luis-arenas-por-una-economia-politica-del-tiempo-karl-marx-y-la-idea-de-tiempo-disponible\/\",\"name\":\"Conferencia de Luis Arenas. \\\"Por una econom\u00eda pol\u00edtica del tiempo: Karl Marx y la idea de tiempo disponible\\\" - ULL - Agenda\",\"isPartOf\":{\"@id\":\"https:\/\/www.ull.es\/portal\/agenda\/#website\"},\"datePublished\":\"2025-05-23T13:03:33+00:00\",\"dateModified\":\"2025-05-26T08:18:41+00:00\",\"breadcrumb\":{\"@id\":\"https:\/\/www.ull.es\/portal\/agenda\/evento\/conferencia-de-luis-arenas-por-una-economia-politica-del-tiempo-karl-marx-y-la-idea-de-tiempo-disponible\/#breadcrumb\"},\"inLanguage\":\"es\",\"potentialAction\":[{\"@type\":\"ReadAction\",\"target\":[\"https:\/\/www.ull.es\/portal\/agenda\/evento\/conferencia-de-luis-arenas-por-una-economia-politica-del-tiempo-karl-marx-y-la-idea-de-tiempo-disponible\/\"]}]},{\"@type\":\"BreadcrumbList\",\"@id\":\"https:\/\/www.ull.es\/portal\/agenda\/evento\/conferencia-de-luis-arenas-por-una-economia-politica-del-tiempo-karl-marx-y-la-idea-de-tiempo-disponible\/#breadcrumb\",\"itemListElement\":[{\"@type\":\"ListItem\",\"position\":1,\"name\":\"Portada\",\"item\":\"https:\/\/www.ull.es\/portal\/agenda\/\"},{\"@type\":\"ListItem\",\"position\":2,\"name\":\"Conferencia de Luis Arenas. \u00abPor una econom\u00eda pol\u00edtica del tiempo: Karl Marx y la idea de tiempo disponible\u00bb\"}]},{\"@type\":\"WebSite\",\"@id\":\"https:\/\/www.ull.es\/portal\/agenda\/#website\",\"url\":\"https:\/\/www.ull.es\/portal\/agenda\/\",\"name\":\"ULL - Agenda\",\"description\":\"\",\"potentialAction\":[{\"@type\":\"SearchAction\",\"target\":{\"@type\":\"EntryPoint\",\"urlTemplate\":\"https:\/\/www.ull.es\/portal\/agenda\/?s={search_term_string}\"},\"query-input\":\"required name=search_term_string\"}],\"inLanguage\":\"es\"}]}<\/script>\n<!-- \/ Yoast SEO plugin. -->","yoast_head_json":{"title":"Conferencia de Luis Arenas. \"Por una econom\u00eda pol\u00edtica del tiempo: Karl Marx y la idea de tiempo disponible\" - ULL - Agenda","robots":{"index":"index","follow":"follow","max-snippet":"max-snippet:-1","max-image-preview":"max-image-preview:large","max-video-preview":"max-video-preview:-1"},"canonical":"https:\/\/www.ull.es\/portal\/agenda\/evento\/conferencia-de-luis-arenas-por-una-economia-politica-del-tiempo-karl-marx-y-la-idea-de-tiempo-disponible\/","og_locale":"es_ES","og_type":"article","og_title":"Conferencia de Luis Arenas. \"Por una econom\u00eda pol\u00edtica del tiempo: Karl Marx y la idea de tiempo disponible\" - ULL - Agenda","og_description":"La C\u00e1tedra Cultural de Hermen\u00e9utica Cr\u00edtica organiza el 9 de junio a las 12:30 en el Sal\u00f3n de Grados de la Secci\u00f3n de Filosof\u00eda, de la Facultad de Humanidades, de la Universidad de La Laguna una conferencia que ser\u00e1 impartida por Luis Arenas. Luis Arenas, autor de la monograf\u00eda \u00abCapitalismo cansado\u00bb, plantea una reflexi\u00f3n sobre...","og_url":"https:\/\/www.ull.es\/portal\/agenda\/evento\/conferencia-de-luis-arenas-por-una-economia-politica-del-tiempo-karl-marx-y-la-idea-de-tiempo-disponible\/","og_site_name":"ULL - Agenda","article_modified_time":"2025-05-26T08:18:41+00:00","og_image":[{"width":1563,"height":771,"url":"https:\/\/www.ull.es\/portal\/agenda\/wp-content\/uploads\/sites\/12\/2025\/05\/Conferencia-de-Luis-Arenas-UV-Por-una-economia-politica-del-tiempo-Karl-Marx-y-la-idea-de-tiempo-disponible_Banner-eventos.jpg","type":"image\/jpeg"}],"twitter_card":"summary_large_image","twitter_misc":{"Tiempo de lectura":"1 minuto"},"schema":{"@context":"https:\/\/schema.org","@graph":[{"@type":"WebPage","@id":"https:\/\/www.ull.es\/portal\/agenda\/evento\/conferencia-de-luis-arenas-por-una-economia-politica-del-tiempo-karl-marx-y-la-idea-de-tiempo-disponible\/","url":"https:\/\/www.ull.es\/portal\/agenda\/evento\/conferencia-de-luis-arenas-por-una-economia-politica-del-tiempo-karl-marx-y-la-idea-de-tiempo-disponible\/","name":"Conferencia de Luis Arenas. \"Por una econom\u00eda pol\u00edtica del tiempo: Karl Marx y la idea de tiempo disponible\" - ULL - Agenda","isPartOf":{"@id":"https:\/\/www.ull.es\/portal\/agenda\/#website"},"datePublished":"2025-05-23T13:03:33+00:00","dateModified":"2025-05-26T08:18:41+00:00","breadcrumb":{"@id":"https:\/\/www.ull.es\/portal\/agenda\/evento\/conferencia-de-luis-arenas-por-una-economia-politica-del-tiempo-karl-marx-y-la-idea-de-tiempo-disponible\/#breadcrumb"},"inLanguage":"es","potentialAction":[{"@type":"ReadAction","target":["https:\/\/www.ull.es\/portal\/agenda\/evento\/conferencia-de-luis-arenas-por-una-economia-politica-del-tiempo-karl-marx-y-la-idea-de-tiempo-disponible\/"]}]},{"@type":"BreadcrumbList","@id":"https:\/\/www.ull.es\/portal\/agenda\/evento\/conferencia-de-luis-arenas-por-una-economia-politica-del-tiempo-karl-marx-y-la-idea-de-tiempo-disponible\/#breadcrumb","itemListElement":[{"@type":"ListItem","position":1,"name":"Portada","item":"https:\/\/www.ull.es\/portal\/agenda\/"},{"@type":"ListItem","position":2,"name":"Conferencia de Luis Arenas. \u00abPor una econom\u00eda pol\u00edtica del tiempo: Karl Marx y la idea de tiempo disponible\u00bb"}]},{"@type":"WebSite","@id":"https:\/\/www.ull.es\/portal\/agenda\/#website","url":"https:\/\/www.ull.es\/portal\/agenda\/","name":"ULL - Agenda","description":"","potentialAction":[{"@type":"SearchAction","target":{"@type":"EntryPoint","urlTemplate":"https:\/\/www.ull.es\/portal\/agenda\/?s={search_term_string}"},"query-input":"required name=search_term_string"}],"inLanguage":"es"}]}},"_links":{"self":[{"href":"https:\/\/www.ull.es\/portal\/agenda\/wp-json\/wp\/v2\/tribe_events\/42741"}],"collection":[{"href":"https:\/\/www.ull.es\/portal\/agenda\/wp-json\/wp\/v2\/tribe_events"}],"about":[{"href":"https:\/\/www.ull.es\/portal\/agenda\/wp-json\/wp\/v2\/types\/tribe_events"}],"author":[{"embeddable":true,"href":"https:\/\/www.ull.es\/portal\/agenda\/wp-json\/wp\/v2\/users\/65"}],"replies":[{"embeddable":true,"href":"https:\/\/www.ull.es\/portal\/agenda\/wp-json\/wp\/v2\/comments?post=42741"}],"version-history":[{"count":3,"href":"https:\/\/www.ull.es\/portal\/agenda\/wp-json\/wp\/v2\/tribe_events\/42741\/revisions"}],"predecessor-version":[{"id":42756,"href":"https:\/\/www.ull.es\/portal\/agenda\/wp-json\/wp\/v2\/tribe_events\/42741\/revisions\/42756"}],"wp:featuredmedia":[{"embeddable":true,"href":"https:\/\/www.ull.es\/portal\/agenda\/wp-json\/wp\/v2\/media\/42754"}],"wp:attachment":[{"href":"https:\/\/www.ull.es\/portal\/agenda\/wp-json\/wp\/v2\/media?parent=42741"}],"wp:term":[{"taxonomy":"post_tag","embeddable":true,"href":"https:\/\/www.ull.es\/portal\/agenda\/wp-json\/wp\/v2\/tags?post=42741"},{"taxonomy":"tribe_events_cat","embeddable":true,"href":"https:\/\/www.ull.es\/portal\/agenda\/wp-json\/wp\/v2\/tribe_events_cat?post=42741"}],"curies":[{"name":"wp","href":"https:\/\/api.w.org\/{rel}","templated":true}]}}