{"id":42936,"date":"2025-05-29T11:14:47","date_gmt":"2025-05-29T11:14:47","guid":{"rendered":"https:\/\/www.ull.es\/portal\/agenda\/?post_type=tribe_events&#038;p=42936"},"modified":"2025-06-02T09:53:19","modified_gmt":"2025-06-02T09:53:19","slug":"entrenar-y-educar-desde-la-diversidad-el-valor-del-deporte-inclusivo","status":"publish","type":"tribe_events","link":"https:\/\/www.ull.es\/portal\/agenda\/evento\/entrenar-y-educar-desde-la-diversidad-el-valor-del-deporte-inclusivo\/","title":{"rendered":"Entrenar y Educar desde la diversidad. El valor del deporte inclusivo"},"content":{"rendered":"<p>La Fundaci\u00f3n Canaria de la UD Las Palmas y la Fundaci\u00f3n del CD Tenerife, dos entidades sin \u00e1nimo de lucro que promueven la inclusi\u00f3n social, han organizado junto con la Universidad de La Laguna la jornada &#8216;Entrenar y Educar desde la diversidad. El valor del deporte inclusivo&#8217;, que tendr\u00e1 lugar el 6 de junio a las 16:00 horas en el Sal\u00f3n de Actos de la Facultad de Educaci\u00f3n. \u00a0En el que participar\u00e1n profesionales y deportistas vinculados el tercer sector y el deporte inclusivo; as\u00ed como actores, streamers e influencers vinculados con el mundo de la discapacidad.<\/p>\n<p>En esta jornada se reunir\u00e1 a los referentes influyentes a nivel nacional en el mundo deportivo y de la discapacidad, d\u00f3nde se debatir\u00e1n cuestiones c\u00f3mo el papel que est\u00e1n desarrollando los clubes y sus fundaciones para promover la inclusi\u00f3n a trav\u00e9s del deporte, y la importancia de impulsar la pr\u00e1ctica deportiva por parte de este colectivo en aras de fomentar su inclusi\u00f3n social, salud f\u00edsica y mental y educaci\u00f3n en valores. El congreso tendr\u00e1 un car\u00e1cter formativo y est\u00e1 dirigido a entrenadores, jugadores, empresas, organismos u otros profesionales vinculados con el mundo deportivo y la discapacidad.<\/p>\n<p>El congreso \u201cEntrenar y Educar desde la Diversidad: El valor del deporte inclusivo\u201d, se realizar\u00e1 en modalidad h\u00edbrida para fomentar la participaci\u00f3n de todas las personas interesadas, independientemente de su lugar de origen. El jueves 5 de junio se desarrollar\u00e1 en el Sal\u00f3n de Actos de la Facultad de Ciencias de la Educaci\u00f3n, en Las Palmas. El viernes d\u00eda 6, tendr\u00e1 lugar en la Sal\u00f3n de Actos de la Facultad de Educaci\u00f3n de la Universidad de La Laguna, Tenerife.<\/p>\n<p>Para m\u00e1s informaci\u00f3n, pulse este <a href=\"https:\/\/entrenaryeducar.com\/\" target=\"_blank\" rel=\"noopener\" target=\"_blank\" rel=\"noopener\">enlace.\u00a0<\/a><\/p>\n<p><a href=\"https:\/\/entrenaryeducar.com\/wp-content\/uploads\/2025\/05\/Diptico-Disafio-El-valor-del-deporte-inclusivo.pdf\" target=\"_blank\" rel=\"noopener\" target=\"_blank\" rel=\"noopener\">Programa<\/a><\/p>\n","protected":false},"excerpt":{"rendered":"<p>La Fundaci\u00f3n Canaria de la UD Las Palmas y la Fundaci\u00f3n del CD Tenerife, dos entidades sin \u00e1nimo de lucro que promueven la inclusi\u00f3n social, han organizado junto con la Universidad de La Laguna la jornada &#8216;Entrenar y Educar desde la diversidad. El valor del deporte inclusivo&#8217;, que tendr\u00e1 lugar el 6 de junio a&#8230;<\/p>\n","protected":false},"author":65,"featured_media":42953,"comment_status":"closed","ping_status":"closed","template":"","tags":[],"tribe_events_cat":[4,815,186,191,1626],"acf":[],"yoast_head":"<!-- This site is optimized with the Yoast SEO plugin v21.3 - https:\/\/yoast.com\/wordpress\/plugins\/seo\/ -->\n<title>Entrenar y Educar desde la diversidad. El valor del deporte inclusivo - ULL - Agenda<\/title>\n<meta name=\"robots\" content=\"index, follow, max-snippet:-1, max-image-preview:large, max-video-preview:-1\" \/>\n<link rel=\"canonical\" href=\"https:\/\/www.ull.es\/portal\/agenda\/evento\/entrenar-y-educar-desde-la-diversidad-el-valor-del-deporte-inclusivo\/\" \/>\n<meta property=\"og:locale\" content=\"es_ES\" \/>\n<meta property=\"og:type\" content=\"article\" \/>\n<meta property=\"og:title\" content=\"Entrenar y Educar desde la diversidad. El valor del deporte inclusivo - ULL - Agenda\" \/>\n<meta property=\"og:description\" content=\"La Fundaci\u00f3n Canaria de la UD Las Palmas y la Fundaci\u00f3n del CD Tenerife, dos entidades sin \u00e1nimo de lucro que promueven la inclusi\u00f3n social, han organizado junto con la Universidad de La Laguna la jornada &#8216;Entrenar y Educar desde la diversidad. El valor del deporte inclusivo&#8217;, que tendr\u00e1 lugar el 6 de junio a...\" \/>\n<meta property=\"og:url\" content=\"https:\/\/www.ull.es\/portal\/agenda\/evento\/entrenar-y-educar-desde-la-diversidad-el-valor-del-deporte-inclusivo\/\" \/>\n<meta property=\"og:site_name\" content=\"ULL - Agenda\" \/>\n<meta property=\"article:modified_time\" content=\"2025-06-02T09:53:19+00:00\" \/>\n<meta property=\"og:image\" content=\"https:\/\/www.ull.es\/portal\/agenda\/wp-content\/uploads\/sites\/12\/2025\/05\/Deporte-inclusivo_Banner-eventos.png\" \/>\n\t<meta property=\"og:image:width\" content=\"750\" \/>\n\t<meta property=\"og:image:height\" content=\"370\" \/>\n\t<meta property=\"og:image:type\" content=\"image\/png\" \/>\n<meta name=\"twitter:card\" content=\"summary_large_image\" \/>\n<meta name=\"twitter:label1\" content=\"Tiempo de lectura\" \/>\n\t<meta name=\"twitter:data1\" content=\"2 minutos\" \/>\n<script type=\"application\/ld+json\" class=\"yoast-schema-graph\">{\"@context\":\"https:\/\/schema.org\",\"@graph\":[{\"@type\":\"WebPage\",\"@id\":\"https:\/\/www.ull.es\/portal\/agenda\/evento\/entrenar-y-educar-desde-la-diversidad-el-valor-del-deporte-inclusivo\/\",\"url\":\"https:\/\/www.ull.es\/portal\/agenda\/evento\/entrenar-y-educar-desde-la-diversidad-el-valor-del-deporte-inclusivo\/\",\"name\":\"Entrenar y Educar desde la diversidad. El valor del deporte inclusivo - ULL - Agenda\",\"isPartOf\":{\"@id\":\"https:\/\/www.ull.es\/portal\/agenda\/#website\"},\"datePublished\":\"2025-05-29T11:14:47+00:00\",\"dateModified\":\"2025-06-02T09:53:19+00:00\",\"breadcrumb\":{\"@id\":\"https:\/\/www.ull.es\/portal\/agenda\/evento\/entrenar-y-educar-desde-la-diversidad-el-valor-del-deporte-inclusivo\/#breadcrumb\"},\"inLanguage\":\"es\",\"potentialAction\":[{\"@type\":\"ReadAction\",\"target\":[\"https:\/\/www.ull.es\/portal\/agenda\/evento\/entrenar-y-educar-desde-la-diversidad-el-valor-del-deporte-inclusivo\/\"]}]},{\"@type\":\"BreadcrumbList\",\"@id\":\"https:\/\/www.ull.es\/portal\/agenda\/evento\/entrenar-y-educar-desde-la-diversidad-el-valor-del-deporte-inclusivo\/#breadcrumb\",\"itemListElement\":[{\"@type\":\"ListItem\",\"position\":1,\"name\":\"Portada\",\"item\":\"https:\/\/www.ull.es\/portal\/agenda\/\"},{\"@type\":\"ListItem\",\"position\":2,\"name\":\"Entrenar y Educar desde la diversidad. El valor del deporte inclusivo\"}]},{\"@type\":\"WebSite\",\"@id\":\"https:\/\/www.ull.es\/portal\/agenda\/#website\",\"url\":\"https:\/\/www.ull.es\/portal\/agenda\/\",\"name\":\"ULL - Agenda\",\"description\":\"\",\"potentialAction\":[{\"@type\":\"SearchAction\",\"target\":{\"@type\":\"EntryPoint\",\"urlTemplate\":\"https:\/\/www.ull.es\/portal\/agenda\/?s={search_term_string}\"},\"query-input\":\"required name=search_term_string\"}],\"inLanguage\":\"es\"}]}<\/script>\n<!-- \/ Yoast SEO plugin. -->","yoast_head_json":{"title":"Entrenar y Educar desde la diversidad. El valor del deporte inclusivo - ULL - Agenda","robots":{"index":"index","follow":"follow","max-snippet":"max-snippet:-1","max-image-preview":"max-image-preview:large","max-video-preview":"max-video-preview:-1"},"canonical":"https:\/\/www.ull.es\/portal\/agenda\/evento\/entrenar-y-educar-desde-la-diversidad-el-valor-del-deporte-inclusivo\/","og_locale":"es_ES","og_type":"article","og_title":"Entrenar y Educar desde la diversidad. El valor del deporte inclusivo - ULL - Agenda","og_description":"La Fundaci\u00f3n Canaria de la UD Las Palmas y la Fundaci\u00f3n del CD Tenerife, dos entidades sin \u00e1nimo de lucro que promueven la inclusi\u00f3n social, han organizado junto con la Universidad de La Laguna la jornada &#8216;Entrenar y Educar desde la diversidad. El valor del deporte inclusivo&#8217;, que tendr\u00e1 lugar el 6 de junio a...","og_url":"https:\/\/www.ull.es\/portal\/agenda\/evento\/entrenar-y-educar-desde-la-diversidad-el-valor-del-deporte-inclusivo\/","og_site_name":"ULL - Agenda","article_modified_time":"2025-06-02T09:53:19+00:00","og_image":[{"width":750,"height":370,"url":"https:\/\/www.ull.es\/portal\/agenda\/wp-content\/uploads\/sites\/12\/2025\/05\/Deporte-inclusivo_Banner-eventos.png","type":"image\/png"}],"twitter_card":"summary_large_image","twitter_misc":{"Tiempo de lectura":"2 minutos"},"schema":{"@context":"https:\/\/schema.org","@graph":[{"@type":"WebPage","@id":"https:\/\/www.ull.es\/portal\/agenda\/evento\/entrenar-y-educar-desde-la-diversidad-el-valor-del-deporte-inclusivo\/","url":"https:\/\/www.ull.es\/portal\/agenda\/evento\/entrenar-y-educar-desde-la-diversidad-el-valor-del-deporte-inclusivo\/","name":"Entrenar y Educar desde la diversidad. El valor del deporte inclusivo - ULL - Agenda","isPartOf":{"@id":"https:\/\/www.ull.es\/portal\/agenda\/#website"},"datePublished":"2025-05-29T11:14:47+00:00","dateModified":"2025-06-02T09:53:19+00:00","breadcrumb":{"@id":"https:\/\/www.ull.es\/portal\/agenda\/evento\/entrenar-y-educar-desde-la-diversidad-el-valor-del-deporte-inclusivo\/#breadcrumb"},"inLanguage":"es","potentialAction":[{"@type":"ReadAction","target":["https:\/\/www.ull.es\/portal\/agenda\/evento\/entrenar-y-educar-desde-la-diversidad-el-valor-del-deporte-inclusivo\/"]}]},{"@type":"BreadcrumbList","@id":"https:\/\/www.ull.es\/portal\/agenda\/evento\/entrenar-y-educar-desde-la-diversidad-el-valor-del-deporte-inclusivo\/#breadcrumb","itemListElement":[{"@type":"ListItem","position":1,"name":"Portada","item":"https:\/\/www.ull.es\/portal\/agenda\/"},{"@type":"ListItem","position":2,"name":"Entrenar y Educar desde la diversidad. El valor del deporte inclusivo"}]},{"@type":"WebSite","@id":"https:\/\/www.ull.es\/portal\/agenda\/#website","url":"https:\/\/www.ull.es\/portal\/agenda\/","name":"ULL - Agenda","description":"","potentialAction":[{"@type":"SearchAction","target":{"@type":"EntryPoint","urlTemplate":"https:\/\/www.ull.es\/portal\/agenda\/?s={search_term_string}"},"query-input":"required name=search_term_string"}],"inLanguage":"es"}]}},"_links":{"self":[{"href":"https:\/\/www.ull.es\/portal\/agenda\/wp-json\/wp\/v2\/tribe_events\/42936"}],"collection":[{"href":"https:\/\/www.ull.es\/portal\/agenda\/wp-json\/wp\/v2\/tribe_events"}],"about":[{"href":"https:\/\/www.ull.es\/portal\/agenda\/wp-json\/wp\/v2\/types\/tribe_events"}],"author":[{"embeddable":true,"href":"https:\/\/www.ull.es\/portal\/agenda\/wp-json\/wp\/v2\/users\/65"}],"replies":[{"embeddable":true,"href":"https:\/\/www.ull.es\/portal\/agenda\/wp-json\/wp\/v2\/comments?post=42936"}],"version-history":[{"count":2,"href":"https:\/\/www.ull.es\/portal\/agenda\/wp-json\/wp\/v2\/tribe_events\/42936\/revisions"}],"predecessor-version":[{"id":42939,"href":"https:\/\/www.ull.es\/portal\/agenda\/wp-json\/wp\/v2\/tribe_events\/42936\/revisions\/42939"}],"wp:featuredmedia":[{"embeddable":true,"href":"https:\/\/www.ull.es\/portal\/agenda\/wp-json\/wp\/v2\/media\/42953"}],"wp:attachment":[{"href":"https:\/\/www.ull.es\/portal\/agenda\/wp-json\/wp\/v2\/media?parent=42936"}],"wp:term":[{"taxonomy":"post_tag","embeddable":true,"href":"https:\/\/www.ull.es\/portal\/agenda\/wp-json\/wp\/v2\/tags?post=42936"},{"taxonomy":"tribe_events_cat","embeddable":true,"href":"https:\/\/www.ull.es\/portal\/agenda\/wp-json\/wp\/v2\/tribe_events_cat?post=42936"}],"curies":[{"name":"wp","href":"https:\/\/api.w.org\/{rel}","templated":true}]}}