{"id":42954,"date":"2025-06-02T11:56:52","date_gmt":"2025-06-02T11:56:52","guid":{"rendered":"https:\/\/www.ull.es\/portal\/agenda\/?post_type=tribe_events&#038;p=42954"},"modified":"2025-09-09T13:32:33","modified_gmt":"2025-09-09T13:32:33","slug":"medio-totufo-de-dario-lopez","status":"publish","type":"tribe_events","link":"https:\/\/www.ull.es\/portal\/agenda\/evento\/medio-totufo-de-dario-lopez\/2025-10-18\/","title":{"rendered":"&#8216;Medio Totufo&#8217; de Dar\u00edo L\u00f3pez"},"content":{"rendered":"<p>Dicen que tomar decisiones es parte de la vida\u2026 \u00a1pero \u00a1qu\u00e9 complicado se pone cuando uno es medio simpl\u00f3n! Dar\u00edo L\u00f3pez regresa al escenario para demostrar que no hay problema tan grande que no pueda empeorar con un mal consejo o una buena dosis de indecisi\u00f3n. En este nuevo espect\u00e1culo, Dar\u00edo se enfrenta a las peque\u00f1as y grandes decisiones del d\u00eda a d\u00eda. A trav\u00e9s de mon\u00f3logos, an\u00e9cdotas y un toque clave de interacci\u00f3n con el p\u00fablico, nos invita a re\u00edrnos de nuestra propia totufez. Vente y r\u00ede con ganas aceptando con orgullo que t\u00fa tambi\u00e9n tienes tu lado medio totufo.<\/p>\n<p><a href=\"https:\/\/www.ecoentradas.com\/elegirsesion\/2729\" target=\"_blank\" rel=\"noopener\" target=\"_blank\" rel=\"noopener\">Entradas<\/a>: <span lang=\"es\"><span style=\"color: #000000;\">18<\/span><\/span>\u20ac\u00a0p\u00fablico general.<\/p>\n<p>Todos los p\u00fablicos<\/p>\n","protected":false},"excerpt":{"rendered":"<p>Dicen que tomar decisiones es parte de la vida\u2026 \u00a1pero \u00a1qu\u00e9 complicado se pone cuando uno es medio simpl\u00f3n! Dar\u00edo L\u00f3pez regresa al escenario para demostrar que no hay problema tan grande que no pueda empeorar con un mal consejo o una buena dosis de indecisi\u00f3n. En este nuevo espect\u00e1culo, Dar\u00edo se enfrenta a las&#8230;<\/p>\n","protected":false},"author":65,"featured_media":42955,"comment_status":"closed","ping_status":"closed","template":"","tags":[],"tribe_events_cat":[3987,4,343,186,191],"acf":[],"yoast_head":"<!-- This site is optimized with the Yoast SEO plugin v21.3 - https:\/\/yoast.com\/wordpress\/plugins\/seo\/ -->\n<title>&#039;Medio Totufo&#039; de Dar\u00edo L\u00f3pez - ULL - Agenda<\/title>\n<meta name=\"robots\" content=\"index, follow, max-snippet:-1, max-image-preview:large, max-video-preview:-1\" \/>\n<link rel=\"canonical\" href=\"https:\/\/www.ull.es\/portal\/agenda\/evento\/medio-totufo-de-dario-lopez\/2025-10-18\/\" \/>\n<meta property=\"og:locale\" content=\"es_ES\" \/>\n<meta property=\"og:type\" content=\"article\" \/>\n<meta property=\"og:title\" content=\"&#039;Medio Totufo&#039; de Dar\u00edo L\u00f3pez - ULL - Agenda\" \/>\n<meta property=\"og:description\" content=\"Dicen que tomar decisiones es parte de la vida\u2026 \u00a1pero \u00a1qu\u00e9 complicado se pone cuando uno es medio simpl\u00f3n! Dar\u00edo L\u00f3pez regresa al escenario para demostrar que no hay problema tan grande que no pueda empeorar con un mal consejo o una buena dosis de indecisi\u00f3n. En este nuevo espect\u00e1culo, Dar\u00edo se enfrenta a las...\" \/>\n<meta property=\"og:url\" content=\"https:\/\/www.ull.es\/portal\/agenda\/evento\/medio-totufo-de-dario-lopez\/2025-10-18\/\" \/>\n<meta property=\"og:site_name\" content=\"ULL - Agenda\" \/>\n<meta property=\"article:modified_time\" content=\"2025-09-09T13:32:33+00:00\" \/>\n<meta property=\"og:image\" content=\"https:\/\/www.ull.es\/portal\/agenda\/wp-content\/uploads\/sites\/12\/2025\/06\/750-x-370-WEB-_-DarioLopez.jpg\" \/>\n\t<meta property=\"og:image:width\" content=\"750\" \/>\n\t<meta property=\"og:image:height\" content=\"370\" \/>\n\t<meta property=\"og:image:type\" content=\"image\/jpeg\" \/>\n<meta name=\"twitter:card\" content=\"summary_large_image\" \/>\n<meta name=\"twitter:label1\" content=\"Tiempo de lectura\" \/>\n\t<meta name=\"twitter:data1\" content=\"1 minuto\" \/>\n<script type=\"application\/ld+json\" class=\"yoast-schema-graph\">{\"@context\":\"https:\/\/schema.org\",\"@graph\":[{\"@type\":\"WebPage\",\"@id\":\"https:\/\/www.ull.es\/portal\/agenda\/evento\/medio-totufo-de-dario-lopez\/2025-10-18\/\",\"url\":\"https:\/\/www.ull.es\/portal\/agenda\/evento\/medio-totufo-de-dario-lopez\/2025-10-18\/\",\"name\":\"'Medio Totufo' de Dar\u00edo L\u00f3pez - ULL - Agenda\",\"isPartOf\":{\"@id\":\"https:\/\/www.ull.es\/portal\/agenda\/#website\"},\"datePublished\":\"2025-06-02T11:56:52+00:00\",\"dateModified\":\"2025-09-09T13:32:33+00:00\",\"breadcrumb\":{\"@id\":\"https:\/\/www.ull.es\/portal\/agenda\/evento\/medio-totufo-de-dario-lopez\/2025-10-18\/#breadcrumb\"},\"inLanguage\":\"es\",\"potentialAction\":[{\"@type\":\"ReadAction\",\"target\":[\"https:\/\/www.ull.es\/portal\/agenda\/evento\/medio-totufo-de-dario-lopez\/2025-10-18\/\"]}]},{\"@type\":\"BreadcrumbList\",\"@id\":\"https:\/\/www.ull.es\/portal\/agenda\/evento\/medio-totufo-de-dario-lopez\/2025-10-18\/#breadcrumb\",\"itemListElement\":[{\"@type\":\"ListItem\",\"position\":1,\"name\":\"Portada\",\"item\":\"https:\/\/www.ull.es\/portal\/agenda\/\"},{\"@type\":\"ListItem\",\"position\":2,\"name\":\"&#8216;Medio Totufo&#8217; de Dar\u00edo L\u00f3pez\"}]},{\"@type\":\"WebSite\",\"@id\":\"https:\/\/www.ull.es\/portal\/agenda\/#website\",\"url\":\"https:\/\/www.ull.es\/portal\/agenda\/\",\"name\":\"ULL - Agenda\",\"description\":\"\",\"potentialAction\":[{\"@type\":\"SearchAction\",\"target\":{\"@type\":\"EntryPoint\",\"urlTemplate\":\"https:\/\/www.ull.es\/portal\/agenda\/?s={search_term_string}\"},\"query-input\":\"required name=search_term_string\"}],\"inLanguage\":\"es\"}]}<\/script>\n<!-- \/ Yoast SEO plugin. -->","yoast_head_json":{"title":"'Medio Totufo' de Dar\u00edo L\u00f3pez - ULL - Agenda","robots":{"index":"index","follow":"follow","max-snippet":"max-snippet:-1","max-image-preview":"max-image-preview:large","max-video-preview":"max-video-preview:-1"},"canonical":"https:\/\/www.ull.es\/portal\/agenda\/evento\/medio-totufo-de-dario-lopez\/2025-10-18\/","og_locale":"es_ES","og_type":"article","og_title":"'Medio Totufo' de Dar\u00edo L\u00f3pez - ULL - Agenda","og_description":"Dicen que tomar decisiones es parte de la vida\u2026 \u00a1pero \u00a1qu\u00e9 complicado se pone cuando uno es medio simpl\u00f3n! Dar\u00edo L\u00f3pez regresa al escenario para demostrar que no hay problema tan grande que no pueda empeorar con un mal consejo o una buena dosis de indecisi\u00f3n. En este nuevo espect\u00e1culo, Dar\u00edo se enfrenta a las...","og_url":"https:\/\/www.ull.es\/portal\/agenda\/evento\/medio-totufo-de-dario-lopez\/2025-10-18\/","og_site_name":"ULL - Agenda","article_modified_time":"2025-09-09T13:32:33+00:00","og_image":[{"width":750,"height":370,"url":"https:\/\/www.ull.es\/portal\/agenda\/wp-content\/uploads\/sites\/12\/2025\/06\/750-x-370-WEB-_-DarioLopez.jpg","type":"image\/jpeg"}],"twitter_card":"summary_large_image","twitter_misc":{"Tiempo de lectura":"1 minuto"},"schema":{"@context":"https:\/\/schema.org","@graph":[{"@type":"WebPage","@id":"https:\/\/www.ull.es\/portal\/agenda\/evento\/medio-totufo-de-dario-lopez\/2025-10-18\/","url":"https:\/\/www.ull.es\/portal\/agenda\/evento\/medio-totufo-de-dario-lopez\/2025-10-18\/","name":"'Medio Totufo' de Dar\u00edo L\u00f3pez - ULL - Agenda","isPartOf":{"@id":"https:\/\/www.ull.es\/portal\/agenda\/#website"},"datePublished":"2025-06-02T11:56:52+00:00","dateModified":"2025-09-09T13:32:33+00:00","breadcrumb":{"@id":"https:\/\/www.ull.es\/portal\/agenda\/evento\/medio-totufo-de-dario-lopez\/2025-10-18\/#breadcrumb"},"inLanguage":"es","potentialAction":[{"@type":"ReadAction","target":["https:\/\/www.ull.es\/portal\/agenda\/evento\/medio-totufo-de-dario-lopez\/2025-10-18\/"]}]},{"@type":"BreadcrumbList","@id":"https:\/\/www.ull.es\/portal\/agenda\/evento\/medio-totufo-de-dario-lopez\/2025-10-18\/#breadcrumb","itemListElement":[{"@type":"ListItem","position":1,"name":"Portada","item":"https:\/\/www.ull.es\/portal\/agenda\/"},{"@type":"ListItem","position":2,"name":"&#8216;Medio Totufo&#8217; de Dar\u00edo L\u00f3pez"}]},{"@type":"WebSite","@id":"https:\/\/www.ull.es\/portal\/agenda\/#website","url":"https:\/\/www.ull.es\/portal\/agenda\/","name":"ULL - Agenda","description":"","potentialAction":[{"@type":"SearchAction","target":{"@type":"EntryPoint","urlTemplate":"https:\/\/www.ull.es\/portal\/agenda\/?s={search_term_string}"},"query-input":"required name=search_term_string"}],"inLanguage":"es"}]}},"_links":{"self":[{"href":"https:\/\/www.ull.es\/portal\/agenda\/wp-json\/wp\/v2\/tribe_events\/42954"}],"collection":[{"href":"https:\/\/www.ull.es\/portal\/agenda\/wp-json\/wp\/v2\/tribe_events"}],"about":[{"href":"https:\/\/www.ull.es\/portal\/agenda\/wp-json\/wp\/v2\/types\/tribe_events"}],"author":[{"embeddable":true,"href":"https:\/\/www.ull.es\/portal\/agenda\/wp-json\/wp\/v2\/users\/65"}],"replies":[{"embeddable":true,"href":"https:\/\/www.ull.es\/portal\/agenda\/wp-json\/wp\/v2\/comments?post=42954"}],"version-history":[{"count":1,"href":"https:\/\/www.ull.es\/portal\/agenda\/wp-json\/wp\/v2\/tribe_events\/42954\/revisions"}],"predecessor-version":[{"id":42956,"href":"https:\/\/www.ull.es\/portal\/agenda\/wp-json\/wp\/v2\/tribe_events\/42954\/revisions\/42956"}],"wp:featuredmedia":[{"embeddable":true,"href":"https:\/\/www.ull.es\/portal\/agenda\/wp-json\/wp\/v2\/media\/42955"}],"wp:attachment":[{"href":"https:\/\/www.ull.es\/portal\/agenda\/wp-json\/wp\/v2\/media?parent=42954"}],"wp:term":[{"taxonomy":"post_tag","embeddable":true,"href":"https:\/\/www.ull.es\/portal\/agenda\/wp-json\/wp\/v2\/tags?post=42954"},{"taxonomy":"tribe_events_cat","embeddable":true,"href":"https:\/\/www.ull.es\/portal\/agenda\/wp-json\/wp\/v2\/tribe_events_cat?post=42954"}],"curies":[{"name":"wp","href":"https:\/\/api.w.org\/{rel}","templated":true}]}}