{"id":43008,"date":"2025-06-03T13:00:01","date_gmt":"2025-06-03T13:00:01","guid":{"rendered":"https:\/\/www.ull.es\/portal\/agenda\/?post_type=tribe_events&#038;p=43008"},"modified":"2025-06-20T08:15:08","modified_gmt":"2025-06-20T08:15:08","slug":"curso-practico-de-lengua-de-signos-espanola-lse-fomentando-entornos-inclusivos","status":"publish","type":"tribe_events","link":"https:\/\/www.ull.es\/portal\/agenda\/evento\/curso-practico-de-lengua-de-signos-espanola-lse-fomentando-entornos-inclusivos\/","title":{"rendered":"Curso Pr\u00e1ctico de Lengua de Signos Espa\u00f1ola (LSE): fomentando entornos inclusivos"},"content":{"rendered":"<p>La C\u00e1tedra Institucional de Investigaci\u00f3n e Innovaci\u00f3n en Discapacidad Auditiva y Accesibilidad organiza este curso que se celebrar\u00e1 en el municipio de Arona los d\u00edas 21 al 23 de julio en horario de ma\u00f1ana.<\/p>\n<p>El objetivo del curso es el de adquirir conocimientos sobre la Lengua de Signos Espa\u00f1ola (LSE) y sus particularidades. Ser capaz de comprender y emplear expresiones habituales y frases simples para satisfacer necesidades inmediatas. Aprender a presentarse, presentar a otras personas y solicitar o brindar informaci\u00f3n personal b\u00e1sica.<\/p>\n<p>El curso est\u00e1 dirigido al p\u00fablico en general y especialmente a personas interesadas en adquirir conocimientos b\u00e1sicos de Lengua de Signos Espa\u00f1ola (LSE) para poder mantener una conversaci\u00f3n sencilla con personas sordas o con quienes utilicen la LSE como sistema de comunicaci\u00f3n, ya sea en un contexto educativo, social o profesional. En la actualidad, el conocimiento de idiomas supone un valor a\u00f1adido en la formaci\u00f3n y experiencia profesional, y la capacidad de comunicarse en LSE puede marcar la diferencia en el mercado laboral, aumentando las oportunidades de empleabilidad de quienes completen este curso.<\/p>\n<p>Direcci\u00f3n acad\u00e9mica: Mar\u00eda del Carmen Rodr\u00edguez Jim\u00e9nez. Profesora Contratada Doctora, Departamento de Did\u00e1ctica e Investigaci\u00f3n Educativa de la Universidad de La Laguna.<\/p>\n<p><strong>CERTIFICADO DE ASISTENCIA, APTITUD Y RECONOCIMIENTO POR CR\u00c9DITO ECTS<\/strong><\/p>\n<p>La Universidad de La Laguna, a trav\u00e9s del Vicerrectorado de Cultura y Extensi\u00f3n Universitaria, emitir\u00e1 un certificado de asistencia a todas aquellas personas que asistan a un m\u00ednimo del 80% de las horas lectivas presenciales. Asimismo, aquellas personas que superen el trabajo aut\u00f3nomo del alumnado, recibir\u00e1n un certificado de asistencia y aprovechamiento, reconocible a su vez por un cr\u00e9dito ECTS.<\/p>\n<p><a href=\"https:\/\/sede.fg.ull.es\/es\/curso\/detalle?code=a25020178&amp;name=curso-practico-de-lengua-de-signos-espa-ola-lse-fomentando-entornos-inclusivos&amp;query=%3Fcode%3DA25020178\" target=\"_blank\" rel=\"noopener\" target=\"_blank\" rel=\"noopener\"><strong><u>Consulta el programa e inscr\u00edbete aqu\u00ed.<\/u><\/strong><\/a><\/p>\n<p><span style=\"color: #ff0000\"><strong>\u00a1PLAZAS AGOTADAS!<\/strong><\/span><\/p>\n<p><strong>Contacto:\u00a0<\/strong><a href=\"mailto:extuni@ull.edu.es\" target=\"_blank\" rel=\"noopener\" target=\"_blank\" rel=\"noopener\"><strong>extuni@ull.es<\/strong><\/a><\/p>\n<p>Financia: Consejer\u00eda Insular de Acci\u00f3n Social del Cabildo de Tenerife.<\/p>\n","protected":false},"excerpt":{"rendered":"<p>La C\u00e1tedra Institucional de Investigaci\u00f3n e Innovaci\u00f3n en Discapacidad Auditiva y Accesibilidad organiza este curso que se celebrar\u00e1 en el municipio de Arona los d\u00edas 21 al 23 de julio en horario de ma\u00f1ana. El objetivo del curso es el de adquirir conocimientos sobre la Lengua de Signos Espa\u00f1ola (LSE) y sus particularidades. Ser capaz&#8230;<\/p>\n","protected":false},"author":43,"featured_media":43009,"comment_status":"closed","ping_status":"closed","template":"","tags":[4259,977,3812,4914,3751,4165],"tribe_events_cat":[472,4957,3165,4,186],"acf":[],"yoast_head":"<!-- This site is optimized with the Yoast SEO plugin v21.3 - https:\/\/yoast.com\/wordpress\/plugins\/seo\/ -->\n<title>Curso Pr\u00e1ctico de Lengua de Signos Espa\u00f1ola (LSE): fomentando entornos inclusivos - ULL - Agenda<\/title>\n<meta name=\"robots\" content=\"index, follow, max-snippet:-1, max-image-preview:large, max-video-preview:-1\" \/>\n<link rel=\"canonical\" href=\"https:\/\/www.ull.es\/portal\/agenda\/evento\/curso-practico-de-lengua-de-signos-espanola-lse-fomentando-entornos-inclusivos\/\" \/>\n<meta property=\"og:locale\" content=\"es_ES\" \/>\n<meta property=\"og:type\" content=\"article\" \/>\n<meta property=\"og:title\" content=\"Curso Pr\u00e1ctico de Lengua de Signos Espa\u00f1ola (LSE): fomentando entornos inclusivos - ULL - Agenda\" \/>\n<meta property=\"og:description\" content=\"La C\u00e1tedra Institucional de Investigaci\u00f3n e Innovaci\u00f3n en Discapacidad Auditiva y Accesibilidad organiza este curso que se celebrar\u00e1 en el municipio de Arona los d\u00edas 21 al 23 de julio en horario de ma\u00f1ana. El objetivo del curso es el de adquirir conocimientos sobre la Lengua de Signos Espa\u00f1ola (LSE) y sus particularidades. Ser capaz...\" \/>\n<meta property=\"og:url\" content=\"https:\/\/www.ull.es\/portal\/agenda\/evento\/curso-practico-de-lengua-de-signos-espanola-lse-fomentando-entornos-inclusivos\/\" \/>\n<meta property=\"og:site_name\" content=\"ULL - Agenda\" \/>\n<meta property=\"article:modified_time\" content=\"2025-06-20T08:15:08+00:00\" \/>\n<meta property=\"og:image\" content=\"https:\/\/www.ull.es\/portal\/agenda\/wp-content\/uploads\/sites\/12\/2025\/06\/BannerLSEArona.png\" \/>\n\t<meta property=\"og:image:width\" content=\"750\" \/>\n\t<meta property=\"og:image:height\" content=\"370\" \/>\n\t<meta property=\"og:image:type\" content=\"image\/png\" \/>\n<meta name=\"twitter:card\" content=\"summary_large_image\" \/>\n<meta name=\"twitter:label1\" content=\"Tiempo de lectura\" \/>\n\t<meta name=\"twitter:data1\" content=\"2 minutos\" \/>\n<script type=\"application\/ld+json\" class=\"yoast-schema-graph\">{\"@context\":\"https:\/\/schema.org\",\"@graph\":[{\"@type\":\"WebPage\",\"@id\":\"https:\/\/www.ull.es\/portal\/agenda\/evento\/curso-practico-de-lengua-de-signos-espanola-lse-fomentando-entornos-inclusivos\/\",\"url\":\"https:\/\/www.ull.es\/portal\/agenda\/evento\/curso-practico-de-lengua-de-signos-espanola-lse-fomentando-entornos-inclusivos\/\",\"name\":\"Curso Pr\u00e1ctico de Lengua de Signos Espa\u00f1ola (LSE): fomentando entornos inclusivos - ULL - Agenda\",\"isPartOf\":{\"@id\":\"https:\/\/www.ull.es\/portal\/agenda\/#website\"},\"datePublished\":\"2025-06-03T13:00:01+00:00\",\"dateModified\":\"2025-06-20T08:15:08+00:00\",\"breadcrumb\":{\"@id\":\"https:\/\/www.ull.es\/portal\/agenda\/evento\/curso-practico-de-lengua-de-signos-espanola-lse-fomentando-entornos-inclusivos\/#breadcrumb\"},\"inLanguage\":\"es\",\"potentialAction\":[{\"@type\":\"ReadAction\",\"target\":[\"https:\/\/www.ull.es\/portal\/agenda\/evento\/curso-practico-de-lengua-de-signos-espanola-lse-fomentando-entornos-inclusivos\/\"]}]},{\"@type\":\"BreadcrumbList\",\"@id\":\"https:\/\/www.ull.es\/portal\/agenda\/evento\/curso-practico-de-lengua-de-signos-espanola-lse-fomentando-entornos-inclusivos\/#breadcrumb\",\"itemListElement\":[{\"@type\":\"ListItem\",\"position\":1,\"name\":\"Portada\",\"item\":\"https:\/\/www.ull.es\/portal\/agenda\/\"},{\"@type\":\"ListItem\",\"position\":2,\"name\":\"Curso Pr\u00e1ctico de Lengua de Signos Espa\u00f1ola (LSE): fomentando entornos inclusivos\"}]},{\"@type\":\"WebSite\",\"@id\":\"https:\/\/www.ull.es\/portal\/agenda\/#website\",\"url\":\"https:\/\/www.ull.es\/portal\/agenda\/\",\"name\":\"ULL - Agenda\",\"description\":\"\",\"potentialAction\":[{\"@type\":\"SearchAction\",\"target\":{\"@type\":\"EntryPoint\",\"urlTemplate\":\"https:\/\/www.ull.es\/portal\/agenda\/?s={search_term_string}\"},\"query-input\":\"required name=search_term_string\"}],\"inLanguage\":\"es\"}]}<\/script>\n<!-- \/ Yoast SEO plugin. -->","yoast_head_json":{"title":"Curso Pr\u00e1ctico de Lengua de Signos Espa\u00f1ola (LSE): fomentando entornos inclusivos - ULL - Agenda","robots":{"index":"index","follow":"follow","max-snippet":"max-snippet:-1","max-image-preview":"max-image-preview:large","max-video-preview":"max-video-preview:-1"},"canonical":"https:\/\/www.ull.es\/portal\/agenda\/evento\/curso-practico-de-lengua-de-signos-espanola-lse-fomentando-entornos-inclusivos\/","og_locale":"es_ES","og_type":"article","og_title":"Curso Pr\u00e1ctico de Lengua de Signos Espa\u00f1ola (LSE): fomentando entornos inclusivos - ULL - Agenda","og_description":"La C\u00e1tedra Institucional de Investigaci\u00f3n e Innovaci\u00f3n en Discapacidad Auditiva y Accesibilidad organiza este curso que se celebrar\u00e1 en el municipio de Arona los d\u00edas 21 al 23 de julio en horario de ma\u00f1ana. El objetivo del curso es el de adquirir conocimientos sobre la Lengua de Signos Espa\u00f1ola (LSE) y sus particularidades. Ser capaz...","og_url":"https:\/\/www.ull.es\/portal\/agenda\/evento\/curso-practico-de-lengua-de-signos-espanola-lse-fomentando-entornos-inclusivos\/","og_site_name":"ULL - Agenda","article_modified_time":"2025-06-20T08:15:08+00:00","og_image":[{"width":750,"height":370,"url":"https:\/\/www.ull.es\/portal\/agenda\/wp-content\/uploads\/sites\/12\/2025\/06\/BannerLSEArona.png","type":"image\/png"}],"twitter_card":"summary_large_image","twitter_misc":{"Tiempo de lectura":"2 minutos"},"schema":{"@context":"https:\/\/schema.org","@graph":[{"@type":"WebPage","@id":"https:\/\/www.ull.es\/portal\/agenda\/evento\/curso-practico-de-lengua-de-signos-espanola-lse-fomentando-entornos-inclusivos\/","url":"https:\/\/www.ull.es\/portal\/agenda\/evento\/curso-practico-de-lengua-de-signos-espanola-lse-fomentando-entornos-inclusivos\/","name":"Curso Pr\u00e1ctico de Lengua de Signos Espa\u00f1ola (LSE): fomentando entornos inclusivos - ULL - Agenda","isPartOf":{"@id":"https:\/\/www.ull.es\/portal\/agenda\/#website"},"datePublished":"2025-06-03T13:00:01+00:00","dateModified":"2025-06-20T08:15:08+00:00","breadcrumb":{"@id":"https:\/\/www.ull.es\/portal\/agenda\/evento\/curso-practico-de-lengua-de-signos-espanola-lse-fomentando-entornos-inclusivos\/#breadcrumb"},"inLanguage":"es","potentialAction":[{"@type":"ReadAction","target":["https:\/\/www.ull.es\/portal\/agenda\/evento\/curso-practico-de-lengua-de-signos-espanola-lse-fomentando-entornos-inclusivos\/"]}]},{"@type":"BreadcrumbList","@id":"https:\/\/www.ull.es\/portal\/agenda\/evento\/curso-practico-de-lengua-de-signos-espanola-lse-fomentando-entornos-inclusivos\/#breadcrumb","itemListElement":[{"@type":"ListItem","position":1,"name":"Portada","item":"https:\/\/www.ull.es\/portal\/agenda\/"},{"@type":"ListItem","position":2,"name":"Curso Pr\u00e1ctico de Lengua de Signos Espa\u00f1ola (LSE): fomentando entornos inclusivos"}]},{"@type":"WebSite","@id":"https:\/\/www.ull.es\/portal\/agenda\/#website","url":"https:\/\/www.ull.es\/portal\/agenda\/","name":"ULL - Agenda","description":"","potentialAction":[{"@type":"SearchAction","target":{"@type":"EntryPoint","urlTemplate":"https:\/\/www.ull.es\/portal\/agenda\/?s={search_term_string}"},"query-input":"required name=search_term_string"}],"inLanguage":"es"}]}},"_links":{"self":[{"href":"https:\/\/www.ull.es\/portal\/agenda\/wp-json\/wp\/v2\/tribe_events\/43008"}],"collection":[{"href":"https:\/\/www.ull.es\/portal\/agenda\/wp-json\/wp\/v2\/tribe_events"}],"about":[{"href":"https:\/\/www.ull.es\/portal\/agenda\/wp-json\/wp\/v2\/types\/tribe_events"}],"author":[{"embeddable":true,"href":"https:\/\/www.ull.es\/portal\/agenda\/wp-json\/wp\/v2\/users\/43"}],"replies":[{"embeddable":true,"href":"https:\/\/www.ull.es\/portal\/agenda\/wp-json\/wp\/v2\/comments?post=43008"}],"version-history":[{"count":4,"href":"https:\/\/www.ull.es\/portal\/agenda\/wp-json\/wp\/v2\/tribe_events\/43008\/revisions"}],"predecessor-version":[{"id":43272,"href":"https:\/\/www.ull.es\/portal\/agenda\/wp-json\/wp\/v2\/tribe_events\/43008\/revisions\/43272"}],"wp:featuredmedia":[{"embeddable":true,"href":"https:\/\/www.ull.es\/portal\/agenda\/wp-json\/wp\/v2\/media\/43009"}],"wp:attachment":[{"href":"https:\/\/www.ull.es\/portal\/agenda\/wp-json\/wp\/v2\/media?parent=43008"}],"wp:term":[{"taxonomy":"post_tag","embeddable":true,"href":"https:\/\/www.ull.es\/portal\/agenda\/wp-json\/wp\/v2\/tags?post=43008"},{"taxonomy":"tribe_events_cat","embeddable":true,"href":"https:\/\/www.ull.es\/portal\/agenda\/wp-json\/wp\/v2\/tribe_events_cat?post=43008"}],"curies":[{"name":"wp","href":"https:\/\/api.w.org\/{rel}","templated":true}]}}