{"id":43223,"date":"2025-06-17T10:42:41","date_gmt":"2025-06-17T10:42:41","guid":{"rendered":"https:\/\/www.ull.es\/portal\/agenda\/?post_type=tribe_events&#038;p=43223"},"modified":"2025-06-17T10:42:41","modified_gmt":"2025-06-17T10:42:41","slug":"disena-tu-futuro-guia-para-promocionarte-como-creativo-2","status":"publish","type":"tribe_events","link":"https:\/\/www.ull.es\/portal\/agenda\/evento\/disena-tu-futuro-guia-para-promocionarte-como-creativo-2\/","title":{"rendered":"Dise\u00f1a tu futuro. Gu\u00eda para promocionarte como creativo"},"content":{"rendered":"<p>El Aula Cultural de Dise\u00f1o organiza este curso que se celebrar\u00e1 en la Facultad de Bellas Artes los d\u00edas 27 al 30 de octubre de 2025 en horario de 16:00 a 18:30 horas.<\/p>\n<p>Objetivos:<\/p>\n<p>&#8211; Ense\u00f1ar a los alumnos a crear portfolios atractivos y profesionales que resalten su trabajo creativo. El objetivo es que aprendan a organizar y presentar proyectos de dise\u00f1o de manera coherente, destacando habilidades y estilo personal.<br \/>\n&#8211; Ayudar a los alumnos a entender la importancia de la identidad visual y el branding personal en el \u00e1mbito creativo. Esto incluye desarrollar una marca personal s\u00f3lida reflejada en el portfolio y otros canales de promoci\u00f3n.<br \/>\n&#8211; Brindar a los participantes conocimientos pr\u00e1cticos sobre la autopromoci\u00f3n como creativos, utilizando efectivamente redes sociales, sitios web, participando en eventos y colaborando con otros dise\u00f1adores.<br \/>\n&#8211; Reforzar la confianza y aprender a identificar las inseguridades que conllevan los trabajos creativos, para una mejora de la autoestima, y por ende, de una mejor autopromoci\u00f3n.<\/p>\n<p>Dirigido al p\u00fablico en general y, especialmente, a estudiantes y profesionales que buscan promocionarse como creativos en el campo del dise\u00f1o de manera efectiva.<\/p>\n<p>Direcci\u00f3n acad\u00e9mica: Noa Real Garc\u00eda. Profesora Ayudante Doctor, Departamento de Bellas Artes de la Universidad de La Laguna.<\/p>\n<p><strong>CERTIFICADO DE ASISTENCIA, APTITUD Y RECONOCIMIENTO POR CR\u00c9DITO ECTS<\/strong><\/p>\n<p>La Universidad de La Laguna, a trav\u00e9s del Vicerrectorado de Cultura y Extensi\u00f3n Universitaria, emitir\u00e1 un certificado de asistencia a todas aquellas personas que asistan a un m\u00ednimo del 80% de las horas lectivas presenciales. Asimismo, aquellas personas que superen el trabajo aut\u00f3nomo del alumnado, recibir\u00e1n un certificado de asistencia y aprovechamiento, reconocible a su vez por un cr\u00e9dito ECTS.<\/p>\n<p><a href=\"https:\/\/sede.fg.ull.es\/es\/curso\/detalle?code=a25020188&amp;name=dise-a-tu-futuro-guia-para-promocionarte-como-creativo&amp;query=%3Fcode%3DA25020188\" target=\"_blank\" rel=\"noopener\" target=\"_blank\" rel=\"noopener\"><strong><u>Consulta el programa e inscr\u00edbete aqu\u00ed.<\/u><\/strong><\/a><\/p>\n<p><strong>Contacto:\u00a0<\/strong><a href=\"mailto:extuni@ull.edu.es\" target=\"_blank\" rel=\"noopener\" target=\"_blank\" rel=\"noopener\"><strong>extuni@ull.es<\/strong><\/a><\/p>\n","protected":false},"excerpt":{"rendered":"<p>El Aula Cultural de Dise\u00f1o organiza este curso que se celebrar\u00e1 en la Facultad de Bellas Artes los d\u00edas 27 al 30 de octubre de 2025 en horario de 16:00 a 18:30 horas. Objetivos: &#8211; Ense\u00f1ar a los alumnos a crear portfolios atractivos y profesionales que resalten su trabajo creativo. El objetivo es que aprendan&#8230;<\/p>\n","protected":false},"author":43,"featured_media":43224,"comment_status":"closed","ping_status":"closed","template":"","tags":[977,4920,3812,3751,4165],"tribe_events_cat":[472,471,4,186],"acf":[],"yoast_head":"<!-- This site is optimized with the Yoast SEO plugin v21.3 - https:\/\/yoast.com\/wordpress\/plugins\/seo\/ -->\n<title>Dise\u00f1a tu futuro. Gu\u00eda para promocionarte como creativo - ULL - Agenda<\/title>\n<meta name=\"robots\" content=\"index, follow, max-snippet:-1, max-image-preview:large, max-video-preview:-1\" \/>\n<link rel=\"canonical\" href=\"https:\/\/www.ull.es\/portal\/agenda\/evento\/disena-tu-futuro-guia-para-promocionarte-como-creativo-2\/\" \/>\n<meta property=\"og:locale\" content=\"es_ES\" \/>\n<meta property=\"og:type\" content=\"article\" \/>\n<meta property=\"og:title\" content=\"Dise\u00f1a tu futuro. Gu\u00eda para promocionarte como creativo - ULL - Agenda\" \/>\n<meta property=\"og:description\" content=\"El Aula Cultural de Dise\u00f1o organiza este curso que se celebrar\u00e1 en la Facultad de Bellas Artes los d\u00edas 27 al 30 de octubre de 2025 en horario de 16:00 a 18:30 horas. Objetivos: &#8211; Ense\u00f1ar a los alumnos a crear portfolios atractivos y profesionales que resalten su trabajo creativo. El objetivo es que aprendan...\" \/>\n<meta property=\"og:url\" content=\"https:\/\/www.ull.es\/portal\/agenda\/evento\/disena-tu-futuro-guia-para-promocionarte-como-creativo-2\/\" \/>\n<meta property=\"og:site_name\" content=\"ULL - Agenda\" \/>\n<meta property=\"og:image\" content=\"https:\/\/www.ull.es\/portal\/agenda\/wp-content\/uploads\/sites\/12\/2025\/06\/BannerDisenaFuturo.jpg\" \/>\n\t<meta property=\"og:image:width\" content=\"750\" \/>\n\t<meta property=\"og:image:height\" content=\"370\" \/>\n\t<meta property=\"og:image:type\" content=\"image\/jpeg\" \/>\n<meta name=\"twitter:card\" content=\"summary_large_image\" \/>\n<meta name=\"twitter:label1\" content=\"Tiempo de lectura\" \/>\n\t<meta name=\"twitter:data1\" content=\"2 minutos\" \/>\n<script type=\"application\/ld+json\" class=\"yoast-schema-graph\">{\"@context\":\"https:\/\/schema.org\",\"@graph\":[{\"@type\":\"WebPage\",\"@id\":\"https:\/\/www.ull.es\/portal\/agenda\/evento\/disena-tu-futuro-guia-para-promocionarte-como-creativo-2\/\",\"url\":\"https:\/\/www.ull.es\/portal\/agenda\/evento\/disena-tu-futuro-guia-para-promocionarte-como-creativo-2\/\",\"name\":\"Dise\u00f1a tu futuro. Gu\u00eda para promocionarte como creativo - ULL - Agenda\",\"isPartOf\":{\"@id\":\"https:\/\/www.ull.es\/portal\/agenda\/#website\"},\"datePublished\":\"2025-06-17T10:42:41+00:00\",\"dateModified\":\"2025-06-17T10:42:41+00:00\",\"breadcrumb\":{\"@id\":\"https:\/\/www.ull.es\/portal\/agenda\/evento\/disena-tu-futuro-guia-para-promocionarte-como-creativo-2\/#breadcrumb\"},\"inLanguage\":\"es\",\"potentialAction\":[{\"@type\":\"ReadAction\",\"target\":[\"https:\/\/www.ull.es\/portal\/agenda\/evento\/disena-tu-futuro-guia-para-promocionarte-como-creativo-2\/\"]}]},{\"@type\":\"BreadcrumbList\",\"@id\":\"https:\/\/www.ull.es\/portal\/agenda\/evento\/disena-tu-futuro-guia-para-promocionarte-como-creativo-2\/#breadcrumb\",\"itemListElement\":[{\"@type\":\"ListItem\",\"position\":1,\"name\":\"Portada\",\"item\":\"https:\/\/www.ull.es\/portal\/agenda\/\"},{\"@type\":\"ListItem\",\"position\":2,\"name\":\"Dise\u00f1a tu futuro. Gu\u00eda para promocionarte como creativo\"}]},{\"@type\":\"WebSite\",\"@id\":\"https:\/\/www.ull.es\/portal\/agenda\/#website\",\"url\":\"https:\/\/www.ull.es\/portal\/agenda\/\",\"name\":\"ULL - Agenda\",\"description\":\"\",\"potentialAction\":[{\"@type\":\"SearchAction\",\"target\":{\"@type\":\"EntryPoint\",\"urlTemplate\":\"https:\/\/www.ull.es\/portal\/agenda\/?s={search_term_string}\"},\"query-input\":\"required name=search_term_string\"}],\"inLanguage\":\"es\"}]}<\/script>\n<!-- \/ Yoast SEO plugin. -->","yoast_head_json":{"title":"Dise\u00f1a tu futuro. Gu\u00eda para promocionarte como creativo - ULL - Agenda","robots":{"index":"index","follow":"follow","max-snippet":"max-snippet:-1","max-image-preview":"max-image-preview:large","max-video-preview":"max-video-preview:-1"},"canonical":"https:\/\/www.ull.es\/portal\/agenda\/evento\/disena-tu-futuro-guia-para-promocionarte-como-creativo-2\/","og_locale":"es_ES","og_type":"article","og_title":"Dise\u00f1a tu futuro. Gu\u00eda para promocionarte como creativo - ULL - Agenda","og_description":"El Aula Cultural de Dise\u00f1o organiza este curso que se celebrar\u00e1 en la Facultad de Bellas Artes los d\u00edas 27 al 30 de octubre de 2025 en horario de 16:00 a 18:30 horas. Objetivos: &#8211; Ense\u00f1ar a los alumnos a crear portfolios atractivos y profesionales que resalten su trabajo creativo. El objetivo es que aprendan...","og_url":"https:\/\/www.ull.es\/portal\/agenda\/evento\/disena-tu-futuro-guia-para-promocionarte-como-creativo-2\/","og_site_name":"ULL - Agenda","og_image":[{"width":750,"height":370,"url":"https:\/\/www.ull.es\/portal\/agenda\/wp-content\/uploads\/sites\/12\/2025\/06\/BannerDisenaFuturo.jpg","type":"image\/jpeg"}],"twitter_card":"summary_large_image","twitter_misc":{"Tiempo de lectura":"2 minutos"},"schema":{"@context":"https:\/\/schema.org","@graph":[{"@type":"WebPage","@id":"https:\/\/www.ull.es\/portal\/agenda\/evento\/disena-tu-futuro-guia-para-promocionarte-como-creativo-2\/","url":"https:\/\/www.ull.es\/portal\/agenda\/evento\/disena-tu-futuro-guia-para-promocionarte-como-creativo-2\/","name":"Dise\u00f1a tu futuro. Gu\u00eda para promocionarte como creativo - ULL - Agenda","isPartOf":{"@id":"https:\/\/www.ull.es\/portal\/agenda\/#website"},"datePublished":"2025-06-17T10:42:41+00:00","dateModified":"2025-06-17T10:42:41+00:00","breadcrumb":{"@id":"https:\/\/www.ull.es\/portal\/agenda\/evento\/disena-tu-futuro-guia-para-promocionarte-como-creativo-2\/#breadcrumb"},"inLanguage":"es","potentialAction":[{"@type":"ReadAction","target":["https:\/\/www.ull.es\/portal\/agenda\/evento\/disena-tu-futuro-guia-para-promocionarte-como-creativo-2\/"]}]},{"@type":"BreadcrumbList","@id":"https:\/\/www.ull.es\/portal\/agenda\/evento\/disena-tu-futuro-guia-para-promocionarte-como-creativo-2\/#breadcrumb","itemListElement":[{"@type":"ListItem","position":1,"name":"Portada","item":"https:\/\/www.ull.es\/portal\/agenda\/"},{"@type":"ListItem","position":2,"name":"Dise\u00f1a tu futuro. Gu\u00eda para promocionarte como creativo"}]},{"@type":"WebSite","@id":"https:\/\/www.ull.es\/portal\/agenda\/#website","url":"https:\/\/www.ull.es\/portal\/agenda\/","name":"ULL - Agenda","description":"","potentialAction":[{"@type":"SearchAction","target":{"@type":"EntryPoint","urlTemplate":"https:\/\/www.ull.es\/portal\/agenda\/?s={search_term_string}"},"query-input":"required name=search_term_string"}],"inLanguage":"es"}]}},"_links":{"self":[{"href":"https:\/\/www.ull.es\/portal\/agenda\/wp-json\/wp\/v2\/tribe_events\/43223"}],"collection":[{"href":"https:\/\/www.ull.es\/portal\/agenda\/wp-json\/wp\/v2\/tribe_events"}],"about":[{"href":"https:\/\/www.ull.es\/portal\/agenda\/wp-json\/wp\/v2\/types\/tribe_events"}],"author":[{"embeddable":true,"href":"https:\/\/www.ull.es\/portal\/agenda\/wp-json\/wp\/v2\/users\/43"}],"replies":[{"embeddable":true,"href":"https:\/\/www.ull.es\/portal\/agenda\/wp-json\/wp\/v2\/comments?post=43223"}],"version-history":[{"count":2,"href":"https:\/\/www.ull.es\/portal\/agenda\/wp-json\/wp\/v2\/tribe_events\/43223\/revisions"}],"predecessor-version":[{"id":43226,"href":"https:\/\/www.ull.es\/portal\/agenda\/wp-json\/wp\/v2\/tribe_events\/43223\/revisions\/43226"}],"wp:featuredmedia":[{"embeddable":true,"href":"https:\/\/www.ull.es\/portal\/agenda\/wp-json\/wp\/v2\/media\/43224"}],"wp:attachment":[{"href":"https:\/\/www.ull.es\/portal\/agenda\/wp-json\/wp\/v2\/media?parent=43223"}],"wp:term":[{"taxonomy":"post_tag","embeddable":true,"href":"https:\/\/www.ull.es\/portal\/agenda\/wp-json\/wp\/v2\/tags?post=43223"},{"taxonomy":"tribe_events_cat","embeddable":true,"href":"https:\/\/www.ull.es\/portal\/agenda\/wp-json\/wp\/v2\/tribe_events_cat?post=43223"}],"curies":[{"name":"wp","href":"https:\/\/api.w.org\/{rel}","templated":true}]}}