{"id":43344,"date":"2025-06-25T08:01:54","date_gmt":"2025-06-25T08:01:54","guid":{"rendered":"https:\/\/www.ull.es\/portal\/agenda\/?post_type=tribe_events&#038;p=43344"},"modified":"2025-06-26T07:40:08","modified_gmt":"2025-06-26T07:40:08","slug":"congreso-de-la-asociacion-internacional-para-la-ensenanza-de-la-pragmatica","status":"publish","type":"tribe_events","link":"https:\/\/www.ull.es\/portal\/agenda\/evento\/congreso-de-la-asociacion-internacional-para-la-ensenanza-de-la-pragmatica\/","title":{"rendered":"Congreso de la Asociaci\u00f3n Internacional para la Ense\u00f1anza de la Pragm\u00e1tica"},"content":{"rendered":"<p>La Secci\u00f3n de Filolog\u00eda de la Facultad de Humanidades de la Universidad de La Laguna acoge los d\u00edas 26 y 27 de junio el congreso anual de la Asociaci\u00f3n Internacional para la Ense\u00f1anza de la Pragm\u00e1tica. El congreso se celebra en modalidad h\u00edbrida, en su formato presencial en el Aula Ram\u00f3n Trujillo del edificio de Filolog\u00eda, y re\u00fane a m\u00e1s de 200 especialistas en el campo de la pragm\u00e1tica de segundas lenguas, provenientes de m\u00e1s de 40 pa\u00edses. El objetivo del congreso, cuyo comit\u00e9 organizador est\u00e1 presidido por la profesora Sonia L\u00f3pez-Serrano del departamento de Filolog\u00eda Inglesa y Alemana, es presentar los \u00faltimos avances en el dise\u00f1o y aplicaci\u00f3n de materiales y recursos did\u00e1cticos para promover la ense\u00f1anza de la pragm\u00e1tica. Los paneles se especializan en tem\u00e1ticas tales como el potencial de la literatura, los recursos audiovisuales, o la tecnolog\u00eda, incluyendo el uso de corpus y de inteligencia artificial. Adem\u00e1s, el programa incluye dos talleres pr\u00e1cticos para docentes y conferencias plenarias de expertos internacionales.<\/p>\n<p>La Asociaci\u00f3n Internacional para la Ense\u00f1anza de la Pragm\u00e1tica fue fundada en 2020 con el objetivo de crear una comunidad internacional que aunase investigaci\u00f3n y pr\u00e1ctica de la ense\u00f1anza de la pragm\u00e1tica. La competencia pragm\u00e1tica es clave en la comunicaci\u00f3n intercultural, como bien se apunta en el Marco Com\u00fan Europeo de Referencia para las Lenguas, y por tanto, fomentar su desarrollo en los aprendices de lenguas extranjeras contribuye a que estos puedan tomar un papel activo como ciudadanos de la Uni\u00f3n Europea. Durante los dos d\u00edas de congreso se discutir\u00e1n los m\u00e9todos m\u00e1s innovadores para fomentar esta competencia entre nuestros estudiantes.<\/p>\n<p>Para m\u00e1s informaci\u00f3n, pulse este <a href=\"https:\/\/www.ub.edu\/itap-association\/?page_id=1435\" target=\"_blank\" rel=\"noopener\" target=\"_blank\" rel=\"noopener\">enlace<\/a>.<\/p>\n","protected":false},"excerpt":{"rendered":"<p>La Secci\u00f3n de Filolog\u00eda de la Facultad de Humanidades de la Universidad de La Laguna acoge los d\u00edas 26 y 27 de junio el congreso anual de la Asociaci\u00f3n Internacional para la Ense\u00f1anza de la Pragm\u00e1tica. El congreso se celebra en modalidad h\u00edbrida, en su formato presencial en el Aula Ram\u00f3n Trujillo del edificio de&#8230;<\/p>\n","protected":false},"author":65,"featured_media":43372,"comment_status":"closed","ping_status":"closed","template":"","tags":[],"tribe_events_cat":[4,985,455,473,474,5,187,191],"acf":[],"yoast_head":"<!-- This site is optimized with the Yoast SEO plugin v21.3 - https:\/\/yoast.com\/wordpress\/plugins\/seo\/ -->\n<title>Congreso de la Asociaci\u00f3n Internacional para la Ense\u00f1anza de la Pragm\u00e1tica - ULL - Agenda<\/title>\n<meta name=\"robots\" content=\"index, follow, max-snippet:-1, max-image-preview:large, max-video-preview:-1\" \/>\n<link rel=\"canonical\" href=\"https:\/\/www.ull.es\/portal\/agenda\/evento\/congreso-de-la-asociacion-internacional-para-la-ensenanza-de-la-pragmatica\/\" \/>\n<meta property=\"og:locale\" content=\"es_ES\" \/>\n<meta property=\"og:type\" content=\"article\" \/>\n<meta property=\"og:title\" content=\"Congreso de la Asociaci\u00f3n Internacional para la Ense\u00f1anza de la Pragm\u00e1tica - ULL - Agenda\" \/>\n<meta property=\"og:description\" content=\"La Secci\u00f3n de Filolog\u00eda de la Facultad de Humanidades de la Universidad de La Laguna acoge los d\u00edas 26 y 27 de junio el congreso anual de la Asociaci\u00f3n Internacional para la Ense\u00f1anza de la Pragm\u00e1tica. El congreso se celebra en modalidad h\u00edbrida, en su formato presencial en el Aula Ram\u00f3n Trujillo del edificio de...\" \/>\n<meta property=\"og:url\" content=\"https:\/\/www.ull.es\/portal\/agenda\/evento\/congreso-de-la-asociacion-internacional-para-la-ensenanza-de-la-pragmatica\/\" \/>\n<meta property=\"og:site_name\" content=\"ULL - Agenda\" \/>\n<meta property=\"article:modified_time\" content=\"2025-06-26T07:40:08+00:00\" \/>\n<meta property=\"og:image\" content=\"https:\/\/www.ull.es\/portal\/agenda\/wp-content\/uploads\/sites\/12\/2025\/06\/congreso-de-la-Asociacion-Internacional-para-la-Ensenanza-de-la-Pragmatica.png\" \/>\n\t<meta property=\"og:image:width\" content=\"750\" \/>\n\t<meta property=\"og:image:height\" content=\"370\" \/>\n\t<meta property=\"og:image:type\" content=\"image\/png\" \/>\n<meta name=\"twitter:card\" content=\"summary_large_image\" \/>\n<meta name=\"twitter:label1\" content=\"Tiempo de lectura\" \/>\n\t<meta name=\"twitter:data1\" content=\"2 minutos\" \/>\n<script type=\"application\/ld+json\" class=\"yoast-schema-graph\">{\"@context\":\"https:\/\/schema.org\",\"@graph\":[{\"@type\":\"WebPage\",\"@id\":\"https:\/\/www.ull.es\/portal\/agenda\/evento\/congreso-de-la-asociacion-internacional-para-la-ensenanza-de-la-pragmatica\/\",\"url\":\"https:\/\/www.ull.es\/portal\/agenda\/evento\/congreso-de-la-asociacion-internacional-para-la-ensenanza-de-la-pragmatica\/\",\"name\":\"Congreso de la Asociaci\u00f3n Internacional para la Ense\u00f1anza de la Pragm\u00e1tica - ULL - Agenda\",\"isPartOf\":{\"@id\":\"https:\/\/www.ull.es\/portal\/agenda\/#website\"},\"datePublished\":\"2025-06-25T08:01:54+00:00\",\"dateModified\":\"2025-06-26T07:40:08+00:00\",\"breadcrumb\":{\"@id\":\"https:\/\/www.ull.es\/portal\/agenda\/evento\/congreso-de-la-asociacion-internacional-para-la-ensenanza-de-la-pragmatica\/#breadcrumb\"},\"inLanguage\":\"es\",\"potentialAction\":[{\"@type\":\"ReadAction\",\"target\":[\"https:\/\/www.ull.es\/portal\/agenda\/evento\/congreso-de-la-asociacion-internacional-para-la-ensenanza-de-la-pragmatica\/\"]}]},{\"@type\":\"BreadcrumbList\",\"@id\":\"https:\/\/www.ull.es\/portal\/agenda\/evento\/congreso-de-la-asociacion-internacional-para-la-ensenanza-de-la-pragmatica\/#breadcrumb\",\"itemListElement\":[{\"@type\":\"ListItem\",\"position\":1,\"name\":\"Portada\",\"item\":\"https:\/\/www.ull.es\/portal\/agenda\/\"},{\"@type\":\"ListItem\",\"position\":2,\"name\":\"Congreso de la Asociaci\u00f3n Internacional para la Ense\u00f1anza de la Pragm\u00e1tica\"}]},{\"@type\":\"WebSite\",\"@id\":\"https:\/\/www.ull.es\/portal\/agenda\/#website\",\"url\":\"https:\/\/www.ull.es\/portal\/agenda\/\",\"name\":\"ULL - Agenda\",\"description\":\"\",\"potentialAction\":[{\"@type\":\"SearchAction\",\"target\":{\"@type\":\"EntryPoint\",\"urlTemplate\":\"https:\/\/www.ull.es\/portal\/agenda\/?s={search_term_string}\"},\"query-input\":\"required name=search_term_string\"}],\"inLanguage\":\"es\"}]}<\/script>\n<!-- \/ Yoast SEO plugin. -->","yoast_head_json":{"title":"Congreso de la Asociaci\u00f3n Internacional para la Ense\u00f1anza de la Pragm\u00e1tica - ULL - Agenda","robots":{"index":"index","follow":"follow","max-snippet":"max-snippet:-1","max-image-preview":"max-image-preview:large","max-video-preview":"max-video-preview:-1"},"canonical":"https:\/\/www.ull.es\/portal\/agenda\/evento\/congreso-de-la-asociacion-internacional-para-la-ensenanza-de-la-pragmatica\/","og_locale":"es_ES","og_type":"article","og_title":"Congreso de la Asociaci\u00f3n Internacional para la Ense\u00f1anza de la Pragm\u00e1tica - ULL - Agenda","og_description":"La Secci\u00f3n de Filolog\u00eda de la Facultad de Humanidades de la Universidad de La Laguna acoge los d\u00edas 26 y 27 de junio el congreso anual de la Asociaci\u00f3n Internacional para la Ense\u00f1anza de la Pragm\u00e1tica. El congreso se celebra en modalidad h\u00edbrida, en su formato presencial en el Aula Ram\u00f3n Trujillo del edificio de...","og_url":"https:\/\/www.ull.es\/portal\/agenda\/evento\/congreso-de-la-asociacion-internacional-para-la-ensenanza-de-la-pragmatica\/","og_site_name":"ULL - Agenda","article_modified_time":"2025-06-26T07:40:08+00:00","og_image":[{"width":750,"height":370,"url":"https:\/\/www.ull.es\/portal\/agenda\/wp-content\/uploads\/sites\/12\/2025\/06\/congreso-de-la-Asociacion-Internacional-para-la-Ensenanza-de-la-Pragmatica.png","type":"image\/png"}],"twitter_card":"summary_large_image","twitter_misc":{"Tiempo de lectura":"2 minutos"},"schema":{"@context":"https:\/\/schema.org","@graph":[{"@type":"WebPage","@id":"https:\/\/www.ull.es\/portal\/agenda\/evento\/congreso-de-la-asociacion-internacional-para-la-ensenanza-de-la-pragmatica\/","url":"https:\/\/www.ull.es\/portal\/agenda\/evento\/congreso-de-la-asociacion-internacional-para-la-ensenanza-de-la-pragmatica\/","name":"Congreso de la Asociaci\u00f3n Internacional para la Ense\u00f1anza de la Pragm\u00e1tica - ULL - Agenda","isPartOf":{"@id":"https:\/\/www.ull.es\/portal\/agenda\/#website"},"datePublished":"2025-06-25T08:01:54+00:00","dateModified":"2025-06-26T07:40:08+00:00","breadcrumb":{"@id":"https:\/\/www.ull.es\/portal\/agenda\/evento\/congreso-de-la-asociacion-internacional-para-la-ensenanza-de-la-pragmatica\/#breadcrumb"},"inLanguage":"es","potentialAction":[{"@type":"ReadAction","target":["https:\/\/www.ull.es\/portal\/agenda\/evento\/congreso-de-la-asociacion-internacional-para-la-ensenanza-de-la-pragmatica\/"]}]},{"@type":"BreadcrumbList","@id":"https:\/\/www.ull.es\/portal\/agenda\/evento\/congreso-de-la-asociacion-internacional-para-la-ensenanza-de-la-pragmatica\/#breadcrumb","itemListElement":[{"@type":"ListItem","position":1,"name":"Portada","item":"https:\/\/www.ull.es\/portal\/agenda\/"},{"@type":"ListItem","position":2,"name":"Congreso de la Asociaci\u00f3n Internacional para la Ense\u00f1anza de la Pragm\u00e1tica"}]},{"@type":"WebSite","@id":"https:\/\/www.ull.es\/portal\/agenda\/#website","url":"https:\/\/www.ull.es\/portal\/agenda\/","name":"ULL - Agenda","description":"","potentialAction":[{"@type":"SearchAction","target":{"@type":"EntryPoint","urlTemplate":"https:\/\/www.ull.es\/portal\/agenda\/?s={search_term_string}"},"query-input":"required name=search_term_string"}],"inLanguage":"es"}]}},"_links":{"self":[{"href":"https:\/\/www.ull.es\/portal\/agenda\/wp-json\/wp\/v2\/tribe_events\/43344"}],"collection":[{"href":"https:\/\/www.ull.es\/portal\/agenda\/wp-json\/wp\/v2\/tribe_events"}],"about":[{"href":"https:\/\/www.ull.es\/portal\/agenda\/wp-json\/wp\/v2\/types\/tribe_events"}],"author":[{"embeddable":true,"href":"https:\/\/www.ull.es\/portal\/agenda\/wp-json\/wp\/v2\/users\/65"}],"replies":[{"embeddable":true,"href":"https:\/\/www.ull.es\/portal\/agenda\/wp-json\/wp\/v2\/comments?post=43344"}],"version-history":[{"count":3,"href":"https:\/\/www.ull.es\/portal\/agenda\/wp-json\/wp\/v2\/tribe_events\/43344\/revisions"}],"predecessor-version":[{"id":43357,"href":"https:\/\/www.ull.es\/portal\/agenda\/wp-json\/wp\/v2\/tribe_events\/43344\/revisions\/43357"}],"wp:featuredmedia":[{"embeddable":true,"href":"https:\/\/www.ull.es\/portal\/agenda\/wp-json\/wp\/v2\/media\/43372"}],"wp:attachment":[{"href":"https:\/\/www.ull.es\/portal\/agenda\/wp-json\/wp\/v2\/media?parent=43344"}],"wp:term":[{"taxonomy":"post_tag","embeddable":true,"href":"https:\/\/www.ull.es\/portal\/agenda\/wp-json\/wp\/v2\/tags?post=43344"},{"taxonomy":"tribe_events_cat","embeddable":true,"href":"https:\/\/www.ull.es\/portal\/agenda\/wp-json\/wp\/v2\/tribe_events_cat?post=43344"}],"curies":[{"name":"wp","href":"https:\/\/api.w.org\/{rel}","templated":true}]}}