{"id":43429,"date":"2025-07-04T07:47:06","date_gmt":"2025-07-04T07:47:06","guid":{"rendered":"https:\/\/www.ull.es\/portal\/agenda\/?post_type=tribe_events&#038;p=43429"},"modified":"2025-07-04T07:47:31","modified_gmt":"2025-07-04T07:47:31","slug":"macaronight-2025-mujeres-y-ciencia","status":"publish","type":"tribe_events","link":"https:\/\/www.ull.es\/portal\/agenda\/evento\/macaronight-2025-mujeres-y-ciencia\/","title":{"rendered":"MacaroNight 2025. Mujeres y Ciencia"},"content":{"rendered":"<p><span style=\"font-weight: 400;\">En el marco del Proyecto Europeo MacaroNight 2025 (Noche Europea de los Investigadores e Investigadoras de la Macaronesia), los d\u00edas 25 y 26 de septiembre de 2025 se celebrar\u00e1 la actividad <\/span><b>\u201cMujeres y Ciencia\u201d<\/b><span style=\"font-weight: 400;\"> en formato semipresencial en el Centro Cultural de El Fraile, Arona.<\/span><\/p>\n<p><span style=\"font-weight: 400;\">La actividad consta de tres sesiones diarias, en las que se pondr\u00e1 en valor el papel de las mujeres canarias en la ciencia y la tecnolog\u00eda. Cada sesi\u00f3n incluir\u00e1 la proyecci\u00f3n de un cap\u00edtulo de la <\/span><a href=\"https:\/\/www.ull.es\/portal\/cienciaull\/todasconcienciull\/\" target=\"_blank\" rel=\"noopener\"><span style=\"font-weight: 400;\">Serie Divulgativa Todas con Cienci@ULL<\/span><\/a><span style=\"font-weight: 400;\">, seguida de un coloquio en directo con su protagonista. De este modo, se fomentar\u00e1 el reconocimiento y la reflexi\u00f3n en torno a la contribuci\u00f3n de las mujeres cient\u00edficas en el \u00e1mbito regional.<\/span><\/p>\n<p><span style=\"font-weight: 400;\">En esta edici\u00f3n contaremos con la participaci\u00f3n de las investigadoras de la ULL: Judit Mendoza, Itahisa P\u00e9rez, Elena Pastor, Edith Padr\u00f3n, Naira Delgado y Mar\u00eda del Mar del Pino.<\/span><\/p>\n<p><span style=\"font-weight: 400;\">La actividad est\u00e1 dirigida al p\u00fablico general y se desarrollar\u00e1 de forma presencial y\/o virtual desde la Sala del Centro Cultural de El Fraile. Cada sesi\u00f3n tendr\u00e1 una duraci\u00f3n aproximada de 50 minutos.<\/span><\/p>\n<p><b>MacaroNight 2025<\/b><span style=\"font-weight: 400;\"> es una iniciativa promovida por <\/span><a href=\"https:\/\/www.lapalmacentre.eu\/\" target=\"_blank\" rel=\"noopener\"><span style=\"font-weight: 400;\">La Palma Research Centre<\/span><\/a><span style=\"font-weight: 400;\">; el <\/span><a href=\"https:\/\/www.oma.pt\/\" target=\"_blank\" rel=\"noopener\"><span style=\"font-weight: 400;\">Observatorio do Mar Dos A\u00e7ores<\/span><\/a><span style=\"font-weight: 400;\">; <\/span><a href=\"https:\/\/www.bigvanciencia.com\/\" target=\"_blank\" rel=\"noopener\"><span style=\"font-weight: 400;\">Big Van Ciencia<\/span><\/a><span style=\"font-weight: 400;\">; <\/span><a href=\"https:\/\/www.uma.pt\/\" target=\"_blank\" rel=\"noopener\"><span style=\"font-weight: 400;\">la Universidade da Madeira<\/span><\/a><span style=\"font-weight: 400;\"> y la <\/span><a href=\"https:\/\/fg.ull.es\/\" target=\"_blank\" rel=\"noopener\"><span style=\"font-weight: 400;\">Fundaci\u00f3n General de la Universidad de La Laguna<\/span><\/a><span style=\"font-weight: 400;\">. <\/span><span style=\"font-weight: 400;\">Es cofinanciada por la Comisi\u00f3n Europea bajo las Acciones Marie Sk\u0142odowska-Curie (MSCA); iniciativa para fomentar las carreras cient\u00edficas en Europa, que se enmarca en<\/span> <a href=\"https:\/\/www.horizonteeuropa.es\/\" target=\"_blank\" rel=\"noopener\"><span style=\"font-weight: 400;\">Horizonte Europa<\/span><\/a><span style=\"font-weight: 400;\">; <\/span><span style=\"font-weight: 400;\">Programa Marco de Investigaci\u00f3n e Innovaci\u00f3n de la Uni\u00f3n Europea. En Tenerife cuenta con la colaboraci\u00f3n de<\/span> <a href=\"https:\/\/www.cajasiete.com\/es\" target=\"_blank\" rel=\"noopener\"><span style=\"font-weight: 400;\">CajaSiete,<\/span><\/a><span style=\"font-weight: 400;\">\u00a0 <\/span><a href=\"https:\/\/www.gobiernodecanarias.org\/conocimiento\/\" target=\"_blank\" rel=\"noopener\"><span style=\"font-weight: 400;\">la Agencia Canaria de Investigaci\u00f3n, Innovaci\u00f3n y Sociedad de la Informaci\u00f3n del Gobierno de Canarias<\/span><\/a><span style=\"font-weight: 400;\">, la<\/span> <a href=\"https:\/\/www.gobiernodecanarias.org\/juventud\/\" target=\"_blank\" rel=\"noopener\"><span style=\"font-weight: 400;\">Direcci\u00f3n General de Juventud del Gobierno de Canarias<\/span><\/a> <span style=\"font-weight: 400;\">y<\/span> <a href=\"https:\/\/www.arona.org\/\" target=\"_blank\" rel=\"noopener\"><span style=\"font-weight: 400;\">el Ayuntamiento de Arona.<\/span><\/a><\/p>\n<p><span style=\"font-weight: 400;\">Para m\u00e1s informaci\u00f3n puede consultar este <\/span><a href=\"https:\/\/www.ull.es\/portal\/cienciaull\/macaronight-2025\/\" target=\"_blank\" rel=\"noopener\"><span style=\"font-weight: 400;\">enlace.<\/span><\/a><span style=\"font-weight: 400;\">\u00a0<\/span><\/p>\n","protected":false},"excerpt":{"rendered":"<p>En el marco del Proyecto Europeo MacaroNight 2025 (Noche Europea de los Investigadores e Investigadoras de la Macaronesia), los d\u00edas 25 y 26 de septiembre de 2025 se celebrar\u00e1 la actividad \u201cMujeres y Ciencia\u201d en formato semipresencial en el Centro Cultural de El Fraile, Arona. La actividad consta de tres sesiones diarias, en las que&#8230;<\/p>\n","protected":false},"author":65,"featured_media":43430,"comment_status":"closed","ping_status":"closed","template":"","tags":[],"tribe_events_cat":[856],"acf":[],"yoast_head":"<!-- This site is optimized with the Yoast SEO plugin v21.3 - https:\/\/yoast.com\/wordpress\/plugins\/seo\/ -->\n<title>MacaroNight 2025. Mujeres y Ciencia - ULL - Agenda<\/title>\n<meta name=\"robots\" content=\"index, follow, max-snippet:-1, max-image-preview:large, max-video-preview:-1\" \/>\n<link rel=\"canonical\" href=\"https:\/\/www.ull.es\/portal\/agenda\/evento\/macaronight-2025-mujeres-y-ciencia\/\" \/>\n<meta property=\"og:locale\" content=\"es_ES\" \/>\n<meta property=\"og:type\" content=\"article\" \/>\n<meta property=\"og:title\" content=\"MacaroNight 2025. Mujeres y Ciencia - ULL - Agenda\" \/>\n<meta property=\"og:description\" content=\"En el marco del Proyecto Europeo MacaroNight 2025 (Noche Europea de los Investigadores e Investigadoras de la Macaronesia), los d\u00edas 25 y 26 de septiembre de 2025 se celebrar\u00e1 la actividad \u201cMujeres y Ciencia\u201d en formato semipresencial en el Centro Cultural de El Fraile, Arona. La actividad consta de tres sesiones diarias, en las que...\" \/>\n<meta property=\"og:url\" content=\"https:\/\/www.ull.es\/portal\/agenda\/evento\/macaronight-2025-mujeres-y-ciencia\/\" \/>\n<meta property=\"og:site_name\" content=\"ULL - Agenda\" \/>\n<meta property=\"article:modified_time\" content=\"2025-07-04T07:47:31+00:00\" \/>\n<meta property=\"og:image\" content=\"https:\/\/www.ull.es\/portal\/agenda\/wp-content\/uploads\/sites\/12\/2025\/07\/mujeres_y_ciencia_750X350.jpg\" \/>\n\t<meta property=\"og:image:width\" content=\"1562\" \/>\n\t<meta property=\"og:image:height\" content=\"729\" \/>\n\t<meta property=\"og:image:type\" content=\"image\/jpeg\" \/>\n<meta name=\"twitter:card\" content=\"summary_large_image\" \/>\n<meta name=\"twitter:label1\" content=\"Tiempo de lectura\" \/>\n\t<meta name=\"twitter:data1\" content=\"2 minutos\" \/>\n<script type=\"application\/ld+json\" class=\"yoast-schema-graph\">{\"@context\":\"https:\/\/schema.org\",\"@graph\":[{\"@type\":\"WebPage\",\"@id\":\"https:\/\/www.ull.es\/portal\/agenda\/evento\/macaronight-2025-mujeres-y-ciencia\/\",\"url\":\"https:\/\/www.ull.es\/portal\/agenda\/evento\/macaronight-2025-mujeres-y-ciencia\/\",\"name\":\"MacaroNight 2025. Mujeres y Ciencia - ULL - Agenda\",\"isPartOf\":{\"@id\":\"https:\/\/www.ull.es\/portal\/agenda\/#website\"},\"datePublished\":\"2025-07-04T07:47:06+00:00\",\"dateModified\":\"2025-07-04T07:47:31+00:00\",\"breadcrumb\":{\"@id\":\"https:\/\/www.ull.es\/portal\/agenda\/evento\/macaronight-2025-mujeres-y-ciencia\/#breadcrumb\"},\"inLanguage\":\"es\",\"potentialAction\":[{\"@type\":\"ReadAction\",\"target\":[\"https:\/\/www.ull.es\/portal\/agenda\/evento\/macaronight-2025-mujeres-y-ciencia\/\"]}]},{\"@type\":\"BreadcrumbList\",\"@id\":\"https:\/\/www.ull.es\/portal\/agenda\/evento\/macaronight-2025-mujeres-y-ciencia\/#breadcrumb\",\"itemListElement\":[{\"@type\":\"ListItem\",\"position\":1,\"name\":\"Portada\",\"item\":\"https:\/\/www.ull.es\/portal\/agenda\/\"},{\"@type\":\"ListItem\",\"position\":2,\"name\":\"MacaroNight 2025. Mujeres y Ciencia\"}]},{\"@type\":\"WebSite\",\"@id\":\"https:\/\/www.ull.es\/portal\/agenda\/#website\",\"url\":\"https:\/\/www.ull.es\/portal\/agenda\/\",\"name\":\"ULL - Agenda\",\"description\":\"\",\"potentialAction\":[{\"@type\":\"SearchAction\",\"target\":{\"@type\":\"EntryPoint\",\"urlTemplate\":\"https:\/\/www.ull.es\/portal\/agenda\/?s={search_term_string}\"},\"query-input\":\"required name=search_term_string\"}],\"inLanguage\":\"es\"}]}<\/script>\n<!-- \/ Yoast SEO plugin. -->","yoast_head_json":{"title":"MacaroNight 2025. Mujeres y Ciencia - ULL - Agenda","robots":{"index":"index","follow":"follow","max-snippet":"max-snippet:-1","max-image-preview":"max-image-preview:large","max-video-preview":"max-video-preview:-1"},"canonical":"https:\/\/www.ull.es\/portal\/agenda\/evento\/macaronight-2025-mujeres-y-ciencia\/","og_locale":"es_ES","og_type":"article","og_title":"MacaroNight 2025. Mujeres y Ciencia - ULL - Agenda","og_description":"En el marco del Proyecto Europeo MacaroNight 2025 (Noche Europea de los Investigadores e Investigadoras de la Macaronesia), los d\u00edas 25 y 26 de septiembre de 2025 se celebrar\u00e1 la actividad \u201cMujeres y Ciencia\u201d en formato semipresencial en el Centro Cultural de El Fraile, Arona. La actividad consta de tres sesiones diarias, en las que...","og_url":"https:\/\/www.ull.es\/portal\/agenda\/evento\/macaronight-2025-mujeres-y-ciencia\/","og_site_name":"ULL - Agenda","article_modified_time":"2025-07-04T07:47:31+00:00","og_image":[{"width":1562,"height":729,"url":"https:\/\/www.ull.es\/portal\/agenda\/wp-content\/uploads\/sites\/12\/2025\/07\/mujeres_y_ciencia_750X350.jpg","type":"image\/jpeg"}],"twitter_card":"summary_large_image","twitter_misc":{"Tiempo de lectura":"2 minutos"},"schema":{"@context":"https:\/\/schema.org","@graph":[{"@type":"WebPage","@id":"https:\/\/www.ull.es\/portal\/agenda\/evento\/macaronight-2025-mujeres-y-ciencia\/","url":"https:\/\/www.ull.es\/portal\/agenda\/evento\/macaronight-2025-mujeres-y-ciencia\/","name":"MacaroNight 2025. Mujeres y Ciencia - ULL - Agenda","isPartOf":{"@id":"https:\/\/www.ull.es\/portal\/agenda\/#website"},"datePublished":"2025-07-04T07:47:06+00:00","dateModified":"2025-07-04T07:47:31+00:00","breadcrumb":{"@id":"https:\/\/www.ull.es\/portal\/agenda\/evento\/macaronight-2025-mujeres-y-ciencia\/#breadcrumb"},"inLanguage":"es","potentialAction":[{"@type":"ReadAction","target":["https:\/\/www.ull.es\/portal\/agenda\/evento\/macaronight-2025-mujeres-y-ciencia\/"]}]},{"@type":"BreadcrumbList","@id":"https:\/\/www.ull.es\/portal\/agenda\/evento\/macaronight-2025-mujeres-y-ciencia\/#breadcrumb","itemListElement":[{"@type":"ListItem","position":1,"name":"Portada","item":"https:\/\/www.ull.es\/portal\/agenda\/"},{"@type":"ListItem","position":2,"name":"MacaroNight 2025. Mujeres y Ciencia"}]},{"@type":"WebSite","@id":"https:\/\/www.ull.es\/portal\/agenda\/#website","url":"https:\/\/www.ull.es\/portal\/agenda\/","name":"ULL - Agenda","description":"","potentialAction":[{"@type":"SearchAction","target":{"@type":"EntryPoint","urlTemplate":"https:\/\/www.ull.es\/portal\/agenda\/?s={search_term_string}"},"query-input":"required name=search_term_string"}],"inLanguage":"es"}]}},"_links":{"self":[{"href":"https:\/\/www.ull.es\/portal\/agenda\/wp-json\/wp\/v2\/tribe_events\/43429"}],"collection":[{"href":"https:\/\/www.ull.es\/portal\/agenda\/wp-json\/wp\/v2\/tribe_events"}],"about":[{"href":"https:\/\/www.ull.es\/portal\/agenda\/wp-json\/wp\/v2\/types\/tribe_events"}],"author":[{"embeddable":true,"href":"https:\/\/www.ull.es\/portal\/agenda\/wp-json\/wp\/v2\/users\/65"}],"replies":[{"embeddable":true,"href":"https:\/\/www.ull.es\/portal\/agenda\/wp-json\/wp\/v2\/comments?post=43429"}],"version-history":[{"count":2,"href":"https:\/\/www.ull.es\/portal\/agenda\/wp-json\/wp\/v2\/tribe_events\/43429\/revisions"}],"predecessor-version":[{"id":43432,"href":"https:\/\/www.ull.es\/portal\/agenda\/wp-json\/wp\/v2\/tribe_events\/43429\/revisions\/43432"}],"wp:featuredmedia":[{"embeddable":true,"href":"https:\/\/www.ull.es\/portal\/agenda\/wp-json\/wp\/v2\/media\/43430"}],"wp:attachment":[{"href":"https:\/\/www.ull.es\/portal\/agenda\/wp-json\/wp\/v2\/media?parent=43429"}],"wp:term":[{"taxonomy":"post_tag","embeddable":true,"href":"https:\/\/www.ull.es\/portal\/agenda\/wp-json\/wp\/v2\/tags?post=43429"},{"taxonomy":"tribe_events_cat","embeddable":true,"href":"https:\/\/www.ull.es\/portal\/agenda\/wp-json\/wp\/v2\/tribe_events_cat?post=43429"}],"curies":[{"name":"wp","href":"https:\/\/api.w.org\/{rel}","templated":true}]}}