{"id":43434,"date":"2025-07-04T08:18:04","date_gmt":"2025-07-04T08:18:04","guid":{"rendered":"https:\/\/www.ull.es\/portal\/agenda\/?post_type=tribe_events&#038;p=43434"},"modified":"2025-07-04T08:18:04","modified_gmt":"2025-07-04T08:18:04","slug":"macaronight-2025-xii-feria-de-las-vocaciones-cientificas-de-canarias","status":"publish","type":"tribe_events","link":"https:\/\/www.ull.es\/portal\/agenda\/evento\/macaronight-2025-xii-feria-de-las-vocaciones-cientificas-de-canarias\/","title":{"rendered":"MacaroNight 2025. XII Feria de las Vocaciones Cient\u00edficas de Canarias"},"content":{"rendered":"<p><span style=\"font-weight: 400;\">Se celebrar\u00e1 los d\u00edas 25 y 26 de septiembre en las instalaciones del Centro Cultural de El Fraile. Y en horario de 9:30 a 14:00h el 25 de septiembre, y de 9:30 a 14:00h y 16:00 a 19:00h el 26 de septiembre.\u00a0<\/span><\/p>\n<p><span style=\"font-weight: 400;\">Se trata de una feria cuyo objetivo es <\/span><b>fomentar las vocaciones cient\u00edficas de la juventud en los \u00e1mbitos de la ciencia, la tecnolog\u00eda, la innovaci\u00f3n y el emprendimiento<\/b><span style=\"font-weight: 400;\">, como herramientas para el desarrollo de su futuro profesional. Est\u00e1 dirigida al alumnado de 5\u00ba y 6\u00ba de Primaria, Secundaria, Bachillerato, Formaci\u00f3n Profesional, as\u00ed como al p\u00fablico general.<\/span><\/p>\n<p><span style=\"font-weight: 400;\">Esta iniciativa forma parte de la <\/span><b>Noche Europea de los Investigadores y las Investigadoras de la Macaronesia (MacaroNight 2025)<\/b><span style=\"font-weight: 400;\"> y contar\u00e1 con el siguiente programa de actividades:<\/span><\/p>\n<ul>\n<li style=\"font-weight: 400;\" aria-level=\"1\"><b>Stands demostrativos<\/b><span style=\"font-weight: 400;\">: Se presentar\u00e1 la actividad investigadora desarrollada en la Universidad de La Laguna y en centros de I+D asociados de la isla de Tenerife. Los stands estar\u00e1n ubicados en el patio del Centro Cultural de El Fraile.<\/span><span style=\"font-weight: 400;\">\n<p><\/span><\/li>\n<li style=\"font-weight: 400;\" aria-level=\"1\"><b>Talleres pr\u00e1cticos<\/b><span style=\"font-weight: 400;\">: Ser\u00e1n impartidos por j\u00f3venes investigadores e investigadoras de la Universidad de La Laguna y abarcar\u00e1n las siguientes \u00e1reas: Biomedicina y Salud, Energ\u00eda, Medioambiente y Biodiversidad, Ciencia y Tecnolog\u00eda, Sociedad y Arte.<\/span><span style=\"font-weight: 400;\">\n<p><\/span><\/li>\n<li style=\"font-weight: 400;\" aria-level=\"1\"><b>Charlas con profesionales<\/b><span style=\"font-weight: 400;\">: Investigadores e investigadoras de la Universidad de La Laguna y centros de I+D asociados compartir\u00e1n su labor a trav\u00e9s de breves charlas divulgativas de 25 minutos. El objetivo es mostrar, de forma cercana y aplicada, la ciencia que se realiza en la provincia de Santa Cruz de Tenerife, al tiempo que se fomenta el inter\u00e9s cient\u00edfico entre el alumnado participante. Esta actividad se desarrollar\u00e1 presencialmente en el Sal\u00f3n de Actos del Centro Cultural de El Fraile y se retransmitir\u00e1 en directo v\u00eda Google Meet para centros educativos de otras islas. El horario ser\u00e1 de 9:30 a 13:00 h.<\/span><span style=\"font-weight: 400;\">\n<p><\/span><\/li>\n<li style=\"font-weight: 400;\" aria-level=\"1\"><b>Mujeres y ciencia<\/b><span style=\"font-weight: 400;\">: Se llevar\u00e1n a cabo seis din\u00e1micas de trabajo centradas en visibilizar la relevancia de las mujeres canarias en la ciencia y la tecnolog\u00eda. Cada din\u00e1mica incluir\u00e1 la proyecci\u00f3n de un cap\u00edtulo de la serie <\/span><i><span style=\"font-weight: 400;\">Chicas con Cienci@ULL<\/span><\/i><span style=\"font-weight: 400;\">, que recoge la trayectoria de una investigadora de la ULL. La actividad contar\u00e1 con la participaci\u00f3n en directo de la protagonista del cap\u00edtulo.<\/span><\/li>\n<\/ul>\n<p><b>MacaroNight 2025<\/b><span style=\"font-weight: 400;\"> es una iniciativa promovida por <\/span><a href=\"https:\/\/www.lapalmacentre.eu\/\" target=\"_blank\" rel=\"noopener\"><span style=\"font-weight: 400;\">La Palma Research Centre<\/span><\/a><span style=\"font-weight: 400;\">; el <\/span><a href=\"https:\/\/www.oma.pt\/\" target=\"_blank\" rel=\"noopener\"><span style=\"font-weight: 400;\">Observatorio do Mar Dos A\u00e7ores<\/span><\/a><span style=\"font-weight: 400;\">; <\/span><a href=\"https:\/\/www.bigvanciencia.com\/\" target=\"_blank\" rel=\"noopener\"><span style=\"font-weight: 400;\">Big Van Ciencia<\/span><\/a><span style=\"font-weight: 400;\">; <\/span><a href=\"https:\/\/www.uma.pt\/\" target=\"_blank\" rel=\"noopener\"><span style=\"font-weight: 400;\">la Universidade da Madeira<\/span><\/a><span style=\"font-weight: 400;\"> y la <\/span><a href=\"https:\/\/fg.ull.es\/\" target=\"_blank\" rel=\"noopener\"><span style=\"font-weight: 400;\">Fundaci\u00f3n General de la Universidad de La Laguna<\/span><\/a><span style=\"font-weight: 400;\">. <\/span><span style=\"font-weight: 400;\">Es cofinanciada por la Comisi\u00f3n Europea bajo las Acciones Marie Sk\u0142odowska-Curie (MSCA); iniciativa para fomentar las carreras cient\u00edficas en Europa, que se enmarca en<\/span> <a href=\"https:\/\/www.horizonteeuropa.es\/\" target=\"_blank\" rel=\"noopener\"><span style=\"font-weight: 400;\">Horizonte Europa<\/span><\/a><span style=\"font-weight: 400;\">; <\/span><span style=\"font-weight: 400;\">Programa Marco de Investigaci\u00f3n e Innovaci\u00f3n de la Uni\u00f3n Europea. En Tenerife cuenta con la colaboraci\u00f3n de<\/span> <a href=\"https:\/\/www.cajasiete.com\/es\" target=\"_blank\" rel=\"noopener\"><span style=\"font-weight: 400;\">CajaSiete,<\/span><\/a><span style=\"font-weight: 400;\">\u00a0 <\/span><a href=\"https:\/\/www.gobiernodecanarias.org\/conocimiento\/\" target=\"_blank\" rel=\"noopener\"><span style=\"font-weight: 400;\">la Agencia Canaria de Investigaci\u00f3n, Innovaci\u00f3n y Sociedad de la Informaci\u00f3n del Gobierno de Canarias<\/span><\/a><span style=\"font-weight: 400;\">, la<\/span> <a href=\"https:\/\/www.gobiernodecanarias.org\/juventud\/\" target=\"_blank\" rel=\"noopener\"><span style=\"font-weight: 400;\">Direcci\u00f3n General de Juventud del Gobierno de Canarias<\/span><\/a> <span style=\"font-weight: 400;\">y<\/span> <a href=\"https:\/\/www.arona.org\/\" target=\"_blank\" rel=\"noopener\"><span style=\"font-weight: 400;\">el Ayuntamiento de Arona.<\/span><\/a><\/p>\n","protected":false},"excerpt":{"rendered":"<p>Se celebrar\u00e1 los d\u00edas 25 y 26 de septiembre en las instalaciones del Centro Cultural de El Fraile. Y en horario de 9:30 a 14:00h el 25 de septiembre, y de 9:30 a 14:00h y 16:00 a 19:00h el 26 de septiembre.\u00a0 Se trata de una feria cuyo objetivo es fomentar las vocaciones cient\u00edficas de&#8230;<\/p>\n","protected":false},"author":65,"featured_media":43435,"comment_status":"closed","ping_status":"closed","template":"","tags":[],"tribe_events_cat":[856],"acf":[],"yoast_head":"<!-- This site is optimized with the Yoast SEO plugin v21.3 - https:\/\/yoast.com\/wordpress\/plugins\/seo\/ -->\n<title>MacaroNight 2025. XII Feria de las Vocaciones Cient\u00edficas de Canarias - ULL - Agenda<\/title>\n<meta name=\"robots\" content=\"index, follow, max-snippet:-1, max-image-preview:large, max-video-preview:-1\" \/>\n<link rel=\"canonical\" href=\"https:\/\/www.ull.es\/portal\/agenda\/evento\/macaronight-2025-xii-feria-de-las-vocaciones-cientificas-de-canarias\/\" \/>\n<meta property=\"og:locale\" content=\"es_ES\" \/>\n<meta property=\"og:type\" content=\"article\" \/>\n<meta property=\"og:title\" content=\"MacaroNight 2025. XII Feria de las Vocaciones Cient\u00edficas de Canarias - ULL - Agenda\" \/>\n<meta property=\"og:description\" content=\"Se celebrar\u00e1 los d\u00edas 25 y 26 de septiembre en las instalaciones del Centro Cultural de El Fraile. Y en horario de 9:30 a 14:00h el 25 de septiembre, y de 9:30 a 14:00h y 16:00 a 19:00h el 26 de septiembre.\u00a0 Se trata de una feria cuyo objetivo es fomentar las vocaciones cient\u00edficas de...\" \/>\n<meta property=\"og:url\" content=\"https:\/\/www.ull.es\/portal\/agenda\/evento\/macaronight-2025-xii-feria-de-las-vocaciones-cientificas-de-canarias\/\" \/>\n<meta property=\"og:site_name\" content=\"ULL - Agenda\" \/>\n<meta property=\"og:image\" content=\"https:\/\/www.ull.es\/portal\/agenda\/wp-content\/uploads\/sites\/12\/2025\/07\/feria_vocaciones_750x350.jpg\" \/>\n\t<meta property=\"og:image:width\" content=\"1562\" \/>\n\t<meta property=\"og:image:height\" content=\"729\" \/>\n\t<meta property=\"og:image:type\" content=\"image\/jpeg\" \/>\n<meta name=\"twitter:card\" content=\"summary_large_image\" \/>\n<meta name=\"twitter:label1\" content=\"Tiempo de lectura\" \/>\n\t<meta name=\"twitter:data1\" content=\"3 minutos\" \/>\n<script type=\"application\/ld+json\" class=\"yoast-schema-graph\">{\"@context\":\"https:\/\/schema.org\",\"@graph\":[{\"@type\":\"WebPage\",\"@id\":\"https:\/\/www.ull.es\/portal\/agenda\/evento\/macaronight-2025-xii-feria-de-las-vocaciones-cientificas-de-canarias\/\",\"url\":\"https:\/\/www.ull.es\/portal\/agenda\/evento\/macaronight-2025-xii-feria-de-las-vocaciones-cientificas-de-canarias\/\",\"name\":\"MacaroNight 2025. XII Feria de las Vocaciones Cient\u00edficas de Canarias - ULL - Agenda\",\"isPartOf\":{\"@id\":\"https:\/\/www.ull.es\/portal\/agenda\/#website\"},\"datePublished\":\"2025-07-04T08:18:04+00:00\",\"dateModified\":\"2025-07-04T08:18:04+00:00\",\"breadcrumb\":{\"@id\":\"https:\/\/www.ull.es\/portal\/agenda\/evento\/macaronight-2025-xii-feria-de-las-vocaciones-cientificas-de-canarias\/#breadcrumb\"},\"inLanguage\":\"es\",\"potentialAction\":[{\"@type\":\"ReadAction\",\"target\":[\"https:\/\/www.ull.es\/portal\/agenda\/evento\/macaronight-2025-xii-feria-de-las-vocaciones-cientificas-de-canarias\/\"]}]},{\"@type\":\"BreadcrumbList\",\"@id\":\"https:\/\/www.ull.es\/portal\/agenda\/evento\/macaronight-2025-xii-feria-de-las-vocaciones-cientificas-de-canarias\/#breadcrumb\",\"itemListElement\":[{\"@type\":\"ListItem\",\"position\":1,\"name\":\"Portada\",\"item\":\"https:\/\/www.ull.es\/portal\/agenda\/\"},{\"@type\":\"ListItem\",\"position\":2,\"name\":\"MacaroNight 2025. XII Feria de las Vocaciones Cient\u00edficas de Canarias\"}]},{\"@type\":\"WebSite\",\"@id\":\"https:\/\/www.ull.es\/portal\/agenda\/#website\",\"url\":\"https:\/\/www.ull.es\/portal\/agenda\/\",\"name\":\"ULL - Agenda\",\"description\":\"\",\"potentialAction\":[{\"@type\":\"SearchAction\",\"target\":{\"@type\":\"EntryPoint\",\"urlTemplate\":\"https:\/\/www.ull.es\/portal\/agenda\/?s={search_term_string}\"},\"query-input\":\"required name=search_term_string\"}],\"inLanguage\":\"es\"}]}<\/script>\n<!-- \/ Yoast SEO plugin. -->","yoast_head_json":{"title":"MacaroNight 2025. XII Feria de las Vocaciones Cient\u00edficas de Canarias - ULL - Agenda","robots":{"index":"index","follow":"follow","max-snippet":"max-snippet:-1","max-image-preview":"max-image-preview:large","max-video-preview":"max-video-preview:-1"},"canonical":"https:\/\/www.ull.es\/portal\/agenda\/evento\/macaronight-2025-xii-feria-de-las-vocaciones-cientificas-de-canarias\/","og_locale":"es_ES","og_type":"article","og_title":"MacaroNight 2025. XII Feria de las Vocaciones Cient\u00edficas de Canarias - ULL - Agenda","og_description":"Se celebrar\u00e1 los d\u00edas 25 y 26 de septiembre en las instalaciones del Centro Cultural de El Fraile. Y en horario de 9:30 a 14:00h el 25 de septiembre, y de 9:30 a 14:00h y 16:00 a 19:00h el 26 de septiembre.\u00a0 Se trata de una feria cuyo objetivo es fomentar las vocaciones cient\u00edficas de...","og_url":"https:\/\/www.ull.es\/portal\/agenda\/evento\/macaronight-2025-xii-feria-de-las-vocaciones-cientificas-de-canarias\/","og_site_name":"ULL - Agenda","og_image":[{"width":1562,"height":729,"url":"https:\/\/www.ull.es\/portal\/agenda\/wp-content\/uploads\/sites\/12\/2025\/07\/feria_vocaciones_750x350.jpg","type":"image\/jpeg"}],"twitter_card":"summary_large_image","twitter_misc":{"Tiempo de lectura":"3 minutos"},"schema":{"@context":"https:\/\/schema.org","@graph":[{"@type":"WebPage","@id":"https:\/\/www.ull.es\/portal\/agenda\/evento\/macaronight-2025-xii-feria-de-las-vocaciones-cientificas-de-canarias\/","url":"https:\/\/www.ull.es\/portal\/agenda\/evento\/macaronight-2025-xii-feria-de-las-vocaciones-cientificas-de-canarias\/","name":"MacaroNight 2025. XII Feria de las Vocaciones Cient\u00edficas de Canarias - ULL - Agenda","isPartOf":{"@id":"https:\/\/www.ull.es\/portal\/agenda\/#website"},"datePublished":"2025-07-04T08:18:04+00:00","dateModified":"2025-07-04T08:18:04+00:00","breadcrumb":{"@id":"https:\/\/www.ull.es\/portal\/agenda\/evento\/macaronight-2025-xii-feria-de-las-vocaciones-cientificas-de-canarias\/#breadcrumb"},"inLanguage":"es","potentialAction":[{"@type":"ReadAction","target":["https:\/\/www.ull.es\/portal\/agenda\/evento\/macaronight-2025-xii-feria-de-las-vocaciones-cientificas-de-canarias\/"]}]},{"@type":"BreadcrumbList","@id":"https:\/\/www.ull.es\/portal\/agenda\/evento\/macaronight-2025-xii-feria-de-las-vocaciones-cientificas-de-canarias\/#breadcrumb","itemListElement":[{"@type":"ListItem","position":1,"name":"Portada","item":"https:\/\/www.ull.es\/portal\/agenda\/"},{"@type":"ListItem","position":2,"name":"MacaroNight 2025. XII Feria de las Vocaciones Cient\u00edficas de Canarias"}]},{"@type":"WebSite","@id":"https:\/\/www.ull.es\/portal\/agenda\/#website","url":"https:\/\/www.ull.es\/portal\/agenda\/","name":"ULL - Agenda","description":"","potentialAction":[{"@type":"SearchAction","target":{"@type":"EntryPoint","urlTemplate":"https:\/\/www.ull.es\/portal\/agenda\/?s={search_term_string}"},"query-input":"required name=search_term_string"}],"inLanguage":"es"}]}},"_links":{"self":[{"href":"https:\/\/www.ull.es\/portal\/agenda\/wp-json\/wp\/v2\/tribe_events\/43434"}],"collection":[{"href":"https:\/\/www.ull.es\/portal\/agenda\/wp-json\/wp\/v2\/tribe_events"}],"about":[{"href":"https:\/\/www.ull.es\/portal\/agenda\/wp-json\/wp\/v2\/types\/tribe_events"}],"author":[{"embeddable":true,"href":"https:\/\/www.ull.es\/portal\/agenda\/wp-json\/wp\/v2\/users\/65"}],"replies":[{"embeddable":true,"href":"https:\/\/www.ull.es\/portal\/agenda\/wp-json\/wp\/v2\/comments?post=43434"}],"version-history":[{"count":1,"href":"https:\/\/www.ull.es\/portal\/agenda\/wp-json\/wp\/v2\/tribe_events\/43434\/revisions"}],"predecessor-version":[{"id":43436,"href":"https:\/\/www.ull.es\/portal\/agenda\/wp-json\/wp\/v2\/tribe_events\/43434\/revisions\/43436"}],"wp:featuredmedia":[{"embeddable":true,"href":"https:\/\/www.ull.es\/portal\/agenda\/wp-json\/wp\/v2\/media\/43435"}],"wp:attachment":[{"href":"https:\/\/www.ull.es\/portal\/agenda\/wp-json\/wp\/v2\/media?parent=43434"}],"wp:term":[{"taxonomy":"post_tag","embeddable":true,"href":"https:\/\/www.ull.es\/portal\/agenda\/wp-json\/wp\/v2\/tags?post=43434"},{"taxonomy":"tribe_events_cat","embeddable":true,"href":"https:\/\/www.ull.es\/portal\/agenda\/wp-json\/wp\/v2\/tribe_events_cat?post=43434"}],"curies":[{"name":"wp","href":"https:\/\/api.w.org\/{rel}","templated":true}]}}