{"id":43446,"date":"2025-07-04T10:43:18","date_gmt":"2025-07-04T10:43:18","guid":{"rendered":"https:\/\/www.ull.es\/portal\/agenda\/?post_type=tribe_events&#038;p=43446"},"modified":"2025-10-17T11:18:57","modified_gmt":"2025-10-17T11:18:57","slug":"iii-edicion-de-la-muestra-de-ciencia-arte-y-tecnologia-de-granadilla-de-abona-mucat","status":"publish","type":"tribe_events","link":"https:\/\/www.ull.es\/portal\/agenda\/evento\/iii-edicion-de-la-muestra-de-ciencia-arte-y-tecnologia-de-granadilla-de-abona-mucat\/","title":{"rendered":"III Edici\u00f3n de la Muestra de Ciencia, Arte y Tecnolog\u00eda de Granadilla de Abona (MUCAT)"},"content":{"rendered":"<p><span style=\"font-weight: 400;\">El \u00c1rea de Juventud del Ayuntamiento de Granadilla de Abona y la Universidad de La Laguna, a trav\u00e9s de su Unidad de Cultura Cient\u00edfica y de la Innovaci\u00f3 (Cienci@ULL), organizan una nueva edici\u00f3n de la<\/span><b> Muestra de Ciencia, Arte y Tecnolog\u00eda (MUCAT)<\/b><span style=\"font-weight: 400;\"> bajo el lema <\/span><b><i>\u201cGranadilla de Abona explora\u201d<\/i><\/b><b>.<\/b><span style=\"font-weight: 400;\"> El evento se celebrar\u00e1 los <\/span><b>d\u00edas 6, 7 y 8 de noviembre de 2025 en el Centro Cultural de San Isidro y en la Plaza de la Ermita de San Isidro<\/b><span style=\"font-weight: 400;\">.<\/span><\/p>\n<p><span style=\"font-weight: 400;\">Durante los dos primeros d\u00edas, la muestra estar\u00e1 dirigida a los centros educativos del municipio en horario de 9:30 a 13:30 h. El s\u00e1bado 8 de noviembre se abrir\u00e1 al p\u00fablico general, con especial atenci\u00f3n a las familias, en horario de ma\u00f1ana y tarde (de 10:00 a 13:30 y de 16:00 a 19:00 h). Ese d\u00eda tambi\u00e9n se entregar\u00e1 el Premio Juventud de Granadilla a una entidad o asociaci\u00f3n destacada por su labor durante el \u00faltimo a\u00f1o.<\/span><\/p>\n<p><span style=\"font-weight: 400;\">El objetivo principal de esta edici\u00f3n es acercar la ciencia y la tecnolog\u00eda al p\u00fablico de todas las edades, destacando su relevancia en \u00e1reas clave para el municipio como la salud, el turismo, el medio ambiente, las energ\u00edas renovables, la educaci\u00f3n, la agricultura o la interculturalidad. El programa incluye 15 stands diarios con demostraciones a cargo de grupos de investigaci\u00f3n y centros de I+D de Canarias, 8 talleres cient\u00edficos pr\u00e1cticos de una hora impartidos por j\u00f3venes investigadores, y 12 charlas divulgativas breves denominadas \u201cCharlitas con Cient\u00edfic@s\u201d ofrecidas por personal investigador senior. Todas las actividades est\u00e1n dise\u00f1adas para fomentar la curiosidad, el pensamiento cr\u00edtico y el aprendizaje activo a trav\u00e9s de experiencias participativas adaptadas a diferentes niveles educativos.<\/span><\/p>\n<p><span style=\"font-weight: 400;\">Esta iniciativa es organizada por el <\/span><a href=\"https:\/\/www.granadilladeabona.org\/\" target=\"_blank\" rel=\"noopener\"><span style=\"font-weight: 400;\">\u00c1rea de Juventud del Ayuntamiento de Granadilla<\/span><\/a><span style=\"font-weight: 400;\"> y la <\/span><a href=\"https:\/\/www.ull.es\/\" target=\"_blank\" rel=\"noopener\"><span style=\"font-weight: 400;\">Universidad de La Laguna<\/span><\/a><span style=\"font-weight: 400;\">,<\/span><span style=\"font-weight: 400;\"> a trav\u00e9s de su Unidad de Cultura Cient\u00edfica y de la Innovaci\u00f3n <\/span><a href=\"https:\/\/www.ull.es\/portal\/cienciaull\/\" target=\"_blank\" rel=\"noopener\"><span style=\"font-weight: 400;\">(Cienci@ULL).<\/span><\/a><\/p>\n<p><span style=\"font-weight: 400;\">Para m\u00e1s informaci\u00f3n, pulse este <\/span><a href=\"https:\/\/www.ull.es\/portal\/cienciaull\/granadilla-de-abona-explora-mucat-muestra-de-ciencia-arte-y-tecnologia\/\" target=\"_blank\" rel=\"noopener\"><span style=\"font-weight: 400;\">enlace.<\/span><span style=\"font-weight: 400;\"><br \/>\n<\/span><\/a><\/p>\n","protected":false},"excerpt":{"rendered":"<p>El \u00c1rea de Juventud del Ayuntamiento de Granadilla de Abona y la Universidad de La Laguna, a trav\u00e9s de su Unidad de Cultura Cient\u00edfica y de la Innovaci\u00f3 (Cienci@ULL), organizan una nueva edici\u00f3n de la Muestra de Ciencia, Arte y Tecnolog\u00eda (MUCAT) bajo el lema \u201cGranadilla de Abona explora\u201d. El evento se celebrar\u00e1 los d\u00edas&#8230;<\/p>\n","protected":false},"author":65,"featured_media":44769,"comment_status":"closed","ping_status":"closed","template":"","tags":[],"tribe_events_cat":[856],"acf":[],"yoast_head":"<!-- This site is optimized with the Yoast SEO plugin v21.3 - https:\/\/yoast.com\/wordpress\/plugins\/seo\/ -->\n<title>III Edici\u00f3n de la Muestra de Ciencia, Arte y Tecnolog\u00eda de Granadilla de Abona (MUCAT) - ULL - Agenda<\/title>\n<meta name=\"robots\" content=\"index, follow, max-snippet:-1, max-image-preview:large, max-video-preview:-1\" \/>\n<link rel=\"canonical\" href=\"https:\/\/www.ull.es\/portal\/agenda\/evento\/iii-edicion-de-la-muestra-de-ciencia-arte-y-tecnologia-de-granadilla-de-abona-mucat\/\" \/>\n<meta property=\"og:locale\" content=\"es_ES\" \/>\n<meta property=\"og:type\" content=\"article\" \/>\n<meta property=\"og:title\" content=\"III Edici\u00f3n de la Muestra de Ciencia, Arte y Tecnolog\u00eda de Granadilla de Abona (MUCAT) - ULL - Agenda\" \/>\n<meta property=\"og:description\" content=\"El \u00c1rea de Juventud del Ayuntamiento de Granadilla de Abona y la Universidad de La Laguna, a trav\u00e9s de su Unidad de Cultura Cient\u00edfica y de la Innovaci\u00f3 (Cienci@ULL), organizan una nueva edici\u00f3n de la Muestra de Ciencia, Arte y Tecnolog\u00eda (MUCAT) bajo el lema \u201cGranadilla de Abona explora\u201d. El evento se celebrar\u00e1 los d\u00edas...\" \/>\n<meta property=\"og:url\" content=\"https:\/\/www.ull.es\/portal\/agenda\/evento\/iii-edicion-de-la-muestra-de-ciencia-arte-y-tecnologia-de-granadilla-de-abona-mucat\/\" \/>\n<meta property=\"og:site_name\" content=\"ULL - Agenda\" \/>\n<meta property=\"article:modified_time\" content=\"2025-10-17T11:18:57+00:00\" \/>\n<meta property=\"og:image\" content=\"https:\/\/www.ull.es\/portal\/agenda\/wp-content\/uploads\/sites\/12\/2025\/07\/grandilla_explora_700x350-3-1.jpg\" \/>\n\t<meta property=\"og:image:width\" content=\"1458\" \/>\n\t<meta property=\"og:image:height\" content=\"729\" \/>\n\t<meta property=\"og:image:type\" content=\"image\/jpeg\" \/>\n<meta name=\"twitter:card\" content=\"summary_large_image\" \/>\n<meta name=\"twitter:label1\" content=\"Tiempo de lectura\" \/>\n\t<meta name=\"twitter:data1\" content=\"2 minutos\" \/>\n<script type=\"application\/ld+json\" class=\"yoast-schema-graph\">{\"@context\":\"https:\/\/schema.org\",\"@graph\":[{\"@type\":\"WebPage\",\"@id\":\"https:\/\/www.ull.es\/portal\/agenda\/evento\/iii-edicion-de-la-muestra-de-ciencia-arte-y-tecnologia-de-granadilla-de-abona-mucat\/\",\"url\":\"https:\/\/www.ull.es\/portal\/agenda\/evento\/iii-edicion-de-la-muestra-de-ciencia-arte-y-tecnologia-de-granadilla-de-abona-mucat\/\",\"name\":\"III Edici\u00f3n de la Muestra de Ciencia, Arte y Tecnolog\u00eda de Granadilla de Abona (MUCAT) - ULL - Agenda\",\"isPartOf\":{\"@id\":\"https:\/\/www.ull.es\/portal\/agenda\/#website\"},\"datePublished\":\"2025-07-04T10:43:18+00:00\",\"dateModified\":\"2025-10-17T11:18:57+00:00\",\"breadcrumb\":{\"@id\":\"https:\/\/www.ull.es\/portal\/agenda\/evento\/iii-edicion-de-la-muestra-de-ciencia-arte-y-tecnologia-de-granadilla-de-abona-mucat\/#breadcrumb\"},\"inLanguage\":\"es\",\"potentialAction\":[{\"@type\":\"ReadAction\",\"target\":[\"https:\/\/www.ull.es\/portal\/agenda\/evento\/iii-edicion-de-la-muestra-de-ciencia-arte-y-tecnologia-de-granadilla-de-abona-mucat\/\"]}]},{\"@type\":\"BreadcrumbList\",\"@id\":\"https:\/\/www.ull.es\/portal\/agenda\/evento\/iii-edicion-de-la-muestra-de-ciencia-arte-y-tecnologia-de-granadilla-de-abona-mucat\/#breadcrumb\",\"itemListElement\":[{\"@type\":\"ListItem\",\"position\":1,\"name\":\"Portada\",\"item\":\"https:\/\/www.ull.es\/portal\/agenda\/\"},{\"@type\":\"ListItem\",\"position\":2,\"name\":\"III Edici\u00f3n de la Muestra de Ciencia, Arte y Tecnolog\u00eda de Granadilla de Abona (MUCAT)\"}]},{\"@type\":\"WebSite\",\"@id\":\"https:\/\/www.ull.es\/portal\/agenda\/#website\",\"url\":\"https:\/\/www.ull.es\/portal\/agenda\/\",\"name\":\"ULL - Agenda\",\"description\":\"\",\"potentialAction\":[{\"@type\":\"SearchAction\",\"target\":{\"@type\":\"EntryPoint\",\"urlTemplate\":\"https:\/\/www.ull.es\/portal\/agenda\/?s={search_term_string}\"},\"query-input\":\"required name=search_term_string\"}],\"inLanguage\":\"es\"}]}<\/script>\n<!-- \/ Yoast SEO plugin. -->","yoast_head_json":{"title":"III Edici\u00f3n de la Muestra de Ciencia, Arte y Tecnolog\u00eda de Granadilla de Abona (MUCAT) - ULL - Agenda","robots":{"index":"index","follow":"follow","max-snippet":"max-snippet:-1","max-image-preview":"max-image-preview:large","max-video-preview":"max-video-preview:-1"},"canonical":"https:\/\/www.ull.es\/portal\/agenda\/evento\/iii-edicion-de-la-muestra-de-ciencia-arte-y-tecnologia-de-granadilla-de-abona-mucat\/","og_locale":"es_ES","og_type":"article","og_title":"III Edici\u00f3n de la Muestra de Ciencia, Arte y Tecnolog\u00eda de Granadilla de Abona (MUCAT) - ULL - Agenda","og_description":"El \u00c1rea de Juventud del Ayuntamiento de Granadilla de Abona y la Universidad de La Laguna, a trav\u00e9s de su Unidad de Cultura Cient\u00edfica y de la Innovaci\u00f3 (Cienci@ULL), organizan una nueva edici\u00f3n de la Muestra de Ciencia, Arte y Tecnolog\u00eda (MUCAT) bajo el lema \u201cGranadilla de Abona explora\u201d. El evento se celebrar\u00e1 los d\u00edas...","og_url":"https:\/\/www.ull.es\/portal\/agenda\/evento\/iii-edicion-de-la-muestra-de-ciencia-arte-y-tecnologia-de-granadilla-de-abona-mucat\/","og_site_name":"ULL - Agenda","article_modified_time":"2025-10-17T11:18:57+00:00","og_image":[{"width":1458,"height":729,"url":"https:\/\/www.ull.es\/portal\/agenda\/wp-content\/uploads\/sites\/12\/2025\/07\/grandilla_explora_700x350-3-1.jpg","type":"image\/jpeg"}],"twitter_card":"summary_large_image","twitter_misc":{"Tiempo de lectura":"2 minutos"},"schema":{"@context":"https:\/\/schema.org","@graph":[{"@type":"WebPage","@id":"https:\/\/www.ull.es\/portal\/agenda\/evento\/iii-edicion-de-la-muestra-de-ciencia-arte-y-tecnologia-de-granadilla-de-abona-mucat\/","url":"https:\/\/www.ull.es\/portal\/agenda\/evento\/iii-edicion-de-la-muestra-de-ciencia-arte-y-tecnologia-de-granadilla-de-abona-mucat\/","name":"III Edici\u00f3n de la Muestra de Ciencia, Arte y Tecnolog\u00eda de Granadilla de Abona (MUCAT) - ULL - Agenda","isPartOf":{"@id":"https:\/\/www.ull.es\/portal\/agenda\/#website"},"datePublished":"2025-07-04T10:43:18+00:00","dateModified":"2025-10-17T11:18:57+00:00","breadcrumb":{"@id":"https:\/\/www.ull.es\/portal\/agenda\/evento\/iii-edicion-de-la-muestra-de-ciencia-arte-y-tecnologia-de-granadilla-de-abona-mucat\/#breadcrumb"},"inLanguage":"es","potentialAction":[{"@type":"ReadAction","target":["https:\/\/www.ull.es\/portal\/agenda\/evento\/iii-edicion-de-la-muestra-de-ciencia-arte-y-tecnologia-de-granadilla-de-abona-mucat\/"]}]},{"@type":"BreadcrumbList","@id":"https:\/\/www.ull.es\/portal\/agenda\/evento\/iii-edicion-de-la-muestra-de-ciencia-arte-y-tecnologia-de-granadilla-de-abona-mucat\/#breadcrumb","itemListElement":[{"@type":"ListItem","position":1,"name":"Portada","item":"https:\/\/www.ull.es\/portal\/agenda\/"},{"@type":"ListItem","position":2,"name":"III Edici\u00f3n de la Muestra de Ciencia, Arte y Tecnolog\u00eda de Granadilla de Abona (MUCAT)"}]},{"@type":"WebSite","@id":"https:\/\/www.ull.es\/portal\/agenda\/#website","url":"https:\/\/www.ull.es\/portal\/agenda\/","name":"ULL - Agenda","description":"","potentialAction":[{"@type":"SearchAction","target":{"@type":"EntryPoint","urlTemplate":"https:\/\/www.ull.es\/portal\/agenda\/?s={search_term_string}"},"query-input":"required name=search_term_string"}],"inLanguage":"es"}]}},"_links":{"self":[{"href":"https:\/\/www.ull.es\/portal\/agenda\/wp-json\/wp\/v2\/tribe_events\/43446"}],"collection":[{"href":"https:\/\/www.ull.es\/portal\/agenda\/wp-json\/wp\/v2\/tribe_events"}],"about":[{"href":"https:\/\/www.ull.es\/portal\/agenda\/wp-json\/wp\/v2\/types\/tribe_events"}],"author":[{"embeddable":true,"href":"https:\/\/www.ull.es\/portal\/agenda\/wp-json\/wp\/v2\/users\/65"}],"replies":[{"embeddable":true,"href":"https:\/\/www.ull.es\/portal\/agenda\/wp-json\/wp\/v2\/comments?post=43446"}],"version-history":[{"count":1,"href":"https:\/\/www.ull.es\/portal\/agenda\/wp-json\/wp\/v2\/tribe_events\/43446\/revisions"}],"predecessor-version":[{"id":43448,"href":"https:\/\/www.ull.es\/portal\/agenda\/wp-json\/wp\/v2\/tribe_events\/43446\/revisions\/43448"}],"wp:featuredmedia":[{"embeddable":true,"href":"https:\/\/www.ull.es\/portal\/agenda\/wp-json\/wp\/v2\/media\/44769"}],"wp:attachment":[{"href":"https:\/\/www.ull.es\/portal\/agenda\/wp-json\/wp\/v2\/media?parent=43446"}],"wp:term":[{"taxonomy":"post_tag","embeddable":true,"href":"https:\/\/www.ull.es\/portal\/agenda\/wp-json\/wp\/v2\/tags?post=43446"},{"taxonomy":"tribe_events_cat","embeddable":true,"href":"https:\/\/www.ull.es\/portal\/agenda\/wp-json\/wp\/v2\/tribe_events_cat?post=43446"}],"curies":[{"name":"wp","href":"https:\/\/api.w.org\/{rel}","templated":true}]}}