{"id":43658,"date":"2025-07-21T12:24:22","date_gmt":"2025-07-21T12:24:22","guid":{"rendered":"https:\/\/www.ull.es\/portal\/agenda\/?post_type=tribe_events&#038;p=43658"},"modified":"2025-07-21T12:24:22","modified_gmt":"2025-07-21T12:24:22","slug":"balbina-monologo-teatralizado","status":"publish","type":"tribe_events","link":"https:\/\/www.ull.es\/portal\/agenda\/evento\/balbina-monologo-teatralizado\/","title":{"rendered":"&#8216;Balbina&#8217;. Mon\u00f3logo Teatralizado."},"content":{"rendered":"<p>Una reportera que escribe gacetillas e historias por cap\u00edtulos los domingos en el peri\u00f3dico local, se encuentra investigando la vida de una mujer muy particular ya fallecida, entre todos los habitantes que pudieron conocerla de la ciudad de La Laguna.\u00a0 Se involucra de tal manera que no sabe que esto tendr\u00e1 consecuencias inesperadas para ella.<\/p>\n<p><span lang=\"es\"><a href=\"https:\/\/www.ecoentradas.com\/elegirsesion\/2789\" target=\"_blank\" rel=\"noopener\" target=\"_blank\" rel=\"noopener\">Entradas<\/a>:<span style=\"color: #000000;\"> 10\u00a0<\/span><\/span>\u20ac general y 8 \u20ac estudiantes<\/p>\n<p>Para todos los p\u00fablicos.<\/p>\n","protected":false},"excerpt":{"rendered":"<p>Una reportera que escribe gacetillas e historias por cap\u00edtulos los domingos en el peri\u00f3dico local, se encuentra investigando la vida de una mujer muy particular ya fallecida, entre todos los habitantes que pudieron conocerla de la ciudad de La Laguna.\u00a0 Se involucra de tal manera que no sabe que esto tendr\u00e1 consecuencias inesperadas para ella&#8230;.<\/p>\n","protected":false},"author":65,"featured_media":43659,"comment_status":"closed","ping_status":"closed","template":"","tags":[],"tribe_events_cat":[3987,4,343,186,191],"acf":[],"yoast_head":"<!-- This site is optimized with the Yoast SEO plugin v21.3 - https:\/\/yoast.com\/wordpress\/plugins\/seo\/ -->\n<title>&#039;Balbina&#039;. Mon\u00f3logo Teatralizado. - ULL - Agenda<\/title>\n<meta name=\"robots\" content=\"index, follow, max-snippet:-1, max-image-preview:large, max-video-preview:-1\" \/>\n<link rel=\"canonical\" href=\"https:\/\/www.ull.es\/portal\/agenda\/evento\/balbina-monologo-teatralizado\/\" \/>\n<meta property=\"og:locale\" content=\"es_ES\" \/>\n<meta property=\"og:type\" content=\"article\" \/>\n<meta property=\"og:title\" content=\"&#039;Balbina&#039;. Mon\u00f3logo Teatralizado. - ULL - Agenda\" \/>\n<meta property=\"og:description\" content=\"Una reportera que escribe gacetillas e historias por cap\u00edtulos los domingos en el peri\u00f3dico local, se encuentra investigando la vida de una mujer muy particular ya fallecida, entre todos los habitantes que pudieron conocerla de la ciudad de La Laguna.\u00a0 Se involucra de tal manera que no sabe que esto tendr\u00e1 consecuencias inesperadas para ella....\" \/>\n<meta property=\"og:url\" content=\"https:\/\/www.ull.es\/portal\/agenda\/evento\/balbina-monologo-teatralizado\/\" \/>\n<meta property=\"og:site_name\" content=\"ULL - Agenda\" \/>\n<meta property=\"og:image\" content=\"https:\/\/www.ull.es\/portal\/agenda\/wp-content\/uploads\/sites\/12\/2025\/07\/BALBINA_GLORIA_750x370.png\" \/>\n\t<meta property=\"og:image:width\" content=\"750\" \/>\n\t<meta property=\"og:image:height\" content=\"370\" \/>\n\t<meta property=\"og:image:type\" content=\"image\/png\" \/>\n<meta name=\"twitter:card\" content=\"summary_large_image\" \/>\n<meta name=\"twitter:label1\" content=\"Tiempo de lectura\" \/>\n\t<meta name=\"twitter:data1\" content=\"1 minuto\" \/>\n<script type=\"application\/ld+json\" class=\"yoast-schema-graph\">{\"@context\":\"https:\/\/schema.org\",\"@graph\":[{\"@type\":\"WebPage\",\"@id\":\"https:\/\/www.ull.es\/portal\/agenda\/evento\/balbina-monologo-teatralizado\/\",\"url\":\"https:\/\/www.ull.es\/portal\/agenda\/evento\/balbina-monologo-teatralizado\/\",\"name\":\"'Balbina'. Mon\u00f3logo Teatralizado. - ULL - Agenda\",\"isPartOf\":{\"@id\":\"https:\/\/www.ull.es\/portal\/agenda\/#website\"},\"datePublished\":\"2025-07-21T12:24:22+00:00\",\"dateModified\":\"2025-07-21T12:24:22+00:00\",\"breadcrumb\":{\"@id\":\"https:\/\/www.ull.es\/portal\/agenda\/evento\/balbina-monologo-teatralizado\/#breadcrumb\"},\"inLanguage\":\"es\",\"potentialAction\":[{\"@type\":\"ReadAction\",\"target\":[\"https:\/\/www.ull.es\/portal\/agenda\/evento\/balbina-monologo-teatralizado\/\"]}]},{\"@type\":\"BreadcrumbList\",\"@id\":\"https:\/\/www.ull.es\/portal\/agenda\/evento\/balbina-monologo-teatralizado\/#breadcrumb\",\"itemListElement\":[{\"@type\":\"ListItem\",\"position\":1,\"name\":\"Portada\",\"item\":\"https:\/\/www.ull.es\/portal\/agenda\/\"},{\"@type\":\"ListItem\",\"position\":2,\"name\":\"&#8216;Balbina&#8217;. Mon\u00f3logo Teatralizado.\"}]},{\"@type\":\"WebSite\",\"@id\":\"https:\/\/www.ull.es\/portal\/agenda\/#website\",\"url\":\"https:\/\/www.ull.es\/portal\/agenda\/\",\"name\":\"ULL - Agenda\",\"description\":\"\",\"potentialAction\":[{\"@type\":\"SearchAction\",\"target\":{\"@type\":\"EntryPoint\",\"urlTemplate\":\"https:\/\/www.ull.es\/portal\/agenda\/?s={search_term_string}\"},\"query-input\":\"required name=search_term_string\"}],\"inLanguage\":\"es\"}]}<\/script>\n<!-- \/ Yoast SEO plugin. -->","yoast_head_json":{"title":"'Balbina'. Mon\u00f3logo Teatralizado. - ULL - Agenda","robots":{"index":"index","follow":"follow","max-snippet":"max-snippet:-1","max-image-preview":"max-image-preview:large","max-video-preview":"max-video-preview:-1"},"canonical":"https:\/\/www.ull.es\/portal\/agenda\/evento\/balbina-monologo-teatralizado\/","og_locale":"es_ES","og_type":"article","og_title":"'Balbina'. Mon\u00f3logo Teatralizado. - ULL - Agenda","og_description":"Una reportera que escribe gacetillas e historias por cap\u00edtulos los domingos en el peri\u00f3dico local, se encuentra investigando la vida de una mujer muy particular ya fallecida, entre todos los habitantes que pudieron conocerla de la ciudad de La Laguna.\u00a0 Se involucra de tal manera que no sabe que esto tendr\u00e1 consecuencias inesperadas para ella....","og_url":"https:\/\/www.ull.es\/portal\/agenda\/evento\/balbina-monologo-teatralizado\/","og_site_name":"ULL - Agenda","og_image":[{"width":750,"height":370,"url":"https:\/\/www.ull.es\/portal\/agenda\/wp-content\/uploads\/sites\/12\/2025\/07\/BALBINA_GLORIA_750x370.png","type":"image\/png"}],"twitter_card":"summary_large_image","twitter_misc":{"Tiempo de lectura":"1 minuto"},"schema":{"@context":"https:\/\/schema.org","@graph":[{"@type":"WebPage","@id":"https:\/\/www.ull.es\/portal\/agenda\/evento\/balbina-monologo-teatralizado\/","url":"https:\/\/www.ull.es\/portal\/agenda\/evento\/balbina-monologo-teatralizado\/","name":"'Balbina'. Mon\u00f3logo Teatralizado. - ULL - Agenda","isPartOf":{"@id":"https:\/\/www.ull.es\/portal\/agenda\/#website"},"datePublished":"2025-07-21T12:24:22+00:00","dateModified":"2025-07-21T12:24:22+00:00","breadcrumb":{"@id":"https:\/\/www.ull.es\/portal\/agenda\/evento\/balbina-monologo-teatralizado\/#breadcrumb"},"inLanguage":"es","potentialAction":[{"@type":"ReadAction","target":["https:\/\/www.ull.es\/portal\/agenda\/evento\/balbina-monologo-teatralizado\/"]}]},{"@type":"BreadcrumbList","@id":"https:\/\/www.ull.es\/portal\/agenda\/evento\/balbina-monologo-teatralizado\/#breadcrumb","itemListElement":[{"@type":"ListItem","position":1,"name":"Portada","item":"https:\/\/www.ull.es\/portal\/agenda\/"},{"@type":"ListItem","position":2,"name":"&#8216;Balbina&#8217;. Mon\u00f3logo Teatralizado."}]},{"@type":"WebSite","@id":"https:\/\/www.ull.es\/portal\/agenda\/#website","url":"https:\/\/www.ull.es\/portal\/agenda\/","name":"ULL - Agenda","description":"","potentialAction":[{"@type":"SearchAction","target":{"@type":"EntryPoint","urlTemplate":"https:\/\/www.ull.es\/portal\/agenda\/?s={search_term_string}"},"query-input":"required name=search_term_string"}],"inLanguage":"es"}]}},"_links":{"self":[{"href":"https:\/\/www.ull.es\/portal\/agenda\/wp-json\/wp\/v2\/tribe_events\/43658"}],"collection":[{"href":"https:\/\/www.ull.es\/portal\/agenda\/wp-json\/wp\/v2\/tribe_events"}],"about":[{"href":"https:\/\/www.ull.es\/portal\/agenda\/wp-json\/wp\/v2\/types\/tribe_events"}],"author":[{"embeddable":true,"href":"https:\/\/www.ull.es\/portal\/agenda\/wp-json\/wp\/v2\/users\/65"}],"replies":[{"embeddable":true,"href":"https:\/\/www.ull.es\/portal\/agenda\/wp-json\/wp\/v2\/comments?post=43658"}],"version-history":[{"count":1,"href":"https:\/\/www.ull.es\/portal\/agenda\/wp-json\/wp\/v2\/tribe_events\/43658\/revisions"}],"predecessor-version":[{"id":43660,"href":"https:\/\/www.ull.es\/portal\/agenda\/wp-json\/wp\/v2\/tribe_events\/43658\/revisions\/43660"}],"wp:featuredmedia":[{"embeddable":true,"href":"https:\/\/www.ull.es\/portal\/agenda\/wp-json\/wp\/v2\/media\/43659"}],"wp:attachment":[{"href":"https:\/\/www.ull.es\/portal\/agenda\/wp-json\/wp\/v2\/media?parent=43658"}],"wp:term":[{"taxonomy":"post_tag","embeddable":true,"href":"https:\/\/www.ull.es\/portal\/agenda\/wp-json\/wp\/v2\/tags?post=43658"},{"taxonomy":"tribe_events_cat","embeddable":true,"href":"https:\/\/www.ull.es\/portal\/agenda\/wp-json\/wp\/v2\/tribe_events_cat?post=43658"}],"curies":[{"name":"wp","href":"https:\/\/api.w.org\/{rel}","templated":true}]}}