{"id":43663,"date":"2025-07-22T09:08:15","date_gmt":"2025-07-22T09:08:15","guid":{"rendered":"https:\/\/www.ull.es\/portal\/agenda\/?post_type=tribe_events&#038;p=43663"},"modified":"2025-09-01T12:11:15","modified_gmt":"2025-09-01T12:11:15","slug":"concierto-de-piano-de-luis-lopez","status":"publish","type":"tribe_events","link":"https:\/\/www.ull.es\/portal\/agenda\/evento\/concierto-de-piano-de-luis-lopez\/","title":{"rendered":"Concierto de piano de Luis L\u00f3pez"},"content":{"rendered":"<p>El pr\u00f3ximo 9 de octubre de 2025, el pianista tinerfe\u00f1o Luis L\u00f3pez ofrecer\u00e1 un recital en el Paraninfo de la Universidad de La Laguna, presentando un programa que abarca desde el intimismo de Federico Mompou hasta la fusi\u00f3n de jazz y m\u00fasica cl\u00e1sica de Nikolai Kapustin.<\/p>\n<p>Programa del concierto:<\/p>\n<ul>\n<li>Federico Mompou: M\u00fasica callada (selecci\u00f3n) y Paisajes<\/li>\n<li>Enrique Granados: 8 Valses Po\u00e9ticos<\/li>\n<li>Fr\u00e9d\u00e9ric Chopin: Valses B.150, Op. 64 No.1 y B.56<\/li>\n<li>Descanso<\/li>\n<li>Isaac Alb\u00e9niz: Almer\u00eda de la Suite Iberia<\/li>\n<li>Nikolai Kapustin: Preludios III (Larghetto), IV (Allegretto) y V (Largo) de los 24 Preludios en Estilo Jazz, Op.53<\/li>\n<li>George Gershwin: Tres Preludios<\/li>\n<\/ul>\n<p>Luis L\u00f3pez, nacido en Santa Cruz de Tenerife en 1996, estudi\u00f3 piano en el Conservatorio Superior de M\u00fasica de Canarias. Continu\u00f3 su formaci\u00f3n musical con Piotr Szychowski y m\u00fasica de c\u00e1mara con Michal Francuz en la Academia de M\u00fasica Ignacy Jan Paderewski en Poznan, Polonia, donde finaliz\u00f3 sus estudios de M\u00e1ster con Distinci\u00f3n. Ha recibido clases magistrales de destacados pianistas y ha actuado como solista en importantes escenarios internacionales en Estados Unidos, Jap\u00f3n, Lituania, Alemania, Italia, Polonia, Espa\u00f1a, Croacia, Reino Unido, entre otros. Ha recibido m\u00faltiples distinciones y premios internacionales, incluyendo una nominaci\u00f3n a un GRAMMY Latino por mejor \u00c1lbum de M\u00fasica Cl\u00e1sica en 2023.<\/p>\n<p><span lang=\"es\"><a href=\"https:\/\/www.ecoentradas.com\/elegirsesion\/2790\" target=\"_blank\" rel=\"noopener\" target=\"_blank\" rel=\"noopener\">Entradas<\/a>:<span style=\"color: #000000;\"> 10\u00a0<\/span><\/span>\u20ac general y 8 \u20ac estudiantes<\/p>\n","protected":false},"excerpt":{"rendered":"<p>El pr\u00f3ximo 9 de octubre de 2025, el pianista tinerfe\u00f1o Luis L\u00f3pez ofrecer\u00e1 un recital en el Paraninfo de la Universidad de La Laguna, presentando un programa que abarca desde el intimismo de Federico Mompou hasta la fusi\u00f3n de jazz y m\u00fasica cl\u00e1sica de Nikolai Kapustin. Programa del concierto: Federico Mompou: M\u00fasica callada (selecci\u00f3n) y&#8230;<\/p>\n","protected":false},"author":65,"featured_media":43664,"comment_status":"closed","ping_status":"closed","template":"","tags":[],"tribe_events_cat":[3987,4,343,186,191],"acf":[],"yoast_head":"<!-- This site is optimized with the Yoast SEO plugin v21.3 - https:\/\/yoast.com\/wordpress\/plugins\/seo\/ -->\n<title>Concierto de piano de Luis L\u00f3pez - ULL - Agenda<\/title>\n<meta name=\"robots\" content=\"index, follow, max-snippet:-1, max-image-preview:large, max-video-preview:-1\" \/>\n<link rel=\"canonical\" href=\"https:\/\/www.ull.es\/portal\/agenda\/evento\/concierto-de-piano-de-luis-lopez\/\" \/>\n<meta property=\"og:locale\" content=\"es_ES\" \/>\n<meta property=\"og:type\" content=\"article\" \/>\n<meta property=\"og:title\" content=\"Concierto de piano de Luis L\u00f3pez - ULL - Agenda\" \/>\n<meta property=\"og:description\" content=\"El pr\u00f3ximo 9 de octubre de 2025, el pianista tinerfe\u00f1o Luis L\u00f3pez ofrecer\u00e1 un recital en el Paraninfo de la Universidad de La Laguna, presentando un programa que abarca desde el intimismo de Federico Mompou hasta la fusi\u00f3n de jazz y m\u00fasica cl\u00e1sica de Nikolai Kapustin. Programa del concierto: Federico Mompou: M\u00fasica callada (selecci\u00f3n) y...\" \/>\n<meta property=\"og:url\" content=\"https:\/\/www.ull.es\/portal\/agenda\/evento\/concierto-de-piano-de-luis-lopez\/\" \/>\n<meta property=\"og:site_name\" content=\"ULL - Agenda\" \/>\n<meta property=\"article:modified_time\" content=\"2025-09-01T12:11:15+00:00\" \/>\n<meta property=\"og:image\" content=\"https:\/\/www.ull.es\/portal\/agenda\/wp-content\/uploads\/sites\/12\/2025\/07\/af_concierto_luis_lopez_750x370px_edited.jpg\" \/>\n\t<meta property=\"og:image:width\" content=\"1600\" \/>\n\t<meta property=\"og:image:height\" content=\"790\" \/>\n\t<meta property=\"og:image:type\" content=\"image\/jpeg\" \/>\n<meta name=\"twitter:card\" content=\"summary_large_image\" \/>\n<meta name=\"twitter:label1\" content=\"Tiempo de lectura\" \/>\n\t<meta name=\"twitter:data1\" content=\"1 minuto\" \/>\n<script type=\"application\/ld+json\" class=\"yoast-schema-graph\">{\"@context\":\"https:\/\/schema.org\",\"@graph\":[{\"@type\":\"WebPage\",\"@id\":\"https:\/\/www.ull.es\/portal\/agenda\/evento\/concierto-de-piano-de-luis-lopez\/\",\"url\":\"https:\/\/www.ull.es\/portal\/agenda\/evento\/concierto-de-piano-de-luis-lopez\/\",\"name\":\"Concierto de piano de Luis L\u00f3pez - ULL - Agenda\",\"isPartOf\":{\"@id\":\"https:\/\/www.ull.es\/portal\/agenda\/#website\"},\"datePublished\":\"2025-07-22T09:08:15+00:00\",\"dateModified\":\"2025-09-01T12:11:15+00:00\",\"breadcrumb\":{\"@id\":\"https:\/\/www.ull.es\/portal\/agenda\/evento\/concierto-de-piano-de-luis-lopez\/#breadcrumb\"},\"inLanguage\":\"es\",\"potentialAction\":[{\"@type\":\"ReadAction\",\"target\":[\"https:\/\/www.ull.es\/portal\/agenda\/evento\/concierto-de-piano-de-luis-lopez\/\"]}]},{\"@type\":\"BreadcrumbList\",\"@id\":\"https:\/\/www.ull.es\/portal\/agenda\/evento\/concierto-de-piano-de-luis-lopez\/#breadcrumb\",\"itemListElement\":[{\"@type\":\"ListItem\",\"position\":1,\"name\":\"Portada\",\"item\":\"https:\/\/www.ull.es\/portal\/agenda\/\"},{\"@type\":\"ListItem\",\"position\":2,\"name\":\"Concierto de piano de Luis L\u00f3pez\"}]},{\"@type\":\"WebSite\",\"@id\":\"https:\/\/www.ull.es\/portal\/agenda\/#website\",\"url\":\"https:\/\/www.ull.es\/portal\/agenda\/\",\"name\":\"ULL - Agenda\",\"description\":\"\",\"potentialAction\":[{\"@type\":\"SearchAction\",\"target\":{\"@type\":\"EntryPoint\",\"urlTemplate\":\"https:\/\/www.ull.es\/portal\/agenda\/?s={search_term_string}\"},\"query-input\":\"required name=search_term_string\"}],\"inLanguage\":\"es\"}]}<\/script>\n<!-- \/ Yoast SEO plugin. -->","yoast_head_json":{"title":"Concierto de piano de Luis L\u00f3pez - ULL - Agenda","robots":{"index":"index","follow":"follow","max-snippet":"max-snippet:-1","max-image-preview":"max-image-preview:large","max-video-preview":"max-video-preview:-1"},"canonical":"https:\/\/www.ull.es\/portal\/agenda\/evento\/concierto-de-piano-de-luis-lopez\/","og_locale":"es_ES","og_type":"article","og_title":"Concierto de piano de Luis L\u00f3pez - ULL - Agenda","og_description":"El pr\u00f3ximo 9 de octubre de 2025, el pianista tinerfe\u00f1o Luis L\u00f3pez ofrecer\u00e1 un recital en el Paraninfo de la Universidad de La Laguna, presentando un programa que abarca desde el intimismo de Federico Mompou hasta la fusi\u00f3n de jazz y m\u00fasica cl\u00e1sica de Nikolai Kapustin. Programa del concierto: Federico Mompou: M\u00fasica callada (selecci\u00f3n) y...","og_url":"https:\/\/www.ull.es\/portal\/agenda\/evento\/concierto-de-piano-de-luis-lopez\/","og_site_name":"ULL - Agenda","article_modified_time":"2025-09-01T12:11:15+00:00","og_image":[{"width":1600,"height":790,"url":"https:\/\/www.ull.es\/portal\/agenda\/wp-content\/uploads\/sites\/12\/2025\/07\/af_concierto_luis_lopez_750x370px_edited.jpg","type":"image\/jpeg"}],"twitter_card":"summary_large_image","twitter_misc":{"Tiempo de lectura":"1 minuto"},"schema":{"@context":"https:\/\/schema.org","@graph":[{"@type":"WebPage","@id":"https:\/\/www.ull.es\/portal\/agenda\/evento\/concierto-de-piano-de-luis-lopez\/","url":"https:\/\/www.ull.es\/portal\/agenda\/evento\/concierto-de-piano-de-luis-lopez\/","name":"Concierto de piano de Luis L\u00f3pez - ULL - Agenda","isPartOf":{"@id":"https:\/\/www.ull.es\/portal\/agenda\/#website"},"datePublished":"2025-07-22T09:08:15+00:00","dateModified":"2025-09-01T12:11:15+00:00","breadcrumb":{"@id":"https:\/\/www.ull.es\/portal\/agenda\/evento\/concierto-de-piano-de-luis-lopez\/#breadcrumb"},"inLanguage":"es","potentialAction":[{"@type":"ReadAction","target":["https:\/\/www.ull.es\/portal\/agenda\/evento\/concierto-de-piano-de-luis-lopez\/"]}]},{"@type":"BreadcrumbList","@id":"https:\/\/www.ull.es\/portal\/agenda\/evento\/concierto-de-piano-de-luis-lopez\/#breadcrumb","itemListElement":[{"@type":"ListItem","position":1,"name":"Portada","item":"https:\/\/www.ull.es\/portal\/agenda\/"},{"@type":"ListItem","position":2,"name":"Concierto de piano de Luis L\u00f3pez"}]},{"@type":"WebSite","@id":"https:\/\/www.ull.es\/portal\/agenda\/#website","url":"https:\/\/www.ull.es\/portal\/agenda\/","name":"ULL - Agenda","description":"","potentialAction":[{"@type":"SearchAction","target":{"@type":"EntryPoint","urlTemplate":"https:\/\/www.ull.es\/portal\/agenda\/?s={search_term_string}"},"query-input":"required name=search_term_string"}],"inLanguage":"es"}]}},"_links":{"self":[{"href":"https:\/\/www.ull.es\/portal\/agenda\/wp-json\/wp\/v2\/tribe_events\/43663"}],"collection":[{"href":"https:\/\/www.ull.es\/portal\/agenda\/wp-json\/wp\/v2\/tribe_events"}],"about":[{"href":"https:\/\/www.ull.es\/portal\/agenda\/wp-json\/wp\/v2\/types\/tribe_events"}],"author":[{"embeddable":true,"href":"https:\/\/www.ull.es\/portal\/agenda\/wp-json\/wp\/v2\/users\/65"}],"replies":[{"embeddable":true,"href":"https:\/\/www.ull.es\/portal\/agenda\/wp-json\/wp\/v2\/comments?post=43663"}],"version-history":[{"count":4,"href":"https:\/\/www.ull.es\/portal\/agenda\/wp-json\/wp\/v2\/tribe_events\/43663\/revisions"}],"predecessor-version":[{"id":43787,"href":"https:\/\/www.ull.es\/portal\/agenda\/wp-json\/wp\/v2\/tribe_events\/43663\/revisions\/43787"}],"wp:featuredmedia":[{"embeddable":true,"href":"https:\/\/www.ull.es\/portal\/agenda\/wp-json\/wp\/v2\/media\/43664"}],"wp:attachment":[{"href":"https:\/\/www.ull.es\/portal\/agenda\/wp-json\/wp\/v2\/media?parent=43663"}],"wp:term":[{"taxonomy":"post_tag","embeddable":true,"href":"https:\/\/www.ull.es\/portal\/agenda\/wp-json\/wp\/v2\/tags?post=43663"},{"taxonomy":"tribe_events_cat","embeddable":true,"href":"https:\/\/www.ull.es\/portal\/agenda\/wp-json\/wp\/v2\/tribe_events_cat?post=43663"}],"curies":[{"name":"wp","href":"https:\/\/api.w.org\/{rel}","templated":true}]}}