{"id":43676,"date":"2025-07-23T09:26:27","date_gmt":"2025-07-23T09:26:27","guid":{"rendered":"https:\/\/www.ull.es\/portal\/agenda\/?post_type=tribe_events&#038;p=43676"},"modified":"2025-09-23T08:20:11","modified_gmt":"2025-09-23T08:20:11","slug":"el-arte-de-la-atencion-ii-la-percepcion-en-la-era-cibernetica","status":"publish","type":"tribe_events","link":"https:\/\/www.ull.es\/portal\/agenda\/evento\/el-arte-de-la-atencion-ii-la-percepcion-en-la-era-cibernetica\/","title":{"rendered":"El Arte de la Atenci\u00f3n II. La percepci\u00f3n en la era cibern\u00e9tica"},"content":{"rendered":"<div class=\"tribe-events-single-event-description tribe-events-content\">\n<div class=\"tribe-events-single-event-description tribe-events-content\">\n<p>En las \u00faltimas d\u00e9cadas el concepto de atenci\u00f3n se ha convertido en un t\u00e9rmino clave para disciplinas de muy distinto orden, desde la neurociencia, la econom\u00eda o el marketing, a la sociolog\u00eda pol\u00edtica, la psicolog\u00eda cognitiva o la teor\u00eda literaria. Su relevancia en materias tan variadas demanda entenderlo como un concepto transdisciplinar por antonomasia. La urgencia de reflexionar sobre la atenci\u00f3n y sus correlatos viene determinada por su conversi\u00f3n en uno de los grandes malestares de la cultura contempor\u00e1nea pero, m\u00e1s all\u00e1 de esto, afecta a la propia estructura perceptiva y cognitiva del sujeto, lo que lo convierte en un problema de car\u00e1cter ontol\u00f3gico. A esta perspectiva ontol\u00f3gica y antropol\u00f3gica apuntan hoy diversos autores que se sit\u00faan entre la neurolog\u00eda y la biolog\u00eda, la ciencia cognitiva, la fenomenolog\u00eda y la cibern\u00e9tica.<\/p>\n<p>El objetivo de este seminario es el de ofrecer algunas claves de interpretaci\u00f3n en ese cruce interdisciplinar y servir de gu\u00eda provisional al complejo presente de las sociedades de control. Para ello propone reflexionar sobre la atenci\u00f3n desde la teor\u00eda pol\u00edtica, la fenomenolog\u00eda, la psicolog\u00eda cognitiva, la neurolog\u00eda, el arte y la est\u00e9tica.<\/p>\n<\/div>\n<\/div>\n<p>El seminario se celebrar\u00e1 los d\u00edas 25 y 26 de septiembre y 2 y 3 de octubre de 2025 en la Facultad de Bellas Artes en horario de tarde y est\u00e1 dirigido a los estudiantes de la ULL en general, y m\u00e1s espec\u00edficamente a los de Medicina, Psicolog\u00eda, Filosof\u00eda, Sociolog\u00eda, Historia del Arte y Bellas Artes, as\u00ed como al p\u00fablico interesado en general.<\/p>\n<div class=\"tribe-events-single-event-description tribe-events-content\">\n<p>Direcci\u00f3n acad\u00e9mica: Jos\u00e9 Mar\u00eda D\u00edaz Cuy\u00e1s. Profesor Titular de Universidad, Departamento de Bellas Artes de la Universidad de La Laguna.<\/p>\n<div class=\"tribe-events-single-event-description tribe-events-content\">\n<p><strong>CERTIFICADO DE ASISTENCIA, APTITUD Y RECONOCIMIENTO POR CR\u00c9DITO ECTS<\/strong><\/p>\n<div class=\"tribe-events-single-event-description tribe-events-content\">\n<p>La Universidad de La Laguna, a trav\u00e9s del Vicerrectorado de Cultura y Extensi\u00f3n Universitaria, emitir\u00e1 un certificado de asistencia a todas aquellas personas que participen en un m\u00ednimo del 80% de las horas lectivas. Asimismo, aquellas personas que superen el trabajo aut\u00f3nomo del alumnado, recibir\u00e1n un certificado de asistencia y aprovechamiento, reconocible a su vez por un cr\u00e9dito ECTS.<\/p>\n<\/div>\n<div class=\"tribe-events-single-event-description tribe-events-content\">Asistencia gratuita previa inscripci\u00f3n.\u00a0<a href=\"https:\/\/sede.fg.ull.es\/es\/curso\/detalle?code=a25020195&amp;name=el-arte-de-la-atencion-ii-la-percepcion-en-la-era-cibernetica&amp;query=%3Fcode%3DA25020195\" target=\"_blank\" rel=\"noopener\" target=\"_blank\" rel=\"noopener\"><strong>Consulta el programa e inscr\u00edbete aqu\u00ed.<\/strong><\/a><\/div>\n<\/div>\n<\/div>\n<div><\/div>\n<div><span style=\"color: #ff0000\"><strong>\u00a1PLAZAS AGOTADAS!<\/strong><\/span><\/div>\n<div><\/div>\n<div class=\"tribe-events-single-event-description tribe-events-content\">\n<div class=\"tribe-events-single-event-description tribe-events-content\">\n<div class=\"tribe-events-single-event-description tribe-events-content\"><strong>Contacto:\u00a0<\/strong><strong><a href=\"mailto:extuni@ull.edu.es\" target=\"_blank\" rel=\"noopener\" target=\"_blank\" rel=\"noopener\">extuni@ull.es<\/a><\/strong><\/div>\n<\/div>\n<\/div>\n","protected":false},"excerpt":{"rendered":"<p>En las \u00faltimas d\u00e9cadas el concepto de atenci\u00f3n se ha convertido en un t\u00e9rmino clave para disciplinas de muy distinto orden, desde la neurociencia, la econom\u00eda o el marketing, a la sociolog\u00eda pol\u00edtica, la psicolog\u00eda cognitiva o la teor\u00eda literaria. Su relevancia en materias tan variadas demanda entenderlo como un concepto transdisciplinar por antonomasia. La&#8230;<\/p>\n","protected":false},"author":43,"featured_media":43677,"comment_status":"closed","ping_status":"closed","template":"","tags":[4259,977,3812,3751,4165],"tribe_events_cat":[472,351,4,186],"acf":[],"yoast_head":"<!-- This site is optimized with the Yoast SEO plugin v21.3 - https:\/\/yoast.com\/wordpress\/plugins\/seo\/ -->\n<title>El Arte de la Atenci\u00f3n II. La percepci\u00f3n en la era cibern\u00e9tica - ULL - Agenda<\/title>\n<meta name=\"robots\" content=\"index, follow, max-snippet:-1, max-image-preview:large, max-video-preview:-1\" \/>\n<link rel=\"canonical\" href=\"https:\/\/www.ull.es\/portal\/agenda\/evento\/el-arte-de-la-atencion-ii-la-percepcion-en-la-era-cibernetica\/\" \/>\n<meta property=\"og:locale\" content=\"es_ES\" \/>\n<meta property=\"og:type\" content=\"article\" \/>\n<meta property=\"og:title\" content=\"El Arte de la Atenci\u00f3n II. La percepci\u00f3n en la era cibern\u00e9tica - ULL - Agenda\" \/>\n<meta property=\"og:description\" content=\"En las \u00faltimas d\u00e9cadas el concepto de atenci\u00f3n se ha convertido en un t\u00e9rmino clave para disciplinas de muy distinto orden, desde la neurociencia, la econom\u00eda o el marketing, a la sociolog\u00eda pol\u00edtica, la psicolog\u00eda cognitiva o la teor\u00eda literaria. Su relevancia en materias tan variadas demanda entenderlo como un concepto transdisciplinar por antonomasia. La...\" \/>\n<meta property=\"og:url\" content=\"https:\/\/www.ull.es\/portal\/agenda\/evento\/el-arte-de-la-atencion-ii-la-percepcion-en-la-era-cibernetica\/\" \/>\n<meta property=\"og:site_name\" content=\"ULL - Agenda\" \/>\n<meta property=\"article:modified_time\" content=\"2025-09-23T08:20:11+00:00\" \/>\n<meta property=\"og:image\" content=\"https:\/\/www.ull.es\/portal\/agenda\/wp-content\/uploads\/sites\/12\/2025\/07\/BannerArte.jpg\" \/>\n\t<meta property=\"og:image:width\" content=\"750\" \/>\n\t<meta property=\"og:image:height\" content=\"370\" \/>\n\t<meta property=\"og:image:type\" content=\"image\/jpeg\" \/>\n<meta name=\"twitter:card\" content=\"summary_large_image\" \/>\n<meta name=\"twitter:label1\" content=\"Tiempo de lectura\" \/>\n\t<meta name=\"twitter:data1\" content=\"2 minutos\" \/>\n<script type=\"application\/ld+json\" class=\"yoast-schema-graph\">{\"@context\":\"https:\/\/schema.org\",\"@graph\":[{\"@type\":\"WebPage\",\"@id\":\"https:\/\/www.ull.es\/portal\/agenda\/evento\/el-arte-de-la-atencion-ii-la-percepcion-en-la-era-cibernetica\/\",\"url\":\"https:\/\/www.ull.es\/portal\/agenda\/evento\/el-arte-de-la-atencion-ii-la-percepcion-en-la-era-cibernetica\/\",\"name\":\"El Arte de la Atenci\u00f3n II. La percepci\u00f3n en la era cibern\u00e9tica - ULL - Agenda\",\"isPartOf\":{\"@id\":\"https:\/\/www.ull.es\/portal\/agenda\/#website\"},\"datePublished\":\"2025-07-23T09:26:27+00:00\",\"dateModified\":\"2025-09-23T08:20:11+00:00\",\"breadcrumb\":{\"@id\":\"https:\/\/www.ull.es\/portal\/agenda\/evento\/el-arte-de-la-atencion-ii-la-percepcion-en-la-era-cibernetica\/#breadcrumb\"},\"inLanguage\":\"es\",\"potentialAction\":[{\"@type\":\"ReadAction\",\"target\":[\"https:\/\/www.ull.es\/portal\/agenda\/evento\/el-arte-de-la-atencion-ii-la-percepcion-en-la-era-cibernetica\/\"]}]},{\"@type\":\"BreadcrumbList\",\"@id\":\"https:\/\/www.ull.es\/portal\/agenda\/evento\/el-arte-de-la-atencion-ii-la-percepcion-en-la-era-cibernetica\/#breadcrumb\",\"itemListElement\":[{\"@type\":\"ListItem\",\"position\":1,\"name\":\"Portada\",\"item\":\"https:\/\/www.ull.es\/portal\/agenda\/\"},{\"@type\":\"ListItem\",\"position\":2,\"name\":\"El Arte de la Atenci\u00f3n II. La percepci\u00f3n en la era cibern\u00e9tica\"}]},{\"@type\":\"WebSite\",\"@id\":\"https:\/\/www.ull.es\/portal\/agenda\/#website\",\"url\":\"https:\/\/www.ull.es\/portal\/agenda\/\",\"name\":\"ULL - Agenda\",\"description\":\"\",\"potentialAction\":[{\"@type\":\"SearchAction\",\"target\":{\"@type\":\"EntryPoint\",\"urlTemplate\":\"https:\/\/www.ull.es\/portal\/agenda\/?s={search_term_string}\"},\"query-input\":\"required name=search_term_string\"}],\"inLanguage\":\"es\"}]}<\/script>\n<!-- \/ Yoast SEO plugin. -->","yoast_head_json":{"title":"El Arte de la Atenci\u00f3n II. La percepci\u00f3n en la era cibern\u00e9tica - ULL - Agenda","robots":{"index":"index","follow":"follow","max-snippet":"max-snippet:-1","max-image-preview":"max-image-preview:large","max-video-preview":"max-video-preview:-1"},"canonical":"https:\/\/www.ull.es\/portal\/agenda\/evento\/el-arte-de-la-atencion-ii-la-percepcion-en-la-era-cibernetica\/","og_locale":"es_ES","og_type":"article","og_title":"El Arte de la Atenci\u00f3n II. La percepci\u00f3n en la era cibern\u00e9tica - ULL - Agenda","og_description":"En las \u00faltimas d\u00e9cadas el concepto de atenci\u00f3n se ha convertido en un t\u00e9rmino clave para disciplinas de muy distinto orden, desde la neurociencia, la econom\u00eda o el marketing, a la sociolog\u00eda pol\u00edtica, la psicolog\u00eda cognitiva o la teor\u00eda literaria. Su relevancia en materias tan variadas demanda entenderlo como un concepto transdisciplinar por antonomasia. La...","og_url":"https:\/\/www.ull.es\/portal\/agenda\/evento\/el-arte-de-la-atencion-ii-la-percepcion-en-la-era-cibernetica\/","og_site_name":"ULL - Agenda","article_modified_time":"2025-09-23T08:20:11+00:00","og_image":[{"width":750,"height":370,"url":"https:\/\/www.ull.es\/portal\/agenda\/wp-content\/uploads\/sites\/12\/2025\/07\/BannerArte.jpg","type":"image\/jpeg"}],"twitter_card":"summary_large_image","twitter_misc":{"Tiempo de lectura":"2 minutos"},"schema":{"@context":"https:\/\/schema.org","@graph":[{"@type":"WebPage","@id":"https:\/\/www.ull.es\/portal\/agenda\/evento\/el-arte-de-la-atencion-ii-la-percepcion-en-la-era-cibernetica\/","url":"https:\/\/www.ull.es\/portal\/agenda\/evento\/el-arte-de-la-atencion-ii-la-percepcion-en-la-era-cibernetica\/","name":"El Arte de la Atenci\u00f3n II. La percepci\u00f3n en la era cibern\u00e9tica - ULL - Agenda","isPartOf":{"@id":"https:\/\/www.ull.es\/portal\/agenda\/#website"},"datePublished":"2025-07-23T09:26:27+00:00","dateModified":"2025-09-23T08:20:11+00:00","breadcrumb":{"@id":"https:\/\/www.ull.es\/portal\/agenda\/evento\/el-arte-de-la-atencion-ii-la-percepcion-en-la-era-cibernetica\/#breadcrumb"},"inLanguage":"es","potentialAction":[{"@type":"ReadAction","target":["https:\/\/www.ull.es\/portal\/agenda\/evento\/el-arte-de-la-atencion-ii-la-percepcion-en-la-era-cibernetica\/"]}]},{"@type":"BreadcrumbList","@id":"https:\/\/www.ull.es\/portal\/agenda\/evento\/el-arte-de-la-atencion-ii-la-percepcion-en-la-era-cibernetica\/#breadcrumb","itemListElement":[{"@type":"ListItem","position":1,"name":"Portada","item":"https:\/\/www.ull.es\/portal\/agenda\/"},{"@type":"ListItem","position":2,"name":"El Arte de la Atenci\u00f3n II. La percepci\u00f3n en la era cibern\u00e9tica"}]},{"@type":"WebSite","@id":"https:\/\/www.ull.es\/portal\/agenda\/#website","url":"https:\/\/www.ull.es\/portal\/agenda\/","name":"ULL - Agenda","description":"","potentialAction":[{"@type":"SearchAction","target":{"@type":"EntryPoint","urlTemplate":"https:\/\/www.ull.es\/portal\/agenda\/?s={search_term_string}"},"query-input":"required name=search_term_string"}],"inLanguage":"es"}]}},"_links":{"self":[{"href":"https:\/\/www.ull.es\/portal\/agenda\/wp-json\/wp\/v2\/tribe_events\/43676"}],"collection":[{"href":"https:\/\/www.ull.es\/portal\/agenda\/wp-json\/wp\/v2\/tribe_events"}],"about":[{"href":"https:\/\/www.ull.es\/portal\/agenda\/wp-json\/wp\/v2\/types\/tribe_events"}],"author":[{"embeddable":true,"href":"https:\/\/www.ull.es\/portal\/agenda\/wp-json\/wp\/v2\/users\/43"}],"replies":[{"embeddable":true,"href":"https:\/\/www.ull.es\/portal\/agenda\/wp-json\/wp\/v2\/comments?post=43676"}],"version-history":[{"count":8,"href":"https:\/\/www.ull.es\/portal\/agenda\/wp-json\/wp\/v2\/tribe_events\/43676\/revisions"}],"predecessor-version":[{"id":44167,"href":"https:\/\/www.ull.es\/portal\/agenda\/wp-json\/wp\/v2\/tribe_events\/43676\/revisions\/44167"}],"wp:featuredmedia":[{"embeddable":true,"href":"https:\/\/www.ull.es\/portal\/agenda\/wp-json\/wp\/v2\/media\/43677"}],"wp:attachment":[{"href":"https:\/\/www.ull.es\/portal\/agenda\/wp-json\/wp\/v2\/media?parent=43676"}],"wp:term":[{"taxonomy":"post_tag","embeddable":true,"href":"https:\/\/www.ull.es\/portal\/agenda\/wp-json\/wp\/v2\/tags?post=43676"},{"taxonomy":"tribe_events_cat","embeddable":true,"href":"https:\/\/www.ull.es\/portal\/agenda\/wp-json\/wp\/v2\/tribe_events_cat?post=43676"}],"curies":[{"name":"wp","href":"https:\/\/api.w.org\/{rel}","templated":true}]}}