{"id":43720,"date":"2025-07-29T13:14:22","date_gmt":"2025-07-29T13:14:22","guid":{"rendered":"https:\/\/www.ull.es\/portal\/agenda\/?post_type=tribe_events&#038;p=43720"},"modified":"2025-08-29T11:25:37","modified_gmt":"2025-08-29T11:25:37","slug":"dialogo-filosofico-y-libertad-academica-la-estela-del-disenso","status":"publish","type":"tribe_events","link":"https:\/\/www.ull.es\/portal\/agenda\/evento\/dialogo-filosofico-y-libertad-academica-la-estela-del-disenso\/","title":{"rendered":"Di\u00e1logo filos\u00f3fico y libertad acad\u00e9mica. La estela del disenso"},"content":{"rendered":"<p>La C\u00e1tedra Cultural Javier Muguerza inicia una nueva etapa invitando a reflexionar sobre la oscuridad de los tiempos presentes, y concretamente, en las amenazas y riesgos para la libertad de pensamiento en las universidades y en la esfera p\u00fablica. El punto de partida ser\u00e1 la apuesta de Javier Muguerza por el disenso y su significado para el presente.<\/p>\n<p>Se analizar\u00e1 el papel de la cr\u00edtica filos\u00f3fica y el agotamiento de los potenciales ut\u00f3picos en la coyuntura actual, as\u00ed como el papel que las tecnolog\u00edas y las plataformas digitales han tenido en la difusi\u00f3n de la posverdad, la degradaci\u00f3n epist\u00e9mica y la \u00e9tica de la esfera p\u00fablica. Finalmente, se abordar\u00e1 la cuesti\u00f3n de la libertad de expresi\u00f3n, los discursos de odio y la pr\u00e1ctica, cada vez m\u00e1s frecuente, de la cancelaci\u00f3n, con el objetivo de enfrentar la necesidad de que la libertad de pensamiento sea resguardada como elemento fundamental del avance del conocimiento, de la instituci\u00f3n universitaria y de la misma democracia.<\/p>\n<p>Para ello, se re\u00fanen especialistas de la Universidad de La Laguna, el Instituto de Filosof\u00eda del CSIC, la Universidad de Sevilla, la Universidad de M\u00e1laga y la Universidad de Barcelona, con el prop\u00f3sito de abundar en el an\u00e1lisis y la salvaguarda del valioso legado de la libertad de pensamiento en el mundo actual.<\/p>\n<p><a href=\"https:\/\/drive.google.com\/file\/d\/1fgkQgOjES6S4Wsgjl0eM54pNon_2J7Xm\/view\" target=\"_blank\" rel=\"noopener\" target=\"_blank\" rel=\"noopener\">Programa<\/a><\/p>\n<p><a href=\"https:\/\/forms.gle\/Wxu1DFMM9RBnpASB6\" target=\"_blank\" rel=\"noopener\" target=\"_blank\" rel=\"noopener\">Certificaci\u00f3n de asistencia<\/a><\/p>\n<p>&nbsp;<\/p>\n","protected":false},"excerpt":{"rendered":"<p>La C\u00e1tedra Cultural Javier Muguerza inicia una nueva etapa invitando a reflexionar sobre la oscuridad de los tiempos presentes, y concretamente, en las amenazas y riesgos para la libertad de pensamiento en las universidades y en la esfera p\u00fablica. El punto de partida ser\u00e1 la apuesta de Javier Muguerza por el disenso y su significado&#8230;<\/p>\n","protected":false},"author":65,"featured_media":43772,"comment_status":"closed","ping_status":"closed","template":"","tags":[],"tribe_events_cat":[344,3987,4,985],"acf":[],"yoast_head":"<!-- This site is optimized with the Yoast SEO plugin v21.3 - https:\/\/yoast.com\/wordpress\/plugins\/seo\/ -->\n<title>Di\u00e1logo filos\u00f3fico y libertad acad\u00e9mica. La estela del disenso - ULL - Agenda<\/title>\n<meta name=\"robots\" content=\"index, follow, max-snippet:-1, max-image-preview:large, max-video-preview:-1\" \/>\n<link rel=\"canonical\" href=\"https:\/\/www.ull.es\/portal\/agenda\/evento\/dialogo-filosofico-y-libertad-academica-la-estela-del-disenso\/\" \/>\n<meta property=\"og:locale\" content=\"es_ES\" \/>\n<meta property=\"og:type\" content=\"article\" \/>\n<meta property=\"og:title\" content=\"Di\u00e1logo filos\u00f3fico y libertad acad\u00e9mica. La estela del disenso - ULL - Agenda\" \/>\n<meta property=\"og:description\" content=\"La C\u00e1tedra Cultural Javier Muguerza inicia una nueva etapa invitando a reflexionar sobre la oscuridad de los tiempos presentes, y concretamente, en las amenazas y riesgos para la libertad de pensamiento en las universidades y en la esfera p\u00fablica. El punto de partida ser\u00e1 la apuesta de Javier Muguerza por el disenso y su significado...\" \/>\n<meta property=\"og:url\" content=\"https:\/\/www.ull.es\/portal\/agenda\/evento\/dialogo-filosofico-y-libertad-academica-la-estela-del-disenso\/\" \/>\n<meta property=\"og:site_name\" content=\"ULL - Agenda\" \/>\n<meta property=\"article:modified_time\" content=\"2025-08-29T11:25:37+00:00\" \/>\n<meta property=\"og:image\" content=\"https:\/\/www.ull.es\/portal\/agenda\/wp-content\/uploads\/sites\/12\/2025\/07\/Dialogo-filosofico-y-libertad-academica.-La-estela-del-disenso_v2.jpg\" \/>\n\t<meta property=\"og:image:width\" content=\"1600\" \/>\n\t<meta property=\"og:image:height\" content=\"900\" \/>\n\t<meta property=\"og:image:type\" content=\"image\/jpeg\" \/>\n<meta name=\"twitter:card\" content=\"summary_large_image\" \/>\n<meta name=\"twitter:label1\" content=\"Tiempo de lectura\" \/>\n\t<meta name=\"twitter:data1\" content=\"1 minuto\" \/>\n<script type=\"application\/ld+json\" class=\"yoast-schema-graph\">{\"@context\":\"https:\/\/schema.org\",\"@graph\":[{\"@type\":\"WebPage\",\"@id\":\"https:\/\/www.ull.es\/portal\/agenda\/evento\/dialogo-filosofico-y-libertad-academica-la-estela-del-disenso\/\",\"url\":\"https:\/\/www.ull.es\/portal\/agenda\/evento\/dialogo-filosofico-y-libertad-academica-la-estela-del-disenso\/\",\"name\":\"Di\u00e1logo filos\u00f3fico y libertad acad\u00e9mica. La estela del disenso - ULL - Agenda\",\"isPartOf\":{\"@id\":\"https:\/\/www.ull.es\/portal\/agenda\/#website\"},\"datePublished\":\"2025-07-29T13:14:22+00:00\",\"dateModified\":\"2025-08-29T11:25:37+00:00\",\"breadcrumb\":{\"@id\":\"https:\/\/www.ull.es\/portal\/agenda\/evento\/dialogo-filosofico-y-libertad-academica-la-estela-del-disenso\/#breadcrumb\"},\"inLanguage\":\"es\",\"potentialAction\":[{\"@type\":\"ReadAction\",\"target\":[\"https:\/\/www.ull.es\/portal\/agenda\/evento\/dialogo-filosofico-y-libertad-academica-la-estela-del-disenso\/\"]}]},{\"@type\":\"BreadcrumbList\",\"@id\":\"https:\/\/www.ull.es\/portal\/agenda\/evento\/dialogo-filosofico-y-libertad-academica-la-estela-del-disenso\/#breadcrumb\",\"itemListElement\":[{\"@type\":\"ListItem\",\"position\":1,\"name\":\"Portada\",\"item\":\"https:\/\/www.ull.es\/portal\/agenda\/\"},{\"@type\":\"ListItem\",\"position\":2,\"name\":\"Di\u00e1logo filos\u00f3fico y libertad acad\u00e9mica. La estela del disenso\"}]},{\"@type\":\"WebSite\",\"@id\":\"https:\/\/www.ull.es\/portal\/agenda\/#website\",\"url\":\"https:\/\/www.ull.es\/portal\/agenda\/\",\"name\":\"ULL - Agenda\",\"description\":\"\",\"potentialAction\":[{\"@type\":\"SearchAction\",\"target\":{\"@type\":\"EntryPoint\",\"urlTemplate\":\"https:\/\/www.ull.es\/portal\/agenda\/?s={search_term_string}\"},\"query-input\":\"required name=search_term_string\"}],\"inLanguage\":\"es\"}]}<\/script>\n<!-- \/ Yoast SEO plugin. -->","yoast_head_json":{"title":"Di\u00e1logo filos\u00f3fico y libertad acad\u00e9mica. La estela del disenso - ULL - Agenda","robots":{"index":"index","follow":"follow","max-snippet":"max-snippet:-1","max-image-preview":"max-image-preview:large","max-video-preview":"max-video-preview:-1"},"canonical":"https:\/\/www.ull.es\/portal\/agenda\/evento\/dialogo-filosofico-y-libertad-academica-la-estela-del-disenso\/","og_locale":"es_ES","og_type":"article","og_title":"Di\u00e1logo filos\u00f3fico y libertad acad\u00e9mica. La estela del disenso - ULL - Agenda","og_description":"La C\u00e1tedra Cultural Javier Muguerza inicia una nueva etapa invitando a reflexionar sobre la oscuridad de los tiempos presentes, y concretamente, en las amenazas y riesgos para la libertad de pensamiento en las universidades y en la esfera p\u00fablica. El punto de partida ser\u00e1 la apuesta de Javier Muguerza por el disenso y su significado...","og_url":"https:\/\/www.ull.es\/portal\/agenda\/evento\/dialogo-filosofico-y-libertad-academica-la-estela-del-disenso\/","og_site_name":"ULL - Agenda","article_modified_time":"2025-08-29T11:25:37+00:00","og_image":[{"width":1600,"height":900,"url":"https:\/\/www.ull.es\/portal\/agenda\/wp-content\/uploads\/sites\/12\/2025\/07\/Dialogo-filosofico-y-libertad-academica.-La-estela-del-disenso_v2.jpg","type":"image\/jpeg"}],"twitter_card":"summary_large_image","twitter_misc":{"Tiempo de lectura":"1 minuto"},"schema":{"@context":"https:\/\/schema.org","@graph":[{"@type":"WebPage","@id":"https:\/\/www.ull.es\/portal\/agenda\/evento\/dialogo-filosofico-y-libertad-academica-la-estela-del-disenso\/","url":"https:\/\/www.ull.es\/portal\/agenda\/evento\/dialogo-filosofico-y-libertad-academica-la-estela-del-disenso\/","name":"Di\u00e1logo filos\u00f3fico y libertad acad\u00e9mica. La estela del disenso - ULL - Agenda","isPartOf":{"@id":"https:\/\/www.ull.es\/portal\/agenda\/#website"},"datePublished":"2025-07-29T13:14:22+00:00","dateModified":"2025-08-29T11:25:37+00:00","breadcrumb":{"@id":"https:\/\/www.ull.es\/portal\/agenda\/evento\/dialogo-filosofico-y-libertad-academica-la-estela-del-disenso\/#breadcrumb"},"inLanguage":"es","potentialAction":[{"@type":"ReadAction","target":["https:\/\/www.ull.es\/portal\/agenda\/evento\/dialogo-filosofico-y-libertad-academica-la-estela-del-disenso\/"]}]},{"@type":"BreadcrumbList","@id":"https:\/\/www.ull.es\/portal\/agenda\/evento\/dialogo-filosofico-y-libertad-academica-la-estela-del-disenso\/#breadcrumb","itemListElement":[{"@type":"ListItem","position":1,"name":"Portada","item":"https:\/\/www.ull.es\/portal\/agenda\/"},{"@type":"ListItem","position":2,"name":"Di\u00e1logo filos\u00f3fico y libertad acad\u00e9mica. La estela del disenso"}]},{"@type":"WebSite","@id":"https:\/\/www.ull.es\/portal\/agenda\/#website","url":"https:\/\/www.ull.es\/portal\/agenda\/","name":"ULL - Agenda","description":"","potentialAction":[{"@type":"SearchAction","target":{"@type":"EntryPoint","urlTemplate":"https:\/\/www.ull.es\/portal\/agenda\/?s={search_term_string}"},"query-input":"required name=search_term_string"}],"inLanguage":"es"}]}},"_links":{"self":[{"href":"https:\/\/www.ull.es\/portal\/agenda\/wp-json\/wp\/v2\/tribe_events\/43720"}],"collection":[{"href":"https:\/\/www.ull.es\/portal\/agenda\/wp-json\/wp\/v2\/tribe_events"}],"about":[{"href":"https:\/\/www.ull.es\/portal\/agenda\/wp-json\/wp\/v2\/types\/tribe_events"}],"author":[{"embeddable":true,"href":"https:\/\/www.ull.es\/portal\/agenda\/wp-json\/wp\/v2\/users\/65"}],"replies":[{"embeddable":true,"href":"https:\/\/www.ull.es\/portal\/agenda\/wp-json\/wp\/v2\/comments?post=43720"}],"version-history":[{"count":4,"href":"https:\/\/www.ull.es\/portal\/agenda\/wp-json\/wp\/v2\/tribe_events\/43720\/revisions"}],"predecessor-version":[{"id":43773,"href":"https:\/\/www.ull.es\/portal\/agenda\/wp-json\/wp\/v2\/tribe_events\/43720\/revisions\/43773"}],"wp:featuredmedia":[{"embeddable":true,"href":"https:\/\/www.ull.es\/portal\/agenda\/wp-json\/wp\/v2\/media\/43772"}],"wp:attachment":[{"href":"https:\/\/www.ull.es\/portal\/agenda\/wp-json\/wp\/v2\/media?parent=43720"}],"wp:term":[{"taxonomy":"post_tag","embeddable":true,"href":"https:\/\/www.ull.es\/portal\/agenda\/wp-json\/wp\/v2\/tags?post=43720"},{"taxonomy":"tribe_events_cat","embeddable":true,"href":"https:\/\/www.ull.es\/portal\/agenda\/wp-json\/wp\/v2\/tribe_events_cat?post=43720"}],"curies":[{"name":"wp","href":"https:\/\/api.w.org\/{rel}","templated":true}]}}