{"id":43862,"date":"2025-09-08T10:58:58","date_gmt":"2025-09-08T10:58:58","guid":{"rendered":"https:\/\/www.ull.es\/portal\/agenda\/?post_type=tribe_events&#038;p=43862"},"modified":"2025-09-08T11:00:53","modified_gmt":"2025-09-08T11:00:53","slug":"espada-arco-flecha-y-punal-ontologias-feministas-para-nuevos-imaginarios","status":"publish","type":"tribe_events","link":"https:\/\/www.ull.es\/portal\/agenda\/evento\/espada-arco-flecha-y-punal-ontologias-feministas-para-nuevos-imaginarios\/","title":{"rendered":"Espada, arco, flecha y pu\u00f1al. Ontolog\u00edas feministas para nuevos imaginarios"},"content":{"rendered":"<p>El Aula Cultural de Pensamiento Art\u00edstico Contempor\u00e1neo, con la colaboraci\u00f3n del Cabildo Insular de Tenerife, organiza este seminario que se celebrar\u00e1 en la Facultad de Bellas Artes los d\u00edas 16 y 17 de septiembre de 2025 de 17:00 a 19:00 horas.<\/p>\n<p>El seminario propone un espacio horizontal de reflexi\u00f3n e imaginaci\u00f3n cr\u00edtica en torno a la construcci\u00f3n, persistencia y mutabilidad de los arquetipos femeninos en nuestra cultura visual, prestando especial atenci\u00f3n a su devenir post-digital desde una perspectiva queer, ciberfeminista e interseccional. Esta iniciativa est\u00e1 orientada a ofrecer herramientas conceptuales, referenciales y metodol\u00f3gicas para la investigaci\u00f3n art\u00edstica transdisciplinar de fen\u00f3menos y est\u00e9ticas contempor\u00e1neas como el radical cuteness, el feminine rage, el traumacore o las producciones manga-anime, contribuyendo a insertar estas discusiones dentro del \u00e1mbito acad\u00e9mico.<\/p>\n<p>Dirigido al estudiantado de la Universidad de La Laguna y sus docentes e investigadores, as\u00ed como a las y los profesionales en activo en el campo del arte contempor\u00e1neo y a todo el p\u00fablico interesado en los nuevos espacios abiertos a la producci\u00f3n art\u00edstica y cultural.<\/p>\n<p>Direcci\u00f3n acad\u00e9mica: Daniel Villegas Gonz\u00e1lez. Profesor Ayudante Doctor, Departamento de Bellas Artes de la Universidad de La Laguna.<\/p>\n<p><strong>CERTIFICADO DE ASISTENCIA Y APTITUD:\u00a0<\/strong>La Universidad de La Laguna, a trav\u00e9s del Vicerrectorado de Cultura y Extensi\u00f3n Universitaria, emitir\u00e1 un certificado de asistencia a todas aquellas personas que participen, previa inscripci\u00f3n en la actividad. Adem\u00e1s, aquellas personas que superen la evaluaci\u00f3n, recibir\u00e1n un certificado de asistencia y aprovechamiento.<\/p>\n<p>Asistencia gratuita previa inscripci\u00f3n.\u00a0<a href=\"https:\/\/sede.fg.ull.es\/es\/curso\/detalle?code=a25020218&amp;name=espada-arco-flecha-y-pu-al-ontologias-feministas-para-nuevos-imaginarios&amp;query=%3Fcode%3DA25020218\" target=\"_blank\" rel=\"noopener\" target=\"_blank\" rel=\"noopener\"><strong><u>M\u00e1s informaci\u00f3n e inscripci\u00f3n aqu\u00ed.<\/u><\/strong><\/a><\/p>\n<p><strong>Contacto:\u00a0<\/strong><a href=\"mailto:extuni@ull.edu.es\" target=\"_blank\" rel=\"noopener\" target=\"_blank\" rel=\"noopener\"><strong>extuni@ull.es<\/strong><\/a><\/p>\n","protected":false},"excerpt":{"rendered":"<p>El Aula Cultural de Pensamiento Art\u00edstico Contempor\u00e1neo, con la colaboraci\u00f3n del Cabildo Insular de Tenerife, organiza este seminario que se celebrar\u00e1 en la Facultad de Bellas Artes los d\u00edas 16 y 17 de septiembre de 2025 de 17:00 a 19:00 horas. El seminario propone un espacio horizontal de reflexi\u00f3n e imaginaci\u00f3n cr\u00edtica en torno a&#8230;<\/p>\n","protected":false},"author":43,"featured_media":43863,"comment_status":"closed","ping_status":"closed","template":"","tags":[4259,4789,977,3812,3751,4165],"tribe_events_cat":[472,471,4,186],"acf":[],"yoast_head":"<!-- This site is optimized with the Yoast SEO plugin v21.3 - https:\/\/yoast.com\/wordpress\/plugins\/seo\/ -->\n<title>Espada, arco, flecha y pu\u00f1al. Ontolog\u00edas feministas para nuevos imaginarios - ULL - Agenda<\/title>\n<meta name=\"robots\" content=\"index, follow, max-snippet:-1, max-image-preview:large, max-video-preview:-1\" \/>\n<link rel=\"canonical\" href=\"https:\/\/www.ull.es\/portal\/agenda\/evento\/espada-arco-flecha-y-punal-ontologias-feministas-para-nuevos-imaginarios\/\" \/>\n<meta property=\"og:locale\" content=\"es_ES\" \/>\n<meta property=\"og:type\" content=\"article\" \/>\n<meta property=\"og:title\" content=\"Espada, arco, flecha y pu\u00f1al. Ontolog\u00edas feministas para nuevos imaginarios - ULL - Agenda\" \/>\n<meta property=\"og:description\" content=\"El Aula Cultural de Pensamiento Art\u00edstico Contempor\u00e1neo, con la colaboraci\u00f3n del Cabildo Insular de Tenerife, organiza este seminario que se celebrar\u00e1 en la Facultad de Bellas Artes los d\u00edas 16 y 17 de septiembre de 2025 de 17:00 a 19:00 horas. El seminario propone un espacio horizontal de reflexi\u00f3n e imaginaci\u00f3n cr\u00edtica en torno a...\" \/>\n<meta property=\"og:url\" content=\"https:\/\/www.ull.es\/portal\/agenda\/evento\/espada-arco-flecha-y-punal-ontologias-feministas-para-nuevos-imaginarios\/\" \/>\n<meta property=\"og:site_name\" content=\"ULL - Agenda\" \/>\n<meta property=\"article:modified_time\" content=\"2025-09-08T11:00:53+00:00\" \/>\n<meta property=\"og:image\" content=\"https:\/\/www.ull.es\/portal\/agenda\/wp-content\/uploads\/sites\/12\/2025\/09\/BannerEspada.jpg\" \/>\n\t<meta property=\"og:image:width\" content=\"750\" \/>\n\t<meta property=\"og:image:height\" content=\"370\" \/>\n\t<meta property=\"og:image:type\" content=\"image\/jpeg\" \/>\n<meta name=\"twitter:card\" content=\"summary_large_image\" \/>\n<meta name=\"twitter:label1\" content=\"Tiempo de lectura\" \/>\n\t<meta name=\"twitter:data1\" content=\"2 minutos\" \/>\n<script type=\"application\/ld+json\" class=\"yoast-schema-graph\">{\"@context\":\"https:\/\/schema.org\",\"@graph\":[{\"@type\":\"WebPage\",\"@id\":\"https:\/\/www.ull.es\/portal\/agenda\/evento\/espada-arco-flecha-y-punal-ontologias-feministas-para-nuevos-imaginarios\/\",\"url\":\"https:\/\/www.ull.es\/portal\/agenda\/evento\/espada-arco-flecha-y-punal-ontologias-feministas-para-nuevos-imaginarios\/\",\"name\":\"Espada, arco, flecha y pu\u00f1al. Ontolog\u00edas feministas para nuevos imaginarios - ULL - Agenda\",\"isPartOf\":{\"@id\":\"https:\/\/www.ull.es\/portal\/agenda\/#website\"},\"datePublished\":\"2025-09-08T10:58:58+00:00\",\"dateModified\":\"2025-09-08T11:00:53+00:00\",\"breadcrumb\":{\"@id\":\"https:\/\/www.ull.es\/portal\/agenda\/evento\/espada-arco-flecha-y-punal-ontologias-feministas-para-nuevos-imaginarios\/#breadcrumb\"},\"inLanguage\":\"es\",\"potentialAction\":[{\"@type\":\"ReadAction\",\"target\":[\"https:\/\/www.ull.es\/portal\/agenda\/evento\/espada-arco-flecha-y-punal-ontologias-feministas-para-nuevos-imaginarios\/\"]}]},{\"@type\":\"BreadcrumbList\",\"@id\":\"https:\/\/www.ull.es\/portal\/agenda\/evento\/espada-arco-flecha-y-punal-ontologias-feministas-para-nuevos-imaginarios\/#breadcrumb\",\"itemListElement\":[{\"@type\":\"ListItem\",\"position\":1,\"name\":\"Portada\",\"item\":\"https:\/\/www.ull.es\/portal\/agenda\/\"},{\"@type\":\"ListItem\",\"position\":2,\"name\":\"Espada, arco, flecha y pu\u00f1al. Ontolog\u00edas feministas para nuevos imaginarios\"}]},{\"@type\":\"WebSite\",\"@id\":\"https:\/\/www.ull.es\/portal\/agenda\/#website\",\"url\":\"https:\/\/www.ull.es\/portal\/agenda\/\",\"name\":\"ULL - Agenda\",\"description\":\"\",\"potentialAction\":[{\"@type\":\"SearchAction\",\"target\":{\"@type\":\"EntryPoint\",\"urlTemplate\":\"https:\/\/www.ull.es\/portal\/agenda\/?s={search_term_string}\"},\"query-input\":\"required name=search_term_string\"}],\"inLanguage\":\"es\"}]}<\/script>\n<!-- \/ Yoast SEO plugin. -->","yoast_head_json":{"title":"Espada, arco, flecha y pu\u00f1al. Ontolog\u00edas feministas para nuevos imaginarios - ULL - Agenda","robots":{"index":"index","follow":"follow","max-snippet":"max-snippet:-1","max-image-preview":"max-image-preview:large","max-video-preview":"max-video-preview:-1"},"canonical":"https:\/\/www.ull.es\/portal\/agenda\/evento\/espada-arco-flecha-y-punal-ontologias-feministas-para-nuevos-imaginarios\/","og_locale":"es_ES","og_type":"article","og_title":"Espada, arco, flecha y pu\u00f1al. Ontolog\u00edas feministas para nuevos imaginarios - ULL - Agenda","og_description":"El Aula Cultural de Pensamiento Art\u00edstico Contempor\u00e1neo, con la colaboraci\u00f3n del Cabildo Insular de Tenerife, organiza este seminario que se celebrar\u00e1 en la Facultad de Bellas Artes los d\u00edas 16 y 17 de septiembre de 2025 de 17:00 a 19:00 horas. El seminario propone un espacio horizontal de reflexi\u00f3n e imaginaci\u00f3n cr\u00edtica en torno a...","og_url":"https:\/\/www.ull.es\/portal\/agenda\/evento\/espada-arco-flecha-y-punal-ontologias-feministas-para-nuevos-imaginarios\/","og_site_name":"ULL - Agenda","article_modified_time":"2025-09-08T11:00:53+00:00","og_image":[{"width":750,"height":370,"url":"https:\/\/www.ull.es\/portal\/agenda\/wp-content\/uploads\/sites\/12\/2025\/09\/BannerEspada.jpg","type":"image\/jpeg"}],"twitter_card":"summary_large_image","twitter_misc":{"Tiempo de lectura":"2 minutos"},"schema":{"@context":"https:\/\/schema.org","@graph":[{"@type":"WebPage","@id":"https:\/\/www.ull.es\/portal\/agenda\/evento\/espada-arco-flecha-y-punal-ontologias-feministas-para-nuevos-imaginarios\/","url":"https:\/\/www.ull.es\/portal\/agenda\/evento\/espada-arco-flecha-y-punal-ontologias-feministas-para-nuevos-imaginarios\/","name":"Espada, arco, flecha y pu\u00f1al. Ontolog\u00edas feministas para nuevos imaginarios - ULL - Agenda","isPartOf":{"@id":"https:\/\/www.ull.es\/portal\/agenda\/#website"},"datePublished":"2025-09-08T10:58:58+00:00","dateModified":"2025-09-08T11:00:53+00:00","breadcrumb":{"@id":"https:\/\/www.ull.es\/portal\/agenda\/evento\/espada-arco-flecha-y-punal-ontologias-feministas-para-nuevos-imaginarios\/#breadcrumb"},"inLanguage":"es","potentialAction":[{"@type":"ReadAction","target":["https:\/\/www.ull.es\/portal\/agenda\/evento\/espada-arco-flecha-y-punal-ontologias-feministas-para-nuevos-imaginarios\/"]}]},{"@type":"BreadcrumbList","@id":"https:\/\/www.ull.es\/portal\/agenda\/evento\/espada-arco-flecha-y-punal-ontologias-feministas-para-nuevos-imaginarios\/#breadcrumb","itemListElement":[{"@type":"ListItem","position":1,"name":"Portada","item":"https:\/\/www.ull.es\/portal\/agenda\/"},{"@type":"ListItem","position":2,"name":"Espada, arco, flecha y pu\u00f1al. Ontolog\u00edas feministas para nuevos imaginarios"}]},{"@type":"WebSite","@id":"https:\/\/www.ull.es\/portal\/agenda\/#website","url":"https:\/\/www.ull.es\/portal\/agenda\/","name":"ULL - Agenda","description":"","potentialAction":[{"@type":"SearchAction","target":{"@type":"EntryPoint","urlTemplate":"https:\/\/www.ull.es\/portal\/agenda\/?s={search_term_string}"},"query-input":"required name=search_term_string"}],"inLanguage":"es"}]}},"_links":{"self":[{"href":"https:\/\/www.ull.es\/portal\/agenda\/wp-json\/wp\/v2\/tribe_events\/43862"}],"collection":[{"href":"https:\/\/www.ull.es\/portal\/agenda\/wp-json\/wp\/v2\/tribe_events"}],"about":[{"href":"https:\/\/www.ull.es\/portal\/agenda\/wp-json\/wp\/v2\/types\/tribe_events"}],"author":[{"embeddable":true,"href":"https:\/\/www.ull.es\/portal\/agenda\/wp-json\/wp\/v2\/users\/43"}],"replies":[{"embeddable":true,"href":"https:\/\/www.ull.es\/portal\/agenda\/wp-json\/wp\/v2\/comments?post=43862"}],"version-history":[{"count":3,"href":"https:\/\/www.ull.es\/portal\/agenda\/wp-json\/wp\/v2\/tribe_events\/43862\/revisions"}],"predecessor-version":[{"id":43866,"href":"https:\/\/www.ull.es\/portal\/agenda\/wp-json\/wp\/v2\/tribe_events\/43862\/revisions\/43866"}],"wp:featuredmedia":[{"embeddable":true,"href":"https:\/\/www.ull.es\/portal\/agenda\/wp-json\/wp\/v2\/media\/43863"}],"wp:attachment":[{"href":"https:\/\/www.ull.es\/portal\/agenda\/wp-json\/wp\/v2\/media?parent=43862"}],"wp:term":[{"taxonomy":"post_tag","embeddable":true,"href":"https:\/\/www.ull.es\/portal\/agenda\/wp-json\/wp\/v2\/tags?post=43862"},{"taxonomy":"tribe_events_cat","embeddable":true,"href":"https:\/\/www.ull.es\/portal\/agenda\/wp-json\/wp\/v2\/tribe_events_cat?post=43862"}],"curies":[{"name":"wp","href":"https:\/\/api.w.org\/{rel}","templated":true}]}}