{"id":43877,"date":"2025-09-08T12:30:49","date_gmt":"2025-09-08T12:30:49","guid":{"rendered":"https:\/\/www.ull.es\/portal\/agenda\/?post_type=tribe_events&#038;p=43877"},"modified":"2025-09-19T07:39:13","modified_gmt":"2025-09-19T07:39:13","slug":"jornadas-la-tradicion-romanistica-en-los-paises-de-europa-del-este","status":"publish","type":"tribe_events","link":"https:\/\/www.ull.es\/portal\/agenda\/evento\/jornadas-la-tradicion-romanistica-en-los-paises-de-europa-del-este\/","title":{"rendered":"Jornadas: \u00abLa tradici\u00f3n roman\u00edstica en los pa\u00edses de Europa del Este\u00bb"},"content":{"rendered":"<p>Los pr\u00f3ximos d\u00edas 17, 18 y 19 de septiembre, tendr\u00e1n lugar en la Facultad de Derecho las Jornadas sobre \u00abLa tradici\u00f3n roman\u00edstica en los pa\u00edses de Europa del Este\u00bb, organizadas por el \u00c1rea de Derecho Romano, Departamento de Disciplinas Jur\u00eddicas B\u00e1sicas, en colaboraci\u00f3n con la Facultad de Derecho de la Universidad de la Laguna.<\/p>\n<p>Se contar\u00e1 con la participaci\u00f3n del Profesor invitado el Dr. D. Samir Alicic, miembro del Instituto cient\u00edfico de Derecho comparado de Belgrado y catedr\u00e1tico de la Universidad de Sarajevo, as\u00ed como del profesorado del \u00e1rea de Derecho Romano de la Facultad de Derecho.<\/p>\n<p>Dirigido por la Prof.\u00aa Dra. M\u00aa Etelvina de Las Casas Le\u00f3n y coordinado por la Prof.\u00aa Dra. D\u00f1a. Ver\u00f3nica D. D\u00edaz Sazo.<\/p>\n<p><a href=\"https:\/\/drive.google.com\/file\/d\/16YGhOL7Qss4jY4y78JayyhtsLahPOoNp\/view?usp=sharing\" target=\"_blank\" rel=\"noopener\" target=\"_blank\" rel=\"noopener\">Programa<\/a><\/p>\n","protected":false},"excerpt":{"rendered":"<p>Los pr\u00f3ximos d\u00edas 17, 18 y 19 de septiembre, tendr\u00e1n lugar en la Facultad de Derecho las Jornadas sobre \u00abLa tradici\u00f3n roman\u00edstica en los pa\u00edses de Europa del Este\u00bb, organizadas por el \u00c1rea de Derecho Romano, Departamento de Disciplinas Jur\u00eddicas B\u00e1sicas, en colaboraci\u00f3n con la Facultad de Derecho de la Universidad de la Laguna. Se&#8230;<\/p>\n","protected":false},"author":65,"featured_media":43969,"comment_status":"closed","ping_status":"closed","template":"","tags":[],"tribe_events_cat":[4,865],"acf":[],"yoast_head":"<!-- This site is optimized with the Yoast SEO plugin v21.3 - https:\/\/yoast.com\/wordpress\/plugins\/seo\/ -->\n<title>Jornadas: &quot;La tradici\u00f3n roman\u00edstica en los pa\u00edses de Europa del Este&quot; - ULL - Agenda<\/title>\n<meta name=\"robots\" content=\"index, follow, max-snippet:-1, max-image-preview:large, max-video-preview:-1\" \/>\n<link rel=\"canonical\" href=\"https:\/\/www.ull.es\/portal\/agenda\/evento\/jornadas-la-tradicion-romanistica-en-los-paises-de-europa-del-este\/\" \/>\n<meta property=\"og:locale\" content=\"es_ES\" \/>\n<meta property=\"og:type\" content=\"article\" \/>\n<meta property=\"og:title\" content=\"Jornadas: &quot;La tradici\u00f3n roman\u00edstica en los pa\u00edses de Europa del Este&quot; - ULL - Agenda\" \/>\n<meta property=\"og:description\" content=\"Los pr\u00f3ximos d\u00edas 17, 18 y 19 de septiembre, tendr\u00e1n lugar en la Facultad de Derecho las Jornadas sobre \u00abLa tradici\u00f3n roman\u00edstica en los pa\u00edses de Europa del Este\u00bb, organizadas por el \u00c1rea de Derecho Romano, Departamento de Disciplinas Jur\u00eddicas B\u00e1sicas, en colaboraci\u00f3n con la Facultad de Derecho de la Universidad de la Laguna. Se...\" \/>\n<meta property=\"og:url\" content=\"https:\/\/www.ull.es\/portal\/agenda\/evento\/jornadas-la-tradicion-romanistica-en-los-paises-de-europa-del-este\/\" \/>\n<meta property=\"og:site_name\" content=\"ULL - Agenda\" \/>\n<meta property=\"article:modified_time\" content=\"2025-09-19T07:39:13+00:00\" \/>\n<meta property=\"og:image\" content=\"https:\/\/www.ull.es\/portal\/agenda\/wp-content\/uploads\/sites\/12\/2025\/09\/Jornadas-La-Tradicion-Romanistica-en-los-paises-de-Europa-del-Este_Banner-evento.jpg\" \/>\n\t<meta property=\"og:image:width\" content=\"750\" \/>\n\t<meta property=\"og:image:height\" content=\"370\" \/>\n\t<meta property=\"og:image:type\" content=\"image\/jpeg\" \/>\n<meta name=\"twitter:card\" content=\"summary_large_image\" \/>\n<meta name=\"twitter:label1\" content=\"Tiempo de lectura\" \/>\n\t<meta name=\"twitter:data1\" content=\"1 minuto\" \/>\n<script type=\"application\/ld+json\" class=\"yoast-schema-graph\">{\"@context\":\"https:\/\/schema.org\",\"@graph\":[{\"@type\":\"WebPage\",\"@id\":\"https:\/\/www.ull.es\/portal\/agenda\/evento\/jornadas-la-tradicion-romanistica-en-los-paises-de-europa-del-este\/\",\"url\":\"https:\/\/www.ull.es\/portal\/agenda\/evento\/jornadas-la-tradicion-romanistica-en-los-paises-de-europa-del-este\/\",\"name\":\"Jornadas: \\\"La tradici\u00f3n roman\u00edstica en los pa\u00edses de Europa del Este\\\" - ULL - Agenda\",\"isPartOf\":{\"@id\":\"https:\/\/www.ull.es\/portal\/agenda\/#website\"},\"datePublished\":\"2025-09-08T12:30:49+00:00\",\"dateModified\":\"2025-09-19T07:39:13+00:00\",\"breadcrumb\":{\"@id\":\"https:\/\/www.ull.es\/portal\/agenda\/evento\/jornadas-la-tradicion-romanistica-en-los-paises-de-europa-del-este\/#breadcrumb\"},\"inLanguage\":\"es\",\"potentialAction\":[{\"@type\":\"ReadAction\",\"target\":[\"https:\/\/www.ull.es\/portal\/agenda\/evento\/jornadas-la-tradicion-romanistica-en-los-paises-de-europa-del-este\/\"]}]},{\"@type\":\"BreadcrumbList\",\"@id\":\"https:\/\/www.ull.es\/portal\/agenda\/evento\/jornadas-la-tradicion-romanistica-en-los-paises-de-europa-del-este\/#breadcrumb\",\"itemListElement\":[{\"@type\":\"ListItem\",\"position\":1,\"name\":\"Portada\",\"item\":\"https:\/\/www.ull.es\/portal\/agenda\/\"},{\"@type\":\"ListItem\",\"position\":2,\"name\":\"Jornadas: \u00abLa tradici\u00f3n roman\u00edstica en los pa\u00edses de Europa del Este\u00bb\"}]},{\"@type\":\"WebSite\",\"@id\":\"https:\/\/www.ull.es\/portal\/agenda\/#website\",\"url\":\"https:\/\/www.ull.es\/portal\/agenda\/\",\"name\":\"ULL - Agenda\",\"description\":\"\",\"potentialAction\":[{\"@type\":\"SearchAction\",\"target\":{\"@type\":\"EntryPoint\",\"urlTemplate\":\"https:\/\/www.ull.es\/portal\/agenda\/?s={search_term_string}\"},\"query-input\":\"required name=search_term_string\"}],\"inLanguage\":\"es\"}]}<\/script>\n<!-- \/ Yoast SEO plugin. -->","yoast_head_json":{"title":"Jornadas: \"La tradici\u00f3n roman\u00edstica en los pa\u00edses de Europa del Este\" - ULL - Agenda","robots":{"index":"index","follow":"follow","max-snippet":"max-snippet:-1","max-image-preview":"max-image-preview:large","max-video-preview":"max-video-preview:-1"},"canonical":"https:\/\/www.ull.es\/portal\/agenda\/evento\/jornadas-la-tradicion-romanistica-en-los-paises-de-europa-del-este\/","og_locale":"es_ES","og_type":"article","og_title":"Jornadas: \"La tradici\u00f3n roman\u00edstica en los pa\u00edses de Europa del Este\" - ULL - Agenda","og_description":"Los pr\u00f3ximos d\u00edas 17, 18 y 19 de septiembre, tendr\u00e1n lugar en la Facultad de Derecho las Jornadas sobre \u00abLa tradici\u00f3n roman\u00edstica en los pa\u00edses de Europa del Este\u00bb, organizadas por el \u00c1rea de Derecho Romano, Departamento de Disciplinas Jur\u00eddicas B\u00e1sicas, en colaboraci\u00f3n con la Facultad de Derecho de la Universidad de la Laguna. Se...","og_url":"https:\/\/www.ull.es\/portal\/agenda\/evento\/jornadas-la-tradicion-romanistica-en-los-paises-de-europa-del-este\/","og_site_name":"ULL - Agenda","article_modified_time":"2025-09-19T07:39:13+00:00","og_image":[{"width":750,"height":370,"url":"https:\/\/www.ull.es\/portal\/agenda\/wp-content\/uploads\/sites\/12\/2025\/09\/Jornadas-La-Tradicion-Romanistica-en-los-paises-de-Europa-del-Este_Banner-evento.jpg","type":"image\/jpeg"}],"twitter_card":"summary_large_image","twitter_misc":{"Tiempo de lectura":"1 minuto"},"schema":{"@context":"https:\/\/schema.org","@graph":[{"@type":"WebPage","@id":"https:\/\/www.ull.es\/portal\/agenda\/evento\/jornadas-la-tradicion-romanistica-en-los-paises-de-europa-del-este\/","url":"https:\/\/www.ull.es\/portal\/agenda\/evento\/jornadas-la-tradicion-romanistica-en-los-paises-de-europa-del-este\/","name":"Jornadas: \"La tradici\u00f3n roman\u00edstica en los pa\u00edses de Europa del Este\" - ULL - Agenda","isPartOf":{"@id":"https:\/\/www.ull.es\/portal\/agenda\/#website"},"datePublished":"2025-09-08T12:30:49+00:00","dateModified":"2025-09-19T07:39:13+00:00","breadcrumb":{"@id":"https:\/\/www.ull.es\/portal\/agenda\/evento\/jornadas-la-tradicion-romanistica-en-los-paises-de-europa-del-este\/#breadcrumb"},"inLanguage":"es","potentialAction":[{"@type":"ReadAction","target":["https:\/\/www.ull.es\/portal\/agenda\/evento\/jornadas-la-tradicion-romanistica-en-los-paises-de-europa-del-este\/"]}]},{"@type":"BreadcrumbList","@id":"https:\/\/www.ull.es\/portal\/agenda\/evento\/jornadas-la-tradicion-romanistica-en-los-paises-de-europa-del-este\/#breadcrumb","itemListElement":[{"@type":"ListItem","position":1,"name":"Portada","item":"https:\/\/www.ull.es\/portal\/agenda\/"},{"@type":"ListItem","position":2,"name":"Jornadas: \u00abLa tradici\u00f3n roman\u00edstica en los pa\u00edses de Europa del Este\u00bb"}]},{"@type":"WebSite","@id":"https:\/\/www.ull.es\/portal\/agenda\/#website","url":"https:\/\/www.ull.es\/portal\/agenda\/","name":"ULL - Agenda","description":"","potentialAction":[{"@type":"SearchAction","target":{"@type":"EntryPoint","urlTemplate":"https:\/\/www.ull.es\/portal\/agenda\/?s={search_term_string}"},"query-input":"required name=search_term_string"}],"inLanguage":"es"}]}},"_links":{"self":[{"href":"https:\/\/www.ull.es\/portal\/agenda\/wp-json\/wp\/v2\/tribe_events\/43877"}],"collection":[{"href":"https:\/\/www.ull.es\/portal\/agenda\/wp-json\/wp\/v2\/tribe_events"}],"about":[{"href":"https:\/\/www.ull.es\/portal\/agenda\/wp-json\/wp\/v2\/types\/tribe_events"}],"author":[{"embeddable":true,"href":"https:\/\/www.ull.es\/portal\/agenda\/wp-json\/wp\/v2\/users\/65"}],"replies":[{"embeddable":true,"href":"https:\/\/www.ull.es\/portal\/agenda\/wp-json\/wp\/v2\/comments?post=43877"}],"version-history":[{"count":2,"href":"https:\/\/www.ull.es\/portal\/agenda\/wp-json\/wp\/v2\/tribe_events\/43877\/revisions"}],"predecessor-version":[{"id":43975,"href":"https:\/\/www.ull.es\/portal\/agenda\/wp-json\/wp\/v2\/tribe_events\/43877\/revisions\/43975"}],"wp:featuredmedia":[{"embeddable":true,"href":"https:\/\/www.ull.es\/portal\/agenda\/wp-json\/wp\/v2\/media\/43969"}],"wp:attachment":[{"href":"https:\/\/www.ull.es\/portal\/agenda\/wp-json\/wp\/v2\/media?parent=43877"}],"wp:term":[{"taxonomy":"post_tag","embeddable":true,"href":"https:\/\/www.ull.es\/portal\/agenda\/wp-json\/wp\/v2\/tags?post=43877"},{"taxonomy":"tribe_events_cat","embeddable":true,"href":"https:\/\/www.ull.es\/portal\/agenda\/wp-json\/wp\/v2\/tribe_events_cat?post=43877"}],"curies":[{"name":"wp","href":"https:\/\/api.w.org\/{rel}","templated":true}]}}