{"id":43896,"date":"2025-09-09T09:22:27","date_gmt":"2025-09-09T09:22:27","guid":{"rendered":"https:\/\/www.ull.es\/portal\/agenda\/?post_type=tribe_events&#038;p=43896"},"modified":"2025-09-09T09:27:19","modified_gmt":"2025-09-09T09:27:19","slug":"todo-lo-demas","status":"publish","type":"tribe_events","link":"https:\/\/www.ull.es\/portal\/agenda\/evento\/todo-lo-demas\/","title":{"rendered":"Todo lo dem\u00e1s"},"content":{"rendered":"<p>A finales de los 90 se puso de moda el concepto de \u201cinvestigaci\u00f3n art\u00edstica\u201d. El motivo no era excesivamente digno de consideraci\u00f3n: tras los acuerdos de Bolonia, las escuelas de arte europeas se vieron obligadas a integrarse en la Universidad y, con ello, su profesorado a evaluarse seg\u00fan protocolos acad\u00e9micos que les resultaban extra\u00f1os. Con no poca manga ancha, se asumieron los mecanismos de transferencia habituales en el mundo de las artes y, firmada la \u201cpax acad\u00e9mica\u201d, el inter\u00e9s por el concepto desapareci\u00f3 con la misma rapidez con la que hab\u00eda surgido. Y, con \u00e9l, un buen n\u00famero de interesantes cuestiones sobre la dimensi\u00f3n gnoseol\u00f3gica del arte, que se zanjaron con el acuerdo t\u00e1cito \u2013no solo excesivo sino, sobre todo, intelectualmente improductivo\u2013 de que toda pr\u00e1ctica art\u00edstica deb\u00eda ser considera como investigaci\u00f3n.<\/p>\n<p>En la \u00faltima d\u00e9cada, el giro afectivo y el materialismo especulativo han roto el consenso posmoderno, vigente desde al menos los a\u00f1os 70, sobre la naturaleza ling\u00fc\u00edstica de la realidad y, en concreto, sobre el car\u00e1cter conceptual del arte. Hoy se reclama desde diversos \u00e1mbitos un retorno de la ontolog\u00eda orientada a los objetos art\u00edsticos que llega a considera cualquier preocupaci\u00f3n de orden epistemol\u00f3gico sobre las artes como otro ejemplo m\u00e1s del supremacismo humanista. En este contexto, que no solo le niega al arte cualquier relaci\u00f3n con el conocimiento sino que le conmina a resistirse al mismo, nos parece que el inter\u00e9s por lo que pueda considerarse investigaci\u00f3n art\u00edstica o, m\u00e1s sencillamente, sobre el papel del arte en el contexto de la Universidad, adquiere una dimensi\u00f3n que nos atrever\u00edamos a calificar de program\u00e1tica.<\/p>\n<p>Desde esa convicci\u00f3n, con <em>Todo lo dem\u00e1s<\/em> pretendemos replantear estos problemas de la forma que creemos que nos es propia: mediante una exposici\u00f3n \u201cde tesis\u201d que, a su vez, se plantea como proyecto de investigaci\u00f3n que se expondr\u00e1 durante su desarrollo y aspira a tener continuidad en el tiempo y en el espacio.<\/p>\n<p>Direcci\u00f3n acad\u00e9mica: Ram\u00f3n Salas Lamamie de Clairac. Profesor Titular de Universidad, Departamento de Bellas Artes de la Universidad de La Laguna.<\/p>\n<p>CERTIFICADO DE ASISTENCIA: La Universidad de La Laguna, a trav\u00e9s del Vicerrectorado de Cultura y Extensi\u00f3n Universitaria, emitir\u00e1 un certificado de asistencia a todas aquellas personas que participen en la totalidad de las horas lectivas, previa inscripci\u00f3n en la actividad.<\/p>\n<p>Asistencia gratuita previa inscripci\u00f3n.\u00a0<a href=\"https:\/\/sede.fg.ull.es\/es\/curso\/detalle?code=a25020222&amp;name=todo-lo-demas&amp;query=%3Fcode%3DA25020222\" target=\"_blank\" rel=\"noopener\" target=\"_blank\" rel=\"noopener\"><strong><u>M\u00e1s informaci\u00f3n e inscripci\u00f3n aqu\u00ed.<\/u><\/strong><\/a><\/p>\n<p><strong>Contacto:\u00a0<\/strong><a href=\"mailto:extuni@ull.edu.es\" target=\"_blank\" rel=\"noopener\" target=\"_blank\" rel=\"noopener\"><strong>extuni@ull.es<\/strong><\/a><\/p>\n<p>Organiza: Aula Cultural de Pensamiento Art\u00edstico Contempor\u00e1neo.<\/p>\n<p>Colabora: Cabildo Insular de Tenerife.<\/p>\n","protected":false},"excerpt":{"rendered":"<p>A finales de los 90 se puso de moda el concepto de \u201cinvestigaci\u00f3n art\u00edstica\u201d. El motivo no era excesivamente digno de consideraci\u00f3n: tras los acuerdos de Bolonia, las escuelas de arte europeas se vieron obligadas a integrarse en la Universidad y, con ello, su profesorado a evaluarse seg\u00fan protocolos acad\u00e9micos que les resultaban extra\u00f1os. Con&#8230;<\/p>\n","protected":false},"author":43,"featured_media":43898,"comment_status":"closed","ping_status":"closed","template":"","tags":[4259,977,3812,3751],"tribe_events_cat":[472,471,4,186],"acf":[],"yoast_head":"<!-- This site is optimized with the Yoast SEO plugin v21.3 - https:\/\/yoast.com\/wordpress\/plugins\/seo\/ -->\n<title>Todo lo dem\u00e1s - ULL - Agenda<\/title>\n<meta name=\"robots\" content=\"index, follow, max-snippet:-1, max-image-preview:large, max-video-preview:-1\" \/>\n<link rel=\"canonical\" href=\"https:\/\/www.ull.es\/portal\/agenda\/evento\/todo-lo-demas\/\" \/>\n<meta property=\"og:locale\" content=\"es_ES\" \/>\n<meta property=\"og:type\" content=\"article\" \/>\n<meta property=\"og:title\" content=\"Todo lo dem\u00e1s - ULL - Agenda\" \/>\n<meta property=\"og:description\" content=\"A finales de los 90 se puso de moda el concepto de \u201cinvestigaci\u00f3n art\u00edstica\u201d. El motivo no era excesivamente digno de consideraci\u00f3n: tras los acuerdos de Bolonia, las escuelas de arte europeas se vieron obligadas a integrarse en la Universidad y, con ello, su profesorado a evaluarse seg\u00fan protocolos acad\u00e9micos que les resultaban extra\u00f1os. Con...\" \/>\n<meta property=\"og:url\" content=\"https:\/\/www.ull.es\/portal\/agenda\/evento\/todo-lo-demas\/\" \/>\n<meta property=\"og:site_name\" content=\"ULL - Agenda\" \/>\n<meta property=\"article:modified_time\" content=\"2025-09-09T09:27:19+00:00\" \/>\n<meta property=\"og:image\" content=\"https:\/\/www.ull.es\/portal\/agenda\/wp-content\/uploads\/sites\/12\/2025\/09\/BannerTodoloDemas.png\" \/>\n\t<meta property=\"og:image:width\" content=\"750\" \/>\n\t<meta property=\"og:image:height\" content=\"370\" \/>\n\t<meta property=\"og:image:type\" content=\"image\/png\" \/>\n<meta name=\"twitter:card\" content=\"summary_large_image\" \/>\n<meta name=\"twitter:label1\" content=\"Tiempo de lectura\" \/>\n\t<meta name=\"twitter:data1\" content=\"2 minutos\" \/>\n<script type=\"application\/ld+json\" class=\"yoast-schema-graph\">{\"@context\":\"https:\/\/schema.org\",\"@graph\":[{\"@type\":\"WebPage\",\"@id\":\"https:\/\/www.ull.es\/portal\/agenda\/evento\/todo-lo-demas\/\",\"url\":\"https:\/\/www.ull.es\/portal\/agenda\/evento\/todo-lo-demas\/\",\"name\":\"Todo lo dem\u00e1s - ULL - Agenda\",\"isPartOf\":{\"@id\":\"https:\/\/www.ull.es\/portal\/agenda\/#website\"},\"datePublished\":\"2025-09-09T09:22:27+00:00\",\"dateModified\":\"2025-09-09T09:27:19+00:00\",\"breadcrumb\":{\"@id\":\"https:\/\/www.ull.es\/portal\/agenda\/evento\/todo-lo-demas\/#breadcrumb\"},\"inLanguage\":\"es\",\"potentialAction\":[{\"@type\":\"ReadAction\",\"target\":[\"https:\/\/www.ull.es\/portal\/agenda\/evento\/todo-lo-demas\/\"]}]},{\"@type\":\"BreadcrumbList\",\"@id\":\"https:\/\/www.ull.es\/portal\/agenda\/evento\/todo-lo-demas\/#breadcrumb\",\"itemListElement\":[{\"@type\":\"ListItem\",\"position\":1,\"name\":\"Portada\",\"item\":\"https:\/\/www.ull.es\/portal\/agenda\/\"},{\"@type\":\"ListItem\",\"position\":2,\"name\":\"Todo lo dem\u00e1s\"}]},{\"@type\":\"WebSite\",\"@id\":\"https:\/\/www.ull.es\/portal\/agenda\/#website\",\"url\":\"https:\/\/www.ull.es\/portal\/agenda\/\",\"name\":\"ULL - Agenda\",\"description\":\"\",\"potentialAction\":[{\"@type\":\"SearchAction\",\"target\":{\"@type\":\"EntryPoint\",\"urlTemplate\":\"https:\/\/www.ull.es\/portal\/agenda\/?s={search_term_string}\"},\"query-input\":\"required name=search_term_string\"}],\"inLanguage\":\"es\"}]}<\/script>\n<!-- \/ Yoast SEO plugin. -->","yoast_head_json":{"title":"Todo lo dem\u00e1s - ULL - Agenda","robots":{"index":"index","follow":"follow","max-snippet":"max-snippet:-1","max-image-preview":"max-image-preview:large","max-video-preview":"max-video-preview:-1"},"canonical":"https:\/\/www.ull.es\/portal\/agenda\/evento\/todo-lo-demas\/","og_locale":"es_ES","og_type":"article","og_title":"Todo lo dem\u00e1s - ULL - Agenda","og_description":"A finales de los 90 se puso de moda el concepto de \u201cinvestigaci\u00f3n art\u00edstica\u201d. El motivo no era excesivamente digno de consideraci\u00f3n: tras los acuerdos de Bolonia, las escuelas de arte europeas se vieron obligadas a integrarse en la Universidad y, con ello, su profesorado a evaluarse seg\u00fan protocolos acad\u00e9micos que les resultaban extra\u00f1os. Con...","og_url":"https:\/\/www.ull.es\/portal\/agenda\/evento\/todo-lo-demas\/","og_site_name":"ULL - Agenda","article_modified_time":"2025-09-09T09:27:19+00:00","og_image":[{"width":750,"height":370,"url":"https:\/\/www.ull.es\/portal\/agenda\/wp-content\/uploads\/sites\/12\/2025\/09\/BannerTodoloDemas.png","type":"image\/png"}],"twitter_card":"summary_large_image","twitter_misc":{"Tiempo de lectura":"2 minutos"},"schema":{"@context":"https:\/\/schema.org","@graph":[{"@type":"WebPage","@id":"https:\/\/www.ull.es\/portal\/agenda\/evento\/todo-lo-demas\/","url":"https:\/\/www.ull.es\/portal\/agenda\/evento\/todo-lo-demas\/","name":"Todo lo dem\u00e1s - ULL - Agenda","isPartOf":{"@id":"https:\/\/www.ull.es\/portal\/agenda\/#website"},"datePublished":"2025-09-09T09:22:27+00:00","dateModified":"2025-09-09T09:27:19+00:00","breadcrumb":{"@id":"https:\/\/www.ull.es\/portal\/agenda\/evento\/todo-lo-demas\/#breadcrumb"},"inLanguage":"es","potentialAction":[{"@type":"ReadAction","target":["https:\/\/www.ull.es\/portal\/agenda\/evento\/todo-lo-demas\/"]}]},{"@type":"BreadcrumbList","@id":"https:\/\/www.ull.es\/portal\/agenda\/evento\/todo-lo-demas\/#breadcrumb","itemListElement":[{"@type":"ListItem","position":1,"name":"Portada","item":"https:\/\/www.ull.es\/portal\/agenda\/"},{"@type":"ListItem","position":2,"name":"Todo lo dem\u00e1s"}]},{"@type":"WebSite","@id":"https:\/\/www.ull.es\/portal\/agenda\/#website","url":"https:\/\/www.ull.es\/portal\/agenda\/","name":"ULL - Agenda","description":"","potentialAction":[{"@type":"SearchAction","target":{"@type":"EntryPoint","urlTemplate":"https:\/\/www.ull.es\/portal\/agenda\/?s={search_term_string}"},"query-input":"required name=search_term_string"}],"inLanguage":"es"}]}},"_links":{"self":[{"href":"https:\/\/www.ull.es\/portal\/agenda\/wp-json\/wp\/v2\/tribe_events\/43896"}],"collection":[{"href":"https:\/\/www.ull.es\/portal\/agenda\/wp-json\/wp\/v2\/tribe_events"}],"about":[{"href":"https:\/\/www.ull.es\/portal\/agenda\/wp-json\/wp\/v2\/types\/tribe_events"}],"author":[{"embeddable":true,"href":"https:\/\/www.ull.es\/portal\/agenda\/wp-json\/wp\/v2\/users\/43"}],"replies":[{"embeddable":true,"href":"https:\/\/www.ull.es\/portal\/agenda\/wp-json\/wp\/v2\/comments?post=43896"}],"version-history":[{"count":3,"href":"https:\/\/www.ull.es\/portal\/agenda\/wp-json\/wp\/v2\/tribe_events\/43896\/revisions"}],"predecessor-version":[{"id":43903,"href":"https:\/\/www.ull.es\/portal\/agenda\/wp-json\/wp\/v2\/tribe_events\/43896\/revisions\/43903"}],"wp:featuredmedia":[{"embeddable":true,"href":"https:\/\/www.ull.es\/portal\/agenda\/wp-json\/wp\/v2\/media\/43898"}],"wp:attachment":[{"href":"https:\/\/www.ull.es\/portal\/agenda\/wp-json\/wp\/v2\/media?parent=43896"}],"wp:term":[{"taxonomy":"post_tag","embeddable":true,"href":"https:\/\/www.ull.es\/portal\/agenda\/wp-json\/wp\/v2\/tags?post=43896"},{"taxonomy":"tribe_events_cat","embeddable":true,"href":"https:\/\/www.ull.es\/portal\/agenda\/wp-json\/wp\/v2\/tribe_events_cat?post=43896"}],"curies":[{"name":"wp","href":"https:\/\/api.w.org\/{rel}","templated":true}]}}