{"id":43924,"date":"2025-09-09T12:27:56","date_gmt":"2025-09-09T12:27:56","guid":{"rendered":"https:\/\/www.ull.es\/portal\/agenda\/?post_type=tribe_events&#038;p=43924"},"modified":"2025-09-09T12:28:20","modified_gmt":"2025-09-09T12:28:20","slug":"xviii-pasacalle-de-tunas-universitarias-de-la-laguna","status":"publish","type":"tribe_events","link":"https:\/\/www.ull.es\/portal\/agenda\/evento\/xviii-pasacalle-de-tunas-universitarias-de-la-laguna\/","title":{"rendered":"XVIII Pasacalle de Tunas Universitarias de La Laguna"},"content":{"rendered":"<p>Dentro del programa oficial de las Fiestas en Honor al Sant\u00edsimo Cristo de La Laguna, este s\u00e1bado 20 de septiembre de 2025 a las 12:30 h celebraremos el XVIII Pasacalle de Tunas Universitarias de La Laguna, un evento lleno de m\u00fasica, alegr\u00eda y esp\u00edritu acad\u00e9mico que marca el inicio del curso universitario.<\/p>\n<p>Organizado por Alumni ULL, con el apoyo del \u00c1rea de Cultura del Excmo. Ayuntamiento de La Laguna, Fundaci\u00f3n CajaCanarias y el Consejo Social de la Universidad de La Laguna, este pasacalle recorrer\u00e1 las calles m\u00e1s emblem\u00e1ticas del centro hist\u00f3rico de la ciudad, ofreciendo una jornada cultural \u00fanica en la que la tradici\u00f3n tunante volver\u00e1 a ser protagonista.<\/p>\n<p>La asistencia es gratuita, por lo que extendemos la invitaci\u00f3n a toda la comunidad universitaria, vecinos y visitantes a disfrutar de esta celebraci\u00f3n cultural que ya forma parte del legado de La Laguna.<\/p>\n<p><strong>Detalles del evento: <\/strong><\/p>\n<p>Fecha y hora: s\u00e1bado, 20 de septiembre de 2025 a las 12:30 h.<\/p>\n<p>Recorrido:<\/p>\n<ul>\n<li>Inicio en la Plaza Dr. Olivera (Iglesia de la Concepci\u00f3n).<\/li>\n<li>Calle Herradores.<\/li>\n<li>Calle Viana.<\/li>\n<li>Calle Carrera.<\/li>\n<li>Final en la Plaza de la Concepci\u00f3n.<\/li>\n<\/ul>\n<p>Tunas participantes:<\/p>\n<ul>\n<li>Tuna Femenina de Distrito de La Laguna.<\/li>\n<li>Tuna de Medicina de La Laguna.<\/li>\n<li>Tuna de Inform\u00e1tica de La Laguna.<\/li>\n<\/ul>\n<p>Organizan y colaboran: Organiza: Alumni ULL.<\/p>\n<p>Colaboran: \u00c1rea de Cultura del Excmo. Ayuntamiento de La Laguna, Fundaci\u00f3n CajaCanarias y el Consejo Social de la Universidad de La Laguna.<\/p>\n<p>No te pierdas esta oportunidad de vivir una ma\u00f1ana repleta de m\u00fasica tradicional, color y buen ambiente en pleno coraz\u00f3n de La Laguna. \u00a1Te esperamos!<\/p>\n","protected":false},"excerpt":{"rendered":"<p>Dentro del programa oficial de las Fiestas en Honor al Sant\u00edsimo Cristo de La Laguna, este s\u00e1bado 20 de septiembre de 2025 a las 12:30 h celebraremos el XVIII Pasacalle de Tunas Universitarias de La Laguna, un evento lleno de m\u00fasica, alegr\u00eda y esp\u00edritu acad\u00e9mico que marca el inicio del curso universitario. Organizado por Alumni&#8230;<\/p>\n","protected":false},"author":65,"featured_media":43925,"comment_status":"closed","ping_status":"closed","template":"","tags":[],"tribe_events_cat":[3987,4,191],"acf":[],"yoast_head":"<!-- This site is optimized with the Yoast SEO plugin v21.3 - https:\/\/yoast.com\/wordpress\/plugins\/seo\/ -->\n<title>XVIII Pasacalle de Tunas Universitarias de La Laguna - ULL - Agenda<\/title>\n<meta name=\"robots\" content=\"index, follow, max-snippet:-1, max-image-preview:large, max-video-preview:-1\" \/>\n<link rel=\"canonical\" href=\"https:\/\/www.ull.es\/portal\/agenda\/evento\/xviii-pasacalle-de-tunas-universitarias-de-la-laguna\/\" \/>\n<meta property=\"og:locale\" content=\"es_ES\" \/>\n<meta property=\"og:type\" content=\"article\" \/>\n<meta property=\"og:title\" content=\"XVIII Pasacalle de Tunas Universitarias de La Laguna - ULL - Agenda\" \/>\n<meta property=\"og:description\" content=\"Dentro del programa oficial de las Fiestas en Honor al Sant\u00edsimo Cristo de La Laguna, este s\u00e1bado 20 de septiembre de 2025 a las 12:30 h celebraremos el XVIII Pasacalle de Tunas Universitarias de La Laguna, un evento lleno de m\u00fasica, alegr\u00eda y esp\u00edritu acad\u00e9mico que marca el inicio del curso universitario. Organizado por Alumni...\" \/>\n<meta property=\"og:url\" content=\"https:\/\/www.ull.es\/portal\/agenda\/evento\/xviii-pasacalle-de-tunas-universitarias-de-la-laguna\/\" \/>\n<meta property=\"og:site_name\" content=\"ULL - Agenda\" \/>\n<meta property=\"article:modified_time\" content=\"2025-09-09T12:28:20+00:00\" \/>\n<meta property=\"og:image\" content=\"https:\/\/www.ull.es\/portal\/agenda\/wp-content\/uploads\/sites\/12\/2025\/09\/750x370-Pasacalles-de-Tunas-Alumni-ULL-Antiguos-Alumnos-y-Amigos-de-la-ULL.jpg\" \/>\n\t<meta property=\"og:image:width\" content=\"750\" \/>\n\t<meta property=\"og:image:height\" content=\"370\" \/>\n\t<meta property=\"og:image:type\" content=\"image\/jpeg\" \/>\n<meta name=\"twitter:card\" content=\"summary_large_image\" \/>\n<meta name=\"twitter:label1\" content=\"Tiempo de lectura\" \/>\n\t<meta name=\"twitter:data1\" content=\"2 minutos\" \/>\n<script type=\"application\/ld+json\" class=\"yoast-schema-graph\">{\"@context\":\"https:\/\/schema.org\",\"@graph\":[{\"@type\":\"WebPage\",\"@id\":\"https:\/\/www.ull.es\/portal\/agenda\/evento\/xviii-pasacalle-de-tunas-universitarias-de-la-laguna\/\",\"url\":\"https:\/\/www.ull.es\/portal\/agenda\/evento\/xviii-pasacalle-de-tunas-universitarias-de-la-laguna\/\",\"name\":\"XVIII Pasacalle de Tunas Universitarias de La Laguna - ULL - Agenda\",\"isPartOf\":{\"@id\":\"https:\/\/www.ull.es\/portal\/agenda\/#website\"},\"datePublished\":\"2025-09-09T12:27:56+00:00\",\"dateModified\":\"2025-09-09T12:28:20+00:00\",\"breadcrumb\":{\"@id\":\"https:\/\/www.ull.es\/portal\/agenda\/evento\/xviii-pasacalle-de-tunas-universitarias-de-la-laguna\/#breadcrumb\"},\"inLanguage\":\"es\",\"potentialAction\":[{\"@type\":\"ReadAction\",\"target\":[\"https:\/\/www.ull.es\/portal\/agenda\/evento\/xviii-pasacalle-de-tunas-universitarias-de-la-laguna\/\"]}]},{\"@type\":\"BreadcrumbList\",\"@id\":\"https:\/\/www.ull.es\/portal\/agenda\/evento\/xviii-pasacalle-de-tunas-universitarias-de-la-laguna\/#breadcrumb\",\"itemListElement\":[{\"@type\":\"ListItem\",\"position\":1,\"name\":\"Portada\",\"item\":\"https:\/\/www.ull.es\/portal\/agenda\/\"},{\"@type\":\"ListItem\",\"position\":2,\"name\":\"XVIII Pasacalle de Tunas Universitarias de La Laguna\"}]},{\"@type\":\"WebSite\",\"@id\":\"https:\/\/www.ull.es\/portal\/agenda\/#website\",\"url\":\"https:\/\/www.ull.es\/portal\/agenda\/\",\"name\":\"ULL - Agenda\",\"description\":\"\",\"potentialAction\":[{\"@type\":\"SearchAction\",\"target\":{\"@type\":\"EntryPoint\",\"urlTemplate\":\"https:\/\/www.ull.es\/portal\/agenda\/?s={search_term_string}\"},\"query-input\":\"required name=search_term_string\"}],\"inLanguage\":\"es\"}]}<\/script>\n<!-- \/ Yoast SEO plugin. -->","yoast_head_json":{"title":"XVIII Pasacalle de Tunas Universitarias de La Laguna - ULL - Agenda","robots":{"index":"index","follow":"follow","max-snippet":"max-snippet:-1","max-image-preview":"max-image-preview:large","max-video-preview":"max-video-preview:-1"},"canonical":"https:\/\/www.ull.es\/portal\/agenda\/evento\/xviii-pasacalle-de-tunas-universitarias-de-la-laguna\/","og_locale":"es_ES","og_type":"article","og_title":"XVIII Pasacalle de Tunas Universitarias de La Laguna - ULL - Agenda","og_description":"Dentro del programa oficial de las Fiestas en Honor al Sant\u00edsimo Cristo de La Laguna, este s\u00e1bado 20 de septiembre de 2025 a las 12:30 h celebraremos el XVIII Pasacalle de Tunas Universitarias de La Laguna, un evento lleno de m\u00fasica, alegr\u00eda y esp\u00edritu acad\u00e9mico que marca el inicio del curso universitario. Organizado por Alumni...","og_url":"https:\/\/www.ull.es\/portal\/agenda\/evento\/xviii-pasacalle-de-tunas-universitarias-de-la-laguna\/","og_site_name":"ULL - Agenda","article_modified_time":"2025-09-09T12:28:20+00:00","og_image":[{"width":750,"height":370,"url":"https:\/\/www.ull.es\/portal\/agenda\/wp-content\/uploads\/sites\/12\/2025\/09\/750x370-Pasacalles-de-Tunas-Alumni-ULL-Antiguos-Alumnos-y-Amigos-de-la-ULL.jpg","type":"image\/jpeg"}],"twitter_card":"summary_large_image","twitter_misc":{"Tiempo de lectura":"2 minutos"},"schema":{"@context":"https:\/\/schema.org","@graph":[{"@type":"WebPage","@id":"https:\/\/www.ull.es\/portal\/agenda\/evento\/xviii-pasacalle-de-tunas-universitarias-de-la-laguna\/","url":"https:\/\/www.ull.es\/portal\/agenda\/evento\/xviii-pasacalle-de-tunas-universitarias-de-la-laguna\/","name":"XVIII Pasacalle de Tunas Universitarias de La Laguna - ULL - Agenda","isPartOf":{"@id":"https:\/\/www.ull.es\/portal\/agenda\/#website"},"datePublished":"2025-09-09T12:27:56+00:00","dateModified":"2025-09-09T12:28:20+00:00","breadcrumb":{"@id":"https:\/\/www.ull.es\/portal\/agenda\/evento\/xviii-pasacalle-de-tunas-universitarias-de-la-laguna\/#breadcrumb"},"inLanguage":"es","potentialAction":[{"@type":"ReadAction","target":["https:\/\/www.ull.es\/portal\/agenda\/evento\/xviii-pasacalle-de-tunas-universitarias-de-la-laguna\/"]}]},{"@type":"BreadcrumbList","@id":"https:\/\/www.ull.es\/portal\/agenda\/evento\/xviii-pasacalle-de-tunas-universitarias-de-la-laguna\/#breadcrumb","itemListElement":[{"@type":"ListItem","position":1,"name":"Portada","item":"https:\/\/www.ull.es\/portal\/agenda\/"},{"@type":"ListItem","position":2,"name":"XVIII Pasacalle de Tunas Universitarias de La Laguna"}]},{"@type":"WebSite","@id":"https:\/\/www.ull.es\/portal\/agenda\/#website","url":"https:\/\/www.ull.es\/portal\/agenda\/","name":"ULL - Agenda","description":"","potentialAction":[{"@type":"SearchAction","target":{"@type":"EntryPoint","urlTemplate":"https:\/\/www.ull.es\/portal\/agenda\/?s={search_term_string}"},"query-input":"required name=search_term_string"}],"inLanguage":"es"}]}},"_links":{"self":[{"href":"https:\/\/www.ull.es\/portal\/agenda\/wp-json\/wp\/v2\/tribe_events\/43924"}],"collection":[{"href":"https:\/\/www.ull.es\/portal\/agenda\/wp-json\/wp\/v2\/tribe_events"}],"about":[{"href":"https:\/\/www.ull.es\/portal\/agenda\/wp-json\/wp\/v2\/types\/tribe_events"}],"author":[{"embeddable":true,"href":"https:\/\/www.ull.es\/portal\/agenda\/wp-json\/wp\/v2\/users\/65"}],"replies":[{"embeddable":true,"href":"https:\/\/www.ull.es\/portal\/agenda\/wp-json\/wp\/v2\/comments?post=43924"}],"version-history":[{"count":1,"href":"https:\/\/www.ull.es\/portal\/agenda\/wp-json\/wp\/v2\/tribe_events\/43924\/revisions"}],"predecessor-version":[{"id":43926,"href":"https:\/\/www.ull.es\/portal\/agenda\/wp-json\/wp\/v2\/tribe_events\/43924\/revisions\/43926"}],"wp:featuredmedia":[{"embeddable":true,"href":"https:\/\/www.ull.es\/portal\/agenda\/wp-json\/wp\/v2\/media\/43925"}],"wp:attachment":[{"href":"https:\/\/www.ull.es\/portal\/agenda\/wp-json\/wp\/v2\/media?parent=43924"}],"wp:term":[{"taxonomy":"post_tag","embeddable":true,"href":"https:\/\/www.ull.es\/portal\/agenda\/wp-json\/wp\/v2\/tags?post=43924"},{"taxonomy":"tribe_events_cat","embeddable":true,"href":"https:\/\/www.ull.es\/portal\/agenda\/wp-json\/wp\/v2\/tribe_events_cat?post=43924"}],"curies":[{"name":"wp","href":"https:\/\/api.w.org\/{rel}","templated":true}]}}