{"id":44012,"date":"2025-09-16T09:29:08","date_gmt":"2025-09-16T09:29:08","guid":{"rendered":"https:\/\/www.ull.es\/portal\/agenda\/?post_type=tribe_events&#038;p=44012"},"modified":"2025-10-13T09:43:38","modified_gmt":"2025-10-13T09:43:38","slug":"matematicas-olimpicas-2025","status":"publish","type":"tribe_events","link":"https:\/\/www.ull.es\/portal\/agenda\/evento\/matematicas-olimpicas-2025\/","title":{"rendered":"Matem\u00e1ticas Ol\u00edmpicas 2025"},"content":{"rendered":"<p>El Aula Cultural Matem\u00e1tica Divulgativa de la Universidad de La Laguna junto con la Sociedad Canaria \u201cLuis Balbuena Castellano\u00bb de Profesores de Matem\u00e1ticas y el Departamento de Matem\u00e1ticas de la ULPGC lanzamos nuevamente una edici\u00f3n del seminario \u201cMatem\u00e1ticas Ol\u00edmpicas 2025\u201d. Esta actividad est\u00e1 dirigida a estudiantes de 1\u00ba y 2\u00ba de bachillerato que tengan inter\u00e9s en presentarse a la Olimpiada Matem\u00e1tica Espa\u00f1ola que suele celebrarse todos los a\u00f1os en enero.<\/p>\n<p>Las sesiones se llevar\u00e1n a cabo de forma on-line con el fin de poder seguir llegando a alumnado de todas las islas. Tendr\u00e1n lugar los s\u00e1bados de 10:00-12:00 horas.<\/p>\n<p><strong> Programa <\/strong><\/p>\n<ul>\n<li>27\/09\/2025 L\u00f3gica. Teor\u00eda de conjuntos y razonamiento matem\u00e1tico (Javier D\u00edaz Cabrera)<\/li>\n<li>04\/10\/2025 Un problema detr\u00e1s de otro, por inducci\u00f3n (Francisco C\u00e1mara Parra)<\/li>\n<li>11\/10\/2025 Congruencia con enteros (Victor Almeida Lozano)<\/li>\n<li>18\/10\/2025 Ecuaciones de Cardano-Vieta (Victor Almeida Lozano)<\/li>\n<li>25\/10\/2025 Ecuaciones diof\u00e1nticas I (Irene M\u00e1rquez Corbella) 01\/11\/2025 N\u00fameros primos (Juan Ignacio L\u00f3pez Mart\u00ednez)<\/li>\n<li>08\/11\/2025 Progresiones y Sucesiones I (Albert Oliver Serra)<\/li>\n<li>15\/11\/2025 Progresiones y Sucesiones II (David Rodr\u00edguez P\u00e9rez)<\/li>\n<li>22\/11\/2025 Construcciones con regla y comp\u00e1s. \u00c1ngulo en una circunferencia (Jos\u00e9 Manuel Garc\u00eda Calcines) 29\/11\/2025 Desigualdades y Ecuaciones funcionales (Jos\u00e9 Vico Ib\u00e1\u00f1ez)<\/li>\n<\/ul>\n<p><a href=\"https:\/\/docs.google.com\/forms\/d\/1RPdxefxgKNo-3_DhrmmsbxRczJChyUzdx9b7FaE_CI0\/viewform?edit_requested=true\" target=\"_blank\" rel=\"noopener\" target=\"_blank\" rel=\"noopener\">Inscripci\u00f3n<\/a><\/p>\n","protected":false},"excerpt":{"rendered":"<p>El Aula Cultural Matem\u00e1tica Divulgativa de la Universidad de La Laguna junto con la Sociedad Canaria \u201cLuis Balbuena Castellano\u00bb de Profesores de Matem\u00e1ticas y el Departamento de Matem\u00e1ticas de la ULPGC lanzamos nuevamente una edici\u00f3n del seminario \u201cMatem\u00e1ticas Ol\u00edmpicas 2025\u201d. Esta actividad est\u00e1 dirigida a estudiantes de 1\u00ba y 2\u00ba de bachillerato que tengan inter\u00e9s&#8230;<\/p>\n","protected":false},"author":65,"featured_media":44036,"comment_status":"closed","ping_status":"closed","template":"","tags":[],"tribe_events_cat":[344,3987,4,186],"acf":[],"yoast_head":"<!-- This site is optimized with the Yoast SEO plugin v21.3 - https:\/\/yoast.com\/wordpress\/plugins\/seo\/ -->\n<title>Matem\u00e1ticas Ol\u00edmpicas 2025 - ULL - Agenda<\/title>\n<meta name=\"robots\" content=\"index, follow, max-snippet:-1, max-image-preview:large, max-video-preview:-1\" \/>\n<link rel=\"canonical\" href=\"https:\/\/www.ull.es\/portal\/agenda\/evento\/matematicas-olimpicas-2025\/\" \/>\n<meta property=\"og:locale\" content=\"es_ES\" \/>\n<meta property=\"og:type\" content=\"article\" \/>\n<meta property=\"og:title\" content=\"Matem\u00e1ticas Ol\u00edmpicas 2025 - ULL - Agenda\" \/>\n<meta property=\"og:description\" content=\"El Aula Cultural Matem\u00e1tica Divulgativa de la Universidad de La Laguna junto con la Sociedad Canaria \u201cLuis Balbuena Castellano\u00bb de Profesores de Matem\u00e1ticas y el Departamento de Matem\u00e1ticas de la ULPGC lanzamos nuevamente una edici\u00f3n del seminario \u201cMatem\u00e1ticas Ol\u00edmpicas 2025\u201d. Esta actividad est\u00e1 dirigida a estudiantes de 1\u00ba y 2\u00ba de bachillerato que tengan inter\u00e9s...\" \/>\n<meta property=\"og:url\" content=\"https:\/\/www.ull.es\/portal\/agenda\/evento\/matematicas-olimpicas-2025\/\" \/>\n<meta property=\"og:site_name\" content=\"ULL - Agenda\" \/>\n<meta property=\"article:modified_time\" content=\"2025-10-13T09:43:38+00:00\" \/>\n<meta property=\"og:image\" content=\"https:\/\/www.ull.es\/portal\/agenda\/wp-content\/uploads\/sites\/12\/2025\/09\/Matematicas-Olimpicas-2025_Banner-eventos.png\" \/>\n\t<meta property=\"og:image:width\" content=\"750\" \/>\n\t<meta property=\"og:image:height\" content=\"370\" \/>\n\t<meta property=\"og:image:type\" content=\"image\/png\" \/>\n<meta name=\"twitter:card\" content=\"summary_large_image\" \/>\n<meta name=\"twitter:label1\" content=\"Tiempo de lectura\" \/>\n\t<meta name=\"twitter:data1\" content=\"1 minuto\" \/>\n<script type=\"application\/ld+json\" class=\"yoast-schema-graph\">{\"@context\":\"https:\/\/schema.org\",\"@graph\":[{\"@type\":\"WebPage\",\"@id\":\"https:\/\/www.ull.es\/portal\/agenda\/evento\/matematicas-olimpicas-2025\/\",\"url\":\"https:\/\/www.ull.es\/portal\/agenda\/evento\/matematicas-olimpicas-2025\/\",\"name\":\"Matem\u00e1ticas Ol\u00edmpicas 2025 - ULL - Agenda\",\"isPartOf\":{\"@id\":\"https:\/\/www.ull.es\/portal\/agenda\/#website\"},\"datePublished\":\"2025-09-16T09:29:08+00:00\",\"dateModified\":\"2025-10-13T09:43:38+00:00\",\"breadcrumb\":{\"@id\":\"https:\/\/www.ull.es\/portal\/agenda\/evento\/matematicas-olimpicas-2025\/#breadcrumb\"},\"inLanguage\":\"es\",\"potentialAction\":[{\"@type\":\"ReadAction\",\"target\":[\"https:\/\/www.ull.es\/portal\/agenda\/evento\/matematicas-olimpicas-2025\/\"]}]},{\"@type\":\"BreadcrumbList\",\"@id\":\"https:\/\/www.ull.es\/portal\/agenda\/evento\/matematicas-olimpicas-2025\/#breadcrumb\",\"itemListElement\":[{\"@type\":\"ListItem\",\"position\":1,\"name\":\"Portada\",\"item\":\"https:\/\/www.ull.es\/portal\/agenda\/\"},{\"@type\":\"ListItem\",\"position\":2,\"name\":\"Matem\u00e1ticas Ol\u00edmpicas 2025\"}]},{\"@type\":\"WebSite\",\"@id\":\"https:\/\/www.ull.es\/portal\/agenda\/#website\",\"url\":\"https:\/\/www.ull.es\/portal\/agenda\/\",\"name\":\"ULL - Agenda\",\"description\":\"\",\"potentialAction\":[{\"@type\":\"SearchAction\",\"target\":{\"@type\":\"EntryPoint\",\"urlTemplate\":\"https:\/\/www.ull.es\/portal\/agenda\/?s={search_term_string}\"},\"query-input\":\"required name=search_term_string\"}],\"inLanguage\":\"es\"}]}<\/script>\n<!-- \/ Yoast SEO plugin. -->","yoast_head_json":{"title":"Matem\u00e1ticas Ol\u00edmpicas 2025 - ULL - Agenda","robots":{"index":"index","follow":"follow","max-snippet":"max-snippet:-1","max-image-preview":"max-image-preview:large","max-video-preview":"max-video-preview:-1"},"canonical":"https:\/\/www.ull.es\/portal\/agenda\/evento\/matematicas-olimpicas-2025\/","og_locale":"es_ES","og_type":"article","og_title":"Matem\u00e1ticas Ol\u00edmpicas 2025 - ULL - Agenda","og_description":"El Aula Cultural Matem\u00e1tica Divulgativa de la Universidad de La Laguna junto con la Sociedad Canaria \u201cLuis Balbuena Castellano\u00bb de Profesores de Matem\u00e1ticas y el Departamento de Matem\u00e1ticas de la ULPGC lanzamos nuevamente una edici\u00f3n del seminario \u201cMatem\u00e1ticas Ol\u00edmpicas 2025\u201d. Esta actividad est\u00e1 dirigida a estudiantes de 1\u00ba y 2\u00ba de bachillerato que tengan inter\u00e9s...","og_url":"https:\/\/www.ull.es\/portal\/agenda\/evento\/matematicas-olimpicas-2025\/","og_site_name":"ULL - Agenda","article_modified_time":"2025-10-13T09:43:38+00:00","og_image":[{"width":750,"height":370,"url":"https:\/\/www.ull.es\/portal\/agenda\/wp-content\/uploads\/sites\/12\/2025\/09\/Matematicas-Olimpicas-2025_Banner-eventos.png","type":"image\/png"}],"twitter_card":"summary_large_image","twitter_misc":{"Tiempo de lectura":"1 minuto"},"schema":{"@context":"https:\/\/schema.org","@graph":[{"@type":"WebPage","@id":"https:\/\/www.ull.es\/portal\/agenda\/evento\/matematicas-olimpicas-2025\/","url":"https:\/\/www.ull.es\/portal\/agenda\/evento\/matematicas-olimpicas-2025\/","name":"Matem\u00e1ticas Ol\u00edmpicas 2025 - ULL - Agenda","isPartOf":{"@id":"https:\/\/www.ull.es\/portal\/agenda\/#website"},"datePublished":"2025-09-16T09:29:08+00:00","dateModified":"2025-10-13T09:43:38+00:00","breadcrumb":{"@id":"https:\/\/www.ull.es\/portal\/agenda\/evento\/matematicas-olimpicas-2025\/#breadcrumb"},"inLanguage":"es","potentialAction":[{"@type":"ReadAction","target":["https:\/\/www.ull.es\/portal\/agenda\/evento\/matematicas-olimpicas-2025\/"]}]},{"@type":"BreadcrumbList","@id":"https:\/\/www.ull.es\/portal\/agenda\/evento\/matematicas-olimpicas-2025\/#breadcrumb","itemListElement":[{"@type":"ListItem","position":1,"name":"Portada","item":"https:\/\/www.ull.es\/portal\/agenda\/"},{"@type":"ListItem","position":2,"name":"Matem\u00e1ticas Ol\u00edmpicas 2025"}]},{"@type":"WebSite","@id":"https:\/\/www.ull.es\/portal\/agenda\/#website","url":"https:\/\/www.ull.es\/portal\/agenda\/","name":"ULL - Agenda","description":"","potentialAction":[{"@type":"SearchAction","target":{"@type":"EntryPoint","urlTemplate":"https:\/\/www.ull.es\/portal\/agenda\/?s={search_term_string}"},"query-input":"required name=search_term_string"}],"inLanguage":"es"}]}},"_links":{"self":[{"href":"https:\/\/www.ull.es\/portal\/agenda\/wp-json\/wp\/v2\/tribe_events\/44012"}],"collection":[{"href":"https:\/\/www.ull.es\/portal\/agenda\/wp-json\/wp\/v2\/tribe_events"}],"about":[{"href":"https:\/\/www.ull.es\/portal\/agenda\/wp-json\/wp\/v2\/types\/tribe_events"}],"author":[{"embeddable":true,"href":"https:\/\/www.ull.es\/portal\/agenda\/wp-json\/wp\/v2\/users\/65"}],"replies":[{"embeddable":true,"href":"https:\/\/www.ull.es\/portal\/agenda\/wp-json\/wp\/v2\/comments?post=44012"}],"version-history":[{"count":1,"href":"https:\/\/www.ull.es\/portal\/agenda\/wp-json\/wp\/v2\/tribe_events\/44012\/revisions"}],"predecessor-version":[{"id":44013,"href":"https:\/\/www.ull.es\/portal\/agenda\/wp-json\/wp\/v2\/tribe_events\/44012\/revisions\/44013"}],"wp:featuredmedia":[{"embeddable":true,"href":"https:\/\/www.ull.es\/portal\/agenda\/wp-json\/wp\/v2\/media\/44036"}],"wp:attachment":[{"href":"https:\/\/www.ull.es\/portal\/agenda\/wp-json\/wp\/v2\/media?parent=44012"}],"wp:term":[{"taxonomy":"post_tag","embeddable":true,"href":"https:\/\/www.ull.es\/portal\/agenda\/wp-json\/wp\/v2\/tags?post=44012"},{"taxonomy":"tribe_events_cat","embeddable":true,"href":"https:\/\/www.ull.es\/portal\/agenda\/wp-json\/wp\/v2\/tribe_events_cat?post=44012"}],"curies":[{"name":"wp","href":"https:\/\/api.w.org\/{rel}","templated":true}]}}