{"id":44162,"date":"2025-09-22T12:37:22","date_gmt":"2025-09-22T12:37:22","guid":{"rendered":"https:\/\/www.ull.es\/portal\/agenda\/?post_type=tribe_events&#038;p=44162"},"modified":"2025-09-22T12:37:57","modified_gmt":"2025-09-22T12:37:57","slug":"vii-seminario-de-divulgacion-de-la-investigacion-descolonizando-la-historia-desde-el-genero-a-traves-de-las-cronicas-de-la-conquista-de-canarias","status":"publish","type":"tribe_events","link":"https:\/\/www.ull.es\/portal\/agenda\/evento\/vii-seminario-de-divulgacion-de-la-investigacion-descolonizando-la-historia-desde-el-genero-a-traves-de-las-cronicas-de-la-conquista-de-canarias\/","title":{"rendered":"VII Seminario de Divulgaci\u00f3n de la Investigaci\u00f3n: Descolonizando la historia desde el g\u00e9nero a trav\u00e9s de las cr\u00f3nicas de la conquista de Canarias"},"content":{"rendered":"<p>El Aula Cultural de Divulgaci\u00f3n Cient\u00edfica organiza este seminario que se celebrar\u00e1 en modalidad online el 20 de noviembre de 2025 de 11:30 a 13:30 horas.<\/p>\n<p>Este seminario explora los resultados de la investigaci\u00f3n la tesis doctoral, recientemente depositada. Las cr\u00f3nicas, relatos, historias y narraciones sobre el pasado ind\u00edgena dibujaron imaginarios muy concretos de las antiguas mujeres canarias, bajo una mirada androc\u00e9ntrica y etnoc\u00e9ntrica. Deconstruir este discurso, y entender los cambios diacr\u00f3nicos a lo largo de un largo periodo cronol\u00f3gico, es un paso importante para descolonizar la narraci\u00f3n del pasado. Muchos elementos de ese discurso han pervivido a trav\u00e9s de im\u00e1genes estereotipadas en siglos posteriores, mucho m\u00e1s all\u00e1 de las cr\u00f3nicas: la vinculaci\u00f3n de las mujeres al \u00e1mbito exclusivamente reproductivo, la idealizaci\u00f3n de los cuerpos femeninos como portadores de belleza o las im\u00e1genes hipermasculinizadas de la resistencia ind\u00edgena.<\/p>\n<p>Imparte: Laura Sabina Gonz\u00e1lez Carracedo. Doctoranda en el Programa de Doctorado en Estudios Interdisciplinares de G\u00e9nero de la Universidad de La Laguna. Graduada en Historia por la Universidad de La Laguna. M\u00e1ster en Historia y Ciencias de la Antig\u00fcedad por la Universidad Complutense de Madrid.<\/p>\n<p>Direcci\u00f3n acad\u00e9mica: Luis Javier Capote P\u00e9rez. Profesor Contratado Doctor de Derecho Civil de la Universidad de La Laguna. Co-Director y miembro fundador del Aula Cultural de Divulgaci\u00f3n Cient\u00edfica de la Universidad de La Laguna.<\/p>\n<p>CERTIFICADO DE ASISTENCIA: La Universidad de La Laguna, a trav\u00e9s del Vicerrectorado de Cultura y Extensi\u00f3n Universitaria, emitir\u00e1 un certificado de asistencia a todas aquellas personas que participen, previa inscripci\u00f3n en la actividad.<\/p>\n<p>Asistencia gratuita previa inscripci\u00f3n.\u00a0<a href=\"https:\/\/sede.fg.ull.es\/es\/curso\/detalle?code=a25020248&amp;name=vii-seminario-de-divulgacion-de-la-investigacion-descolonizando-la-historia-desde-el-genero-a-traves-de-las-cronicas-de-la-conquista-de-canarias&amp;query=%3Fcode%3DA25020248\" target=\"_blank\" rel=\"noopener\" target=\"_blank\" rel=\"noopener\"><strong>Consulta el programa e inscr\u00edbete aqu\u00ed.<\/strong><\/a><\/p>\n<p><strong>Contacto:\u00a0<\/strong><a href=\"mailto:extuni@ull.edu.es\" target=\"_blank\" rel=\"noopener\" target=\"_blank\" rel=\"noopener\"><strong>extuni@ull.es<\/strong><\/a><\/p>\n<p>Colaboran: Aula Cultural \u00abRadio Campus\u00bb y Asociaci\u00f3n cultural de relaciones internacionales \u00abHacer para el Desarrollo\u00bb.<\/p>\n","protected":false},"excerpt":{"rendered":"<p>El Aula Cultural de Divulgaci\u00f3n Cient\u00edfica organiza este seminario que se celebrar\u00e1 en modalidad online el 20 de noviembre de 2025 de 11:30 a 13:30 horas. Este seminario explora los resultados de la investigaci\u00f3n la tesis doctoral, recientemente depositada. Las cr\u00f3nicas, relatos, historias y narraciones sobre el pasado ind\u00edgena dibujaron imaginarios muy concretos de las&#8230;<\/p>\n","protected":false},"author":43,"featured_media":44163,"comment_status":"closed","ping_status":"closed","template":"","tags":[4259,977,3812,3751],"tribe_events_cat":[472,471,4,186],"acf":[],"yoast_head":"<!-- This site is optimized with the Yoast SEO plugin v21.3 - https:\/\/yoast.com\/wordpress\/plugins\/seo\/ -->\n<title>VII Seminario de Divulgaci\u00f3n de la Investigaci\u00f3n: Descolonizando la historia desde el g\u00e9nero a trav\u00e9s de las cr\u00f3nicas de la conquista de Canarias - ULL - Agenda<\/title>\n<meta name=\"robots\" content=\"index, follow, max-snippet:-1, max-image-preview:large, max-video-preview:-1\" \/>\n<link rel=\"canonical\" href=\"https:\/\/www.ull.es\/portal\/agenda\/evento\/vii-seminario-de-divulgacion-de-la-investigacion-descolonizando-la-historia-desde-el-genero-a-traves-de-las-cronicas-de-la-conquista-de-canarias\/\" \/>\n<meta property=\"og:locale\" content=\"es_ES\" \/>\n<meta property=\"og:type\" content=\"article\" \/>\n<meta property=\"og:title\" content=\"VII Seminario de Divulgaci\u00f3n de la Investigaci\u00f3n: Descolonizando la historia desde el g\u00e9nero a trav\u00e9s de las cr\u00f3nicas de la conquista de Canarias - ULL - Agenda\" \/>\n<meta property=\"og:description\" content=\"El Aula Cultural de Divulgaci\u00f3n Cient\u00edfica organiza este seminario que se celebrar\u00e1 en modalidad online el 20 de noviembre de 2025 de 11:30 a 13:30 horas. Este seminario explora los resultados de la investigaci\u00f3n la tesis doctoral, recientemente depositada. Las cr\u00f3nicas, relatos, historias y narraciones sobre el pasado ind\u00edgena dibujaron imaginarios muy concretos de las...\" \/>\n<meta property=\"og:url\" content=\"https:\/\/www.ull.es\/portal\/agenda\/evento\/vii-seminario-de-divulgacion-de-la-investigacion-descolonizando-la-historia-desde-el-genero-a-traves-de-las-cronicas-de-la-conquista-de-canarias\/\" \/>\n<meta property=\"og:site_name\" content=\"ULL - Agenda\" \/>\n<meta property=\"article:modified_time\" content=\"2025-09-22T12:37:57+00:00\" \/>\n<meta property=\"og:image\" content=\"https:\/\/www.ull.es\/portal\/agenda\/wp-content\/uploads\/sites\/12\/2025\/09\/BannerVIISeminario.png\" \/>\n\t<meta property=\"og:image:width\" content=\"750\" \/>\n\t<meta property=\"og:image:height\" content=\"370\" \/>\n\t<meta property=\"og:image:type\" content=\"image\/png\" \/>\n<meta name=\"twitter:card\" content=\"summary_large_image\" \/>\n<meta name=\"twitter:label1\" content=\"Tiempo de lectura\" \/>\n\t<meta name=\"twitter:data1\" content=\"2 minutos\" \/>\n<script type=\"application\/ld+json\" class=\"yoast-schema-graph\">{\"@context\":\"https:\/\/schema.org\",\"@graph\":[{\"@type\":\"WebPage\",\"@id\":\"https:\/\/www.ull.es\/portal\/agenda\/evento\/vii-seminario-de-divulgacion-de-la-investigacion-descolonizando-la-historia-desde-el-genero-a-traves-de-las-cronicas-de-la-conquista-de-canarias\/\",\"url\":\"https:\/\/www.ull.es\/portal\/agenda\/evento\/vii-seminario-de-divulgacion-de-la-investigacion-descolonizando-la-historia-desde-el-genero-a-traves-de-las-cronicas-de-la-conquista-de-canarias\/\",\"name\":\"VII Seminario de Divulgaci\u00f3n de la Investigaci\u00f3n: Descolonizando la historia desde el g\u00e9nero a trav\u00e9s de las cr\u00f3nicas de la conquista de Canarias - ULL - Agenda\",\"isPartOf\":{\"@id\":\"https:\/\/www.ull.es\/portal\/agenda\/#website\"},\"datePublished\":\"2025-09-22T12:37:22+00:00\",\"dateModified\":\"2025-09-22T12:37:57+00:00\",\"breadcrumb\":{\"@id\":\"https:\/\/www.ull.es\/portal\/agenda\/evento\/vii-seminario-de-divulgacion-de-la-investigacion-descolonizando-la-historia-desde-el-genero-a-traves-de-las-cronicas-de-la-conquista-de-canarias\/#breadcrumb\"},\"inLanguage\":\"es\",\"potentialAction\":[{\"@type\":\"ReadAction\",\"target\":[\"https:\/\/www.ull.es\/portal\/agenda\/evento\/vii-seminario-de-divulgacion-de-la-investigacion-descolonizando-la-historia-desde-el-genero-a-traves-de-las-cronicas-de-la-conquista-de-canarias\/\"]}]},{\"@type\":\"BreadcrumbList\",\"@id\":\"https:\/\/www.ull.es\/portal\/agenda\/evento\/vii-seminario-de-divulgacion-de-la-investigacion-descolonizando-la-historia-desde-el-genero-a-traves-de-las-cronicas-de-la-conquista-de-canarias\/#breadcrumb\",\"itemListElement\":[{\"@type\":\"ListItem\",\"position\":1,\"name\":\"Portada\",\"item\":\"https:\/\/www.ull.es\/portal\/agenda\/\"},{\"@type\":\"ListItem\",\"position\":2,\"name\":\"VII Seminario de Divulgaci\u00f3n de la Investigaci\u00f3n: Descolonizando la historia desde el g\u00e9nero a trav\u00e9s de las cr\u00f3nicas de la conquista de Canarias\"}]},{\"@type\":\"WebSite\",\"@id\":\"https:\/\/www.ull.es\/portal\/agenda\/#website\",\"url\":\"https:\/\/www.ull.es\/portal\/agenda\/\",\"name\":\"ULL - Agenda\",\"description\":\"\",\"potentialAction\":[{\"@type\":\"SearchAction\",\"target\":{\"@type\":\"EntryPoint\",\"urlTemplate\":\"https:\/\/www.ull.es\/portal\/agenda\/?s={search_term_string}\"},\"query-input\":\"required name=search_term_string\"}],\"inLanguage\":\"es\"}]}<\/script>\n<!-- \/ Yoast SEO plugin. -->","yoast_head_json":{"title":"VII Seminario de Divulgaci\u00f3n de la Investigaci\u00f3n: Descolonizando la historia desde el g\u00e9nero a trav\u00e9s de las cr\u00f3nicas de la conquista de Canarias - ULL - Agenda","robots":{"index":"index","follow":"follow","max-snippet":"max-snippet:-1","max-image-preview":"max-image-preview:large","max-video-preview":"max-video-preview:-1"},"canonical":"https:\/\/www.ull.es\/portal\/agenda\/evento\/vii-seminario-de-divulgacion-de-la-investigacion-descolonizando-la-historia-desde-el-genero-a-traves-de-las-cronicas-de-la-conquista-de-canarias\/","og_locale":"es_ES","og_type":"article","og_title":"VII Seminario de Divulgaci\u00f3n de la Investigaci\u00f3n: Descolonizando la historia desde el g\u00e9nero a trav\u00e9s de las cr\u00f3nicas de la conquista de Canarias - ULL - Agenda","og_description":"El Aula Cultural de Divulgaci\u00f3n Cient\u00edfica organiza este seminario que se celebrar\u00e1 en modalidad online el 20 de noviembre de 2025 de 11:30 a 13:30 horas. Este seminario explora los resultados de la investigaci\u00f3n la tesis doctoral, recientemente depositada. Las cr\u00f3nicas, relatos, historias y narraciones sobre el pasado ind\u00edgena dibujaron imaginarios muy concretos de las...","og_url":"https:\/\/www.ull.es\/portal\/agenda\/evento\/vii-seminario-de-divulgacion-de-la-investigacion-descolonizando-la-historia-desde-el-genero-a-traves-de-las-cronicas-de-la-conquista-de-canarias\/","og_site_name":"ULL - Agenda","article_modified_time":"2025-09-22T12:37:57+00:00","og_image":[{"width":750,"height":370,"url":"https:\/\/www.ull.es\/portal\/agenda\/wp-content\/uploads\/sites\/12\/2025\/09\/BannerVIISeminario.png","type":"image\/png"}],"twitter_card":"summary_large_image","twitter_misc":{"Tiempo de lectura":"2 minutos"},"schema":{"@context":"https:\/\/schema.org","@graph":[{"@type":"WebPage","@id":"https:\/\/www.ull.es\/portal\/agenda\/evento\/vii-seminario-de-divulgacion-de-la-investigacion-descolonizando-la-historia-desde-el-genero-a-traves-de-las-cronicas-de-la-conquista-de-canarias\/","url":"https:\/\/www.ull.es\/portal\/agenda\/evento\/vii-seminario-de-divulgacion-de-la-investigacion-descolonizando-la-historia-desde-el-genero-a-traves-de-las-cronicas-de-la-conquista-de-canarias\/","name":"VII Seminario de Divulgaci\u00f3n de la Investigaci\u00f3n: Descolonizando la historia desde el g\u00e9nero a trav\u00e9s de las cr\u00f3nicas de la conquista de Canarias - ULL - Agenda","isPartOf":{"@id":"https:\/\/www.ull.es\/portal\/agenda\/#website"},"datePublished":"2025-09-22T12:37:22+00:00","dateModified":"2025-09-22T12:37:57+00:00","breadcrumb":{"@id":"https:\/\/www.ull.es\/portal\/agenda\/evento\/vii-seminario-de-divulgacion-de-la-investigacion-descolonizando-la-historia-desde-el-genero-a-traves-de-las-cronicas-de-la-conquista-de-canarias\/#breadcrumb"},"inLanguage":"es","potentialAction":[{"@type":"ReadAction","target":["https:\/\/www.ull.es\/portal\/agenda\/evento\/vii-seminario-de-divulgacion-de-la-investigacion-descolonizando-la-historia-desde-el-genero-a-traves-de-las-cronicas-de-la-conquista-de-canarias\/"]}]},{"@type":"BreadcrumbList","@id":"https:\/\/www.ull.es\/portal\/agenda\/evento\/vii-seminario-de-divulgacion-de-la-investigacion-descolonizando-la-historia-desde-el-genero-a-traves-de-las-cronicas-de-la-conquista-de-canarias\/#breadcrumb","itemListElement":[{"@type":"ListItem","position":1,"name":"Portada","item":"https:\/\/www.ull.es\/portal\/agenda\/"},{"@type":"ListItem","position":2,"name":"VII Seminario de Divulgaci\u00f3n de la Investigaci\u00f3n: Descolonizando la historia desde el g\u00e9nero a trav\u00e9s de las cr\u00f3nicas de la conquista de Canarias"}]},{"@type":"WebSite","@id":"https:\/\/www.ull.es\/portal\/agenda\/#website","url":"https:\/\/www.ull.es\/portal\/agenda\/","name":"ULL - Agenda","description":"","potentialAction":[{"@type":"SearchAction","target":{"@type":"EntryPoint","urlTemplate":"https:\/\/www.ull.es\/portal\/agenda\/?s={search_term_string}"},"query-input":"required name=search_term_string"}],"inLanguage":"es"}]}},"_links":{"self":[{"href":"https:\/\/www.ull.es\/portal\/agenda\/wp-json\/wp\/v2\/tribe_events\/44162"}],"collection":[{"href":"https:\/\/www.ull.es\/portal\/agenda\/wp-json\/wp\/v2\/tribe_events"}],"about":[{"href":"https:\/\/www.ull.es\/portal\/agenda\/wp-json\/wp\/v2\/types\/tribe_events"}],"author":[{"embeddable":true,"href":"https:\/\/www.ull.es\/portal\/agenda\/wp-json\/wp\/v2\/users\/43"}],"replies":[{"embeddable":true,"href":"https:\/\/www.ull.es\/portal\/agenda\/wp-json\/wp\/v2\/comments?post=44162"}],"version-history":[{"count":1,"href":"https:\/\/www.ull.es\/portal\/agenda\/wp-json\/wp\/v2\/tribe_events\/44162\/revisions"}],"predecessor-version":[{"id":44164,"href":"https:\/\/www.ull.es\/portal\/agenda\/wp-json\/wp\/v2\/tribe_events\/44162\/revisions\/44164"}],"wp:featuredmedia":[{"embeddable":true,"href":"https:\/\/www.ull.es\/portal\/agenda\/wp-json\/wp\/v2\/media\/44163"}],"wp:attachment":[{"href":"https:\/\/www.ull.es\/portal\/agenda\/wp-json\/wp\/v2\/media?parent=44162"}],"wp:term":[{"taxonomy":"post_tag","embeddable":true,"href":"https:\/\/www.ull.es\/portal\/agenda\/wp-json\/wp\/v2\/tags?post=44162"},{"taxonomy":"tribe_events_cat","embeddable":true,"href":"https:\/\/www.ull.es\/portal\/agenda\/wp-json\/wp\/v2\/tribe_events_cat?post=44162"}],"curies":[{"name":"wp","href":"https:\/\/api.w.org\/{rel}","templated":true}]}}