{"id":44209,"date":"2025-09-25T07:38:44","date_gmt":"2025-09-25T07:38:44","guid":{"rendered":"https:\/\/www.ull.es\/portal\/agenda\/?post_type=tribe_events&#038;p=44209"},"modified":"2025-09-25T07:38:44","modified_gmt":"2025-09-25T07:38:44","slug":"pulso-y-martillo-david-duque-y-ernesto-aleman-timple-y-piano","status":"publish","type":"tribe_events","link":"https:\/\/www.ull.es\/portal\/agenda\/evento\/pulso-y-martillo-david-duque-y-ernesto-aleman-timple-y-piano\/","title":{"rendered":"\u201cPulso y Martillo\u201d. David Duque y Ernesto Alem\u00e1n. Timple y Piano"},"content":{"rendered":"<p>\u201cPulso y Martillo\u201d es una propuesta musical que fusiona dos mundos sonoros \u00fanicos: el timple y el piano. A trav\u00e9s de una cuidadosa selecci\u00f3n de piezas, esta traves\u00eda sonora explora la conexi\u00f3n entre lo cl\u00e1sico y lo contempor\u00e1neo, lo popular y lo experimental, creando una experiencia musical fresca y profunda.<\/p>\n<p>El espect\u00e1culo da espacio al repertorio barroco con adaptaciones \u00fanicas para este formato. Luego, se ofrece una nueva visi\u00f3n del repertorio popular canario, donde las melod\u00edas tradicionales se transforman mediante arreglos innovadores que fusionan las ra\u00edces insulares con el lenguaje contempor\u00e1neo, sin perder la esencia popular, bien arraigada en los int\u00e9rpretes.<\/p>\n<p>La propuesta tambi\u00e9n rinde homenaje a los timplistas m\u00e1s influyentes de la historia, adaptando sus obras al formato de timple y piano, lo que refleja la evoluci\u00f3n y la importancia del instrumento, as\u00ed como las posibilidades de esta formaci\u00f3n. Finalmente, se presentan composiciones originales del pianista, que exploran nuevas sonoridades y estilos, empujando los l\u00edmites de la instrumentaci\u00f3n y llevando al d\u00fao hacia nuevos horizontes musicales.<\/p>\n<p>\u00abPulso y Martillo\u00bb es un viaje sonoro que celebra la tradici\u00f3n, la innovaci\u00f3n y la conversaci\u00f3n continua entre el pasado, presente y futuro.<\/p>\n<p><a href=\"https:\/\/www.ecoentradas.com\/elegirsesion\/2850\" target=\"_blank\" rel=\"noopener\" target=\"_blank\" rel=\"noopener\">Entradas<\/a>: <span lang=\"es\">10\u20ac\u00a0<\/span>general y 8\u20ac estudiantes<\/p>\n","protected":false},"excerpt":{"rendered":"<p>\u201cPulso y Martillo\u201d es una propuesta musical que fusiona dos mundos sonoros \u00fanicos: el timple y el piano. A trav\u00e9s de una cuidadosa selecci\u00f3n de piezas, esta traves\u00eda sonora explora la conexi\u00f3n entre lo cl\u00e1sico y lo contempor\u00e1neo, lo popular y lo experimental, creando una experiencia musical fresca y profunda. El espect\u00e1culo da espacio al&#8230;<\/p>\n","protected":false},"author":65,"featured_media":44210,"comment_status":"closed","ping_status":"closed","template":"","tags":[],"tribe_events_cat":[3987,4,343,186,191],"acf":[],"yoast_head":"<!-- This site is optimized with the Yoast SEO plugin v21.3 - https:\/\/yoast.com\/wordpress\/plugins\/seo\/ -->\n<title>\u201cPulso y Martillo\u201d. David Duque y Ernesto Alem\u00e1n. Timple y Piano - ULL - Agenda<\/title>\n<meta name=\"robots\" content=\"index, follow, max-snippet:-1, max-image-preview:large, max-video-preview:-1\" \/>\n<link rel=\"canonical\" href=\"https:\/\/www.ull.es\/portal\/agenda\/evento\/pulso-y-martillo-david-duque-y-ernesto-aleman-timple-y-piano\/\" \/>\n<meta property=\"og:locale\" content=\"es_ES\" \/>\n<meta property=\"og:type\" content=\"article\" \/>\n<meta property=\"og:title\" content=\"\u201cPulso y Martillo\u201d. David Duque y Ernesto Alem\u00e1n. Timple y Piano - ULL - Agenda\" \/>\n<meta property=\"og:description\" content=\"\u201cPulso y Martillo\u201d es una propuesta musical que fusiona dos mundos sonoros \u00fanicos: el timple y el piano. A trav\u00e9s de una cuidadosa selecci\u00f3n de piezas, esta traves\u00eda sonora explora la conexi\u00f3n entre lo cl\u00e1sico y lo contempor\u00e1neo, lo popular y lo experimental, creando una experiencia musical fresca y profunda. El espect\u00e1culo da espacio al...\" \/>\n<meta property=\"og:url\" content=\"https:\/\/www.ull.es\/portal\/agenda\/evento\/pulso-y-martillo-david-duque-y-ernesto-aleman-timple-y-piano\/\" \/>\n<meta property=\"og:site_name\" content=\"ULL - Agenda\" \/>\n<meta property=\"og:image\" content=\"https:\/\/www.ull.es\/portal\/agenda\/wp-content\/uploads\/sites\/12\/2025\/09\/Timple-y-piano-Paraninfo-750-x-370-px.png\" \/>\n\t<meta property=\"og:image:width\" content=\"750\" \/>\n\t<meta property=\"og:image:height\" content=\"370\" \/>\n\t<meta property=\"og:image:type\" content=\"image\/png\" \/>\n<meta name=\"twitter:card\" content=\"summary_large_image\" \/>\n<meta name=\"twitter:label1\" content=\"Tiempo de lectura\" \/>\n\t<meta name=\"twitter:data1\" content=\"1 minuto\" \/>\n<script type=\"application\/ld+json\" class=\"yoast-schema-graph\">{\"@context\":\"https:\/\/schema.org\",\"@graph\":[{\"@type\":\"WebPage\",\"@id\":\"https:\/\/www.ull.es\/portal\/agenda\/evento\/pulso-y-martillo-david-duque-y-ernesto-aleman-timple-y-piano\/\",\"url\":\"https:\/\/www.ull.es\/portal\/agenda\/evento\/pulso-y-martillo-david-duque-y-ernesto-aleman-timple-y-piano\/\",\"name\":\"\u201cPulso y Martillo\u201d. David Duque y Ernesto Alem\u00e1n. Timple y Piano - ULL - Agenda\",\"isPartOf\":{\"@id\":\"https:\/\/www.ull.es\/portal\/agenda\/#website\"},\"datePublished\":\"2025-09-25T07:38:44+00:00\",\"dateModified\":\"2025-09-25T07:38:44+00:00\",\"breadcrumb\":{\"@id\":\"https:\/\/www.ull.es\/portal\/agenda\/evento\/pulso-y-martillo-david-duque-y-ernesto-aleman-timple-y-piano\/#breadcrumb\"},\"inLanguage\":\"es\",\"potentialAction\":[{\"@type\":\"ReadAction\",\"target\":[\"https:\/\/www.ull.es\/portal\/agenda\/evento\/pulso-y-martillo-david-duque-y-ernesto-aleman-timple-y-piano\/\"]}]},{\"@type\":\"BreadcrumbList\",\"@id\":\"https:\/\/www.ull.es\/portal\/agenda\/evento\/pulso-y-martillo-david-duque-y-ernesto-aleman-timple-y-piano\/#breadcrumb\",\"itemListElement\":[{\"@type\":\"ListItem\",\"position\":1,\"name\":\"Portada\",\"item\":\"https:\/\/www.ull.es\/portal\/agenda\/\"},{\"@type\":\"ListItem\",\"position\":2,\"name\":\"\u201cPulso y Martillo\u201d. David Duque y Ernesto Alem\u00e1n. Timple y Piano\"}]},{\"@type\":\"WebSite\",\"@id\":\"https:\/\/www.ull.es\/portal\/agenda\/#website\",\"url\":\"https:\/\/www.ull.es\/portal\/agenda\/\",\"name\":\"ULL - Agenda\",\"description\":\"\",\"potentialAction\":[{\"@type\":\"SearchAction\",\"target\":{\"@type\":\"EntryPoint\",\"urlTemplate\":\"https:\/\/www.ull.es\/portal\/agenda\/?s={search_term_string}\"},\"query-input\":\"required name=search_term_string\"}],\"inLanguage\":\"es\"}]}<\/script>\n<!-- \/ Yoast SEO plugin. -->","yoast_head_json":{"title":"\u201cPulso y Martillo\u201d. David Duque y Ernesto Alem\u00e1n. Timple y Piano - ULL - Agenda","robots":{"index":"index","follow":"follow","max-snippet":"max-snippet:-1","max-image-preview":"max-image-preview:large","max-video-preview":"max-video-preview:-1"},"canonical":"https:\/\/www.ull.es\/portal\/agenda\/evento\/pulso-y-martillo-david-duque-y-ernesto-aleman-timple-y-piano\/","og_locale":"es_ES","og_type":"article","og_title":"\u201cPulso y Martillo\u201d. David Duque y Ernesto Alem\u00e1n. Timple y Piano - ULL - Agenda","og_description":"\u201cPulso y Martillo\u201d es una propuesta musical que fusiona dos mundos sonoros \u00fanicos: el timple y el piano. A trav\u00e9s de una cuidadosa selecci\u00f3n de piezas, esta traves\u00eda sonora explora la conexi\u00f3n entre lo cl\u00e1sico y lo contempor\u00e1neo, lo popular y lo experimental, creando una experiencia musical fresca y profunda. El espect\u00e1culo da espacio al...","og_url":"https:\/\/www.ull.es\/portal\/agenda\/evento\/pulso-y-martillo-david-duque-y-ernesto-aleman-timple-y-piano\/","og_site_name":"ULL - Agenda","og_image":[{"width":750,"height":370,"url":"https:\/\/www.ull.es\/portal\/agenda\/wp-content\/uploads\/sites\/12\/2025\/09\/Timple-y-piano-Paraninfo-750-x-370-px.png","type":"image\/png"}],"twitter_card":"summary_large_image","twitter_misc":{"Tiempo de lectura":"1 minuto"},"schema":{"@context":"https:\/\/schema.org","@graph":[{"@type":"WebPage","@id":"https:\/\/www.ull.es\/portal\/agenda\/evento\/pulso-y-martillo-david-duque-y-ernesto-aleman-timple-y-piano\/","url":"https:\/\/www.ull.es\/portal\/agenda\/evento\/pulso-y-martillo-david-duque-y-ernesto-aleman-timple-y-piano\/","name":"\u201cPulso y Martillo\u201d. David Duque y Ernesto Alem\u00e1n. Timple y Piano - ULL - Agenda","isPartOf":{"@id":"https:\/\/www.ull.es\/portal\/agenda\/#website"},"datePublished":"2025-09-25T07:38:44+00:00","dateModified":"2025-09-25T07:38:44+00:00","breadcrumb":{"@id":"https:\/\/www.ull.es\/portal\/agenda\/evento\/pulso-y-martillo-david-duque-y-ernesto-aleman-timple-y-piano\/#breadcrumb"},"inLanguage":"es","potentialAction":[{"@type":"ReadAction","target":["https:\/\/www.ull.es\/portal\/agenda\/evento\/pulso-y-martillo-david-duque-y-ernesto-aleman-timple-y-piano\/"]}]},{"@type":"BreadcrumbList","@id":"https:\/\/www.ull.es\/portal\/agenda\/evento\/pulso-y-martillo-david-duque-y-ernesto-aleman-timple-y-piano\/#breadcrumb","itemListElement":[{"@type":"ListItem","position":1,"name":"Portada","item":"https:\/\/www.ull.es\/portal\/agenda\/"},{"@type":"ListItem","position":2,"name":"\u201cPulso y Martillo\u201d. David Duque y Ernesto Alem\u00e1n. Timple y Piano"}]},{"@type":"WebSite","@id":"https:\/\/www.ull.es\/portal\/agenda\/#website","url":"https:\/\/www.ull.es\/portal\/agenda\/","name":"ULL - Agenda","description":"","potentialAction":[{"@type":"SearchAction","target":{"@type":"EntryPoint","urlTemplate":"https:\/\/www.ull.es\/portal\/agenda\/?s={search_term_string}"},"query-input":"required name=search_term_string"}],"inLanguage":"es"}]}},"_links":{"self":[{"href":"https:\/\/www.ull.es\/portal\/agenda\/wp-json\/wp\/v2\/tribe_events\/44209"}],"collection":[{"href":"https:\/\/www.ull.es\/portal\/agenda\/wp-json\/wp\/v2\/tribe_events"}],"about":[{"href":"https:\/\/www.ull.es\/portal\/agenda\/wp-json\/wp\/v2\/types\/tribe_events"}],"author":[{"embeddable":true,"href":"https:\/\/www.ull.es\/portal\/agenda\/wp-json\/wp\/v2\/users\/65"}],"replies":[{"embeddable":true,"href":"https:\/\/www.ull.es\/portal\/agenda\/wp-json\/wp\/v2\/comments?post=44209"}],"version-history":[{"count":1,"href":"https:\/\/www.ull.es\/portal\/agenda\/wp-json\/wp\/v2\/tribe_events\/44209\/revisions"}],"predecessor-version":[{"id":44211,"href":"https:\/\/www.ull.es\/portal\/agenda\/wp-json\/wp\/v2\/tribe_events\/44209\/revisions\/44211"}],"wp:featuredmedia":[{"embeddable":true,"href":"https:\/\/www.ull.es\/portal\/agenda\/wp-json\/wp\/v2\/media\/44210"}],"wp:attachment":[{"href":"https:\/\/www.ull.es\/portal\/agenda\/wp-json\/wp\/v2\/media?parent=44209"}],"wp:term":[{"taxonomy":"post_tag","embeddable":true,"href":"https:\/\/www.ull.es\/portal\/agenda\/wp-json\/wp\/v2\/tags?post=44209"},{"taxonomy":"tribe_events_cat","embeddable":true,"href":"https:\/\/www.ull.es\/portal\/agenda\/wp-json\/wp\/v2\/tribe_events_cat?post=44209"}],"curies":[{"name":"wp","href":"https:\/\/api.w.org\/{rel}","templated":true}]}}