{"id":44821,"date":"2025-10-20T13:54:17","date_gmt":"2025-10-20T13:54:17","guid":{"rendered":"https:\/\/www.ull.es\/portal\/agenda\/?post_type=tribe_events&#038;p=44821"},"modified":"2025-12-11T09:10:31","modified_gmt":"2025-12-11T09:10:31","slug":"jornadas-de-celebracion-del-dia-internacional-del-fosil-2025","status":"publish","type":"tribe_events","link":"https:\/\/www.ull.es\/portal\/agenda\/evento\/jornadas-de-celebracion-del-dia-internacional-del-fosil-2025\/","title":{"rendered":"Jornadas de celebraci\u00f3n del D\u00eda Internacional del F\u00f3sil 2025"},"content":{"rendered":"<p><span style=\"font-weight: 400;\">El pr\u00f3ximo 12 de diciembre regresan nuevamente las <\/span><b>Jornadas de celebraci\u00f3n del D\u00eda Internacional del F\u00f3sil<\/b><span style=\"font-weight: 400;\">. Este a\u00f1o el evento tendr\u00e1 como tem\u00e1tica: \u00abTras las huellas del pasado: ruta interpretativa por los tesoros paleontol\u00f3gicos laguneros\u00bb.<\/span><\/p>\n<p><span style=\"font-weight: 400;\">Esta iniciativa se desarrollar\u00e1 en el conocido <\/span><b>\u201cInvernadero\u201d<\/b><span style=\"font-weight: 400;\"> y en el <\/span><b>Laboratorio Francisco Garc\u00eda Vald\u00e9s<\/b><span style=\"font-weight: 400;\">, ambos ubicados en la <\/span><b>Secci\u00f3n de Biolog\u00eda de la Universidad de La Laguna<\/b><span style=\"font-weight: 400;\">, en la zona del <\/span><b>Campus de Anchieta<\/b><span style=\"font-weight: 400;\">.<\/span><\/p>\n<p>Las jornadas est\u00e1n destinadas al alumnado comprendido entre 5\u00ba de Educaci\u00f3n Primaria y Bachillerato, contando con la participaci\u00f3n de cuatro centros escolares de la zona metropolitana, que asistir\u00e1n en diferentes turnos entre las 9:00 y la 13:00.\u00a0<b>Adem\u00e1s, el evento estar\u00e1 abierto al p\u00fablico general de 9:00 a 13:00 h.\u00a0<\/b>Cada turno contar\u00e1 con diversas actividades en las que conocer\u00e1n la historia natural de Canarias gracias al impresionante registro f\u00f3sil que alberga.<\/p>\n<p><span style=\"font-weight: 400;\">Se trata de una actividad de divulgaci\u00f3n cient\u00edfica enmarcada en un proyecto de aprendizaje-servicio, en el que participa el alumnado de Paleontolog\u00eda de la Universidad de La Laguna junto con estudiantes del IES Dr. Antonio Gonz\u00e1lez Gonz\u00e1lez de Tejina, en colaboraci\u00f3n con Cienci@ULL.<\/span><\/p>\n<p><span style=\"font-weight: 400;\">Las jornadas est\u00e1n destinadas al alumnado comprendido entre 5\u00ba de Educaci\u00f3n Primaria y Bachillerato, contando con la participaci\u00f3n de cuatro centros escolares de la zona metropolitana, que asistir\u00e1n en diferentes turnos entre las 9:00 y la 13:00. Cada turno contar\u00e1 con diversas actividades en las que conocer\u00e1n la historia natural de Canarias gracias al impresionante registro f\u00f3sil que alberga.\u00a0<\/span><\/p>\n<p><span style=\"font-weight: 400;\">El D\u00eda Internacional del F\u00f3sil es una iniciativa de la Facultad de Ciencia de la Universidad de La Laguna, a trav\u00e9s del \u00c1rea de Paleontolog\u00eda. Cuenta con la colaboraci\u00f3n del Ayuntamiento de La Laguna, el Instituto Dr. Antonio Gonz\u00e1lez Gonz\u00e1lez de Tejina, la Fundaci\u00f3n Telesforo Bravo, la Oficina de Voluntariado del Cabildo de Tenerife, Programa Tenerife Isla Solidaria, Gesti\u00f3n y Planeamiento Territorial y Medioambiental, el Colegio Oficial de Bi\u00f3logos de Canarias y la Delegaci\u00f3n de Estudiantes de Biolog\u00eda (Biodelega).<\/span><\/p>\n<p>&nbsp;<\/p>\n","protected":false},"excerpt":{"rendered":"<p>El pr\u00f3ximo 12 de diciembre regresan nuevamente las Jornadas de celebraci\u00f3n del D\u00eda Internacional del F\u00f3sil. Este a\u00f1o el evento tendr\u00e1 como tem\u00e1tica: \u00abTras las huellas del pasado: ruta interpretativa por los tesoros paleontol\u00f3gicos laguneros\u00bb. Esta iniciativa se desarrollar\u00e1 en el conocido \u201cInvernadero\u201d y en el Laboratorio Francisco Garc\u00eda Vald\u00e9s, ambos ubicados en la Secci\u00f3n&#8230;<\/p>\n","protected":false},"author":65,"featured_media":45729,"comment_status":"closed","ping_status":"closed","template":"","tags":[],"tribe_events_cat":[352,856,4,972,191],"acf":[],"yoast_head":"<!-- This site is optimized with the Yoast SEO plugin v21.3 - https:\/\/yoast.com\/wordpress\/plugins\/seo\/ -->\n<title>Jornadas de celebraci\u00f3n del D\u00eda Internacional del F\u00f3sil 2025 - ULL - Agenda<\/title>\n<meta name=\"robots\" content=\"index, follow, max-snippet:-1, max-image-preview:large, max-video-preview:-1\" \/>\n<link rel=\"canonical\" href=\"https:\/\/www.ull.es\/portal\/agenda\/evento\/jornadas-de-celebracion-del-dia-internacional-del-fosil-2025\/\" \/>\n<meta property=\"og:locale\" content=\"es_ES\" \/>\n<meta property=\"og:type\" content=\"article\" \/>\n<meta property=\"og:title\" content=\"Jornadas de celebraci\u00f3n del D\u00eda Internacional del F\u00f3sil 2025 - ULL - Agenda\" \/>\n<meta property=\"og:description\" content=\"El pr\u00f3ximo 12 de diciembre regresan nuevamente las Jornadas de celebraci\u00f3n del D\u00eda Internacional del F\u00f3sil. Este a\u00f1o el evento tendr\u00e1 como tem\u00e1tica: \u00abTras las huellas del pasado: ruta interpretativa por los tesoros paleontol\u00f3gicos laguneros\u00bb. Esta iniciativa se desarrollar\u00e1 en el conocido \u201cInvernadero\u201d y en el Laboratorio Francisco Garc\u00eda Vald\u00e9s, ambos ubicados en la Secci\u00f3n...\" \/>\n<meta property=\"og:url\" content=\"https:\/\/www.ull.es\/portal\/agenda\/evento\/jornadas-de-celebracion-del-dia-internacional-del-fosil-2025\/\" \/>\n<meta property=\"og:site_name\" content=\"ULL - Agenda\" \/>\n<meta property=\"article:modified_time\" content=\"2025-12-11T09:10:31+00:00\" \/>\n<meta property=\"og:image\" content=\"https:\/\/www.ull.es\/portal\/agenda\/wp-content\/uploads\/sites\/12\/2025\/10\/formatos_rrss_horario_publico_350x750.jpg\" \/>\n\t<meta property=\"og:image:width\" content=\"750\" \/>\n\t<meta property=\"og:image:height\" content=\"350\" \/>\n\t<meta property=\"og:image:type\" content=\"image\/jpeg\" \/>\n<meta name=\"twitter:card\" content=\"summary_large_image\" \/>\n<meta name=\"twitter:label1\" content=\"Tiempo de lectura\" \/>\n\t<meta name=\"twitter:data1\" content=\"2 minutos\" \/>\n<script type=\"application\/ld+json\" class=\"yoast-schema-graph\">{\"@context\":\"https:\/\/schema.org\",\"@graph\":[{\"@type\":\"WebPage\",\"@id\":\"https:\/\/www.ull.es\/portal\/agenda\/evento\/jornadas-de-celebracion-del-dia-internacional-del-fosil-2025\/\",\"url\":\"https:\/\/www.ull.es\/portal\/agenda\/evento\/jornadas-de-celebracion-del-dia-internacional-del-fosil-2025\/\",\"name\":\"Jornadas de celebraci\u00f3n del D\u00eda Internacional del F\u00f3sil 2025 - ULL - Agenda\",\"isPartOf\":{\"@id\":\"https:\/\/www.ull.es\/portal\/agenda\/#website\"},\"datePublished\":\"2025-10-20T13:54:17+00:00\",\"dateModified\":\"2025-12-11T09:10:31+00:00\",\"breadcrumb\":{\"@id\":\"https:\/\/www.ull.es\/portal\/agenda\/evento\/jornadas-de-celebracion-del-dia-internacional-del-fosil-2025\/#breadcrumb\"},\"inLanguage\":\"es\",\"potentialAction\":[{\"@type\":\"ReadAction\",\"target\":[\"https:\/\/www.ull.es\/portal\/agenda\/evento\/jornadas-de-celebracion-del-dia-internacional-del-fosil-2025\/\"]}]},{\"@type\":\"BreadcrumbList\",\"@id\":\"https:\/\/www.ull.es\/portal\/agenda\/evento\/jornadas-de-celebracion-del-dia-internacional-del-fosil-2025\/#breadcrumb\",\"itemListElement\":[{\"@type\":\"ListItem\",\"position\":1,\"name\":\"Portada\",\"item\":\"https:\/\/www.ull.es\/portal\/agenda\/\"},{\"@type\":\"ListItem\",\"position\":2,\"name\":\"Jornadas de celebraci\u00f3n del D\u00eda Internacional del F\u00f3sil 2025\"}]},{\"@type\":\"WebSite\",\"@id\":\"https:\/\/www.ull.es\/portal\/agenda\/#website\",\"url\":\"https:\/\/www.ull.es\/portal\/agenda\/\",\"name\":\"ULL - Agenda\",\"description\":\"\",\"potentialAction\":[{\"@type\":\"SearchAction\",\"target\":{\"@type\":\"EntryPoint\",\"urlTemplate\":\"https:\/\/www.ull.es\/portal\/agenda\/?s={search_term_string}\"},\"query-input\":\"required name=search_term_string\"}],\"inLanguage\":\"es\"}]}<\/script>\n<!-- \/ Yoast SEO plugin. -->","yoast_head_json":{"title":"Jornadas de celebraci\u00f3n del D\u00eda Internacional del F\u00f3sil 2025 - ULL - Agenda","robots":{"index":"index","follow":"follow","max-snippet":"max-snippet:-1","max-image-preview":"max-image-preview:large","max-video-preview":"max-video-preview:-1"},"canonical":"https:\/\/www.ull.es\/portal\/agenda\/evento\/jornadas-de-celebracion-del-dia-internacional-del-fosil-2025\/","og_locale":"es_ES","og_type":"article","og_title":"Jornadas de celebraci\u00f3n del D\u00eda Internacional del F\u00f3sil 2025 - ULL - Agenda","og_description":"El pr\u00f3ximo 12 de diciembre regresan nuevamente las Jornadas de celebraci\u00f3n del D\u00eda Internacional del F\u00f3sil. Este a\u00f1o el evento tendr\u00e1 como tem\u00e1tica: \u00abTras las huellas del pasado: ruta interpretativa por los tesoros paleontol\u00f3gicos laguneros\u00bb. Esta iniciativa se desarrollar\u00e1 en el conocido \u201cInvernadero\u201d y en el Laboratorio Francisco Garc\u00eda Vald\u00e9s, ambos ubicados en la Secci\u00f3n...","og_url":"https:\/\/www.ull.es\/portal\/agenda\/evento\/jornadas-de-celebracion-del-dia-internacional-del-fosil-2025\/","og_site_name":"ULL - Agenda","article_modified_time":"2025-12-11T09:10:31+00:00","og_image":[{"width":750,"height":350,"url":"https:\/\/www.ull.es\/portal\/agenda\/wp-content\/uploads\/sites\/12\/2025\/10\/formatos_rrss_horario_publico_350x750.jpg","type":"image\/jpeg"}],"twitter_card":"summary_large_image","twitter_misc":{"Tiempo de lectura":"2 minutos"},"schema":{"@context":"https:\/\/schema.org","@graph":[{"@type":"WebPage","@id":"https:\/\/www.ull.es\/portal\/agenda\/evento\/jornadas-de-celebracion-del-dia-internacional-del-fosil-2025\/","url":"https:\/\/www.ull.es\/portal\/agenda\/evento\/jornadas-de-celebracion-del-dia-internacional-del-fosil-2025\/","name":"Jornadas de celebraci\u00f3n del D\u00eda Internacional del F\u00f3sil 2025 - ULL - Agenda","isPartOf":{"@id":"https:\/\/www.ull.es\/portal\/agenda\/#website"},"datePublished":"2025-10-20T13:54:17+00:00","dateModified":"2025-12-11T09:10:31+00:00","breadcrumb":{"@id":"https:\/\/www.ull.es\/portal\/agenda\/evento\/jornadas-de-celebracion-del-dia-internacional-del-fosil-2025\/#breadcrumb"},"inLanguage":"es","potentialAction":[{"@type":"ReadAction","target":["https:\/\/www.ull.es\/portal\/agenda\/evento\/jornadas-de-celebracion-del-dia-internacional-del-fosil-2025\/"]}]},{"@type":"BreadcrumbList","@id":"https:\/\/www.ull.es\/portal\/agenda\/evento\/jornadas-de-celebracion-del-dia-internacional-del-fosil-2025\/#breadcrumb","itemListElement":[{"@type":"ListItem","position":1,"name":"Portada","item":"https:\/\/www.ull.es\/portal\/agenda\/"},{"@type":"ListItem","position":2,"name":"Jornadas de celebraci\u00f3n del D\u00eda Internacional del F\u00f3sil 2025"}]},{"@type":"WebSite","@id":"https:\/\/www.ull.es\/portal\/agenda\/#website","url":"https:\/\/www.ull.es\/portal\/agenda\/","name":"ULL - Agenda","description":"","potentialAction":[{"@type":"SearchAction","target":{"@type":"EntryPoint","urlTemplate":"https:\/\/www.ull.es\/portal\/agenda\/?s={search_term_string}"},"query-input":"required name=search_term_string"}],"inLanguage":"es"}]}},"_links":{"self":[{"href":"https:\/\/www.ull.es\/portal\/agenda\/wp-json\/wp\/v2\/tribe_events\/44821"}],"collection":[{"href":"https:\/\/www.ull.es\/portal\/agenda\/wp-json\/wp\/v2\/tribe_events"}],"about":[{"href":"https:\/\/www.ull.es\/portal\/agenda\/wp-json\/wp\/v2\/types\/tribe_events"}],"author":[{"embeddable":true,"href":"https:\/\/www.ull.es\/portal\/agenda\/wp-json\/wp\/v2\/users\/65"}],"replies":[{"embeddable":true,"href":"https:\/\/www.ull.es\/portal\/agenda\/wp-json\/wp\/v2\/comments?post=44821"}],"version-history":[{"count":2,"href":"https:\/\/www.ull.es\/portal\/agenda\/wp-json\/wp\/v2\/tribe_events\/44821\/revisions"}],"predecessor-version":[{"id":45727,"href":"https:\/\/www.ull.es\/portal\/agenda\/wp-json\/wp\/v2\/tribe_events\/44821\/revisions\/45727"}],"wp:featuredmedia":[{"embeddable":true,"href":"https:\/\/www.ull.es\/portal\/agenda\/wp-json\/wp\/v2\/media\/45729"}],"wp:attachment":[{"href":"https:\/\/www.ull.es\/portal\/agenda\/wp-json\/wp\/v2\/media?parent=44821"}],"wp:term":[{"taxonomy":"post_tag","embeddable":true,"href":"https:\/\/www.ull.es\/portal\/agenda\/wp-json\/wp\/v2\/tags?post=44821"},{"taxonomy":"tribe_events_cat","embeddable":true,"href":"https:\/\/www.ull.es\/portal\/agenda\/wp-json\/wp\/v2\/tribe_events_cat?post=44821"}],"curies":[{"name":"wp","href":"https:\/\/api.w.org\/{rel}","templated":true}]}}