{"id":45012,"date":"2025-10-29T08:38:18","date_gmt":"2025-10-29T08:38:18","guid":{"rendered":"https:\/\/www.ull.es\/portal\/agenda\/?post_type=tribe_events&#038;eventDate=2025-11-07#038;p=45010"},"modified":"2025-10-29T10:14:57","modified_gmt":"2025-10-29T10:14:57","slug":"taller-de-comunicacion-en-la-web-3-2025-11-07","status":"publish","type":"tribe_events","link":"https:\/\/www.ull.es\/portal\/agenda\/evento\/taller-de-comunicacion-en-la-web-3\/2025-11-07\/","title":{"rendered":"Taller de Comunicaci\u00f3n en la Web 3"},"content":{"rendered":"<p>El aula cultural de Comunicaci\u00f3n de la Universidad de La Laguna realiza un taller de Comunicaci\u00f3n en la web 3, de utilidad para todos los universitarios, dada la importancia que tiene actualmente el conocimiento del funcionamiento de los procesos comunicativos en la sociedad, y de la alfabetizaci\u00f3n medi\u00e1tica como proceso de conocimiento de los entornos sociales, as\u00ed como los l\u00edmites \u00e9ticos de la informaci\u00f3n, tanto a trav\u00e9s de los medios de comunicaci\u00f3n tradicionales como en los del mundo digital.<\/p>\n<p>El taller se desarrolla en dos sesiones, en la Facultad de Ciencias Sociales y de la Comunicaci\u00f3n en el edificio La Pir\u00e1mide, los d\u00edas 3 y 7 de noviembre de 2025.<\/p>\n","protected":false},"excerpt":{"rendered":"<p>El aula cultural de Comunicaci\u00f3n de la Universidad de La Laguna realiza un taller de Comunicaci\u00f3n en la web 3, de utilidad para todos los universitarios, dada la importancia que tiene actualmente el conocimiento del funcionamiento de los procesos comunicativos en la sociedad, y de la alfabetizaci\u00f3n medi\u00e1tica como proceso de conocimiento de los entornos&#8230;<\/p>\n","protected":false},"author":65,"featured_media":45019,"comment_status":"closed","ping_status":"closed","template":"","tags":[],"tribe_events_cat":[344,3987,4,186],"acf":[],"yoast_head":"<!-- This site is optimized with the Yoast SEO plugin v21.3 - https:\/\/yoast.com\/wordpress\/plugins\/seo\/ -->\n<title>Taller de Comunicaci\u00f3n en la Web 3 - ULL - Agenda<\/title>\n<meta name=\"robots\" content=\"index, follow, max-snippet:-1, max-image-preview:large, max-video-preview:-1\" \/>\n<link rel=\"canonical\" href=\"https:\/\/www.ull.es\/portal\/agenda\/evento\/taller-de-comunicacion-en-la-web-3\/2025-11-07\/\" \/>\n<meta property=\"og:locale\" content=\"es_ES\" \/>\n<meta property=\"og:type\" content=\"article\" \/>\n<meta property=\"og:title\" content=\"Taller de Comunicaci\u00f3n en la Web 3 - ULL - Agenda\" \/>\n<meta property=\"og:description\" content=\"El aula cultural de Comunicaci\u00f3n de la Universidad de La Laguna realiza un taller de Comunicaci\u00f3n en la web 3, de utilidad para todos los universitarios, dada la importancia que tiene actualmente el conocimiento del funcionamiento de los procesos comunicativos en la sociedad, y de la alfabetizaci\u00f3n medi\u00e1tica como proceso de conocimiento de los entornos...\" \/>\n<meta property=\"og:url\" content=\"https:\/\/www.ull.es\/portal\/agenda\/evento\/taller-de-comunicacion-en-la-web-3\/2025-11-07\/\" \/>\n<meta property=\"og:site_name\" content=\"ULL - Agenda\" \/>\n<meta property=\"article:modified_time\" content=\"2025-10-29T10:14:57+00:00\" \/>\n<meta property=\"og:image\" content=\"https:\/\/www.ull.es\/portal\/agenda\/wp-content\/uploads\/sites\/12\/2025\/10\/Taller-de-comunicacion-en-la-web3_Banner-eventos.png\" \/>\n\t<meta property=\"og:image:width\" content=\"750\" \/>\n\t<meta property=\"og:image:height\" content=\"370\" \/>\n\t<meta property=\"og:image:type\" content=\"image\/png\" \/>\n<meta name=\"twitter:card\" content=\"summary_large_image\" \/>\n<meta name=\"twitter:label1\" content=\"Tiempo de lectura\" \/>\n\t<meta name=\"twitter:data1\" content=\"1 minuto\" \/>\n<script type=\"application\/ld+json\" class=\"yoast-schema-graph\">{\"@context\":\"https:\/\/schema.org\",\"@graph\":[{\"@type\":\"WebPage\",\"@id\":\"https:\/\/www.ull.es\/portal\/agenda\/evento\/taller-de-comunicacion-en-la-web-3\/2025-11-07\/\",\"url\":\"https:\/\/www.ull.es\/portal\/agenda\/evento\/taller-de-comunicacion-en-la-web-3\/2025-11-07\/\",\"name\":\"Taller de Comunicaci\u00f3n en la Web 3 - ULL - Agenda\",\"isPartOf\":{\"@id\":\"https:\/\/www.ull.es\/portal\/agenda\/#website\"},\"datePublished\":\"2025-10-29T08:38:18+00:00\",\"dateModified\":\"2025-10-29T10:14:57+00:00\",\"breadcrumb\":{\"@id\":\"https:\/\/www.ull.es\/portal\/agenda\/evento\/taller-de-comunicacion-en-la-web-3\/2025-11-07\/#breadcrumb\"},\"inLanguage\":\"es\",\"potentialAction\":[{\"@type\":\"ReadAction\",\"target\":[\"https:\/\/www.ull.es\/portal\/agenda\/evento\/taller-de-comunicacion-en-la-web-3\/2025-11-07\/\"]}]},{\"@type\":\"BreadcrumbList\",\"@id\":\"https:\/\/www.ull.es\/portal\/agenda\/evento\/taller-de-comunicacion-en-la-web-3\/2025-11-07\/#breadcrumb\",\"itemListElement\":[{\"@type\":\"ListItem\",\"position\":1,\"name\":\"Portada\",\"item\":\"https:\/\/www.ull.es\/portal\/agenda\/\"},{\"@type\":\"ListItem\",\"position\":2,\"name\":\"Taller de Comunicaci\u00f3n en la Web 3\",\"item\":\"https:\/\/www.ull.es\/portal\/agenda\/evento\/taller-de-comunicacion-en-la-web-3\/2025-11-03\/\"},{\"@type\":\"ListItem\",\"position\":3,\"name\":\"Taller de Comunicaci\u00f3n en la Web 3\"}]},{\"@type\":\"WebSite\",\"@id\":\"https:\/\/www.ull.es\/portal\/agenda\/#website\",\"url\":\"https:\/\/www.ull.es\/portal\/agenda\/\",\"name\":\"ULL - Agenda\",\"description\":\"\",\"potentialAction\":[{\"@type\":\"SearchAction\",\"target\":{\"@type\":\"EntryPoint\",\"urlTemplate\":\"https:\/\/www.ull.es\/portal\/agenda\/?s={search_term_string}\"},\"query-input\":\"required name=search_term_string\"}],\"inLanguage\":\"es\"}]}<\/script>\n<!-- \/ Yoast SEO plugin. -->","yoast_head_json":{"title":"Taller de Comunicaci\u00f3n en la Web 3 - ULL - Agenda","robots":{"index":"index","follow":"follow","max-snippet":"max-snippet:-1","max-image-preview":"max-image-preview:large","max-video-preview":"max-video-preview:-1"},"canonical":"https:\/\/www.ull.es\/portal\/agenda\/evento\/taller-de-comunicacion-en-la-web-3\/2025-11-07\/","og_locale":"es_ES","og_type":"article","og_title":"Taller de Comunicaci\u00f3n en la Web 3 - ULL - Agenda","og_description":"El aula cultural de Comunicaci\u00f3n de la Universidad de La Laguna realiza un taller de Comunicaci\u00f3n en la web 3, de utilidad para todos los universitarios, dada la importancia que tiene actualmente el conocimiento del funcionamiento de los procesos comunicativos en la sociedad, y de la alfabetizaci\u00f3n medi\u00e1tica como proceso de conocimiento de los entornos...","og_url":"https:\/\/www.ull.es\/portal\/agenda\/evento\/taller-de-comunicacion-en-la-web-3\/2025-11-07\/","og_site_name":"ULL - Agenda","article_modified_time":"2025-10-29T10:14:57+00:00","og_image":[{"width":750,"height":370,"url":"https:\/\/www.ull.es\/portal\/agenda\/wp-content\/uploads\/sites\/12\/2025\/10\/Taller-de-comunicacion-en-la-web3_Banner-eventos.png","type":"image\/png"}],"twitter_card":"summary_large_image","twitter_misc":{"Tiempo de lectura":"1 minuto"},"schema":{"@context":"https:\/\/schema.org","@graph":[{"@type":"WebPage","@id":"https:\/\/www.ull.es\/portal\/agenda\/evento\/taller-de-comunicacion-en-la-web-3\/2025-11-07\/","url":"https:\/\/www.ull.es\/portal\/agenda\/evento\/taller-de-comunicacion-en-la-web-3\/2025-11-07\/","name":"Taller de Comunicaci\u00f3n en la Web 3 - ULL - Agenda","isPartOf":{"@id":"https:\/\/www.ull.es\/portal\/agenda\/#website"},"datePublished":"2025-10-29T08:38:18+00:00","dateModified":"2025-10-29T10:14:57+00:00","breadcrumb":{"@id":"https:\/\/www.ull.es\/portal\/agenda\/evento\/taller-de-comunicacion-en-la-web-3\/2025-11-07\/#breadcrumb"},"inLanguage":"es","potentialAction":[{"@type":"ReadAction","target":["https:\/\/www.ull.es\/portal\/agenda\/evento\/taller-de-comunicacion-en-la-web-3\/2025-11-07\/"]}]},{"@type":"BreadcrumbList","@id":"https:\/\/www.ull.es\/portal\/agenda\/evento\/taller-de-comunicacion-en-la-web-3\/2025-11-07\/#breadcrumb","itemListElement":[{"@type":"ListItem","position":1,"name":"Portada","item":"https:\/\/www.ull.es\/portal\/agenda\/"},{"@type":"ListItem","position":2,"name":"Taller de Comunicaci\u00f3n en la Web 3","item":"https:\/\/www.ull.es\/portal\/agenda\/evento\/taller-de-comunicacion-en-la-web-3\/2025-11-03\/"},{"@type":"ListItem","position":3,"name":"Taller de Comunicaci\u00f3n en la Web 3"}]},{"@type":"WebSite","@id":"https:\/\/www.ull.es\/portal\/agenda\/#website","url":"https:\/\/www.ull.es\/portal\/agenda\/","name":"ULL - Agenda","description":"","potentialAction":[{"@type":"SearchAction","target":{"@type":"EntryPoint","urlTemplate":"https:\/\/www.ull.es\/portal\/agenda\/?s={search_term_string}"},"query-input":"required name=search_term_string"}],"inLanguage":"es"}]}},"_links":{"self":[{"href":"https:\/\/www.ull.es\/portal\/agenda\/wp-json\/wp\/v2\/tribe_events\/45012"}],"collection":[{"href":"https:\/\/www.ull.es\/portal\/agenda\/wp-json\/wp\/v2\/tribe_events"}],"about":[{"href":"https:\/\/www.ull.es\/portal\/agenda\/wp-json\/wp\/v2\/types\/tribe_events"}],"author":[{"embeddable":true,"href":"https:\/\/www.ull.es\/portal\/agenda\/wp-json\/wp\/v2\/users\/65"}],"replies":[{"embeddable":true,"href":"https:\/\/www.ull.es\/portal\/agenda\/wp-json\/wp\/v2\/comments?post=45012"}],"version-history":[{"count":1,"href":"https:\/\/www.ull.es\/portal\/agenda\/wp-json\/wp\/v2\/tribe_events\/45012\/revisions"}],"predecessor-version":[{"id":45020,"href":"https:\/\/www.ull.es\/portal\/agenda\/wp-json\/wp\/v2\/tribe_events\/45012\/revisions\/45020"}],"wp:featuredmedia":[{"embeddable":true,"href":"https:\/\/www.ull.es\/portal\/agenda\/wp-json\/wp\/v2\/media\/45019"}],"wp:attachment":[{"href":"https:\/\/www.ull.es\/portal\/agenda\/wp-json\/wp\/v2\/media?parent=45012"}],"wp:term":[{"taxonomy":"post_tag","embeddable":true,"href":"https:\/\/www.ull.es\/portal\/agenda\/wp-json\/wp\/v2\/tags?post=45012"},{"taxonomy":"tribe_events_cat","embeddable":true,"href":"https:\/\/www.ull.es\/portal\/agenda\/wp-json\/wp\/v2\/tribe_events_cat?post=45012"}],"curies":[{"name":"wp","href":"https:\/\/api.w.org\/{rel}","templated":true}]}}