{"id":45079,"date":"2025-10-30T13:14:16","date_gmt":"2025-10-30T13:14:16","guid":{"rendered":"https:\/\/www.ull.es\/portal\/agenda\/?post_type=tribe_events&#038;p=45079"},"modified":"2026-01-28T12:33:07","modified_gmt":"2026-01-28T12:33:07","slug":"unamuno-en-fuerteventura-xxviii-unamuno-y-america","status":"publish","type":"tribe_events","link":"https:\/\/www.ull.es\/portal\/agenda\/evento\/unamuno-en-fuerteventura-xxviii-unamuno-y-america\/","title":{"rendered":"Unamuno en Fuerteventura XXVIII: Unamuno y Am\u00e9rica"},"content":{"rendered":"<p>Acaso no haya intelectual espa\u00f1ol que haya entendido mejor lo que significa y representa Am\u00e9rica para la civilizaci\u00f3n hisp\u00e1nica como don Miguel de Unamuno. Desde finales del siglo XIX, cuando la Espa\u00f1a oficial consideraba que nuestros hermanos hispanoamericanos no eran otra cosa que unos \u201crastacueros\u201d (y la expresi\u00f3n es de P\u00edo Baroja) y el espa\u00f1ol de Am\u00e9rica y su literatura corrupciones o degeneraciones del espa\u00f1ol y la literatura peninsulares, empez\u00f3 don Miguel a defender la idea de la importancia del espa\u00f1ol del Nuevo Mundo para la historia de la lengua espa\u00f1ola y de sus escritores e intelectuales para la historia de nuestra literatura y el porvenir de los hispanohablantes todos. Para demostrar que esto es as\u00ed, basta con echar un vistazo a la infinidad de estudios que dedic\u00f3 nuestro autor al espa\u00f1ol del Nuevo Mundo, a sus escritores e intelectuales m\u00e1s relevantes, como Domingo Faustino Sarmiento, Andr\u00e9s Bello, Rufino Jos\u00e9 Cuervo, Jos\u00e9 Hern\u00e1ndez, Asunci\u00f3n Silva, Santos Chocano, Grandmontagne, Amado Nervo o D\u00edaz Rodr\u00edguez, y a sus obras m\u00e1s destacadas, como el <em>Mart\u00edn Fierro<\/em>, por ejemplo, tanto en la prensa espa\u00f1ola (especialmente, en <em>La Lectura. Revista de Ciencias y de Arte<\/em> de Madrid) como en la prensa hispanoamericana (fundamentalmente, la argentina, que fue el foro americano que m\u00e1s frecuent\u00f3). Hasta tal punto es esto as\u00ed, que no constituye ninguna exageraci\u00f3n afirmar que fue don Miguel el verdadero pionero de los estudios de la lengua, la literatura y la historia de Am\u00e9rica en nuestro pa\u00eds y de las c\u00e1tedras e institutos que se crear\u00edan posteriormente para su ense\u00f1anza, difusi\u00f3n y estudio. Precisamente, analizar lo que podr\u00edamos denominar \u201cel ideario americanista de don Miguel de Unamuno\u201d y determinar la influencia que el mismo ha ejercido tanto en la vida espa\u00f1ola como en la vida americana es el objetivo de la presente edici\u00f3n del curso \u201cUnamuno en Fuerteventura\u201d. Para ello, contamos con la participaci\u00f3n del profesor Jos\u00e9 Juan Batista Rodr\u00edguez, de la Universidad de La Laguna, que va a hablarnos de \u201cUnamuno en diez autores americanos menos conocidos\u201d; el profesor Asier Montero Ruiz, de la Universidad del Pa\u00eds Vasco, que tratar\u00e1 sobre \u201cUnamuno y el gauchismo: hacia una poes\u00eda popular\u201d; el profesor Marcial Morera, de la Universidad de La Laguna, que analizar\u00e1 el tema de la concepci\u00f3n que ten\u00eda don Miguel del espa\u00f1ol americano, en la conferencia \u201cUnamuno y el espa\u00f1ol de Am\u00e9rica\u201d; la profesora Isabel Castells Molina, de la Universidad de La Laguna, que versar\u00e1 sobre el tema \u201cEl crep\u00fasculo de los mitos: don Quijote y Am\u00e9rica en el pensamiento de Unamuno\u201d; y la profesora Mar\u00eda Paula Cantero, de la Universidad de Salamanca, que tratar\u00e1 el tema de \u201cBorges y Unamuno: encuentros y desencuentros de dos emblemas de la literatura en espa\u00f1ol\u201d.<\/p>\n<p>En este curso, organizado por la C\u00e1tedra Cultural Miguel de Unamuno con la colaboraci\u00f3n del Cabildo Insular de Fuerteventura, que se celebrar\u00e1 en Puerto del Rosario entre los d\u00edas 23 al 27 de febrero de 2026 en horario de 18:00 a 20:00 horas, se pretende como objetivos fundamentales el analizar mediante su producci\u00f3n literaria, period\u00edstica y ensay\u00edstica y valorar en sus justos t\u00e9rminos la profunda y casi prof\u00e9tica visi\u00f3n que ten\u00eda Miguel de Unamuno de la importancia del mundo americano para la civilizaci\u00f3n hispana y poner de manifiesto su papel de pionero en la creaci\u00f3n de asignaturas y c\u00e1tedras para el estudio de la historia, la literatura y la lengua americanas en la universidad espa\u00f1ola.<\/p>\n<p>Dirigido a profesores de primaria y secundaria, estudiantes universitarios y p\u00fablico en general.<\/p>\n<p>Direcci\u00f3n acad\u00e9mica: Marcial Morera. Catedr\u00e1tico de Lengua Espa\u00f1ola, Departamento de Filolog\u00eda Espa\u00f1ola de la Universidad de La Laguna.<\/p>\n<p><strong>CERTIFICADO DE ASISTENCIA, APTITUD Y RECONOCIMIENTO POR CR\u00c9DITO ECTS<\/strong><\/p>\n<p>La Universidad de La Laguna, a trav\u00e9s del Vicerrectorado de Cultura y Extensi\u00f3n Universitaria, emitir\u00e1 un certificado de asistencia a todas aquellas personas que asistan a un m\u00ednimo del 80% de las horas lectivas presenciales. Asimismo, aquellas personas que superen el trabajo aut\u00f3nomo del alumnado, recibir\u00e1n un certificado de asistencia y aprovechamiento, reconocible a su vez por un cr\u00e9dito ECTS.<\/p>\n<p>Asistencia gratuita previa inscripci\u00f3n.\u00a0<a href=\"https:\/\/sede.fg.ull.es\/es\/curso\/detalle?code=a25020287&amp;name=unamuno-en-fuerteventura-xxviii-unamuno-y-america&amp;query=%3Fcode%3DA25020287\" target=\"_blank\" rel=\"noopener\" target=\"_blank\" rel=\"noopener\"><strong><u>M\u00e1s informaci\u00f3n e inscripci\u00f3n aqu\u00ed.<\/u><\/strong><\/a><\/p>\n<p><strong><span style=\"color: #ff0000\">\u00a1PLAZAS AGOTADAS!<\/span><\/strong><\/p>\n<p><strong>Contacto:\u00a0<\/strong><a href=\"mailto:extuni@ull.edu.es\" target=\"_blank\" rel=\"noopener\" target=\"_blank\" rel=\"noopener\"><strong>extuni@ull.es<\/strong><\/a><\/p>\n","protected":false},"excerpt":{"rendered":"<p>Acaso no haya intelectual espa\u00f1ol que haya entendido mejor lo que significa y representa Am\u00e9rica para la civilizaci\u00f3n hisp\u00e1nica como don Miguel de Unamuno. Desde finales del siglo XIX, cuando la Espa\u00f1a oficial consideraba que nuestros hermanos hispanoamericanos no eran otra cosa que unos \u201crastacueros\u201d (y la expresi\u00f3n es de P\u00edo Baroja) y el espa\u00f1ol&#8230;<\/p>\n","protected":false},"author":43,"featured_media":45645,"comment_status":"closed","ping_status":"closed","template":"","tags":[4259,977,3812,317,3751,1933],"tribe_events_cat":[472,471,4,186],"acf":[],"yoast_head":"<!-- This site is optimized with the Yoast SEO plugin v21.3 - https:\/\/yoast.com\/wordpress\/plugins\/seo\/ -->\n<title>Unamuno en Fuerteventura XXVIII: Unamuno y Am\u00e9rica - ULL - Agenda<\/title>\n<meta name=\"robots\" content=\"index, follow, max-snippet:-1, max-image-preview:large, max-video-preview:-1\" \/>\n<link rel=\"canonical\" href=\"https:\/\/www.ull.es\/portal\/agenda\/evento\/unamuno-en-fuerteventura-xxviii-unamuno-y-america\/\" \/>\n<meta property=\"og:locale\" content=\"es_ES\" \/>\n<meta property=\"og:type\" content=\"article\" \/>\n<meta property=\"og:title\" content=\"Unamuno en Fuerteventura XXVIII: Unamuno y Am\u00e9rica - ULL - Agenda\" \/>\n<meta property=\"og:description\" content=\"Acaso no haya intelectual espa\u00f1ol que haya entendido mejor lo que significa y representa Am\u00e9rica para la civilizaci\u00f3n hisp\u00e1nica como don Miguel de Unamuno. Desde finales del siglo XIX, cuando la Espa\u00f1a oficial consideraba que nuestros hermanos hispanoamericanos no eran otra cosa que unos \u201crastacueros\u201d (y la expresi\u00f3n es de P\u00edo Baroja) y el espa\u00f1ol...\" \/>\n<meta property=\"og:url\" content=\"https:\/\/www.ull.es\/portal\/agenda\/evento\/unamuno-en-fuerteventura-xxviii-unamuno-y-america\/\" \/>\n<meta property=\"og:site_name\" content=\"ULL - Agenda\" \/>\n<meta property=\"article:modified_time\" content=\"2026-01-28T12:33:07+00:00\" \/>\n<meta property=\"og:image\" content=\"https:\/\/www.ull.es\/portal\/agenda\/wp-content\/uploads\/sites\/12\/2025\/10\/Unamuno.png\" \/>\n\t<meta property=\"og:image:width\" content=\"750\" \/>\n\t<meta property=\"og:image:height\" content=\"370\" \/>\n\t<meta property=\"og:image:type\" content=\"image\/png\" \/>\n<meta name=\"twitter:card\" content=\"summary_large_image\" \/>\n<meta name=\"twitter:label1\" content=\"Tiempo de lectura\" \/>\n\t<meta name=\"twitter:data1\" content=\"4 minutos\" \/>\n<script type=\"application\/ld+json\" class=\"yoast-schema-graph\">{\"@context\":\"https:\/\/schema.org\",\"@graph\":[{\"@type\":\"WebPage\",\"@id\":\"https:\/\/www.ull.es\/portal\/agenda\/evento\/unamuno-en-fuerteventura-xxviii-unamuno-y-america\/\",\"url\":\"https:\/\/www.ull.es\/portal\/agenda\/evento\/unamuno-en-fuerteventura-xxviii-unamuno-y-america\/\",\"name\":\"Unamuno en Fuerteventura XXVIII: Unamuno y Am\u00e9rica - ULL - Agenda\",\"isPartOf\":{\"@id\":\"https:\/\/www.ull.es\/portal\/agenda\/#website\"},\"datePublished\":\"2025-10-30T13:14:16+00:00\",\"dateModified\":\"2026-01-28T12:33:07+00:00\",\"breadcrumb\":{\"@id\":\"https:\/\/www.ull.es\/portal\/agenda\/evento\/unamuno-en-fuerteventura-xxviii-unamuno-y-america\/#breadcrumb\"},\"inLanguage\":\"es\",\"potentialAction\":[{\"@type\":\"ReadAction\",\"target\":[\"https:\/\/www.ull.es\/portal\/agenda\/evento\/unamuno-en-fuerteventura-xxviii-unamuno-y-america\/\"]}]},{\"@type\":\"BreadcrumbList\",\"@id\":\"https:\/\/www.ull.es\/portal\/agenda\/evento\/unamuno-en-fuerteventura-xxviii-unamuno-y-america\/#breadcrumb\",\"itemListElement\":[{\"@type\":\"ListItem\",\"position\":1,\"name\":\"Portada\",\"item\":\"https:\/\/www.ull.es\/portal\/agenda\/\"},{\"@type\":\"ListItem\",\"position\":2,\"name\":\"Unamuno en Fuerteventura XXVIII: Unamuno y Am\u00e9rica\"}]},{\"@type\":\"WebSite\",\"@id\":\"https:\/\/www.ull.es\/portal\/agenda\/#website\",\"url\":\"https:\/\/www.ull.es\/portal\/agenda\/\",\"name\":\"ULL - Agenda\",\"description\":\"\",\"potentialAction\":[{\"@type\":\"SearchAction\",\"target\":{\"@type\":\"EntryPoint\",\"urlTemplate\":\"https:\/\/www.ull.es\/portal\/agenda\/?s={search_term_string}\"},\"query-input\":\"required name=search_term_string\"}],\"inLanguage\":\"es\"}]}<\/script>\n<!-- \/ Yoast SEO plugin. -->","yoast_head_json":{"title":"Unamuno en Fuerteventura XXVIII: Unamuno y Am\u00e9rica - ULL - Agenda","robots":{"index":"index","follow":"follow","max-snippet":"max-snippet:-1","max-image-preview":"max-image-preview:large","max-video-preview":"max-video-preview:-1"},"canonical":"https:\/\/www.ull.es\/portal\/agenda\/evento\/unamuno-en-fuerteventura-xxviii-unamuno-y-america\/","og_locale":"es_ES","og_type":"article","og_title":"Unamuno en Fuerteventura XXVIII: Unamuno y Am\u00e9rica - ULL - Agenda","og_description":"Acaso no haya intelectual espa\u00f1ol que haya entendido mejor lo que significa y representa Am\u00e9rica para la civilizaci\u00f3n hisp\u00e1nica como don Miguel de Unamuno. Desde finales del siglo XIX, cuando la Espa\u00f1a oficial consideraba que nuestros hermanos hispanoamericanos no eran otra cosa que unos \u201crastacueros\u201d (y la expresi\u00f3n es de P\u00edo Baroja) y el espa\u00f1ol...","og_url":"https:\/\/www.ull.es\/portal\/agenda\/evento\/unamuno-en-fuerteventura-xxviii-unamuno-y-america\/","og_site_name":"ULL - Agenda","article_modified_time":"2026-01-28T12:33:07+00:00","og_image":[{"width":750,"height":370,"url":"https:\/\/www.ull.es\/portal\/agenda\/wp-content\/uploads\/sites\/12\/2025\/10\/Unamuno.png","type":"image\/png"}],"twitter_card":"summary_large_image","twitter_misc":{"Tiempo de lectura":"4 minutos"},"schema":{"@context":"https:\/\/schema.org","@graph":[{"@type":"WebPage","@id":"https:\/\/www.ull.es\/portal\/agenda\/evento\/unamuno-en-fuerteventura-xxviii-unamuno-y-america\/","url":"https:\/\/www.ull.es\/portal\/agenda\/evento\/unamuno-en-fuerteventura-xxviii-unamuno-y-america\/","name":"Unamuno en Fuerteventura XXVIII: Unamuno y Am\u00e9rica - ULL - Agenda","isPartOf":{"@id":"https:\/\/www.ull.es\/portal\/agenda\/#website"},"datePublished":"2025-10-30T13:14:16+00:00","dateModified":"2026-01-28T12:33:07+00:00","breadcrumb":{"@id":"https:\/\/www.ull.es\/portal\/agenda\/evento\/unamuno-en-fuerteventura-xxviii-unamuno-y-america\/#breadcrumb"},"inLanguage":"es","potentialAction":[{"@type":"ReadAction","target":["https:\/\/www.ull.es\/portal\/agenda\/evento\/unamuno-en-fuerteventura-xxviii-unamuno-y-america\/"]}]},{"@type":"BreadcrumbList","@id":"https:\/\/www.ull.es\/portal\/agenda\/evento\/unamuno-en-fuerteventura-xxviii-unamuno-y-america\/#breadcrumb","itemListElement":[{"@type":"ListItem","position":1,"name":"Portada","item":"https:\/\/www.ull.es\/portal\/agenda\/"},{"@type":"ListItem","position":2,"name":"Unamuno en Fuerteventura XXVIII: Unamuno y Am\u00e9rica"}]},{"@type":"WebSite","@id":"https:\/\/www.ull.es\/portal\/agenda\/#website","url":"https:\/\/www.ull.es\/portal\/agenda\/","name":"ULL - Agenda","description":"","potentialAction":[{"@type":"SearchAction","target":{"@type":"EntryPoint","urlTemplate":"https:\/\/www.ull.es\/portal\/agenda\/?s={search_term_string}"},"query-input":"required name=search_term_string"}],"inLanguage":"es"}]}},"_links":{"self":[{"href":"https:\/\/www.ull.es\/portal\/agenda\/wp-json\/wp\/v2\/tribe_events\/45079"}],"collection":[{"href":"https:\/\/www.ull.es\/portal\/agenda\/wp-json\/wp\/v2\/tribe_events"}],"about":[{"href":"https:\/\/www.ull.es\/portal\/agenda\/wp-json\/wp\/v2\/types\/tribe_events"}],"author":[{"embeddable":true,"href":"https:\/\/www.ull.es\/portal\/agenda\/wp-json\/wp\/v2\/users\/43"}],"replies":[{"embeddable":true,"href":"https:\/\/www.ull.es\/portal\/agenda\/wp-json\/wp\/v2\/comments?post=45079"}],"version-history":[{"count":5,"href":"https:\/\/www.ull.es\/portal\/agenda\/wp-json\/wp\/v2\/tribe_events\/45079\/revisions"}],"predecessor-version":[{"id":46311,"href":"https:\/\/www.ull.es\/portal\/agenda\/wp-json\/wp\/v2\/tribe_events\/45079\/revisions\/46311"}],"wp:featuredmedia":[{"embeddable":true,"href":"https:\/\/www.ull.es\/portal\/agenda\/wp-json\/wp\/v2\/media\/45645"}],"wp:attachment":[{"href":"https:\/\/www.ull.es\/portal\/agenda\/wp-json\/wp\/v2\/media?parent=45079"}],"wp:term":[{"taxonomy":"post_tag","embeddable":true,"href":"https:\/\/www.ull.es\/portal\/agenda\/wp-json\/wp\/v2\/tags?post=45079"},{"taxonomy":"tribe_events_cat","embeddable":true,"href":"https:\/\/www.ull.es\/portal\/agenda\/wp-json\/wp\/v2\/tribe_events_cat?post=45079"}],"curies":[{"name":"wp","href":"https:\/\/api.w.org\/{rel}","templated":true}]}}