{"id":45147,"date":"2025-11-03T13:35:07","date_gmt":"2025-11-03T13:35:07","guid":{"rendered":"https:\/\/www.ull.es\/portal\/agenda\/?post_type=tribe_events&#038;p=45147"},"modified":"2025-11-04T11:25:22","modified_gmt":"2025-11-04T11:25:22","slug":"i-jornadas-sobre-arqueologia-y-patrimonio-cultural-canarias-cabo-verde","status":"publish","type":"tribe_events","link":"https:\/\/www.ull.es\/portal\/agenda\/evento\/i-jornadas-sobre-arqueologia-y-patrimonio-cultural-canarias-cabo-verde\/","title":{"rendered":"I Jornadas sobre Arqueolog\u00eda y Patrimonio Cultural Canarias-Cabo Verde"},"content":{"rendered":"<p>Canarias y Cabo Verde comparten lazos hist\u00f3ricos, geogr\u00e1ficos y culturales, y un patrimonio rico que merece ser investigado y valorado. Estas primeras Jornadas sobre Arqueolog\u00eda y Patrimonio Cultural, organizadas por la Universidad de La Laguna, pretenden estrechar lazos e impulsar el conocimiento mutuo, el aprendizaje Con y la colaboraci\u00f3n en torno al Patrimonio Arqueol\u00f3gico y Cultural. un enfoque multidisciplinar y colaborativo, aspiran a consolidarse como un foro de encuentro peri\u00f3dico abierto a investigadores, profesionales y estudiantes de ambos archipi\u00e9lagos.<\/p>\n<p><a href=\"https:\/\/forms.gle\/AgAJkd7Rwh9pTxz36\" target=\"_blank\" rel=\"noopener\" target=\"_blank\" rel=\"noopener\">Inscripci\u00f3n<\/a><\/p>\n","protected":false},"excerpt":{"rendered":"<p>Canarias y Cabo Verde comparten lazos hist\u00f3ricos, geogr\u00e1ficos y culturales, y un patrimonio rico que merece ser investigado y valorado. Estas primeras Jornadas sobre Arqueolog\u00eda y Patrimonio Cultural, organizadas por la Universidad de La Laguna, pretenden estrechar lazos e impulsar el conocimiento mutuo, el aprendizaje Con y la colaboraci\u00f3n en torno al Patrimonio Arqueol\u00f3gico y&#8230;<\/p>\n","protected":false},"author":65,"featured_media":45167,"comment_status":"closed","ping_status":"closed","template":"","tags":[],"tribe_events_cat":[985,509],"acf":[],"yoast_head":"<!-- This site is optimized with the Yoast SEO plugin v21.3 - https:\/\/yoast.com\/wordpress\/plugins\/seo\/ -->\n<title>I Jornadas sobre Arqueolog\u00eda y Patrimonio Cultural Canarias-Cabo Verde - ULL - Agenda<\/title>\n<meta name=\"robots\" content=\"index, follow, max-snippet:-1, max-image-preview:large, max-video-preview:-1\" \/>\n<link rel=\"canonical\" href=\"https:\/\/www.ull.es\/portal\/agenda\/evento\/i-jornadas-sobre-arqueologia-y-patrimonio-cultural-canarias-cabo-verde\/\" \/>\n<meta property=\"og:locale\" content=\"es_ES\" \/>\n<meta property=\"og:type\" content=\"article\" \/>\n<meta property=\"og:title\" content=\"I Jornadas sobre Arqueolog\u00eda y Patrimonio Cultural Canarias-Cabo Verde - ULL - Agenda\" \/>\n<meta property=\"og:description\" content=\"Canarias y Cabo Verde comparten lazos hist\u00f3ricos, geogr\u00e1ficos y culturales, y un patrimonio rico que merece ser investigado y valorado. Estas primeras Jornadas sobre Arqueolog\u00eda y Patrimonio Cultural, organizadas por la Universidad de La Laguna, pretenden estrechar lazos e impulsar el conocimiento mutuo, el aprendizaje Con y la colaboraci\u00f3n en torno al Patrimonio Arqueol\u00f3gico y...\" \/>\n<meta property=\"og:url\" content=\"https:\/\/www.ull.es\/portal\/agenda\/evento\/i-jornadas-sobre-arqueologia-y-patrimonio-cultural-canarias-cabo-verde\/\" \/>\n<meta property=\"og:site_name\" content=\"ULL - Agenda\" \/>\n<meta property=\"article:modified_time\" content=\"2025-11-04T11:25:22+00:00\" \/>\n<meta property=\"og:image\" content=\"https:\/\/www.ull.es\/portal\/agenda\/wp-content\/uploads\/sites\/12\/2025\/11\/I-Jornadas-sobre-Arqueologia-y-Patrimonio-Cultural-Canarias-Cabo-Verde-2025_Banner-eventos.jpg\" \/>\n\t<meta property=\"og:image:width\" content=\"750\" \/>\n\t<meta property=\"og:image:height\" content=\"370\" \/>\n\t<meta property=\"og:image:type\" content=\"image\/jpeg\" \/>\n<meta name=\"twitter:card\" content=\"summary_large_image\" \/>\n<meta name=\"twitter:label1\" content=\"Tiempo de lectura\" \/>\n\t<meta name=\"twitter:data1\" content=\"1 minuto\" \/>\n<script type=\"application\/ld+json\" class=\"yoast-schema-graph\">{\"@context\":\"https:\/\/schema.org\",\"@graph\":[{\"@type\":\"WebPage\",\"@id\":\"https:\/\/www.ull.es\/portal\/agenda\/evento\/i-jornadas-sobre-arqueologia-y-patrimonio-cultural-canarias-cabo-verde\/\",\"url\":\"https:\/\/www.ull.es\/portal\/agenda\/evento\/i-jornadas-sobre-arqueologia-y-patrimonio-cultural-canarias-cabo-verde\/\",\"name\":\"I Jornadas sobre Arqueolog\u00eda y Patrimonio Cultural Canarias-Cabo Verde - ULL - Agenda\",\"isPartOf\":{\"@id\":\"https:\/\/www.ull.es\/portal\/agenda\/#website\"},\"datePublished\":\"2025-11-03T13:35:07+00:00\",\"dateModified\":\"2025-11-04T11:25:22+00:00\",\"breadcrumb\":{\"@id\":\"https:\/\/www.ull.es\/portal\/agenda\/evento\/i-jornadas-sobre-arqueologia-y-patrimonio-cultural-canarias-cabo-verde\/#breadcrumb\"},\"inLanguage\":\"es\",\"potentialAction\":[{\"@type\":\"ReadAction\",\"target\":[\"https:\/\/www.ull.es\/portal\/agenda\/evento\/i-jornadas-sobre-arqueologia-y-patrimonio-cultural-canarias-cabo-verde\/\"]}]},{\"@type\":\"BreadcrumbList\",\"@id\":\"https:\/\/www.ull.es\/portal\/agenda\/evento\/i-jornadas-sobre-arqueologia-y-patrimonio-cultural-canarias-cabo-verde\/#breadcrumb\",\"itemListElement\":[{\"@type\":\"ListItem\",\"position\":1,\"name\":\"Portada\",\"item\":\"https:\/\/www.ull.es\/portal\/agenda\/\"},{\"@type\":\"ListItem\",\"position\":2,\"name\":\"I Jornadas sobre Arqueolog\u00eda y Patrimonio Cultural Canarias-Cabo Verde\"}]},{\"@type\":\"WebSite\",\"@id\":\"https:\/\/www.ull.es\/portal\/agenda\/#website\",\"url\":\"https:\/\/www.ull.es\/portal\/agenda\/\",\"name\":\"ULL - Agenda\",\"description\":\"\",\"potentialAction\":[{\"@type\":\"SearchAction\",\"target\":{\"@type\":\"EntryPoint\",\"urlTemplate\":\"https:\/\/www.ull.es\/portal\/agenda\/?s={search_term_string}\"},\"query-input\":\"required name=search_term_string\"}],\"inLanguage\":\"es\"}]}<\/script>\n<!-- \/ Yoast SEO plugin. -->","yoast_head_json":{"title":"I Jornadas sobre Arqueolog\u00eda y Patrimonio Cultural Canarias-Cabo Verde - ULL - Agenda","robots":{"index":"index","follow":"follow","max-snippet":"max-snippet:-1","max-image-preview":"max-image-preview:large","max-video-preview":"max-video-preview:-1"},"canonical":"https:\/\/www.ull.es\/portal\/agenda\/evento\/i-jornadas-sobre-arqueologia-y-patrimonio-cultural-canarias-cabo-verde\/","og_locale":"es_ES","og_type":"article","og_title":"I Jornadas sobre Arqueolog\u00eda y Patrimonio Cultural Canarias-Cabo Verde - ULL - Agenda","og_description":"Canarias y Cabo Verde comparten lazos hist\u00f3ricos, geogr\u00e1ficos y culturales, y un patrimonio rico que merece ser investigado y valorado. Estas primeras Jornadas sobre Arqueolog\u00eda y Patrimonio Cultural, organizadas por la Universidad de La Laguna, pretenden estrechar lazos e impulsar el conocimiento mutuo, el aprendizaje Con y la colaboraci\u00f3n en torno al Patrimonio Arqueol\u00f3gico y...","og_url":"https:\/\/www.ull.es\/portal\/agenda\/evento\/i-jornadas-sobre-arqueologia-y-patrimonio-cultural-canarias-cabo-verde\/","og_site_name":"ULL - Agenda","article_modified_time":"2025-11-04T11:25:22+00:00","og_image":[{"width":750,"height":370,"url":"https:\/\/www.ull.es\/portal\/agenda\/wp-content\/uploads\/sites\/12\/2025\/11\/I-Jornadas-sobre-Arqueologia-y-Patrimonio-Cultural-Canarias-Cabo-Verde-2025_Banner-eventos.jpg","type":"image\/jpeg"}],"twitter_card":"summary_large_image","twitter_misc":{"Tiempo de lectura":"1 minuto"},"schema":{"@context":"https:\/\/schema.org","@graph":[{"@type":"WebPage","@id":"https:\/\/www.ull.es\/portal\/agenda\/evento\/i-jornadas-sobre-arqueologia-y-patrimonio-cultural-canarias-cabo-verde\/","url":"https:\/\/www.ull.es\/portal\/agenda\/evento\/i-jornadas-sobre-arqueologia-y-patrimonio-cultural-canarias-cabo-verde\/","name":"I Jornadas sobre Arqueolog\u00eda y Patrimonio Cultural Canarias-Cabo Verde - ULL - Agenda","isPartOf":{"@id":"https:\/\/www.ull.es\/portal\/agenda\/#website"},"datePublished":"2025-11-03T13:35:07+00:00","dateModified":"2025-11-04T11:25:22+00:00","breadcrumb":{"@id":"https:\/\/www.ull.es\/portal\/agenda\/evento\/i-jornadas-sobre-arqueologia-y-patrimonio-cultural-canarias-cabo-verde\/#breadcrumb"},"inLanguage":"es","potentialAction":[{"@type":"ReadAction","target":["https:\/\/www.ull.es\/portal\/agenda\/evento\/i-jornadas-sobre-arqueologia-y-patrimonio-cultural-canarias-cabo-verde\/"]}]},{"@type":"BreadcrumbList","@id":"https:\/\/www.ull.es\/portal\/agenda\/evento\/i-jornadas-sobre-arqueologia-y-patrimonio-cultural-canarias-cabo-verde\/#breadcrumb","itemListElement":[{"@type":"ListItem","position":1,"name":"Portada","item":"https:\/\/www.ull.es\/portal\/agenda\/"},{"@type":"ListItem","position":2,"name":"I Jornadas sobre Arqueolog\u00eda y Patrimonio Cultural Canarias-Cabo Verde"}]},{"@type":"WebSite","@id":"https:\/\/www.ull.es\/portal\/agenda\/#website","url":"https:\/\/www.ull.es\/portal\/agenda\/","name":"ULL - Agenda","description":"","potentialAction":[{"@type":"SearchAction","target":{"@type":"EntryPoint","urlTemplate":"https:\/\/www.ull.es\/portal\/agenda\/?s={search_term_string}"},"query-input":"required name=search_term_string"}],"inLanguage":"es"}]}},"_links":{"self":[{"href":"https:\/\/www.ull.es\/portal\/agenda\/wp-json\/wp\/v2\/tribe_events\/45147"}],"collection":[{"href":"https:\/\/www.ull.es\/portal\/agenda\/wp-json\/wp\/v2\/tribe_events"}],"about":[{"href":"https:\/\/www.ull.es\/portal\/agenda\/wp-json\/wp\/v2\/types\/tribe_events"}],"author":[{"embeddable":true,"href":"https:\/\/www.ull.es\/portal\/agenda\/wp-json\/wp\/v2\/users\/65"}],"replies":[{"embeddable":true,"href":"https:\/\/www.ull.es\/portal\/agenda\/wp-json\/wp\/v2\/comments?post=45147"}],"version-history":[{"count":1,"href":"https:\/\/www.ull.es\/portal\/agenda\/wp-json\/wp\/v2\/tribe_events\/45147\/revisions"}],"predecessor-version":[{"id":45148,"href":"https:\/\/www.ull.es\/portal\/agenda\/wp-json\/wp\/v2\/tribe_events\/45147\/revisions\/45148"}],"wp:featuredmedia":[{"embeddable":true,"href":"https:\/\/www.ull.es\/portal\/agenda\/wp-json\/wp\/v2\/media\/45167"}],"wp:attachment":[{"href":"https:\/\/www.ull.es\/portal\/agenda\/wp-json\/wp\/v2\/media?parent=45147"}],"wp:term":[{"taxonomy":"post_tag","embeddable":true,"href":"https:\/\/www.ull.es\/portal\/agenda\/wp-json\/wp\/v2\/tags?post=45147"},{"taxonomy":"tribe_events_cat","embeddable":true,"href":"https:\/\/www.ull.es\/portal\/agenda\/wp-json\/wp\/v2\/tribe_events_cat?post=45147"}],"curies":[{"name":"wp","href":"https:\/\/api.w.org\/{rel}","templated":true}]}}