{"id":45423,"date":"2025-11-18T08:48:21","date_gmt":"2025-11-18T08:48:21","guid":{"rendered":"https:\/\/www.ull.es\/portal\/agenda\/?post_type=tribe_events&#038;p=45423"},"modified":"2025-11-18T12:39:58","modified_gmt":"2025-11-18T12:39:58","slug":"rotaractalks-accion-social","status":"publish","type":"tribe_events","link":"https:\/\/www.ull.es\/portal\/agenda\/evento\/rotaractalks-accion-social\/","title":{"rendered":"RotaracTalks: Acci\u00f3n social"},"content":{"rendered":"<p>Continuando con el desarrollo del convenio firmado entre la Universidad de\u00a0 Laguna y la Asociaci\u00f3n sin \u00e1nimo de lucro Rotaract Club La Laguna, se desarrollar\u00e1 el pr\u00f3ximo jueves 20 de noviembre la tercera edici\u00f3n de las RotaracTalks, unas charlas bajo la tem\u00e1tica \u00abAcci\u00f3n social\u00bb. \u00a0El evento se enmarca dentro del programa Rotaract Talks, una iniciativa que busca inspirar y motivar a estudiantes, j\u00f3venes profesionales y la comunidad en general.<\/p>\n<p>Tres ponencias de 20 minutos m\u00e1ximo cada una ofrecer\u00e1n a los asistentes una oportunidad \u00fanica de aprender de la experiencia de profesionales que han logrado destacarse en este \u00e1mbito. Para ello, el evento contar\u00e1 con tres ponentes de primer nivel:<\/p>\n<ul>\n<li dir=\"auto\">Cintia Hern\u00e1ndez , directora de Secretariado de Sostenibilidad y profesora de la Universidad de La Laguna, ambient\u00f3loga, ingeniera de obras p\u00fablicas y civil. Su ponencia ser\u00e1: &#8216;El voluntariado ambiental como herramienta de educaci\u00f3n y sostenibilidad&#8217;.<\/li>\n<li dir=\"auto\">Mar\u00eda Acosta. consultora de dise\u00f1o y producci\u00f3n visual; Past President de Rotaract Club La Laguna. Su ponencia ser\u00e1: &#8216;Empresas con prop\u00f3sito. Construir valor social y empresarial&#8217;<\/li>\n<li dir=\"auto\">Paula Sosa, dise\u00f1adora gr\u00e1fica y social del Laboratorio de Innovaci\u00f3n Social de la Universidad de La Laguna. Su ponencia ser\u00e1: &#8216;Dise\u00f1o Social como herramienta para el bienestar colectivo&#8217;.<\/li>\n<\/ul>\n<p>Este evento se desarrollar\u00e1 en un ambiente cercano y participativo, permitiendo a los asistentes interactuar directamente con los ponentes y conocer de primera mano las claves para liderar con \u00e9xito.<\/p>\n<p><a href=\"https:\/\/forms.office.com\/e\/4fXJL8H9hM\" target=\"_blank\" rel=\"noopener\" target=\"_blank\" rel=\"noopener\">Inscripci\u00f3n<\/a><\/p>\n<p>Las inscripciones est\u00e1n abiertas y las plazas son limitadas.<\/p>\n","protected":false},"excerpt":{"rendered":"<p>Continuando con el desarrollo del convenio firmado entre la Universidad de\u00a0 Laguna y la Asociaci\u00f3n sin \u00e1nimo de lucro Rotaract Club La Laguna, se desarrollar\u00e1 el pr\u00f3ximo jueves 20 de noviembre la tercera edici\u00f3n de las RotaracTalks, unas charlas bajo la tem\u00e1tica \u00abAcci\u00f3n social\u00bb. \u00a0El evento se enmarca dentro del programa Rotaract Talks, una iniciativa&#8230;<\/p>\n","protected":false},"author":65,"featured_media":45459,"comment_status":"closed","ping_status":"closed","template":"","tags":[],"tribe_events_cat":[4,186,191],"acf":[],"yoast_head":"<!-- This site is optimized with the Yoast SEO plugin v21.3 - https:\/\/yoast.com\/wordpress\/plugins\/seo\/ -->\n<title>RotaracTalks: Acci\u00f3n social - ULL - Agenda<\/title>\n<meta name=\"robots\" content=\"index, follow, max-snippet:-1, max-image-preview:large, max-video-preview:-1\" \/>\n<link rel=\"canonical\" href=\"https:\/\/www.ull.es\/portal\/agenda\/evento\/rotaractalks-accion-social\/\" \/>\n<meta property=\"og:locale\" content=\"es_ES\" \/>\n<meta property=\"og:type\" content=\"article\" \/>\n<meta property=\"og:title\" content=\"RotaracTalks: Acci\u00f3n social - ULL - Agenda\" \/>\n<meta property=\"og:description\" content=\"Continuando con el desarrollo del convenio firmado entre la Universidad de\u00a0 Laguna y la Asociaci\u00f3n sin \u00e1nimo de lucro Rotaract Club La Laguna, se desarrollar\u00e1 el pr\u00f3ximo jueves 20 de noviembre la tercera edici\u00f3n de las RotaracTalks, unas charlas bajo la tem\u00e1tica \u00abAcci\u00f3n social\u00bb. \u00a0El evento se enmarca dentro del programa Rotaract Talks, una iniciativa...\" \/>\n<meta property=\"og:url\" content=\"https:\/\/www.ull.es\/portal\/agenda\/evento\/rotaractalks-accion-social\/\" \/>\n<meta property=\"og:site_name\" content=\"ULL - Agenda\" \/>\n<meta property=\"article:modified_time\" content=\"2025-11-18T12:39:58+00:00\" \/>\n<meta property=\"og:image\" content=\"https:\/\/www.ull.es\/portal\/agenda\/wp-content\/uploads\/sites\/12\/2025\/11\/Eventos-ULL.png\" \/>\n\t<meta property=\"og:image:width\" content=\"750\" \/>\n\t<meta property=\"og:image:height\" content=\"370\" \/>\n\t<meta property=\"og:image:type\" content=\"image\/png\" \/>\n<meta name=\"twitter:card\" content=\"summary_large_image\" \/>\n<meta name=\"twitter:label1\" content=\"Tiempo de lectura\" \/>\n\t<meta name=\"twitter:data1\" content=\"2 minutos\" \/>\n<script type=\"application\/ld+json\" class=\"yoast-schema-graph\">{\"@context\":\"https:\/\/schema.org\",\"@graph\":[{\"@type\":\"WebPage\",\"@id\":\"https:\/\/www.ull.es\/portal\/agenda\/evento\/rotaractalks-accion-social\/\",\"url\":\"https:\/\/www.ull.es\/portal\/agenda\/evento\/rotaractalks-accion-social\/\",\"name\":\"RotaracTalks: Acci\u00f3n social - ULL - Agenda\",\"isPartOf\":{\"@id\":\"https:\/\/www.ull.es\/portal\/agenda\/#website\"},\"datePublished\":\"2025-11-18T08:48:21+00:00\",\"dateModified\":\"2025-11-18T12:39:58+00:00\",\"breadcrumb\":{\"@id\":\"https:\/\/www.ull.es\/portal\/agenda\/evento\/rotaractalks-accion-social\/#breadcrumb\"},\"inLanguage\":\"es\",\"potentialAction\":[{\"@type\":\"ReadAction\",\"target\":[\"https:\/\/www.ull.es\/portal\/agenda\/evento\/rotaractalks-accion-social\/\"]}]},{\"@type\":\"BreadcrumbList\",\"@id\":\"https:\/\/www.ull.es\/portal\/agenda\/evento\/rotaractalks-accion-social\/#breadcrumb\",\"itemListElement\":[{\"@type\":\"ListItem\",\"position\":1,\"name\":\"Portada\",\"item\":\"https:\/\/www.ull.es\/portal\/agenda\/\"},{\"@type\":\"ListItem\",\"position\":2,\"name\":\"RotaracTalks: Acci\u00f3n social\"}]},{\"@type\":\"WebSite\",\"@id\":\"https:\/\/www.ull.es\/portal\/agenda\/#website\",\"url\":\"https:\/\/www.ull.es\/portal\/agenda\/\",\"name\":\"ULL - Agenda\",\"description\":\"\",\"potentialAction\":[{\"@type\":\"SearchAction\",\"target\":{\"@type\":\"EntryPoint\",\"urlTemplate\":\"https:\/\/www.ull.es\/portal\/agenda\/?s={search_term_string}\"},\"query-input\":\"required name=search_term_string\"}],\"inLanguage\":\"es\"}]}<\/script>\n<!-- \/ Yoast SEO plugin. -->","yoast_head_json":{"title":"RotaracTalks: Acci\u00f3n social - ULL - Agenda","robots":{"index":"index","follow":"follow","max-snippet":"max-snippet:-1","max-image-preview":"max-image-preview:large","max-video-preview":"max-video-preview:-1"},"canonical":"https:\/\/www.ull.es\/portal\/agenda\/evento\/rotaractalks-accion-social\/","og_locale":"es_ES","og_type":"article","og_title":"RotaracTalks: Acci\u00f3n social - ULL - Agenda","og_description":"Continuando con el desarrollo del convenio firmado entre la Universidad de\u00a0 Laguna y la Asociaci\u00f3n sin \u00e1nimo de lucro Rotaract Club La Laguna, se desarrollar\u00e1 el pr\u00f3ximo jueves 20 de noviembre la tercera edici\u00f3n de las RotaracTalks, unas charlas bajo la tem\u00e1tica \u00abAcci\u00f3n social\u00bb. \u00a0El evento se enmarca dentro del programa Rotaract Talks, una iniciativa...","og_url":"https:\/\/www.ull.es\/portal\/agenda\/evento\/rotaractalks-accion-social\/","og_site_name":"ULL - Agenda","article_modified_time":"2025-11-18T12:39:58+00:00","og_image":[{"width":750,"height":370,"url":"https:\/\/www.ull.es\/portal\/agenda\/wp-content\/uploads\/sites\/12\/2025\/11\/Eventos-ULL.png","type":"image\/png"}],"twitter_card":"summary_large_image","twitter_misc":{"Tiempo de lectura":"2 minutos"},"schema":{"@context":"https:\/\/schema.org","@graph":[{"@type":"WebPage","@id":"https:\/\/www.ull.es\/portal\/agenda\/evento\/rotaractalks-accion-social\/","url":"https:\/\/www.ull.es\/portal\/agenda\/evento\/rotaractalks-accion-social\/","name":"RotaracTalks: Acci\u00f3n social - ULL - Agenda","isPartOf":{"@id":"https:\/\/www.ull.es\/portal\/agenda\/#website"},"datePublished":"2025-11-18T08:48:21+00:00","dateModified":"2025-11-18T12:39:58+00:00","breadcrumb":{"@id":"https:\/\/www.ull.es\/portal\/agenda\/evento\/rotaractalks-accion-social\/#breadcrumb"},"inLanguage":"es","potentialAction":[{"@type":"ReadAction","target":["https:\/\/www.ull.es\/portal\/agenda\/evento\/rotaractalks-accion-social\/"]}]},{"@type":"BreadcrumbList","@id":"https:\/\/www.ull.es\/portal\/agenda\/evento\/rotaractalks-accion-social\/#breadcrumb","itemListElement":[{"@type":"ListItem","position":1,"name":"Portada","item":"https:\/\/www.ull.es\/portal\/agenda\/"},{"@type":"ListItem","position":2,"name":"RotaracTalks: Acci\u00f3n social"}]},{"@type":"WebSite","@id":"https:\/\/www.ull.es\/portal\/agenda\/#website","url":"https:\/\/www.ull.es\/portal\/agenda\/","name":"ULL - Agenda","description":"","potentialAction":[{"@type":"SearchAction","target":{"@type":"EntryPoint","urlTemplate":"https:\/\/www.ull.es\/portal\/agenda\/?s={search_term_string}"},"query-input":"required name=search_term_string"}],"inLanguage":"es"}]}},"_links":{"self":[{"href":"https:\/\/www.ull.es\/portal\/agenda\/wp-json\/wp\/v2\/tribe_events\/45423"}],"collection":[{"href":"https:\/\/www.ull.es\/portal\/agenda\/wp-json\/wp\/v2\/tribe_events"}],"about":[{"href":"https:\/\/www.ull.es\/portal\/agenda\/wp-json\/wp\/v2\/types\/tribe_events"}],"author":[{"embeddable":true,"href":"https:\/\/www.ull.es\/portal\/agenda\/wp-json\/wp\/v2\/users\/65"}],"replies":[{"embeddable":true,"href":"https:\/\/www.ull.es\/portal\/agenda\/wp-json\/wp\/v2\/comments?post=45423"}],"version-history":[{"count":1,"href":"https:\/\/www.ull.es\/portal\/agenda\/wp-json\/wp\/v2\/tribe_events\/45423\/revisions"}],"predecessor-version":[{"id":45424,"href":"https:\/\/www.ull.es\/portal\/agenda\/wp-json\/wp\/v2\/tribe_events\/45423\/revisions\/45424"}],"wp:featuredmedia":[{"embeddable":true,"href":"https:\/\/www.ull.es\/portal\/agenda\/wp-json\/wp\/v2\/media\/45459"}],"wp:attachment":[{"href":"https:\/\/www.ull.es\/portal\/agenda\/wp-json\/wp\/v2\/media?parent=45423"}],"wp:term":[{"taxonomy":"post_tag","embeddable":true,"href":"https:\/\/www.ull.es\/portal\/agenda\/wp-json\/wp\/v2\/tags?post=45423"},{"taxonomy":"tribe_events_cat","embeddable":true,"href":"https:\/\/www.ull.es\/portal\/agenda\/wp-json\/wp\/v2\/tribe_events_cat?post=45423"}],"curies":[{"name":"wp","href":"https:\/\/api.w.org\/{rel}","templated":true}]}}