{"id":45555,"date":"2025-11-24T12:28:30","date_gmt":"2025-11-24T12:28:30","guid":{"rendered":"https:\/\/www.ull.es\/portal\/agenda\/?post_type=tribe_events&#038;p=45555"},"modified":"2026-01-21T13:46:27","modified_gmt":"2026-01-21T13:46:27","slug":"las-catastrofes-naturales-de-origen-geologico-terremotos-tsunamis-erupciones-volcanicas-prediccion-prevencion-y-mitigacion-ejemplo-la-erupcion-de-la-palma-de-2021","status":"publish","type":"tribe_events","link":"https:\/\/www.ull.es\/portal\/agenda\/evento\/las-catastrofes-naturales-de-origen-geologico-terremotos-tsunamis-erupciones-volcanicas-prediccion-prevencion-y-mitigacion-ejemplo-la-erupcion-de-la-palma-de-2021\/","title":{"rendered":"Las cat\u00e1strofes naturales de origen geol\u00f3gico (terremotos, tsunamis, erupciones volc\u00e1nicas&#8230;): predicci\u00f3n, prevenci\u00f3n y mitigaci\u00f3n. Ejemplo: la erupci\u00f3n de la Palma de 2021"},"content":{"rendered":"<p>El municipio de Arona acoge este curso que forma parte de la oferta de Cursos de Extensi\u00f3n Universitaria \u00a0<a href=\"https:\/\/www.ull.es\/cultura\/cursos-extension-universitaria\/universidad-de-invierno-de-arona\/\" target=\"_blank\" rel=\"noopener noreferrer\" target=\"_blank\" rel=\"noopener\">\u00abUniversidad de Invierno de Arona 2026\u00bb<\/a>, que se celebrar\u00e1 los d\u00edas 4, 5 y 6 de febrero de 2026 en horario de 16:00 \u2013 20:00 horas en el Centro Cultural Los Cristianos.<\/p>\n<p>El planteamiento general de este curso, consiste en ofrecer al alumno los conocimientos b\u00e1sicos y generales acerca de las cat\u00e1strofes naturales de origen geol\u00f3gico, as\u00ed como las medidas de predicci\u00f3n, previsi\u00f3n, prevenci\u00f3n y mitigaci\u00f3n oportunas en cada caso. Los objetivos concretos que se pretende que alcance el alumnado con el desarrollo de este curso son los siguientes:<\/p>\n<ul>\n<li>Conocer los conceptos fundamentales relacionados con el an\u00e1lisis y evaluaci\u00f3n del riesgo de cat\u00e1strofes naturales de origen geol\u00f3gico, tales como peligrosidad, vulnerabilidad y elementos sometidos a riesgo.<\/li>\n<li>Conocer y saber identificar los diferentes de procesos naturales de origen geol\u00f3gico generadores de riesgo (en particular, los que tienen importancia en Canarias), sus efectos y las medidas de mitigaci\u00f3n de los mismos.<\/li>\n<li>Conocer y saber utilizar los diferentes aspectos relacionados con la gesti\u00f3n de cat\u00e1strofes naturales de origen geol\u00f3gico, tales como la predicci\u00f3n, previsi\u00f3n, prevenci\u00f3n y mitigaci\u00f3n de los mismos.<\/li>\n<li>Conocer y valorar el tratamiento que se hace de las cat\u00e1strofes naturales de origen geol\u00f3gico en el cine y en los medios de comunicaci\u00f3n.<\/li>\n<\/ul>\n<p>Este curso est\u00e1 dirigido a estudiantes de grado y posgrado Universitarios o Titulados Universitarios (preferentemente en los t\u00edtulos de Lic. o graduado en Biolog\u00eda, Lic. Geograf\u00eda y CC Ambientales), profesionales relacionados con el riesgo s\u00edsmico y volc\u00e1nico y poblaci\u00f3n en general.<\/p>\n<p>Direcci\u00f3n acad\u00e9mica: Ram\u00f3n Casillas Ruiz. Catedr\u00e1tico de Universidad. Departamento de Biolog\u00eda Animal, Edafolog\u00eda y Geolog\u00eda de la Universidad de La Laguna.<\/p>\n<p><strong>CERTIFICADO DE ASISTENCIA, APTITUD Y RECONOCIMIENTO POR CR\u00c9DITO ECTS<\/strong><\/p>\n<p>La Universidad de La Laguna, a trav\u00e9s del Vicerrectorado de Cultura y Extensi\u00f3n Universitaria, emitir\u00e1 un certificado de asistencia a todas aquellas personas que asistan a un m\u00ednimo del 80% de las horas lectivas presenciales. Asimismo, aquellas personas que superen el trabajo aut\u00f3nomo del alumnado, recibir\u00e1n un certificado de asistencia y aprovechamiento, reconocible a su vez por un cr\u00e9dito ECTS.<\/p>\n<p><a href=\"https:\/\/sede.fg.ull.es\/es\/curso\/detalle?code=a25020283&amp;name=las-catastrofes-naturales-de-origen-geologico-terremotos-tsunamis-erupciones-volcanicas-prediccion-prevencion-y-mitigacion-ejemplo-la-erupcion-de-la-p&amp;query=%3Fcode%3DA25020283\" target=\"_blank\" rel=\"noopener\" target=\"_blank\" rel=\"noopener\"><strong><u>Consulta el programa e inscr\u00edbete aqu\u00ed.<\/u><\/strong><\/a><\/p>\n<p><strong>Contacto:\u00a0<\/strong><a href=\"mailto:extuni@ull.edu.es\" target=\"_blank\" rel=\"noopener\" target=\"_blank\" rel=\"noopener\"><strong>extuni@ull.es<\/strong><\/a><\/p>\n<p><a href=\"https:\/\/www.youtube.com\/live\/iZHx50vdCi8\" target=\"_blank\" rel=\"noopener\" target=\"_blank\" rel=\"noopener\">Entrevista a la direcci\u00f3n acad\u00e9mica<\/a><\/p>\n","protected":false},"excerpt":{"rendered":"<p>El municipio de Arona acoge este curso que forma parte de la oferta de Cursos de Extensi\u00f3n Universitaria \u00a0\u00abUniversidad de Invierno de Arona 2026\u00bb, que se celebrar\u00e1 los d\u00edas 4, 5 y 6 de febrero de 2026 en horario de 16:00 \u2013 20:00 horas en el Centro Cultural Los Cristianos. El planteamiento general de este&#8230;<\/p>\n","protected":false},"author":43,"featured_media":45556,"comment_status":"closed","ping_status":"closed","template":"","tags":[4259,977,3812,3751,4983,4817],"tribe_events_cat":[472,4,186,869],"acf":[],"yoast_head":"<!-- This site is optimized with the Yoast SEO plugin v21.3 - https:\/\/yoast.com\/wordpress\/plugins\/seo\/ -->\n<title>Las cat\u00e1strofes naturales de origen geol\u00f3gico (terremotos, tsunamis, erupciones volc\u00e1nicas...): predicci\u00f3n, prevenci\u00f3n y mitigaci\u00f3n. Ejemplo: la erupci\u00f3n de la Palma de 2021 - ULL - Agenda<\/title>\n<meta name=\"robots\" content=\"index, follow, max-snippet:-1, max-image-preview:large, max-video-preview:-1\" \/>\n<link rel=\"canonical\" href=\"https:\/\/www.ull.es\/portal\/agenda\/evento\/las-catastrofes-naturales-de-origen-geologico-terremotos-tsunamis-erupciones-volcanicas-prediccion-prevencion-y-mitigacion-ejemplo-la-erupcion-de-la-palma-de-2021\/\" \/>\n<meta property=\"og:locale\" content=\"es_ES\" \/>\n<meta property=\"og:type\" content=\"article\" \/>\n<meta property=\"og:title\" content=\"Las cat\u00e1strofes naturales de origen geol\u00f3gico (terremotos, tsunamis, erupciones volc\u00e1nicas...): predicci\u00f3n, prevenci\u00f3n y mitigaci\u00f3n. Ejemplo: la erupci\u00f3n de la Palma de 2021 - ULL - Agenda\" \/>\n<meta property=\"og:description\" content=\"El municipio de Arona acoge este curso que forma parte de la oferta de Cursos de Extensi\u00f3n Universitaria \u00a0\u00abUniversidad de Invierno de Arona 2026\u00bb, que se celebrar\u00e1 los d\u00edas 4, 5 y 6 de febrero de 2026 en horario de 16:00 \u2013 20:00 horas en el Centro Cultural Los Cristianos. El planteamiento general de este...\" \/>\n<meta property=\"og:url\" content=\"https:\/\/www.ull.es\/portal\/agenda\/evento\/las-catastrofes-naturales-de-origen-geologico-terremotos-tsunamis-erupciones-volcanicas-prediccion-prevencion-y-mitigacion-ejemplo-la-erupcion-de-la-palma-de-2021\/\" \/>\n<meta property=\"og:site_name\" content=\"ULL - Agenda\" \/>\n<meta property=\"article:modified_time\" content=\"2026-01-21T13:46:27+00:00\" \/>\n<meta property=\"og:image\" content=\"https:\/\/www.ull.es\/portal\/agenda\/wp-content\/uploads\/sites\/12\/2025\/11\/2.png\" \/>\n\t<meta property=\"og:image:width\" content=\"750\" \/>\n\t<meta property=\"og:image:height\" content=\"370\" \/>\n\t<meta property=\"og:image:type\" content=\"image\/png\" \/>\n<meta name=\"twitter:card\" content=\"summary_large_image\" \/>\n<meta name=\"twitter:label1\" content=\"Tiempo de lectura\" \/>\n\t<meta name=\"twitter:data1\" content=\"2 minutos\" \/>\n<script type=\"application\/ld+json\" class=\"yoast-schema-graph\">{\"@context\":\"https:\/\/schema.org\",\"@graph\":[{\"@type\":\"WebPage\",\"@id\":\"https:\/\/www.ull.es\/portal\/agenda\/evento\/las-catastrofes-naturales-de-origen-geologico-terremotos-tsunamis-erupciones-volcanicas-prediccion-prevencion-y-mitigacion-ejemplo-la-erupcion-de-la-palma-de-2021\/\",\"url\":\"https:\/\/www.ull.es\/portal\/agenda\/evento\/las-catastrofes-naturales-de-origen-geologico-terremotos-tsunamis-erupciones-volcanicas-prediccion-prevencion-y-mitigacion-ejemplo-la-erupcion-de-la-palma-de-2021\/\",\"name\":\"Las cat\u00e1strofes naturales de origen geol\u00f3gico (terremotos, tsunamis, erupciones volc\u00e1nicas...): predicci\u00f3n, prevenci\u00f3n y mitigaci\u00f3n. Ejemplo: la erupci\u00f3n de la Palma de 2021 - ULL - Agenda\",\"isPartOf\":{\"@id\":\"https:\/\/www.ull.es\/portal\/agenda\/#website\"},\"datePublished\":\"2025-11-24T12:28:30+00:00\",\"dateModified\":\"2026-01-21T13:46:27+00:00\",\"breadcrumb\":{\"@id\":\"https:\/\/www.ull.es\/portal\/agenda\/evento\/las-catastrofes-naturales-de-origen-geologico-terremotos-tsunamis-erupciones-volcanicas-prediccion-prevencion-y-mitigacion-ejemplo-la-erupcion-de-la-palma-de-2021\/#breadcrumb\"},\"inLanguage\":\"es\",\"potentialAction\":[{\"@type\":\"ReadAction\",\"target\":[\"https:\/\/www.ull.es\/portal\/agenda\/evento\/las-catastrofes-naturales-de-origen-geologico-terremotos-tsunamis-erupciones-volcanicas-prediccion-prevencion-y-mitigacion-ejemplo-la-erupcion-de-la-palma-de-2021\/\"]}]},{\"@type\":\"BreadcrumbList\",\"@id\":\"https:\/\/www.ull.es\/portal\/agenda\/evento\/las-catastrofes-naturales-de-origen-geologico-terremotos-tsunamis-erupciones-volcanicas-prediccion-prevencion-y-mitigacion-ejemplo-la-erupcion-de-la-palma-de-2021\/#breadcrumb\",\"itemListElement\":[{\"@type\":\"ListItem\",\"position\":1,\"name\":\"Portada\",\"item\":\"https:\/\/www.ull.es\/portal\/agenda\/\"},{\"@type\":\"ListItem\",\"position\":2,\"name\":\"Las cat\u00e1strofes naturales de origen geol\u00f3gico (terremotos, tsunamis, erupciones volc\u00e1nicas&#8230;): predicci\u00f3n, prevenci\u00f3n y mitigaci\u00f3n. Ejemplo: la erupci\u00f3n de la Palma de 2021\"}]},{\"@type\":\"WebSite\",\"@id\":\"https:\/\/www.ull.es\/portal\/agenda\/#website\",\"url\":\"https:\/\/www.ull.es\/portal\/agenda\/\",\"name\":\"ULL - Agenda\",\"description\":\"\",\"potentialAction\":[{\"@type\":\"SearchAction\",\"target\":{\"@type\":\"EntryPoint\",\"urlTemplate\":\"https:\/\/www.ull.es\/portal\/agenda\/?s={search_term_string}\"},\"query-input\":\"required name=search_term_string\"}],\"inLanguage\":\"es\"}]}<\/script>\n<!-- \/ Yoast SEO plugin. -->","yoast_head_json":{"title":"Las cat\u00e1strofes naturales de origen geol\u00f3gico (terremotos, tsunamis, erupciones volc\u00e1nicas...): predicci\u00f3n, prevenci\u00f3n y mitigaci\u00f3n. Ejemplo: la erupci\u00f3n de la Palma de 2021 - ULL - Agenda","robots":{"index":"index","follow":"follow","max-snippet":"max-snippet:-1","max-image-preview":"max-image-preview:large","max-video-preview":"max-video-preview:-1"},"canonical":"https:\/\/www.ull.es\/portal\/agenda\/evento\/las-catastrofes-naturales-de-origen-geologico-terremotos-tsunamis-erupciones-volcanicas-prediccion-prevencion-y-mitigacion-ejemplo-la-erupcion-de-la-palma-de-2021\/","og_locale":"es_ES","og_type":"article","og_title":"Las cat\u00e1strofes naturales de origen geol\u00f3gico (terremotos, tsunamis, erupciones volc\u00e1nicas...): predicci\u00f3n, prevenci\u00f3n y mitigaci\u00f3n. Ejemplo: la erupci\u00f3n de la Palma de 2021 - ULL - Agenda","og_description":"El municipio de Arona acoge este curso que forma parte de la oferta de Cursos de Extensi\u00f3n Universitaria \u00a0\u00abUniversidad de Invierno de Arona 2026\u00bb, que se celebrar\u00e1 los d\u00edas 4, 5 y 6 de febrero de 2026 en horario de 16:00 \u2013 20:00 horas en el Centro Cultural Los Cristianos. El planteamiento general de este...","og_url":"https:\/\/www.ull.es\/portal\/agenda\/evento\/las-catastrofes-naturales-de-origen-geologico-terremotos-tsunamis-erupciones-volcanicas-prediccion-prevencion-y-mitigacion-ejemplo-la-erupcion-de-la-palma-de-2021\/","og_site_name":"ULL - Agenda","article_modified_time":"2026-01-21T13:46:27+00:00","og_image":[{"width":750,"height":370,"url":"https:\/\/www.ull.es\/portal\/agenda\/wp-content\/uploads\/sites\/12\/2025\/11\/2.png","type":"image\/png"}],"twitter_card":"summary_large_image","twitter_misc":{"Tiempo de lectura":"2 minutos"},"schema":{"@context":"https:\/\/schema.org","@graph":[{"@type":"WebPage","@id":"https:\/\/www.ull.es\/portal\/agenda\/evento\/las-catastrofes-naturales-de-origen-geologico-terremotos-tsunamis-erupciones-volcanicas-prediccion-prevencion-y-mitigacion-ejemplo-la-erupcion-de-la-palma-de-2021\/","url":"https:\/\/www.ull.es\/portal\/agenda\/evento\/las-catastrofes-naturales-de-origen-geologico-terremotos-tsunamis-erupciones-volcanicas-prediccion-prevencion-y-mitigacion-ejemplo-la-erupcion-de-la-palma-de-2021\/","name":"Las cat\u00e1strofes naturales de origen geol\u00f3gico (terremotos, tsunamis, erupciones volc\u00e1nicas...): predicci\u00f3n, prevenci\u00f3n y mitigaci\u00f3n. Ejemplo: la erupci\u00f3n de la Palma de 2021 - ULL - Agenda","isPartOf":{"@id":"https:\/\/www.ull.es\/portal\/agenda\/#website"},"datePublished":"2025-11-24T12:28:30+00:00","dateModified":"2026-01-21T13:46:27+00:00","breadcrumb":{"@id":"https:\/\/www.ull.es\/portal\/agenda\/evento\/las-catastrofes-naturales-de-origen-geologico-terremotos-tsunamis-erupciones-volcanicas-prediccion-prevencion-y-mitigacion-ejemplo-la-erupcion-de-la-palma-de-2021\/#breadcrumb"},"inLanguage":"es","potentialAction":[{"@type":"ReadAction","target":["https:\/\/www.ull.es\/portal\/agenda\/evento\/las-catastrofes-naturales-de-origen-geologico-terremotos-tsunamis-erupciones-volcanicas-prediccion-prevencion-y-mitigacion-ejemplo-la-erupcion-de-la-palma-de-2021\/"]}]},{"@type":"BreadcrumbList","@id":"https:\/\/www.ull.es\/portal\/agenda\/evento\/las-catastrofes-naturales-de-origen-geologico-terremotos-tsunamis-erupciones-volcanicas-prediccion-prevencion-y-mitigacion-ejemplo-la-erupcion-de-la-palma-de-2021\/#breadcrumb","itemListElement":[{"@type":"ListItem","position":1,"name":"Portada","item":"https:\/\/www.ull.es\/portal\/agenda\/"},{"@type":"ListItem","position":2,"name":"Las cat\u00e1strofes naturales de origen geol\u00f3gico (terremotos, tsunamis, erupciones volc\u00e1nicas&#8230;): predicci\u00f3n, prevenci\u00f3n y mitigaci\u00f3n. Ejemplo: la erupci\u00f3n de la Palma de 2021"}]},{"@type":"WebSite","@id":"https:\/\/www.ull.es\/portal\/agenda\/#website","url":"https:\/\/www.ull.es\/portal\/agenda\/","name":"ULL - Agenda","description":"","potentialAction":[{"@type":"SearchAction","target":{"@type":"EntryPoint","urlTemplate":"https:\/\/www.ull.es\/portal\/agenda\/?s={search_term_string}"},"query-input":"required name=search_term_string"}],"inLanguage":"es"}]}},"_links":{"self":[{"href":"https:\/\/www.ull.es\/portal\/agenda\/wp-json\/wp\/v2\/tribe_events\/45555"}],"collection":[{"href":"https:\/\/www.ull.es\/portal\/agenda\/wp-json\/wp\/v2\/tribe_events"}],"about":[{"href":"https:\/\/www.ull.es\/portal\/agenda\/wp-json\/wp\/v2\/types\/tribe_events"}],"author":[{"embeddable":true,"href":"https:\/\/www.ull.es\/portal\/agenda\/wp-json\/wp\/v2\/users\/43"}],"replies":[{"embeddable":true,"href":"https:\/\/www.ull.es\/portal\/agenda\/wp-json\/wp\/v2\/comments?post=45555"}],"version-history":[{"count":4,"href":"https:\/\/www.ull.es\/portal\/agenda\/wp-json\/wp\/v2\/tribe_events\/45555\/revisions"}],"predecessor-version":[{"id":46187,"href":"https:\/\/www.ull.es\/portal\/agenda\/wp-json\/wp\/v2\/tribe_events\/45555\/revisions\/46187"}],"wp:featuredmedia":[{"embeddable":true,"href":"https:\/\/www.ull.es\/portal\/agenda\/wp-json\/wp\/v2\/media\/45556"}],"wp:attachment":[{"href":"https:\/\/www.ull.es\/portal\/agenda\/wp-json\/wp\/v2\/media?parent=45555"}],"wp:term":[{"taxonomy":"post_tag","embeddable":true,"href":"https:\/\/www.ull.es\/portal\/agenda\/wp-json\/wp\/v2\/tags?post=45555"},{"taxonomy":"tribe_events_cat","embeddable":true,"href":"https:\/\/www.ull.es\/portal\/agenda\/wp-json\/wp\/v2\/tribe_events_cat?post=45555"}],"curies":[{"name":"wp","href":"https:\/\/api.w.org\/{rel}","templated":true}]}}