{"id":45562,"date":"2025-11-24T12:34:39","date_gmt":"2025-11-24T12:34:39","guid":{"rendered":"https:\/\/www.ull.es\/portal\/agenda\/?post_type=tribe_events&#038;p=45562"},"modified":"2026-01-26T09:05:43","modified_gmt":"2026-01-26T09:05:43","slug":"curso-practico-de-lengua-de-signos-espanola-lse-comunicacion-inclusiva","status":"publish","type":"tribe_events","link":"https:\/\/www.ull.es\/portal\/agenda\/evento\/curso-practico-de-lengua-de-signos-espanola-lse-comunicacion-inclusiva\/","title":{"rendered":"Curso pr\u00e1ctico de Lengua de Signos Espa\u00f1ola (LSE): comunicaci\u00f3n inclusiva"},"content":{"rendered":"<p>El municipio de Arona acoge este curso que forma parte de la oferta de Cursos de Extensi\u00f3n Universitaria \u00a0<a href=\"https:\/\/www.ull.es\/cultura\/cursos-extension-universitaria\/universidad-de-invierno-de-arona\/\" target=\"_blank\" rel=\"noopener noreferrer\" target=\"_blank\" rel=\"noopener\">\u00abUniversidad de Invierno de Arona 2026\u00bb<\/a>, que se celebrar\u00e1 los d\u00edas 10, 11 y 12 de febrero de 2026 en horario de 16:00 \u2013 20:00 horas en el Centro Cultural Los Cristianos.<\/p>\n<p>Objetivos:<\/p>\n<ul>\n<li>Adquirir conocimientos sobre la Lengua de Signos Espa\u00f1ola (LSE) y sus particularidades.<\/li>\n<li>Ser capaz de comprender y emplear expresiones habituales y frases simples para satisfacer necesidades inmediatas.<\/li>\n<li>Aprender a presentarse, presentar a otras personas y solicitar o brindar informaci\u00f3n personal b\u00e1sica.<\/li>\n<\/ul>\n<p>El presente curso est\u00e1 dirigido a personas interesadas en adquirir conocimientos b\u00e1sicos de Lengua de Signos Espa\u00f1ola (LSE), con el fin de desarrollar la capacidad de mantener una conversaci\u00f3n sencilla con personas sordas o con aquellas que utilicen la LSE como sistema de comunicaci\u00f3n, en contextos educativos, sociales o profesionales.<\/p>\n<p>En la actualidad, el dominio de distintos idiomas constituye un valor a\u00f1adido en la formaci\u00f3n y trayectoria profesional. En este sentido, la adquisici\u00f3n de competencias comunicativas en LSE puede representar una ventaja competitiva en el mercado laboral, al incrementar las oportunidades de empleabilidad de quienes completen esta formaci\u00f3n.<\/p>\n<p>Asimismo, este curso resulta especialmente relevante para el alumnado, personal de administraci\u00f3n y servicios de entidades p\u00fablicas y privadas, ya que contribuye a mejorar la calidad de la atenci\u00f3n y la accesibilidad para los colectivos que emplean la LSE como su principal medio de comunicaci\u00f3n.<\/p>\n<p>Direcci\u00f3n acad\u00e9mica: Mar\u00eda del Carmen Rodr\u00edguez Jim\u00e9nez. Profesora contratada Doctora. Departamento de Did\u00e1ctica e Investigaci\u00f3n Educativa de la Universidad de La Laguna.<\/p>\n<p><strong>CERTIFICADO DE ASISTENCIA, APTITUD Y RECONOCIMIENTO POR CR\u00c9DITO ECTS<\/strong><\/p>\n<p>La Universidad de La Laguna, a trav\u00e9s del Vicerrectorado de Cultura y Extensi\u00f3n Universitaria, emitir\u00e1 un certificado de asistencia a todas aquellas personas que asistan a un m\u00ednimo del 80% de las horas lectivas presenciales. Asimismo, aquellas personas que superen el trabajo aut\u00f3nomo del alumnado, recibir\u00e1n un certificado de asistencia y aprovechamiento, reconocible a su vez por un cr\u00e9dito ECTS.<\/p>\n<p><a href=\"https:\/\/sede.fg.ull.es\/es\/curso\/detalle?code=a25020282&amp;name=curso-practico-de-lengua-de-signos-espa-ola-lse-comunicacion-inclusiva&amp;query=%3Fcode%3DA25020282\" target=\"_blank\" rel=\"noopener\" target=\"_blank\" rel=\"noopener\"><strong><u>Consulta el programa e inscr\u00edbete aqu\u00ed.<\/u><\/strong><\/a><\/p>\n<p><span style=\"color: #ff0000\"><strong>\u00a1PLAZAS AGOTADAS!<\/strong><\/span><\/p>\n<p><strong>Contacto:\u00a0<\/strong><a href=\"mailto:extuni@ull.edu.es\" target=\"_blank\" rel=\"noopener\" target=\"_blank\" rel=\"noopener\"><strong>extuni@ull.es<\/strong><\/a><\/p>\n","protected":false},"excerpt":{"rendered":"<p>El municipio de Arona acoge este curso que forma parte de la oferta de Cursos de Extensi\u00f3n Universitaria \u00a0\u00abUniversidad de Invierno de Arona 2026\u00bb, que se celebrar\u00e1 los d\u00edas 10, 11 y 12 de febrero de 2026 en horario de 16:00 \u2013 20:00 horas en el Centro Cultural Los Cristianos. Objetivos: Adquirir conocimientos sobre la&#8230;<\/p>\n","protected":false},"author":43,"featured_media":45563,"comment_status":"closed","ping_status":"closed","template":"","tags":[4259,977,3812,3751,4983,4817],"tribe_events_cat":[472,4,186,869],"acf":[],"yoast_head":"<!-- This site is optimized with the Yoast SEO plugin v21.3 - https:\/\/yoast.com\/wordpress\/plugins\/seo\/ -->\n<title>Curso pr\u00e1ctico de Lengua de Signos Espa\u00f1ola (LSE): comunicaci\u00f3n inclusiva - ULL - Agenda<\/title>\n<meta name=\"robots\" content=\"index, follow, max-snippet:-1, max-image-preview:large, max-video-preview:-1\" \/>\n<link rel=\"canonical\" href=\"https:\/\/www.ull.es\/portal\/agenda\/evento\/curso-practico-de-lengua-de-signos-espanola-lse-comunicacion-inclusiva\/\" \/>\n<meta property=\"og:locale\" content=\"es_ES\" \/>\n<meta property=\"og:type\" content=\"article\" \/>\n<meta property=\"og:title\" content=\"Curso pr\u00e1ctico de Lengua de Signos Espa\u00f1ola (LSE): comunicaci\u00f3n inclusiva - ULL - Agenda\" \/>\n<meta property=\"og:description\" content=\"El municipio de Arona acoge este curso que forma parte de la oferta de Cursos de Extensi\u00f3n Universitaria \u00a0\u00abUniversidad de Invierno de Arona 2026\u00bb, que se celebrar\u00e1 los d\u00edas 10, 11 y 12 de febrero de 2026 en horario de 16:00 \u2013 20:00 horas en el Centro Cultural Los Cristianos. Objetivos: Adquirir conocimientos sobre la...\" \/>\n<meta property=\"og:url\" content=\"https:\/\/www.ull.es\/portal\/agenda\/evento\/curso-practico-de-lengua-de-signos-espanola-lse-comunicacion-inclusiva\/\" \/>\n<meta property=\"og:site_name\" content=\"ULL - Agenda\" \/>\n<meta property=\"article:modified_time\" content=\"2026-01-26T09:05:43+00:00\" \/>\n<meta property=\"og:image\" content=\"https:\/\/www.ull.es\/portal\/agenda\/wp-content\/uploads\/sites\/12\/2025\/11\/3.png\" \/>\n\t<meta property=\"og:image:width\" content=\"750\" \/>\n\t<meta property=\"og:image:height\" content=\"370\" \/>\n\t<meta property=\"og:image:type\" content=\"image\/png\" \/>\n<meta name=\"twitter:card\" content=\"summary_large_image\" \/>\n<meta name=\"twitter:label1\" content=\"Tiempo de lectura\" \/>\n\t<meta name=\"twitter:data1\" content=\"2 minutos\" \/>\n<script type=\"application\/ld+json\" class=\"yoast-schema-graph\">{\"@context\":\"https:\/\/schema.org\",\"@graph\":[{\"@type\":\"WebPage\",\"@id\":\"https:\/\/www.ull.es\/portal\/agenda\/evento\/curso-practico-de-lengua-de-signos-espanola-lse-comunicacion-inclusiva\/\",\"url\":\"https:\/\/www.ull.es\/portal\/agenda\/evento\/curso-practico-de-lengua-de-signos-espanola-lse-comunicacion-inclusiva\/\",\"name\":\"Curso pr\u00e1ctico de Lengua de Signos Espa\u00f1ola (LSE): comunicaci\u00f3n inclusiva - ULL - Agenda\",\"isPartOf\":{\"@id\":\"https:\/\/www.ull.es\/portal\/agenda\/#website\"},\"datePublished\":\"2025-11-24T12:34:39+00:00\",\"dateModified\":\"2026-01-26T09:05:43+00:00\",\"breadcrumb\":{\"@id\":\"https:\/\/www.ull.es\/portal\/agenda\/evento\/curso-practico-de-lengua-de-signos-espanola-lse-comunicacion-inclusiva\/#breadcrumb\"},\"inLanguage\":\"es\",\"potentialAction\":[{\"@type\":\"ReadAction\",\"target\":[\"https:\/\/www.ull.es\/portal\/agenda\/evento\/curso-practico-de-lengua-de-signos-espanola-lse-comunicacion-inclusiva\/\"]}]},{\"@type\":\"BreadcrumbList\",\"@id\":\"https:\/\/www.ull.es\/portal\/agenda\/evento\/curso-practico-de-lengua-de-signos-espanola-lse-comunicacion-inclusiva\/#breadcrumb\",\"itemListElement\":[{\"@type\":\"ListItem\",\"position\":1,\"name\":\"Portada\",\"item\":\"https:\/\/www.ull.es\/portal\/agenda\/\"},{\"@type\":\"ListItem\",\"position\":2,\"name\":\"Curso pr\u00e1ctico de Lengua de Signos Espa\u00f1ola (LSE): comunicaci\u00f3n inclusiva\"}]},{\"@type\":\"WebSite\",\"@id\":\"https:\/\/www.ull.es\/portal\/agenda\/#website\",\"url\":\"https:\/\/www.ull.es\/portal\/agenda\/\",\"name\":\"ULL - Agenda\",\"description\":\"\",\"potentialAction\":[{\"@type\":\"SearchAction\",\"target\":{\"@type\":\"EntryPoint\",\"urlTemplate\":\"https:\/\/www.ull.es\/portal\/agenda\/?s={search_term_string}\"},\"query-input\":\"required name=search_term_string\"}],\"inLanguage\":\"es\"}]}<\/script>\n<!-- \/ Yoast SEO plugin. -->","yoast_head_json":{"title":"Curso pr\u00e1ctico de Lengua de Signos Espa\u00f1ola (LSE): comunicaci\u00f3n inclusiva - ULL - Agenda","robots":{"index":"index","follow":"follow","max-snippet":"max-snippet:-1","max-image-preview":"max-image-preview:large","max-video-preview":"max-video-preview:-1"},"canonical":"https:\/\/www.ull.es\/portal\/agenda\/evento\/curso-practico-de-lengua-de-signos-espanola-lse-comunicacion-inclusiva\/","og_locale":"es_ES","og_type":"article","og_title":"Curso pr\u00e1ctico de Lengua de Signos Espa\u00f1ola (LSE): comunicaci\u00f3n inclusiva - ULL - Agenda","og_description":"El municipio de Arona acoge este curso que forma parte de la oferta de Cursos de Extensi\u00f3n Universitaria \u00a0\u00abUniversidad de Invierno de Arona 2026\u00bb, que se celebrar\u00e1 los d\u00edas 10, 11 y 12 de febrero de 2026 en horario de 16:00 \u2013 20:00 horas en el Centro Cultural Los Cristianos. Objetivos: Adquirir conocimientos sobre la...","og_url":"https:\/\/www.ull.es\/portal\/agenda\/evento\/curso-practico-de-lengua-de-signos-espanola-lse-comunicacion-inclusiva\/","og_site_name":"ULL - Agenda","article_modified_time":"2026-01-26T09:05:43+00:00","og_image":[{"width":750,"height":370,"url":"https:\/\/www.ull.es\/portal\/agenda\/wp-content\/uploads\/sites\/12\/2025\/11\/3.png","type":"image\/png"}],"twitter_card":"summary_large_image","twitter_misc":{"Tiempo de lectura":"2 minutos"},"schema":{"@context":"https:\/\/schema.org","@graph":[{"@type":"WebPage","@id":"https:\/\/www.ull.es\/portal\/agenda\/evento\/curso-practico-de-lengua-de-signos-espanola-lse-comunicacion-inclusiva\/","url":"https:\/\/www.ull.es\/portal\/agenda\/evento\/curso-practico-de-lengua-de-signos-espanola-lse-comunicacion-inclusiva\/","name":"Curso pr\u00e1ctico de Lengua de Signos Espa\u00f1ola (LSE): comunicaci\u00f3n inclusiva - ULL - Agenda","isPartOf":{"@id":"https:\/\/www.ull.es\/portal\/agenda\/#website"},"datePublished":"2025-11-24T12:34:39+00:00","dateModified":"2026-01-26T09:05:43+00:00","breadcrumb":{"@id":"https:\/\/www.ull.es\/portal\/agenda\/evento\/curso-practico-de-lengua-de-signos-espanola-lse-comunicacion-inclusiva\/#breadcrumb"},"inLanguage":"es","potentialAction":[{"@type":"ReadAction","target":["https:\/\/www.ull.es\/portal\/agenda\/evento\/curso-practico-de-lengua-de-signos-espanola-lse-comunicacion-inclusiva\/"]}]},{"@type":"BreadcrumbList","@id":"https:\/\/www.ull.es\/portal\/agenda\/evento\/curso-practico-de-lengua-de-signos-espanola-lse-comunicacion-inclusiva\/#breadcrumb","itemListElement":[{"@type":"ListItem","position":1,"name":"Portada","item":"https:\/\/www.ull.es\/portal\/agenda\/"},{"@type":"ListItem","position":2,"name":"Curso pr\u00e1ctico de Lengua de Signos Espa\u00f1ola (LSE): comunicaci\u00f3n inclusiva"}]},{"@type":"WebSite","@id":"https:\/\/www.ull.es\/portal\/agenda\/#website","url":"https:\/\/www.ull.es\/portal\/agenda\/","name":"ULL - Agenda","description":"","potentialAction":[{"@type":"SearchAction","target":{"@type":"EntryPoint","urlTemplate":"https:\/\/www.ull.es\/portal\/agenda\/?s={search_term_string}"},"query-input":"required name=search_term_string"}],"inLanguage":"es"}]}},"_links":{"self":[{"href":"https:\/\/www.ull.es\/portal\/agenda\/wp-json\/wp\/v2\/tribe_events\/45562"}],"collection":[{"href":"https:\/\/www.ull.es\/portal\/agenda\/wp-json\/wp\/v2\/tribe_events"}],"about":[{"href":"https:\/\/www.ull.es\/portal\/agenda\/wp-json\/wp\/v2\/types\/tribe_events"}],"author":[{"embeddable":true,"href":"https:\/\/www.ull.es\/portal\/agenda\/wp-json\/wp\/v2\/users\/43"}],"replies":[{"embeddable":true,"href":"https:\/\/www.ull.es\/portal\/agenda\/wp-json\/wp\/v2\/comments?post=45562"}],"version-history":[{"count":5,"href":"https:\/\/www.ull.es\/portal\/agenda\/wp-json\/wp\/v2\/tribe_events\/45562\/revisions"}],"predecessor-version":[{"id":46238,"href":"https:\/\/www.ull.es\/portal\/agenda\/wp-json\/wp\/v2\/tribe_events\/45562\/revisions\/46238"}],"wp:featuredmedia":[{"embeddable":true,"href":"https:\/\/www.ull.es\/portal\/agenda\/wp-json\/wp\/v2\/media\/45563"}],"wp:attachment":[{"href":"https:\/\/www.ull.es\/portal\/agenda\/wp-json\/wp\/v2\/media?parent=45562"}],"wp:term":[{"taxonomy":"post_tag","embeddable":true,"href":"https:\/\/www.ull.es\/portal\/agenda\/wp-json\/wp\/v2\/tags?post=45562"},{"taxonomy":"tribe_events_cat","embeddable":true,"href":"https:\/\/www.ull.es\/portal\/agenda\/wp-json\/wp\/v2\/tribe_events_cat?post=45562"}],"curies":[{"name":"wp","href":"https:\/\/api.w.org\/{rel}","templated":true}]}}