{"id":45699,"date":"2025-12-01T15:01:34","date_gmt":"2025-12-01T15:01:34","guid":{"rendered":"https:\/\/www.ull.es\/portal\/agenda\/?post_type=tribe_events&#038;p=45699"},"modified":"2025-12-11T09:10:57","modified_gmt":"2025-12-11T09:10:57","slug":"jornada-insularidad-asimetria-y-cohesion-territorial-en-el-estado-constitucional-europeo","status":"publish","type":"tribe_events","link":"https:\/\/www.ull.es\/portal\/agenda\/evento\/jornada-insularidad-asimetria-y-cohesion-territorial-en-el-estado-constitucional-europeo\/","title":{"rendered":"Jornada \u00abInsularidad, asimetr\u00eda y cohesi\u00f3n territorial en el Estado constitucional europeo\u00bb"},"content":{"rendered":"<p>La Jornada \u00abInsularidad, asimetr\u00eda y cohesi\u00f3n territorial en el Estado constitucional europeo\u00bb ofrece una reflexi\u00f3n sobre el estatuto pol\u00edtico\/administrativo de las regiones insulares europeas dentro del modelo de articulaci\u00f3n territorial de sus respectivos Estados, as\u00ed como del tratamiento espec\u00edfico que se hace del hecho insular en los distintos ordenamientos jur\u00eddico-constitucionales, incidiendo de modo particular en los casos de las islas espa\u00f1olas (Comunidades Aut\u00f3nomas de Baleares y Canarias), italianas (las Regiones insulares, con Estatuto especial, de Sicilia y Cerde\u00f1a) y portuguesas (Regi\u00f5es aut\u00f3nomas de Azores y Madeira).<\/p>\n<p>Considerando que el Estado constitucional contempor\u00e1neo debe procurar la realizaci\u00f3n del principio de igualdad territorial y la efectividad de los derechos fundamentales de sus ciudadanos en todo el territorio, la jornada de estudio abordar\u00e1, entre otras cuestiones, las respuestas normativas espec\u00edficas que responden de manera consecuente a las desventajas socioecon\u00f3micas estructurales de las islas europeas.<\/p>\n<p>Se certificar\u00e1 la asistencia de las personas que asistan, si bien se requiere enviar previamente un correo con sus datos personales a la direcci\u00f3n catedragtrujillo@ull.edu.es<\/p>\n<p>Organizan: Centro de Estudios Pol\u00edticos y Constitucionales; C\u00e1tedra Cultural de Estudios Auton\u00f3micos \u00abGumersindo Trujillo\u00bb de la Universidad de La Laguna; y \u00c1rea de Derecho Constitucional de la Universidad de Las Palmas de Gran Canaria.<\/p>\n<p><a href=\"https:\/\/drive.google.com\/file\/d\/1oyEhy01j-DprXNzu0CSt7_rqcqJgGwyz\/view?usp=sharing\" target=\"_blank\" rel=\"noopener\" target=\"_blank\" rel=\"noopener\">Programa<\/a><\/p>\n","protected":false},"excerpt":{"rendered":"<p>La Jornada \u00abInsularidad, asimetr\u00eda y cohesi\u00f3n territorial en el Estado constitucional europeo\u00bb ofrece una reflexi\u00f3n sobre el estatuto pol\u00edtico\/administrativo de las regiones insulares europeas dentro del modelo de articulaci\u00f3n territorial de sus respectivos Estados, as\u00ed como del tratamiento espec\u00edfico que se hace del hecho insular en los distintos ordenamientos jur\u00eddico-constitucionales, incidiendo de modo particular en&#8230;<\/p>\n","protected":false},"author":65,"featured_media":45731,"comment_status":"closed","ping_status":"closed","template":"","tags":[],"tribe_events_cat":[865,191],"acf":[],"yoast_head":"<!-- This site is optimized with the Yoast SEO plugin v21.3 - https:\/\/yoast.com\/wordpress\/plugins\/seo\/ -->\n<title>Jornada &quot;Insularidad, asimetr\u00eda y cohesi\u00f3n territorial en el Estado constitucional europeo&quot; - ULL - Agenda<\/title>\n<meta name=\"robots\" content=\"index, follow, max-snippet:-1, max-image-preview:large, max-video-preview:-1\" \/>\n<link rel=\"canonical\" href=\"https:\/\/www.ull.es\/portal\/agenda\/evento\/jornada-insularidad-asimetria-y-cohesion-territorial-en-el-estado-constitucional-europeo\/\" \/>\n<meta property=\"og:locale\" content=\"es_ES\" \/>\n<meta property=\"og:type\" content=\"article\" \/>\n<meta property=\"og:title\" content=\"Jornada &quot;Insularidad, asimetr\u00eda y cohesi\u00f3n territorial en el Estado constitucional europeo&quot; - ULL - Agenda\" \/>\n<meta property=\"og:description\" content=\"La Jornada \u00abInsularidad, asimetr\u00eda y cohesi\u00f3n territorial en el Estado constitucional europeo\u00bb ofrece una reflexi\u00f3n sobre el estatuto pol\u00edtico\/administrativo de las regiones insulares europeas dentro del modelo de articulaci\u00f3n territorial de sus respectivos Estados, as\u00ed como del tratamiento espec\u00edfico que se hace del hecho insular en los distintos ordenamientos jur\u00eddico-constitucionales, incidiendo de modo particular en...\" \/>\n<meta property=\"og:url\" content=\"https:\/\/www.ull.es\/portal\/agenda\/evento\/jornada-insularidad-asimetria-y-cohesion-territorial-en-el-estado-constitucional-europeo\/\" \/>\n<meta property=\"og:site_name\" content=\"ULL - Agenda\" \/>\n<meta property=\"article:modified_time\" content=\"2025-12-11T09:10:57+00:00\" \/>\n<meta property=\"og:image\" content=\"https:\/\/www.ull.es\/portal\/agenda\/wp-content\/uploads\/sites\/12\/2025\/12\/Jornada-Insularidad-asimetria-y-cohesion.png\" \/>\n\t<meta property=\"og:image:width\" content=\"750\" \/>\n\t<meta property=\"og:image:height\" content=\"370\" \/>\n\t<meta property=\"og:image:type\" content=\"image\/png\" \/>\n<meta name=\"twitter:card\" content=\"summary_large_image\" \/>\n<meta name=\"twitter:label1\" content=\"Tiempo de lectura\" \/>\n\t<meta name=\"twitter:data1\" content=\"1 minuto\" \/>\n<script type=\"application\/ld+json\" class=\"yoast-schema-graph\">{\"@context\":\"https:\/\/schema.org\",\"@graph\":[{\"@type\":\"WebPage\",\"@id\":\"https:\/\/www.ull.es\/portal\/agenda\/evento\/jornada-insularidad-asimetria-y-cohesion-territorial-en-el-estado-constitucional-europeo\/\",\"url\":\"https:\/\/www.ull.es\/portal\/agenda\/evento\/jornada-insularidad-asimetria-y-cohesion-territorial-en-el-estado-constitucional-europeo\/\",\"name\":\"Jornada \\\"Insularidad, asimetr\u00eda y cohesi\u00f3n territorial en el Estado constitucional europeo\\\" - ULL - Agenda\",\"isPartOf\":{\"@id\":\"https:\/\/www.ull.es\/portal\/agenda\/#website\"},\"datePublished\":\"2025-12-01T15:01:34+00:00\",\"dateModified\":\"2025-12-11T09:10:57+00:00\",\"breadcrumb\":{\"@id\":\"https:\/\/www.ull.es\/portal\/agenda\/evento\/jornada-insularidad-asimetria-y-cohesion-territorial-en-el-estado-constitucional-europeo\/#breadcrumb\"},\"inLanguage\":\"es\",\"potentialAction\":[{\"@type\":\"ReadAction\",\"target\":[\"https:\/\/www.ull.es\/portal\/agenda\/evento\/jornada-insularidad-asimetria-y-cohesion-territorial-en-el-estado-constitucional-europeo\/\"]}]},{\"@type\":\"BreadcrumbList\",\"@id\":\"https:\/\/www.ull.es\/portal\/agenda\/evento\/jornada-insularidad-asimetria-y-cohesion-territorial-en-el-estado-constitucional-europeo\/#breadcrumb\",\"itemListElement\":[{\"@type\":\"ListItem\",\"position\":1,\"name\":\"Portada\",\"item\":\"https:\/\/www.ull.es\/portal\/agenda\/\"},{\"@type\":\"ListItem\",\"position\":2,\"name\":\"Jornada \u00abInsularidad, asimetr\u00eda y cohesi\u00f3n territorial en el Estado constitucional europeo\u00bb\"}]},{\"@type\":\"WebSite\",\"@id\":\"https:\/\/www.ull.es\/portal\/agenda\/#website\",\"url\":\"https:\/\/www.ull.es\/portal\/agenda\/\",\"name\":\"ULL - Agenda\",\"description\":\"\",\"potentialAction\":[{\"@type\":\"SearchAction\",\"target\":{\"@type\":\"EntryPoint\",\"urlTemplate\":\"https:\/\/www.ull.es\/portal\/agenda\/?s={search_term_string}\"},\"query-input\":\"required name=search_term_string\"}],\"inLanguage\":\"es\"}]}<\/script>\n<!-- \/ Yoast SEO plugin. -->","yoast_head_json":{"title":"Jornada \"Insularidad, asimetr\u00eda y cohesi\u00f3n territorial en el Estado constitucional europeo\" - ULL - Agenda","robots":{"index":"index","follow":"follow","max-snippet":"max-snippet:-1","max-image-preview":"max-image-preview:large","max-video-preview":"max-video-preview:-1"},"canonical":"https:\/\/www.ull.es\/portal\/agenda\/evento\/jornada-insularidad-asimetria-y-cohesion-territorial-en-el-estado-constitucional-europeo\/","og_locale":"es_ES","og_type":"article","og_title":"Jornada \"Insularidad, asimetr\u00eda y cohesi\u00f3n territorial en el Estado constitucional europeo\" - ULL - Agenda","og_description":"La Jornada \u00abInsularidad, asimetr\u00eda y cohesi\u00f3n territorial en el Estado constitucional europeo\u00bb ofrece una reflexi\u00f3n sobre el estatuto pol\u00edtico\/administrativo de las regiones insulares europeas dentro del modelo de articulaci\u00f3n territorial de sus respectivos Estados, as\u00ed como del tratamiento espec\u00edfico que se hace del hecho insular en los distintos ordenamientos jur\u00eddico-constitucionales, incidiendo de modo particular en...","og_url":"https:\/\/www.ull.es\/portal\/agenda\/evento\/jornada-insularidad-asimetria-y-cohesion-territorial-en-el-estado-constitucional-europeo\/","og_site_name":"ULL - Agenda","article_modified_time":"2025-12-11T09:10:57+00:00","og_image":[{"width":750,"height":370,"url":"https:\/\/www.ull.es\/portal\/agenda\/wp-content\/uploads\/sites\/12\/2025\/12\/Jornada-Insularidad-asimetria-y-cohesion.png","type":"image\/png"}],"twitter_card":"summary_large_image","twitter_misc":{"Tiempo de lectura":"1 minuto"},"schema":{"@context":"https:\/\/schema.org","@graph":[{"@type":"WebPage","@id":"https:\/\/www.ull.es\/portal\/agenda\/evento\/jornada-insularidad-asimetria-y-cohesion-territorial-en-el-estado-constitucional-europeo\/","url":"https:\/\/www.ull.es\/portal\/agenda\/evento\/jornada-insularidad-asimetria-y-cohesion-territorial-en-el-estado-constitucional-europeo\/","name":"Jornada \"Insularidad, asimetr\u00eda y cohesi\u00f3n territorial en el Estado constitucional europeo\" - ULL - Agenda","isPartOf":{"@id":"https:\/\/www.ull.es\/portal\/agenda\/#website"},"datePublished":"2025-12-01T15:01:34+00:00","dateModified":"2025-12-11T09:10:57+00:00","breadcrumb":{"@id":"https:\/\/www.ull.es\/portal\/agenda\/evento\/jornada-insularidad-asimetria-y-cohesion-territorial-en-el-estado-constitucional-europeo\/#breadcrumb"},"inLanguage":"es","potentialAction":[{"@type":"ReadAction","target":["https:\/\/www.ull.es\/portal\/agenda\/evento\/jornada-insularidad-asimetria-y-cohesion-territorial-en-el-estado-constitucional-europeo\/"]}]},{"@type":"BreadcrumbList","@id":"https:\/\/www.ull.es\/portal\/agenda\/evento\/jornada-insularidad-asimetria-y-cohesion-territorial-en-el-estado-constitucional-europeo\/#breadcrumb","itemListElement":[{"@type":"ListItem","position":1,"name":"Portada","item":"https:\/\/www.ull.es\/portal\/agenda\/"},{"@type":"ListItem","position":2,"name":"Jornada \u00abInsularidad, asimetr\u00eda y cohesi\u00f3n territorial en el Estado constitucional europeo\u00bb"}]},{"@type":"WebSite","@id":"https:\/\/www.ull.es\/portal\/agenda\/#website","url":"https:\/\/www.ull.es\/portal\/agenda\/","name":"ULL - Agenda","description":"","potentialAction":[{"@type":"SearchAction","target":{"@type":"EntryPoint","urlTemplate":"https:\/\/www.ull.es\/portal\/agenda\/?s={search_term_string}"},"query-input":"required name=search_term_string"}],"inLanguage":"es"}]}},"_links":{"self":[{"href":"https:\/\/www.ull.es\/portal\/agenda\/wp-json\/wp\/v2\/tribe_events\/45699"}],"collection":[{"href":"https:\/\/www.ull.es\/portal\/agenda\/wp-json\/wp\/v2\/tribe_events"}],"about":[{"href":"https:\/\/www.ull.es\/portal\/agenda\/wp-json\/wp\/v2\/types\/tribe_events"}],"author":[{"embeddable":true,"href":"https:\/\/www.ull.es\/portal\/agenda\/wp-json\/wp\/v2\/users\/65"}],"replies":[{"embeddable":true,"href":"https:\/\/www.ull.es\/portal\/agenda\/wp-json\/wp\/v2\/comments?post=45699"}],"version-history":[{"count":1,"href":"https:\/\/www.ull.es\/portal\/agenda\/wp-json\/wp\/v2\/tribe_events\/45699\/revisions"}],"predecessor-version":[{"id":45700,"href":"https:\/\/www.ull.es\/portal\/agenda\/wp-json\/wp\/v2\/tribe_events\/45699\/revisions\/45700"}],"wp:featuredmedia":[{"embeddable":true,"href":"https:\/\/www.ull.es\/portal\/agenda\/wp-json\/wp\/v2\/media\/45731"}],"wp:attachment":[{"href":"https:\/\/www.ull.es\/portal\/agenda\/wp-json\/wp\/v2\/media?parent=45699"}],"wp:term":[{"taxonomy":"post_tag","embeddable":true,"href":"https:\/\/www.ull.es\/portal\/agenda\/wp-json\/wp\/v2\/tags?post=45699"},{"taxonomy":"tribe_events_cat","embeddable":true,"href":"https:\/\/www.ull.es\/portal\/agenda\/wp-json\/wp\/v2\/tribe_events_cat?post=45699"}],"curies":[{"name":"wp","href":"https:\/\/api.w.org\/{rel}","templated":true}]}}