{"id":45921,"date":"2026-01-12T08:52:58","date_gmt":"2026-01-12T08:52:58","guid":{"rendered":"https:\/\/www.ull.es\/portal\/agenda\/?post_type=tribe_events&#038;p=45921"},"modified":"2026-01-21T12:36:09","modified_gmt":"2026-01-21T12:36:09","slug":"jornada-del-comite-cientifico-de-la-aesan-seguridad-alimentaria-y-aspectos-sociales","status":"publish","type":"tribe_events","link":"https:\/\/www.ull.es\/portal\/agenda\/evento\/jornada-del-comite-cientifico-de-la-aesan-seguridad-alimentaria-y-aspectos-sociales\/","title":{"rendered":"Jornada del Comit\u00e9 Cient\u00edfico de la AESAN: Seguridad Alimentaria y Aspectos Sociales"},"content":{"rendered":"<p>El Comit\u00e9 Cient\u00edfico de la Agencia Espa\u00f1ola de Seguridad Alimentaria y Nutrici\u00f3n (AESAN) del Ministerio de Derechos Sociales, Consumo y Agenda 2030 es el \u00f3rgano responsable de la evaluaci\u00f3n de riesgos alimentarios en Espa\u00f1a. Sus dict\u00e1menes cient\u00edficos constituyen la base t\u00e9cnica para la toma de decisiones legislativas y el control oficial de los alimentos. Est\u00e1 formado por 20 personas expertas en distintos campos de la seguridad alimentaria y la nutrici\u00f3n que trabajan en diversas universidades y centros de investigaci\u00f3n espa\u00f1oles.<\/p>\n<p>Adem\u00e1s de celebrar una de sus reuniones t\u00e9cnicas en la Universidad de La Laguna, el d\u00eda 11 de marzo de 2026 la AESAN y la propia universidad organizar\u00e1n una jornada sobre Seguridad Alimentaria y Aspectos Sociales, donde se presentar\u00e1n informes del Comit\u00e9 e iniciativas de cooperaci\u00f3n internacional.<\/p>\n<p><a href=\"https:\/\/form.jotform.com\/evaluacionriesgos\/Jornada-Aspectos-Sociales\" target=\"_blank\" rel=\"noopener\" target=\"_blank\" rel=\"noopener\">Inscripci\u00f3n<\/a><\/p>\n<p><a href=\"https:\/\/www.aesan.gob.es\/AECOSAN\/docs\/documentos\/noticias\/2026\/PROGRAMA_4_JORNADA_CC_ASPECTOS_SOCIALES_11.pdf\" target=\"_blank\" rel=\"noopener\" target=\"_blank\" rel=\"noopener\">Programa<\/a><\/p>\n","protected":false},"excerpt":{"rendered":"<p>El Comit\u00e9 Cient\u00edfico de la Agencia Espa\u00f1ola de Seguridad Alimentaria y Nutrici\u00f3n (AESAN) del Ministerio de Derechos Sociales, Consumo y Agenda 2030 es el \u00f3rgano responsable de la evaluaci\u00f3n de riesgos alimentarios en Espa\u00f1a. Sus dict\u00e1menes cient\u00edficos constituyen la base t\u00e9cnica para la toma de decisiones legislativas y el control oficial de los alimentos. Est\u00e1&#8230;<\/p>\n","protected":false},"author":65,"featured_media":46179,"comment_status":"closed","ping_status":"closed","template":"","tags":[],"tribe_events_cat":[],"acf":[],"yoast_head":"<!-- This site is optimized with the Yoast SEO plugin v21.3 - https:\/\/yoast.com\/wordpress\/plugins\/seo\/ -->\n<title>Jornada del Comit\u00e9 Cient\u00edfico de la AESAN: Seguridad Alimentaria y Aspectos Sociales - ULL - Agenda<\/title>\n<meta name=\"robots\" content=\"index, follow, max-snippet:-1, max-image-preview:large, max-video-preview:-1\" \/>\n<link rel=\"canonical\" href=\"https:\/\/www.ull.es\/portal\/agenda\/evento\/jornada-del-comite-cientifico-de-la-aesan-seguridad-alimentaria-y-aspectos-sociales\/\" \/>\n<meta property=\"og:locale\" content=\"es_ES\" \/>\n<meta property=\"og:type\" content=\"article\" \/>\n<meta property=\"og:title\" content=\"Jornada del Comit\u00e9 Cient\u00edfico de la AESAN: Seguridad Alimentaria y Aspectos Sociales - ULL - Agenda\" \/>\n<meta property=\"og:description\" content=\"El Comit\u00e9 Cient\u00edfico de la Agencia Espa\u00f1ola de Seguridad Alimentaria y Nutrici\u00f3n (AESAN) del Ministerio de Derechos Sociales, Consumo y Agenda 2030 es el \u00f3rgano responsable de la evaluaci\u00f3n de riesgos alimentarios en Espa\u00f1a. Sus dict\u00e1menes cient\u00edficos constituyen la base t\u00e9cnica para la toma de decisiones legislativas y el control oficial de los alimentos. Est\u00e1...\" \/>\n<meta property=\"og:url\" content=\"https:\/\/www.ull.es\/portal\/agenda\/evento\/jornada-del-comite-cientifico-de-la-aesan-seguridad-alimentaria-y-aspectos-sociales\/\" \/>\n<meta property=\"og:site_name\" content=\"ULL - Agenda\" \/>\n<meta property=\"article:modified_time\" content=\"2026-01-21T12:36:09+00:00\" \/>\n<meta property=\"og:image\" content=\"https:\/\/www.ull.es\/portal\/agenda\/wp-content\/uploads\/sites\/12\/2026\/01\/1-4.png\" \/>\n\t<meta property=\"og:image:width\" content=\"750\" \/>\n\t<meta property=\"og:image:height\" content=\"370\" \/>\n\t<meta property=\"og:image:type\" content=\"image\/png\" \/>\n<meta name=\"twitter:card\" content=\"summary_large_image\" \/>\n<meta name=\"twitter:label1\" content=\"Tiempo de lectura\" \/>\n\t<meta name=\"twitter:data1\" content=\"1 minuto\" \/>\n<script type=\"application\/ld+json\" class=\"yoast-schema-graph\">{\"@context\":\"https:\/\/schema.org\",\"@graph\":[{\"@type\":\"WebPage\",\"@id\":\"https:\/\/www.ull.es\/portal\/agenda\/evento\/jornada-del-comite-cientifico-de-la-aesan-seguridad-alimentaria-y-aspectos-sociales\/\",\"url\":\"https:\/\/www.ull.es\/portal\/agenda\/evento\/jornada-del-comite-cientifico-de-la-aesan-seguridad-alimentaria-y-aspectos-sociales\/\",\"name\":\"Jornada del Comit\u00e9 Cient\u00edfico de la AESAN: Seguridad Alimentaria y Aspectos Sociales - ULL - Agenda\",\"isPartOf\":{\"@id\":\"https:\/\/www.ull.es\/portal\/agenda\/#website\"},\"datePublished\":\"2026-01-12T08:52:58+00:00\",\"dateModified\":\"2026-01-21T12:36:09+00:00\",\"breadcrumb\":{\"@id\":\"https:\/\/www.ull.es\/portal\/agenda\/evento\/jornada-del-comite-cientifico-de-la-aesan-seguridad-alimentaria-y-aspectos-sociales\/#breadcrumb\"},\"inLanguage\":\"es\",\"potentialAction\":[{\"@type\":\"ReadAction\",\"target\":[\"https:\/\/www.ull.es\/portal\/agenda\/evento\/jornada-del-comite-cientifico-de-la-aesan-seguridad-alimentaria-y-aspectos-sociales\/\"]}]},{\"@type\":\"BreadcrumbList\",\"@id\":\"https:\/\/www.ull.es\/portal\/agenda\/evento\/jornada-del-comite-cientifico-de-la-aesan-seguridad-alimentaria-y-aspectos-sociales\/#breadcrumb\",\"itemListElement\":[{\"@type\":\"ListItem\",\"position\":1,\"name\":\"Portada\",\"item\":\"https:\/\/www.ull.es\/portal\/agenda\/\"},{\"@type\":\"ListItem\",\"position\":2,\"name\":\"Jornada del Comit\u00e9 Cient\u00edfico de la AESAN: Seguridad Alimentaria y Aspectos Sociales\"}]},{\"@type\":\"WebSite\",\"@id\":\"https:\/\/www.ull.es\/portal\/agenda\/#website\",\"url\":\"https:\/\/www.ull.es\/portal\/agenda\/\",\"name\":\"ULL - Agenda\",\"description\":\"\",\"potentialAction\":[{\"@type\":\"SearchAction\",\"target\":{\"@type\":\"EntryPoint\",\"urlTemplate\":\"https:\/\/www.ull.es\/portal\/agenda\/?s={search_term_string}\"},\"query-input\":\"required name=search_term_string\"}],\"inLanguage\":\"es\"}]}<\/script>\n<!-- \/ Yoast SEO plugin. -->","yoast_head_json":{"title":"Jornada del Comit\u00e9 Cient\u00edfico de la AESAN: Seguridad Alimentaria y Aspectos Sociales - ULL - Agenda","robots":{"index":"index","follow":"follow","max-snippet":"max-snippet:-1","max-image-preview":"max-image-preview:large","max-video-preview":"max-video-preview:-1"},"canonical":"https:\/\/www.ull.es\/portal\/agenda\/evento\/jornada-del-comite-cientifico-de-la-aesan-seguridad-alimentaria-y-aspectos-sociales\/","og_locale":"es_ES","og_type":"article","og_title":"Jornada del Comit\u00e9 Cient\u00edfico de la AESAN: Seguridad Alimentaria y Aspectos Sociales - ULL - Agenda","og_description":"El Comit\u00e9 Cient\u00edfico de la Agencia Espa\u00f1ola de Seguridad Alimentaria y Nutrici\u00f3n (AESAN) del Ministerio de Derechos Sociales, Consumo y Agenda 2030 es el \u00f3rgano responsable de la evaluaci\u00f3n de riesgos alimentarios en Espa\u00f1a. Sus dict\u00e1menes cient\u00edficos constituyen la base t\u00e9cnica para la toma de decisiones legislativas y el control oficial de los alimentos. Est\u00e1...","og_url":"https:\/\/www.ull.es\/portal\/agenda\/evento\/jornada-del-comite-cientifico-de-la-aesan-seguridad-alimentaria-y-aspectos-sociales\/","og_site_name":"ULL - Agenda","article_modified_time":"2026-01-21T12:36:09+00:00","og_image":[{"width":750,"height":370,"url":"https:\/\/www.ull.es\/portal\/agenda\/wp-content\/uploads\/sites\/12\/2026\/01\/1-4.png","type":"image\/png"}],"twitter_card":"summary_large_image","twitter_misc":{"Tiempo de lectura":"1 minuto"},"schema":{"@context":"https:\/\/schema.org","@graph":[{"@type":"WebPage","@id":"https:\/\/www.ull.es\/portal\/agenda\/evento\/jornada-del-comite-cientifico-de-la-aesan-seguridad-alimentaria-y-aspectos-sociales\/","url":"https:\/\/www.ull.es\/portal\/agenda\/evento\/jornada-del-comite-cientifico-de-la-aesan-seguridad-alimentaria-y-aspectos-sociales\/","name":"Jornada del Comit\u00e9 Cient\u00edfico de la AESAN: Seguridad Alimentaria y Aspectos Sociales - ULL - Agenda","isPartOf":{"@id":"https:\/\/www.ull.es\/portal\/agenda\/#website"},"datePublished":"2026-01-12T08:52:58+00:00","dateModified":"2026-01-21T12:36:09+00:00","breadcrumb":{"@id":"https:\/\/www.ull.es\/portal\/agenda\/evento\/jornada-del-comite-cientifico-de-la-aesan-seguridad-alimentaria-y-aspectos-sociales\/#breadcrumb"},"inLanguage":"es","potentialAction":[{"@type":"ReadAction","target":["https:\/\/www.ull.es\/portal\/agenda\/evento\/jornada-del-comite-cientifico-de-la-aesan-seguridad-alimentaria-y-aspectos-sociales\/"]}]},{"@type":"BreadcrumbList","@id":"https:\/\/www.ull.es\/portal\/agenda\/evento\/jornada-del-comite-cientifico-de-la-aesan-seguridad-alimentaria-y-aspectos-sociales\/#breadcrumb","itemListElement":[{"@type":"ListItem","position":1,"name":"Portada","item":"https:\/\/www.ull.es\/portal\/agenda\/"},{"@type":"ListItem","position":2,"name":"Jornada del Comit\u00e9 Cient\u00edfico de la AESAN: Seguridad Alimentaria y Aspectos Sociales"}]},{"@type":"WebSite","@id":"https:\/\/www.ull.es\/portal\/agenda\/#website","url":"https:\/\/www.ull.es\/portal\/agenda\/","name":"ULL - Agenda","description":"","potentialAction":[{"@type":"SearchAction","target":{"@type":"EntryPoint","urlTemplate":"https:\/\/www.ull.es\/portal\/agenda\/?s={search_term_string}"},"query-input":"required name=search_term_string"}],"inLanguage":"es"}]}},"_links":{"self":[{"href":"https:\/\/www.ull.es\/portal\/agenda\/wp-json\/wp\/v2\/tribe_events\/45921"}],"collection":[{"href":"https:\/\/www.ull.es\/portal\/agenda\/wp-json\/wp\/v2\/tribe_events"}],"about":[{"href":"https:\/\/www.ull.es\/portal\/agenda\/wp-json\/wp\/v2\/types\/tribe_events"}],"author":[{"embeddable":true,"href":"https:\/\/www.ull.es\/portal\/agenda\/wp-json\/wp\/v2\/users\/65"}],"replies":[{"embeddable":true,"href":"https:\/\/www.ull.es\/portal\/agenda\/wp-json\/wp\/v2\/comments?post=45921"}],"version-history":[{"count":2,"href":"https:\/\/www.ull.es\/portal\/agenda\/wp-json\/wp\/v2\/tribe_events\/45921\/revisions"}],"predecessor-version":[{"id":45972,"href":"https:\/\/www.ull.es\/portal\/agenda\/wp-json\/wp\/v2\/tribe_events\/45921\/revisions\/45972"}],"wp:featuredmedia":[{"embeddable":true,"href":"https:\/\/www.ull.es\/portal\/agenda\/wp-json\/wp\/v2\/media\/46179"}],"wp:attachment":[{"href":"https:\/\/www.ull.es\/portal\/agenda\/wp-json\/wp\/v2\/media?parent=45921"}],"wp:term":[{"taxonomy":"post_tag","embeddable":true,"href":"https:\/\/www.ull.es\/portal\/agenda\/wp-json\/wp\/v2\/tags?post=45921"},{"taxonomy":"tribe_events_cat","embeddable":true,"href":"https:\/\/www.ull.es\/portal\/agenda\/wp-json\/wp\/v2\/tribe_events_cat?post=45921"}],"curies":[{"name":"wp","href":"https:\/\/api.w.org\/{rel}","templated":true}]}}