{"id":46149,"date":"2026-01-20T11:09:07","date_gmt":"2026-01-20T11:09:07","guid":{"rendered":"https:\/\/www.ull.es\/portal\/agenda\/?post_type=tribe_events&#038;p=46149"},"modified":"2026-01-20T11:10:53","modified_gmt":"2026-01-20T11:10:53","slug":"seminario-who-guards-the-constitution-constitutional-courts-and-democratic-crisis","status":"publish","type":"tribe_events","link":"https:\/\/www.ull.es\/portal\/agenda\/evento\/seminario-who-guards-the-constitution-constitutional-courts-and-democratic-crisis\/","title":{"rendered":"Seminario \u00abWho Guards the Constitution? Constitutional Courts and Democratic Crisis\u00bb"},"content":{"rendered":"<p>La\u00a0 C\u00e1tedra Cultural \u00abFrancisco Tom\u00e1s y Valiente\u00bb y la Facultad de Derecho organizan este seminario que se celebrar\u00e1 en la Sala de Juntas de la citada Facultad el 28 de enero de 2026 de 10:30 a 12:30 horas.<\/p>\n<p>Las constituciones se perciben a menudo como textos legales estables y distantes, hasta que una crisis las pone a la prueba. Esta conferencia invitada invita a los estudiantes a explorar c\u00f3mo los sistemas funcionan cuando las instituciones democr\u00e1ticas est\u00e1n bajo presi\u00f3n, utilizando a Polonia como un estudio de caso europeo contempor\u00e1neo.<\/p>\n<p>La conferencia introducir\u00e1 el modelo europeo de revisi\u00f3n constitucional y el papel los tribunales constitucionales en la salvaguardia de la democracia, el Estado de derecho y la separaci\u00f3n de poderes. Se prestar\u00e1 especial atenci\u00f3n al Tribunal Constitucional polaco y a los cambios institucionales que siguieron a un per\u00edodo de crisis pol\u00edtica y constitucional.<\/p>\n<p>En lugar de centrarse \u00fanicamente en la teor\u00eda jur\u00eddica, la conferencia abordar\u00e1 aspectos pr\u00e1cticos y oportunas preguntas: \u00bfQui\u00e9n debe custodiar la constituci\u00f3n? \u00bfQu\u00e9 sucede cuando Los tribunales pierden su independencia? \u00bfC\u00f3mo afectan las crisis constitucionales a los ciudadanos, la democracia, y la posici\u00f3n de un pa\u00eds dentro de la Uni\u00f3n Europea?<\/p>\n<p>Al situar la experiencia polaca en un contexto europeo m\u00e1s amplio, la conferencia dar\u00e1 una perspectiva accesible y atractiva para los estudiantes interesados en el derecho constitucional, instituciones pol\u00edticas, y los desaf\u00edos actuales a los que se enfrentan los sistemas democr\u00e1ticos en Europa.<\/p>\n<p>Direcci\u00f3n acad\u00e9mica: Luis Javier Capote P\u00e9rez. Profesor Contratado Doctor de Derecho Civil de la Universidad de La Laguna.<\/p>\n<p>CERTIFICADO DE ASISTENCIA: La Universidad de La Laguna, a trav\u00e9s del Vicerrectorado de Cultura y Extensi\u00f3n Universitaria, emitir\u00e1 un certificado de asistencia a todas aquellas personas que participen, previa inscripci\u00f3n en la actividad.<\/p>\n<p>Asistencia gratuita previa inscripci\u00f3n.\u00a0<a href=\"https:\/\/sede.fg.ull.es\/es\/curso\/detalle?code=a26020040&amp;name=seminario-who-guards-the-constitution-constitutional-courts-and-democratic-crisis&amp;query=%3Fcode%3DA26020040\" target=\"_blank\" rel=\"noopener\" target=\"_blank\" rel=\"noopener\"><strong>Consulta el programa e inscr\u00edbete aqu\u00ed.<\/strong><\/a><\/p>\n<p><strong>Contacto:\u00a0<\/strong><a href=\"mailto:extuni@ull.edu.es\" target=\"_blank\" rel=\"noopener\" target=\"_blank\" rel=\"noopener\"><strong>extuni@ull.es<\/strong><\/a><\/p>\n<p>Colabora: Aula Cultural \u00abRadio Campus\u00bb.<\/p>\n","protected":false},"excerpt":{"rendered":"<p>La\u00a0 C\u00e1tedra Cultural \u00abFrancisco Tom\u00e1s y Valiente\u00bb y la Facultad de Derecho organizan este seminario que se celebrar\u00e1 en la Sala de Juntas de la citada Facultad el 28 de enero de 2026 de 10:30 a 12:30 horas. Las constituciones se perciben a menudo como textos legales estables y distantes, hasta que una crisis las&#8230;<\/p>\n","protected":false},"author":43,"featured_media":46150,"comment_status":"closed","ping_status":"closed","template":"","tags":[4259,977,3812,3751],"tribe_events_cat":[472,471,4,865,186],"acf":[],"yoast_head":"<!-- This site is optimized with the Yoast SEO plugin v21.3 - https:\/\/yoast.com\/wordpress\/plugins\/seo\/ -->\n<title>Seminario \u00abWho Guards the Constitution? Constitutional Courts and Democratic Crisis\u00bb - ULL - Agenda<\/title>\n<meta name=\"robots\" content=\"index, follow, max-snippet:-1, max-image-preview:large, max-video-preview:-1\" \/>\n<link rel=\"canonical\" href=\"https:\/\/www.ull.es\/portal\/agenda\/evento\/seminario-who-guards-the-constitution-constitutional-courts-and-democratic-crisis\/\" \/>\n<meta property=\"og:locale\" content=\"es_ES\" \/>\n<meta property=\"og:type\" content=\"article\" \/>\n<meta property=\"og:title\" content=\"Seminario \u00abWho Guards the Constitution? Constitutional Courts and Democratic Crisis\u00bb - ULL - Agenda\" \/>\n<meta property=\"og:description\" content=\"La\u00a0 C\u00e1tedra Cultural \u00abFrancisco Tom\u00e1s y Valiente\u00bb y la Facultad de Derecho organizan este seminario que se celebrar\u00e1 en la Sala de Juntas de la citada Facultad el 28 de enero de 2026 de 10:30 a 12:30 horas. Las constituciones se perciben a menudo como textos legales estables y distantes, hasta que una crisis las...\" \/>\n<meta property=\"og:url\" content=\"https:\/\/www.ull.es\/portal\/agenda\/evento\/seminario-who-guards-the-constitution-constitutional-courts-and-democratic-crisis\/\" \/>\n<meta property=\"og:site_name\" content=\"ULL - Agenda\" \/>\n<meta property=\"article:modified_time\" content=\"2026-01-20T11:10:53+00:00\" \/>\n<meta property=\"og:image\" content=\"https:\/\/www.ull.es\/portal\/agenda\/wp-content\/uploads\/sites\/12\/2026\/01\/1-1.png\" \/>\n\t<meta property=\"og:image:width\" content=\"750\" \/>\n\t<meta property=\"og:image:height\" content=\"370\" \/>\n\t<meta property=\"og:image:type\" content=\"image\/png\" \/>\n<meta name=\"twitter:card\" content=\"summary_large_image\" \/>\n<meta name=\"twitter:label1\" content=\"Tiempo de lectura\" \/>\n\t<meta name=\"twitter:data1\" content=\"2 minutos\" \/>\n<script type=\"application\/ld+json\" class=\"yoast-schema-graph\">{\"@context\":\"https:\/\/schema.org\",\"@graph\":[{\"@type\":\"WebPage\",\"@id\":\"https:\/\/www.ull.es\/portal\/agenda\/evento\/seminario-who-guards-the-constitution-constitutional-courts-and-democratic-crisis\/\",\"url\":\"https:\/\/www.ull.es\/portal\/agenda\/evento\/seminario-who-guards-the-constitution-constitutional-courts-and-democratic-crisis\/\",\"name\":\"Seminario \u00abWho Guards the Constitution? Constitutional Courts and Democratic Crisis\u00bb - ULL - Agenda\",\"isPartOf\":{\"@id\":\"https:\/\/www.ull.es\/portal\/agenda\/#website\"},\"datePublished\":\"2026-01-20T11:09:07+00:00\",\"dateModified\":\"2026-01-20T11:10:53+00:00\",\"breadcrumb\":{\"@id\":\"https:\/\/www.ull.es\/portal\/agenda\/evento\/seminario-who-guards-the-constitution-constitutional-courts-and-democratic-crisis\/#breadcrumb\"},\"inLanguage\":\"es\",\"potentialAction\":[{\"@type\":\"ReadAction\",\"target\":[\"https:\/\/www.ull.es\/portal\/agenda\/evento\/seminario-who-guards-the-constitution-constitutional-courts-and-democratic-crisis\/\"]}]},{\"@type\":\"BreadcrumbList\",\"@id\":\"https:\/\/www.ull.es\/portal\/agenda\/evento\/seminario-who-guards-the-constitution-constitutional-courts-and-democratic-crisis\/#breadcrumb\",\"itemListElement\":[{\"@type\":\"ListItem\",\"position\":1,\"name\":\"Portada\",\"item\":\"https:\/\/www.ull.es\/portal\/agenda\/\"},{\"@type\":\"ListItem\",\"position\":2,\"name\":\"Seminario \u00abWho Guards the Constitution? Constitutional Courts and Democratic Crisis\u00bb\"}]},{\"@type\":\"WebSite\",\"@id\":\"https:\/\/www.ull.es\/portal\/agenda\/#website\",\"url\":\"https:\/\/www.ull.es\/portal\/agenda\/\",\"name\":\"ULL - Agenda\",\"description\":\"\",\"potentialAction\":[{\"@type\":\"SearchAction\",\"target\":{\"@type\":\"EntryPoint\",\"urlTemplate\":\"https:\/\/www.ull.es\/portal\/agenda\/?s={search_term_string}\"},\"query-input\":\"required name=search_term_string\"}],\"inLanguage\":\"es\"}]}<\/script>\n<!-- \/ Yoast SEO plugin. -->","yoast_head_json":{"title":"Seminario \u00abWho Guards the Constitution? Constitutional Courts and Democratic Crisis\u00bb - ULL - Agenda","robots":{"index":"index","follow":"follow","max-snippet":"max-snippet:-1","max-image-preview":"max-image-preview:large","max-video-preview":"max-video-preview:-1"},"canonical":"https:\/\/www.ull.es\/portal\/agenda\/evento\/seminario-who-guards-the-constitution-constitutional-courts-and-democratic-crisis\/","og_locale":"es_ES","og_type":"article","og_title":"Seminario \u00abWho Guards the Constitution? Constitutional Courts and Democratic Crisis\u00bb - ULL - Agenda","og_description":"La\u00a0 C\u00e1tedra Cultural \u00abFrancisco Tom\u00e1s y Valiente\u00bb y la Facultad de Derecho organizan este seminario que se celebrar\u00e1 en la Sala de Juntas de la citada Facultad el 28 de enero de 2026 de 10:30 a 12:30 horas. Las constituciones se perciben a menudo como textos legales estables y distantes, hasta que una crisis las...","og_url":"https:\/\/www.ull.es\/portal\/agenda\/evento\/seminario-who-guards-the-constitution-constitutional-courts-and-democratic-crisis\/","og_site_name":"ULL - Agenda","article_modified_time":"2026-01-20T11:10:53+00:00","og_image":[{"width":750,"height":370,"url":"https:\/\/www.ull.es\/portal\/agenda\/wp-content\/uploads\/sites\/12\/2026\/01\/1-1.png","type":"image\/png"}],"twitter_card":"summary_large_image","twitter_misc":{"Tiempo de lectura":"2 minutos"},"schema":{"@context":"https:\/\/schema.org","@graph":[{"@type":"WebPage","@id":"https:\/\/www.ull.es\/portal\/agenda\/evento\/seminario-who-guards-the-constitution-constitutional-courts-and-democratic-crisis\/","url":"https:\/\/www.ull.es\/portal\/agenda\/evento\/seminario-who-guards-the-constitution-constitutional-courts-and-democratic-crisis\/","name":"Seminario \u00abWho Guards the Constitution? Constitutional Courts and Democratic Crisis\u00bb - ULL - Agenda","isPartOf":{"@id":"https:\/\/www.ull.es\/portal\/agenda\/#website"},"datePublished":"2026-01-20T11:09:07+00:00","dateModified":"2026-01-20T11:10:53+00:00","breadcrumb":{"@id":"https:\/\/www.ull.es\/portal\/agenda\/evento\/seminario-who-guards-the-constitution-constitutional-courts-and-democratic-crisis\/#breadcrumb"},"inLanguage":"es","potentialAction":[{"@type":"ReadAction","target":["https:\/\/www.ull.es\/portal\/agenda\/evento\/seminario-who-guards-the-constitution-constitutional-courts-and-democratic-crisis\/"]}]},{"@type":"BreadcrumbList","@id":"https:\/\/www.ull.es\/portal\/agenda\/evento\/seminario-who-guards-the-constitution-constitutional-courts-and-democratic-crisis\/#breadcrumb","itemListElement":[{"@type":"ListItem","position":1,"name":"Portada","item":"https:\/\/www.ull.es\/portal\/agenda\/"},{"@type":"ListItem","position":2,"name":"Seminario \u00abWho Guards the Constitution? Constitutional Courts and Democratic Crisis\u00bb"}]},{"@type":"WebSite","@id":"https:\/\/www.ull.es\/portal\/agenda\/#website","url":"https:\/\/www.ull.es\/portal\/agenda\/","name":"ULL - Agenda","description":"","potentialAction":[{"@type":"SearchAction","target":{"@type":"EntryPoint","urlTemplate":"https:\/\/www.ull.es\/portal\/agenda\/?s={search_term_string}"},"query-input":"required name=search_term_string"}],"inLanguage":"es"}]}},"_links":{"self":[{"href":"https:\/\/www.ull.es\/portal\/agenda\/wp-json\/wp\/v2\/tribe_events\/46149"}],"collection":[{"href":"https:\/\/www.ull.es\/portal\/agenda\/wp-json\/wp\/v2\/tribe_events"}],"about":[{"href":"https:\/\/www.ull.es\/portal\/agenda\/wp-json\/wp\/v2\/types\/tribe_events"}],"author":[{"embeddable":true,"href":"https:\/\/www.ull.es\/portal\/agenda\/wp-json\/wp\/v2\/users\/43"}],"replies":[{"embeddable":true,"href":"https:\/\/www.ull.es\/portal\/agenda\/wp-json\/wp\/v2\/comments?post=46149"}],"version-history":[{"count":3,"href":"https:\/\/www.ull.es\/portal\/agenda\/wp-json\/wp\/v2\/tribe_events\/46149\/revisions"}],"predecessor-version":[{"id":46153,"href":"https:\/\/www.ull.es\/portal\/agenda\/wp-json\/wp\/v2\/tribe_events\/46149\/revisions\/46153"}],"wp:featuredmedia":[{"embeddable":true,"href":"https:\/\/www.ull.es\/portal\/agenda\/wp-json\/wp\/v2\/media\/46150"}],"wp:attachment":[{"href":"https:\/\/www.ull.es\/portal\/agenda\/wp-json\/wp\/v2\/media?parent=46149"}],"wp:term":[{"taxonomy":"post_tag","embeddable":true,"href":"https:\/\/www.ull.es\/portal\/agenda\/wp-json\/wp\/v2\/tags?post=46149"},{"taxonomy":"tribe_events_cat","embeddable":true,"href":"https:\/\/www.ull.es\/portal\/agenda\/wp-json\/wp\/v2\/tribe_events_cat?post=46149"}],"curies":[{"name":"wp","href":"https:\/\/api.w.org\/{rel}","templated":true}]}}