{"id":46181,"date":"2026-01-21T12:53:26","date_gmt":"2026-01-21T12:53:26","guid":{"rendered":"https:\/\/www.ull.es\/portal\/agenda\/?post_type=tribe_events&#038;p=46181"},"modified":"2026-01-26T13:16:42","modified_gmt":"2026-01-26T13:16:42","slug":"coloquio-internacional-en-la-encrucijada-de-africas-y-sus-afrodescendientes-los-archipielagos-de-la-macaronesia-y-el-caribe","status":"publish","type":"tribe_events","link":"https:\/\/www.ull.es\/portal\/agenda\/evento\/coloquio-internacional-en-la-encrucijada-de-africas-y-sus-afrodescendientes-los-archipielagos-de-la-macaronesia-y-el-caribe\/","title":{"rendered":"Coloquio internacional \u00abEn la encrucijada de \u00c1frica(s) y sus afrodescendientes: los archipi\u00e9lagos de la Macaronesia y el Caribe\u00bb"},"content":{"rendered":"<p>El Coloquio Internacional <em>\u00abEn la encrucijada de \u00c1frica(s) y sus afrodescendientes: los archipi\u00e9lagos de la Macaronesia y el Caribe\u00bb<\/em> se celebrar\u00e1 los d\u00edas 5 y 6 de febrero de 2026 en la Sala de Audiovisuales del Edificio Departamental de Filolog\u00eda y el Espacio Cultural La Capilla.<\/p>\n<p>Objetivos:<br \/>\n\u25cf Analizar y conocer el alcance del concepto de archipi\u00e9lago como categor\u00eda cr\u00edtica, en tensi\u00f3n con los otros modelos (continentales, insulares, universales) del pensamiento occidental.<br \/>\n\u25cf Cuestionar las dicotom\u00edas tradicionales (centro\/periferia, isla\/continente, fragmentaci\u00f3n\/uni\u00f3n) desde una perspectiva archipiel\u00e1gica.<br \/>\n\u25cf Conocer y pensar los v\u00ednculos entre los archipi\u00e9lagos de la Macaronesia, el Caribe con el continente africano.<br \/>\n\u25cf Reflexionar sobre la influencia o versatilidad del archipi\u00e9lago en la creaci\u00f3n art\u00edstica, literaria y cultural.<br \/>\n\u25cf Fomentar un enfoque transdisciplinar, que integre acercamientos art\u00edsticos, literarios, filos\u00f3ficos.<br \/>\n\u25cf Favorecer los espacios de investigaci\u00f3n e intercambio acad\u00e9mico con la sociedad en contexto multiling\u00fce.<\/p>\n<p>Direcci\u00f3n acad\u00e9mica:<\/p>\n<ul>\n<li>Jos\u00e9 Manuel Cruz Rodr\u00edguez. Profesor Contratado Doctor, Departamento de Filolog\u00eda Cl\u00e1sica, Francesa, \u00c1rabe y Rom\u00e1nica de la Universidad de La Laguna.<\/li>\n<li>C\u00e9cile Bertin-Elisabeth. Catedr\u00e1tica, Universidad de Limoges (Francia).<\/li>\n<\/ul>\n<p>Coordinaci\u00f3n: Paula Fern\u00e1ndez Hern\u00e1ndez. Profesora Ayudante Doctor, Departamento de Filolog\u00eda Espa\u00f1ola de la Universidad de La Laguna.<\/p>\n<p>CERTIFICADO DE ASISTENCIA: La Universidad de La Laguna, a trav\u00e9s del Vicerrectorado de Cultura y Extensi\u00f3n Universitaria, emitir\u00e1 un certificado de asistencia a todas aquellas personas que participen, previa inscripci\u00f3n en la actividad.<\/p>\n<p>Asistencia gratuita previa inscripci\u00f3n.\u00a0<a href=\"https:\/\/sede.fg.ull.es\/es\/curso\/detalle?code=a26020046&amp;name=en-la-encrucijada-de-africa-s-y-sus-afrodescendientes-los-archipielagos-de-la-macaronesia-y-el-caribe&amp;query=%3Fcode%3DA26020046\" target=\"_blank\" rel=\"noopener\" target=\"_blank\" rel=\"noopener\"><strong><u>Inscr\u00edbete aqu\u00ed.<\/u><\/strong><\/a><\/p>\n<p><a href=\"https:\/\/drive.google.com\/file\/d\/1l1lUwBUB3wlxOHTn_M6nSnldRzzRTTeP\/view?usp=sharing\" target=\"_blank\" rel=\"noopener\" target=\"_blank\" rel=\"noopener\">Descargar programa.<\/a><\/p>\n<p><strong>Contacto:\u00a0<\/strong><a href=\"mailto:extuni@ull.edu.es\" target=\"_blank\" rel=\"noopener\" target=\"_blank\" rel=\"noopener\"><strong>extuni@ull.es<\/strong><\/a><\/p>\n<p>Organizan: Centro de Estudios Africanos de la Universidad de La Laguna, Grupo de Investigaci\u00f3n de Autobiograf\u00eda y Discurso Franc\u00f3fono Africano (CEAULL), Instituto Universitario de Francia, Universidad de Limoges, Laboratorio EHIC (Universidad de Limoges).<\/p>\n","protected":false},"excerpt":{"rendered":"<p>El Coloquio Internacional \u00abEn la encrucijada de \u00c1frica(s) y sus afrodescendientes: los archipi\u00e9lagos de la Macaronesia y el Caribe\u00bb se celebrar\u00e1 los d\u00edas 5 y 6 de febrero de 2026 en la Sala de Audiovisuales del Edificio Departamental de Filolog\u00eda y el Espacio Cultural La Capilla. Objetivos: \u25cf Analizar y conocer el alcance del concepto&#8230;<\/p>\n","protected":false},"author":43,"featured_media":46182,"comment_status":"closed","ping_status":"closed","template":"","tags":[4259,977,3812,3751],"tribe_events_cat":[472,4,186],"acf":[],"yoast_head":"<!-- This site is optimized with the Yoast SEO plugin v21.3 - https:\/\/yoast.com\/wordpress\/plugins\/seo\/ -->\n<title>Coloquio internacional &quot;En la encrucijada de \u00c1frica(s) y sus afrodescendientes: los archipi\u00e9lagos de la Macaronesia y el Caribe&quot; - ULL - Agenda<\/title>\n<meta name=\"robots\" content=\"index, follow, max-snippet:-1, max-image-preview:large, max-video-preview:-1\" \/>\n<link rel=\"canonical\" href=\"https:\/\/www.ull.es\/portal\/agenda\/evento\/coloquio-internacional-en-la-encrucijada-de-africas-y-sus-afrodescendientes-los-archipielagos-de-la-macaronesia-y-el-caribe\/\" \/>\n<meta property=\"og:locale\" content=\"es_ES\" \/>\n<meta property=\"og:type\" content=\"article\" \/>\n<meta property=\"og:title\" content=\"Coloquio internacional &quot;En la encrucijada de \u00c1frica(s) y sus afrodescendientes: los archipi\u00e9lagos de la Macaronesia y el Caribe&quot; - ULL - Agenda\" \/>\n<meta property=\"og:description\" content=\"El Coloquio Internacional \u00abEn la encrucijada de \u00c1frica(s) y sus afrodescendientes: los archipi\u00e9lagos de la Macaronesia y el Caribe\u00bb se celebrar\u00e1 los d\u00edas 5 y 6 de febrero de 2026 en la Sala de Audiovisuales del Edificio Departamental de Filolog\u00eda y el Espacio Cultural La Capilla. Objetivos: \u25cf Analizar y conocer el alcance del concepto...\" \/>\n<meta property=\"og:url\" content=\"https:\/\/www.ull.es\/portal\/agenda\/evento\/coloquio-internacional-en-la-encrucijada-de-africas-y-sus-afrodescendientes-los-archipielagos-de-la-macaronesia-y-el-caribe\/\" \/>\n<meta property=\"og:site_name\" content=\"ULL - Agenda\" \/>\n<meta property=\"article:modified_time\" content=\"2026-01-26T13:16:42+00:00\" \/>\n<meta property=\"og:image\" content=\"https:\/\/www.ull.es\/portal\/agenda\/wp-content\/uploads\/sites\/12\/2026\/01\/aFRICA.jpg\" \/>\n\t<meta property=\"og:image:width\" content=\"750\" \/>\n\t<meta property=\"og:image:height\" content=\"370\" \/>\n\t<meta property=\"og:image:type\" content=\"image\/jpeg\" \/>\n<meta name=\"twitter:card\" content=\"summary_large_image\" \/>\n<meta name=\"twitter:label1\" content=\"Tiempo de lectura\" \/>\n\t<meta name=\"twitter:data1\" content=\"2 minutos\" \/>\n<script type=\"application\/ld+json\" class=\"yoast-schema-graph\">{\"@context\":\"https:\/\/schema.org\",\"@graph\":[{\"@type\":\"WebPage\",\"@id\":\"https:\/\/www.ull.es\/portal\/agenda\/evento\/coloquio-internacional-en-la-encrucijada-de-africas-y-sus-afrodescendientes-los-archipielagos-de-la-macaronesia-y-el-caribe\/\",\"url\":\"https:\/\/www.ull.es\/portal\/agenda\/evento\/coloquio-internacional-en-la-encrucijada-de-africas-y-sus-afrodescendientes-los-archipielagos-de-la-macaronesia-y-el-caribe\/\",\"name\":\"Coloquio internacional \\\"En la encrucijada de \u00c1frica(s) y sus afrodescendientes: los archipi\u00e9lagos de la Macaronesia y el Caribe\\\" - ULL - Agenda\",\"isPartOf\":{\"@id\":\"https:\/\/www.ull.es\/portal\/agenda\/#website\"},\"datePublished\":\"2026-01-21T12:53:26+00:00\",\"dateModified\":\"2026-01-26T13:16:42+00:00\",\"breadcrumb\":{\"@id\":\"https:\/\/www.ull.es\/portal\/agenda\/evento\/coloquio-internacional-en-la-encrucijada-de-africas-y-sus-afrodescendientes-los-archipielagos-de-la-macaronesia-y-el-caribe\/#breadcrumb\"},\"inLanguage\":\"es\",\"potentialAction\":[{\"@type\":\"ReadAction\",\"target\":[\"https:\/\/www.ull.es\/portal\/agenda\/evento\/coloquio-internacional-en-la-encrucijada-de-africas-y-sus-afrodescendientes-los-archipielagos-de-la-macaronesia-y-el-caribe\/\"]}]},{\"@type\":\"BreadcrumbList\",\"@id\":\"https:\/\/www.ull.es\/portal\/agenda\/evento\/coloquio-internacional-en-la-encrucijada-de-africas-y-sus-afrodescendientes-los-archipielagos-de-la-macaronesia-y-el-caribe\/#breadcrumb\",\"itemListElement\":[{\"@type\":\"ListItem\",\"position\":1,\"name\":\"Portada\",\"item\":\"https:\/\/www.ull.es\/portal\/agenda\/\"},{\"@type\":\"ListItem\",\"position\":2,\"name\":\"Coloquio internacional \u00abEn la encrucijada de \u00c1frica(s) y sus afrodescendientes: los archipi\u00e9lagos de la Macaronesia y el Caribe\u00bb\"}]},{\"@type\":\"WebSite\",\"@id\":\"https:\/\/www.ull.es\/portal\/agenda\/#website\",\"url\":\"https:\/\/www.ull.es\/portal\/agenda\/\",\"name\":\"ULL - Agenda\",\"description\":\"\",\"potentialAction\":[{\"@type\":\"SearchAction\",\"target\":{\"@type\":\"EntryPoint\",\"urlTemplate\":\"https:\/\/www.ull.es\/portal\/agenda\/?s={search_term_string}\"},\"query-input\":\"required name=search_term_string\"}],\"inLanguage\":\"es\"}]}<\/script>\n<!-- \/ Yoast SEO plugin. -->","yoast_head_json":{"title":"Coloquio internacional \"En la encrucijada de \u00c1frica(s) y sus afrodescendientes: los archipi\u00e9lagos de la Macaronesia y el Caribe\" - ULL - Agenda","robots":{"index":"index","follow":"follow","max-snippet":"max-snippet:-1","max-image-preview":"max-image-preview:large","max-video-preview":"max-video-preview:-1"},"canonical":"https:\/\/www.ull.es\/portal\/agenda\/evento\/coloquio-internacional-en-la-encrucijada-de-africas-y-sus-afrodescendientes-los-archipielagos-de-la-macaronesia-y-el-caribe\/","og_locale":"es_ES","og_type":"article","og_title":"Coloquio internacional \"En la encrucijada de \u00c1frica(s) y sus afrodescendientes: los archipi\u00e9lagos de la Macaronesia y el Caribe\" - ULL - Agenda","og_description":"El Coloquio Internacional \u00abEn la encrucijada de \u00c1frica(s) y sus afrodescendientes: los archipi\u00e9lagos de la Macaronesia y el Caribe\u00bb se celebrar\u00e1 los d\u00edas 5 y 6 de febrero de 2026 en la Sala de Audiovisuales del Edificio Departamental de Filolog\u00eda y el Espacio Cultural La Capilla. Objetivos: \u25cf Analizar y conocer el alcance del concepto...","og_url":"https:\/\/www.ull.es\/portal\/agenda\/evento\/coloquio-internacional-en-la-encrucijada-de-africas-y-sus-afrodescendientes-los-archipielagos-de-la-macaronesia-y-el-caribe\/","og_site_name":"ULL - Agenda","article_modified_time":"2026-01-26T13:16:42+00:00","og_image":[{"width":750,"height":370,"url":"https:\/\/www.ull.es\/portal\/agenda\/wp-content\/uploads\/sites\/12\/2026\/01\/aFRICA.jpg","type":"image\/jpeg"}],"twitter_card":"summary_large_image","twitter_misc":{"Tiempo de lectura":"2 minutos"},"schema":{"@context":"https:\/\/schema.org","@graph":[{"@type":"WebPage","@id":"https:\/\/www.ull.es\/portal\/agenda\/evento\/coloquio-internacional-en-la-encrucijada-de-africas-y-sus-afrodescendientes-los-archipielagos-de-la-macaronesia-y-el-caribe\/","url":"https:\/\/www.ull.es\/portal\/agenda\/evento\/coloquio-internacional-en-la-encrucijada-de-africas-y-sus-afrodescendientes-los-archipielagos-de-la-macaronesia-y-el-caribe\/","name":"Coloquio internacional \"En la encrucijada de \u00c1frica(s) y sus afrodescendientes: los archipi\u00e9lagos de la Macaronesia y el Caribe\" - ULL - Agenda","isPartOf":{"@id":"https:\/\/www.ull.es\/portal\/agenda\/#website"},"datePublished":"2026-01-21T12:53:26+00:00","dateModified":"2026-01-26T13:16:42+00:00","breadcrumb":{"@id":"https:\/\/www.ull.es\/portal\/agenda\/evento\/coloquio-internacional-en-la-encrucijada-de-africas-y-sus-afrodescendientes-los-archipielagos-de-la-macaronesia-y-el-caribe\/#breadcrumb"},"inLanguage":"es","potentialAction":[{"@type":"ReadAction","target":["https:\/\/www.ull.es\/portal\/agenda\/evento\/coloquio-internacional-en-la-encrucijada-de-africas-y-sus-afrodescendientes-los-archipielagos-de-la-macaronesia-y-el-caribe\/"]}]},{"@type":"BreadcrumbList","@id":"https:\/\/www.ull.es\/portal\/agenda\/evento\/coloquio-internacional-en-la-encrucijada-de-africas-y-sus-afrodescendientes-los-archipielagos-de-la-macaronesia-y-el-caribe\/#breadcrumb","itemListElement":[{"@type":"ListItem","position":1,"name":"Portada","item":"https:\/\/www.ull.es\/portal\/agenda\/"},{"@type":"ListItem","position":2,"name":"Coloquio internacional \u00abEn la encrucijada de \u00c1frica(s) y sus afrodescendientes: los archipi\u00e9lagos de la Macaronesia y el Caribe\u00bb"}]},{"@type":"WebSite","@id":"https:\/\/www.ull.es\/portal\/agenda\/#website","url":"https:\/\/www.ull.es\/portal\/agenda\/","name":"ULL - Agenda","description":"","potentialAction":[{"@type":"SearchAction","target":{"@type":"EntryPoint","urlTemplate":"https:\/\/www.ull.es\/portal\/agenda\/?s={search_term_string}"},"query-input":"required name=search_term_string"}],"inLanguage":"es"}]}},"_links":{"self":[{"href":"https:\/\/www.ull.es\/portal\/agenda\/wp-json\/wp\/v2\/tribe_events\/46181"}],"collection":[{"href":"https:\/\/www.ull.es\/portal\/agenda\/wp-json\/wp\/v2\/tribe_events"}],"about":[{"href":"https:\/\/www.ull.es\/portal\/agenda\/wp-json\/wp\/v2\/types\/tribe_events"}],"author":[{"embeddable":true,"href":"https:\/\/www.ull.es\/portal\/agenda\/wp-json\/wp\/v2\/users\/43"}],"replies":[{"embeddable":true,"href":"https:\/\/www.ull.es\/portal\/agenda\/wp-json\/wp\/v2\/comments?post=46181"}],"version-history":[{"count":4,"href":"https:\/\/www.ull.es\/portal\/agenda\/wp-json\/wp\/v2\/tribe_events\/46181\/revisions"}],"predecessor-version":[{"id":46257,"href":"https:\/\/www.ull.es\/portal\/agenda\/wp-json\/wp\/v2\/tribe_events\/46181\/revisions\/46257"}],"wp:featuredmedia":[{"embeddable":true,"href":"https:\/\/www.ull.es\/portal\/agenda\/wp-json\/wp\/v2\/media\/46182"}],"wp:attachment":[{"href":"https:\/\/www.ull.es\/portal\/agenda\/wp-json\/wp\/v2\/media?parent=46181"}],"wp:term":[{"taxonomy":"post_tag","embeddable":true,"href":"https:\/\/www.ull.es\/portal\/agenda\/wp-json\/wp\/v2\/tags?post=46181"},{"taxonomy":"tribe_events_cat","embeddable":true,"href":"https:\/\/www.ull.es\/portal\/agenda\/wp-json\/wp\/v2\/tribe_events_cat?post=46181"}],"curies":[{"name":"wp","href":"https:\/\/api.w.org\/{rel}","templated":true}]}}