{"id":46476,"date":"2026-02-12T10:04:49","date_gmt":"2026-02-12T10:04:49","guid":{"rendered":"https:\/\/www.ull.es\/portal\/agenda\/?post_type=tribe_events&#038;p=46476"},"modified":"2026-04-09T10:45:00","modified_gmt":"2026-04-09T10:45:00","slug":"ii-wax-ma-ko-ci-wolof-curso-de-iniciacion-a-la-lengua-y-cultura-wolof","status":"publish","type":"tribe_events","link":"https:\/\/www.ull.es\/portal\/agenda\/evento\/ii-wax-ma-ko-ci-wolof-curso-de-iniciacion-a-la-lengua-y-cultura-wolof\/","title":{"rendered":"II Wax ma ko ci Wolof! Curso de iniciaci\u00f3n a la lengua y cultura Wolof"},"content":{"rendered":"<p><span style=\"font-weight: 400;\">Tras el \u00e9xito de la primera edici\u00f3n, el Vicerrectorado de Internacionalizaci\u00f3n y Cooperaci\u00f3n de la Universidad de La Laguna y el laboratorio de pensamiento afrodecolonial GAEC Africa tienen el placer de anunciar la celebraci\u00f3n del \u2018II Wax ma ko ci wolof! Curso de iniciaci\u00f3n a la lengua y cultura wolof\u2019.<\/span><\/p>\n<p><span style=\"font-weight: 400;\">\u00a0El curso de introducci\u00f3n a la lengua y cultura wolof responde a las realidades de un archipi\u00e9lago multicultural en el que el wolof representa una lengua y cultura rica y vibrante de la vecina costa del \u00c1frica Subsahariana. Una vez m\u00e1s, la Universidad de La Laguna pretende dar respuesta a una demanda formativa existente, integrando esta oferta en su compromiso con la formaci\u00f3n permanente y la proyecci\u00f3n social de la universidad.<\/span><\/p>\n<p>El objetivo del curso es c<span style=\"font-weight: 400;\">apacitar ling\u00fc\u00edstica y culturalmente a miembros de la comunidad Universidad de La Laguna (estudiantes, PTGAS y PDI) y a agentes sociales en contacto con poblaci\u00f3n wol\u00f3fona, promoviendo el entendimiento mutuo, el reconocimiento de la diversidad y la tolerancia. Dotar de herramientas pr\u00e1cticas para una comunicaci\u00f3n efectiva e inclusiva, favoreciendo relaciones de respeto y confianza que contribuyan a una sociedad m\u00e1s cohesionada y diversa.\u00a0<\/span><\/p>\n<p><span style=\"font-weight: 400;\">Este curso ofrece una formaci\u00f3n b\u00e1sica en la que se abordan los aspectos fundamentales del l\u00e9xico, la gram\u00e1tica y la pronunciaci\u00f3n a trav\u00e9s de actividades pr\u00e1cticas y din\u00e1micas.\u00a0 En paralelo, se exploran la cultura y tradici\u00f3n wolof, promoviendo una mayor sensibilidad cultural, fomentando la inclusi\u00f3n y proporcionando herramientas clave para entender e interactuar en positivo con la sociedad wolof.<\/span><\/p>\n<ul>\n<li>N\u00famero de plazas (limitadas): 20<\/li>\n<li>Nivel: prinicipiante<\/li>\n<li>Modalidad: Online<\/li>\n<li>Duraci\u00f3n: 7 sesiones (1 semanal)<\/li>\n<li>Fechas del curso: Del 3 de abril al 5 de mayo de 2026.<\/li>\n<li>Horario: de 17:00 a 18:30 horas<\/li>\n<li>Lanzamiento\u00a0 de las inscripciones: lunes 2 de marzo a las 8:00 horas<\/li>\n<li><a href=\"https:\/\/forms.gle\/HdJ4P2Bwf8epcp9h9\" target=\"_blank\" rel=\"noopener\">Inscripci\u00f3n gratuita<\/a><\/li>\n<li>Notificaci\u00f3n de inscripci\u00f3n al alumnado: 20 de marzo<\/li>\n<\/ul>\n","protected":false},"excerpt":{"rendered":"<p>Tras el \u00e9xito de la primera edici\u00f3n, el Vicerrectorado de Internacionalizaci\u00f3n y Cooperaci\u00f3n de la Universidad de La Laguna y el laboratorio de pensamiento afrodecolonial GAEC Africa tienen el placer de anunciar la celebraci\u00f3n del \u2018II Wax ma ko ci wolof! Curso de iniciaci\u00f3n a la lengua y cultura wolof\u2019. \u00a0El curso de introducci\u00f3n a&#8230;<\/p>\n","protected":false},"author":65,"featured_media":46607,"comment_status":"closed","ping_status":"closed","template":"","tags":[],"tribe_events_cat":[4,345,186],"acf":[],"yoast_head":"<!-- This site is optimized with the Yoast SEO plugin v21.3 - https:\/\/yoast.com\/wordpress\/plugins\/seo\/ -->\n<title>II Wax ma ko ci Wolof! Curso de iniciaci\u00f3n a la lengua y cultura Wolof - ULL - Agenda<\/title>\n<meta name=\"robots\" content=\"index, follow, max-snippet:-1, max-image-preview:large, max-video-preview:-1\" \/>\n<link rel=\"canonical\" href=\"https:\/\/www.ull.es\/portal\/agenda\/evento\/ii-wax-ma-ko-ci-wolof-curso-de-iniciacion-a-la-lengua-y-cultura-wolof\/\" \/>\n<meta property=\"og:locale\" content=\"es_ES\" \/>\n<meta property=\"og:type\" content=\"article\" \/>\n<meta property=\"og:title\" content=\"II Wax ma ko ci Wolof! Curso de iniciaci\u00f3n a la lengua y cultura Wolof - ULL - Agenda\" \/>\n<meta property=\"og:description\" content=\"Tras el \u00e9xito de la primera edici\u00f3n, el Vicerrectorado de Internacionalizaci\u00f3n y Cooperaci\u00f3n de la Universidad de La Laguna y el laboratorio de pensamiento afrodecolonial GAEC Africa tienen el placer de anunciar la celebraci\u00f3n del \u2018II Wax ma ko ci wolof! Curso de iniciaci\u00f3n a la lengua y cultura wolof\u2019. \u00a0El curso de introducci\u00f3n a...\" \/>\n<meta property=\"og:url\" content=\"https:\/\/www.ull.es\/portal\/agenda\/evento\/ii-wax-ma-ko-ci-wolof-curso-de-iniciacion-a-la-lengua-y-cultura-wolof\/\" \/>\n<meta property=\"og:site_name\" content=\"ULL - Agenda\" \/>\n<meta property=\"article:modified_time\" content=\"2026-04-09T10:45:00+00:00\" \/>\n<meta property=\"og:image\" content=\"https:\/\/www.ull.es\/portal\/agenda\/wp-content\/uploads\/sites\/12\/2026\/02\/II-WAX-MA-KO-CI-WOLOF_Banner-eventos.png\" \/>\n\t<meta property=\"og:image:width\" content=\"750\" \/>\n\t<meta property=\"og:image:height\" content=\"370\" \/>\n\t<meta property=\"og:image:type\" content=\"image\/png\" \/>\n<meta name=\"twitter:card\" content=\"summary_large_image\" \/>\n<meta name=\"twitter:label1\" content=\"Tiempo de lectura\" \/>\n\t<meta name=\"twitter:data1\" content=\"2 minutos\" \/>\n<script type=\"application\/ld+json\" class=\"yoast-schema-graph\">{\"@context\":\"https:\/\/schema.org\",\"@graph\":[{\"@type\":\"WebPage\",\"@id\":\"https:\/\/www.ull.es\/portal\/agenda\/evento\/ii-wax-ma-ko-ci-wolof-curso-de-iniciacion-a-la-lengua-y-cultura-wolof\/\",\"url\":\"https:\/\/www.ull.es\/portal\/agenda\/evento\/ii-wax-ma-ko-ci-wolof-curso-de-iniciacion-a-la-lengua-y-cultura-wolof\/\",\"name\":\"II Wax ma ko ci Wolof! Curso de iniciaci\u00f3n a la lengua y cultura Wolof - ULL - Agenda\",\"isPartOf\":{\"@id\":\"https:\/\/www.ull.es\/portal\/agenda\/#website\"},\"datePublished\":\"2026-02-12T10:04:49+00:00\",\"dateModified\":\"2026-04-09T10:45:00+00:00\",\"breadcrumb\":{\"@id\":\"https:\/\/www.ull.es\/portal\/agenda\/evento\/ii-wax-ma-ko-ci-wolof-curso-de-iniciacion-a-la-lengua-y-cultura-wolof\/#breadcrumb\"},\"inLanguage\":\"es\",\"potentialAction\":[{\"@type\":\"ReadAction\",\"target\":[\"https:\/\/www.ull.es\/portal\/agenda\/evento\/ii-wax-ma-ko-ci-wolof-curso-de-iniciacion-a-la-lengua-y-cultura-wolof\/\"]}]},{\"@type\":\"BreadcrumbList\",\"@id\":\"https:\/\/www.ull.es\/portal\/agenda\/evento\/ii-wax-ma-ko-ci-wolof-curso-de-iniciacion-a-la-lengua-y-cultura-wolof\/#breadcrumb\",\"itemListElement\":[{\"@type\":\"ListItem\",\"position\":1,\"name\":\"Portada\",\"item\":\"https:\/\/www.ull.es\/portal\/agenda\/\"},{\"@type\":\"ListItem\",\"position\":2,\"name\":\"II Wax ma ko ci Wolof! Curso de iniciaci\u00f3n a la lengua y cultura Wolof\"}]},{\"@type\":\"WebSite\",\"@id\":\"https:\/\/www.ull.es\/portal\/agenda\/#website\",\"url\":\"https:\/\/www.ull.es\/portal\/agenda\/\",\"name\":\"ULL - Agenda\",\"description\":\"\",\"potentialAction\":[{\"@type\":\"SearchAction\",\"target\":{\"@type\":\"EntryPoint\",\"urlTemplate\":\"https:\/\/www.ull.es\/portal\/agenda\/?s={search_term_string}\"},\"query-input\":\"required name=search_term_string\"}],\"inLanguage\":\"es\"}]}<\/script>\n<!-- \/ Yoast SEO plugin. -->","yoast_head_json":{"title":"II Wax ma ko ci Wolof! Curso de iniciaci\u00f3n a la lengua y cultura Wolof - ULL - Agenda","robots":{"index":"index","follow":"follow","max-snippet":"max-snippet:-1","max-image-preview":"max-image-preview:large","max-video-preview":"max-video-preview:-1"},"canonical":"https:\/\/www.ull.es\/portal\/agenda\/evento\/ii-wax-ma-ko-ci-wolof-curso-de-iniciacion-a-la-lengua-y-cultura-wolof\/","og_locale":"es_ES","og_type":"article","og_title":"II Wax ma ko ci Wolof! Curso de iniciaci\u00f3n a la lengua y cultura Wolof - ULL - Agenda","og_description":"Tras el \u00e9xito de la primera edici\u00f3n, el Vicerrectorado de Internacionalizaci\u00f3n y Cooperaci\u00f3n de la Universidad de La Laguna y el laboratorio de pensamiento afrodecolonial GAEC Africa tienen el placer de anunciar la celebraci\u00f3n del \u2018II Wax ma ko ci wolof! Curso de iniciaci\u00f3n a la lengua y cultura wolof\u2019. \u00a0El curso de introducci\u00f3n a...","og_url":"https:\/\/www.ull.es\/portal\/agenda\/evento\/ii-wax-ma-ko-ci-wolof-curso-de-iniciacion-a-la-lengua-y-cultura-wolof\/","og_site_name":"ULL - Agenda","article_modified_time":"2026-04-09T10:45:00+00:00","og_image":[{"width":750,"height":370,"url":"https:\/\/www.ull.es\/portal\/agenda\/wp-content\/uploads\/sites\/12\/2026\/02\/II-WAX-MA-KO-CI-WOLOF_Banner-eventos.png","type":"image\/png"}],"twitter_card":"summary_large_image","twitter_misc":{"Tiempo de lectura":"2 minutos"},"schema":{"@context":"https:\/\/schema.org","@graph":[{"@type":"WebPage","@id":"https:\/\/www.ull.es\/portal\/agenda\/evento\/ii-wax-ma-ko-ci-wolof-curso-de-iniciacion-a-la-lengua-y-cultura-wolof\/","url":"https:\/\/www.ull.es\/portal\/agenda\/evento\/ii-wax-ma-ko-ci-wolof-curso-de-iniciacion-a-la-lengua-y-cultura-wolof\/","name":"II Wax ma ko ci Wolof! Curso de iniciaci\u00f3n a la lengua y cultura Wolof - ULL - Agenda","isPartOf":{"@id":"https:\/\/www.ull.es\/portal\/agenda\/#website"},"datePublished":"2026-02-12T10:04:49+00:00","dateModified":"2026-04-09T10:45:00+00:00","breadcrumb":{"@id":"https:\/\/www.ull.es\/portal\/agenda\/evento\/ii-wax-ma-ko-ci-wolof-curso-de-iniciacion-a-la-lengua-y-cultura-wolof\/#breadcrumb"},"inLanguage":"es","potentialAction":[{"@type":"ReadAction","target":["https:\/\/www.ull.es\/portal\/agenda\/evento\/ii-wax-ma-ko-ci-wolof-curso-de-iniciacion-a-la-lengua-y-cultura-wolof\/"]}]},{"@type":"BreadcrumbList","@id":"https:\/\/www.ull.es\/portal\/agenda\/evento\/ii-wax-ma-ko-ci-wolof-curso-de-iniciacion-a-la-lengua-y-cultura-wolof\/#breadcrumb","itemListElement":[{"@type":"ListItem","position":1,"name":"Portada","item":"https:\/\/www.ull.es\/portal\/agenda\/"},{"@type":"ListItem","position":2,"name":"II Wax ma ko ci Wolof! Curso de iniciaci\u00f3n a la lengua y cultura Wolof"}]},{"@type":"WebSite","@id":"https:\/\/www.ull.es\/portal\/agenda\/#website","url":"https:\/\/www.ull.es\/portal\/agenda\/","name":"ULL - Agenda","description":"","potentialAction":[{"@type":"SearchAction","target":{"@type":"EntryPoint","urlTemplate":"https:\/\/www.ull.es\/portal\/agenda\/?s={search_term_string}"},"query-input":"required name=search_term_string"}],"inLanguage":"es"}]}},"_links":{"self":[{"href":"https:\/\/www.ull.es\/portal\/agenda\/wp-json\/wp\/v2\/tribe_events\/46476"}],"collection":[{"href":"https:\/\/www.ull.es\/portal\/agenda\/wp-json\/wp\/v2\/tribe_events"}],"about":[{"href":"https:\/\/www.ull.es\/portal\/agenda\/wp-json\/wp\/v2\/types\/tribe_events"}],"author":[{"embeddable":true,"href":"https:\/\/www.ull.es\/portal\/agenda\/wp-json\/wp\/v2\/users\/65"}],"replies":[{"embeddable":true,"href":"https:\/\/www.ull.es\/portal\/agenda\/wp-json\/wp\/v2\/comments?post=46476"}],"version-history":[{"count":1,"href":"https:\/\/www.ull.es\/portal\/agenda\/wp-json\/wp\/v2\/tribe_events\/46476\/revisions"}],"predecessor-version":[{"id":46477,"href":"https:\/\/www.ull.es\/portal\/agenda\/wp-json\/wp\/v2\/tribe_events\/46476\/revisions\/46477"}],"wp:featuredmedia":[{"embeddable":true,"href":"https:\/\/www.ull.es\/portal\/agenda\/wp-json\/wp\/v2\/media\/46607"}],"wp:attachment":[{"href":"https:\/\/www.ull.es\/portal\/agenda\/wp-json\/wp\/v2\/media?parent=46476"}],"wp:term":[{"taxonomy":"post_tag","embeddable":true,"href":"https:\/\/www.ull.es\/portal\/agenda\/wp-json\/wp\/v2\/tags?post=46476"},{"taxonomy":"tribe_events_cat","embeddable":true,"href":"https:\/\/www.ull.es\/portal\/agenda\/wp-json\/wp\/v2\/tribe_events_cat?post=46476"}],"curies":[{"name":"wp","href":"https:\/\/api.w.org\/{rel}","templated":true}]}}