{"id":46628,"date":"2026-02-26T14:49:32","date_gmt":"2026-02-26T14:49:32","guid":{"rendered":"https:\/\/www.ull.es\/portal\/agenda\/?post_type=tribe_events&#038;p=46628"},"modified":"2026-03-06T11:08:15","modified_gmt":"2026-03-06T11:08:15","slug":"46628","status":"publish","type":"tribe_events","link":"https:\/\/www.ull.es\/portal\/agenda\/evento\/46628\/","title":{"rendered":"II Seminario Permanente de Educaci\u00f3n para la Ciudadan\u00eda Global y la Transformaci\u00f3n Social"},"content":{"rendered":"<p>La Universidad de La Laguna acoger\u00e1 el pr\u00f3ximo 10 de marzo,\u00a0 de 17:00 a 19:00 horas, en el Aula B.1.2.08 de la Facultad de Educaci\u00f3n (M\u00f3dulo B) el seminario-taller \u201cLa investigaci\u00f3n socioeducativa con personas migrantes desde una perspectiva multisensorial y creativa\u201d, un espacio de reflexi\u00f3n y di\u00e1logo en torno a nuevas metodolog\u00edas de investigaci\u00f3n educativa con personas migrantes desde enfoques participativos, multisensoriales y creativos.<\/p>\n<p>La investigaci\u00f3n cualitativa y etnogr\u00e1fica ha privilegiado tradicionalmente la vista como principal canal de conocimiento, adoptando una postura que tiende a separar a quien observa de quien es observado y a neutralizar la implicaci\u00f3n corporal y emocional de las personas participantes. Este enfoque ha priorizado las dimensiones cognitivas y verbales de la experiencia, relegando a un segundo plano el papel de los cuerpos, las emociones y las percepciones sensoriales.<\/p>\n<p>Sin embargo, ning\u00fan sujeto implicado en un proceso de investigaci\u00f3n es neutral. Todas las personas participantes \u2014incluida la figura investigadora\u2014 intervienen con su propio cuerpo, historia y marcos de referencia. Asimismo, las relaciones de poder que pueden darse, a menudo de forma asim\u00e9trica, influyen en el desarrollo y en los resultados de la investigaci\u00f3n, un aspecto especialmente relevante cuando se trabaja con personas migrantes.<\/p>\n<p>El seminario presentar\u00e1 dos experiencias concretas de investigaci\u00f3n participativa con personas migrantes basadas en enfoques multisensoriales y creativos. Por un lado, se pondr\u00e1 de relieve c\u00f3mo el cuerpo \u2014con todos sus sentidos\u2014 forma parte integral del proceso investigador. Por otro, se reflexionar\u00e1 sobre c\u00f3mo quien investiga puede reconocer su propia posici\u00f3n de privilegio y salir de su zona de confort para acoger narrativas \u201cotras\u201d o inesperadas mediante el uso de m\u00e9todos creativos.<\/p>\n<p>El seminario estar\u00e1 a cargo de Annavittoria Sarli y Allesandra Barzaghi. Annavittoria Sarli es investigadora en sociolog\u00eda en la Universidad de Parma. Se ocupa de migraciones, relaciones interculturales y cuestiones de (in)justicia racial, adoptando metodolog\u00edas cualitativas y participativas. Alessandra Barzaghi es doctoranda en Sociolog\u00eda en la Universidad Cat\u00f3lica del Sagrado Coraz\u00f3n de Mil\u00e1n y es investigadora y project manager del Sector Educaci\u00f3n de la Fundaci\u00f3n ISMU-ETS. Se ocupa de las trayectorias escolar-educativas y de la participaci\u00f3n de adultos y menores migrantes, con especial atenci\u00f3n a los menores no acompa\u00f1ados y al uso de metodolog\u00edas creativas y participativas.<\/p>\n<p>La sesi\u00f3n estar\u00e1 coordinada por Daniel Buraschi, Andr\u00e9s Gonz\u00e1lez Novoa y Annachiara Del Prete.<\/p>\n<p>La actividad se enmarca en el Seminario Permanente de Educaci\u00f3n para la Ciudadan\u00eda Global y la Transformaci\u00f3n Social del Vicerrectorado de Cooperaci\u00f3n e Internacionalizaci\u00f3n de la Universidad de La Laguna. Esta actividad se enmarca tambi\u00e9n en el Proyecto PIPE (Programa de inclusi\u00f3n para personas migrantes en riesgo de exclusi\u00f3n Social, 2023-1-ES01-KA220-ADU-000160578), un proyecto europeo que promueve la ense\u00f1anza de idiomas como herramienta de transformaci\u00f3n social para personas migrantes desde un enfoque interseccional y de g\u00e9nero. Las reflexiones sobre metodolog\u00edas multisensoriales, participativas y creativas que se presentar\u00e1n en este seminario conectan directamente con los principios pedag\u00f3gicos del PIPE: escuchar las narrativas migrantes, reconocer la posici\u00f3n de quien investiga o ense\u00f1a, y crear espacios seguros donde los cuerpos, las emociones y las experiencias sean fuentes leg\u00edtimas de conocimiento. La inscripci\u00f3n a trav\u00e9s del PIPE permite acreditar la asistencia en el marco del proyecto. Para m\u00e1s informaci\u00f3n sobre el PIPE, visita enlace.<\/p>\n<p>La asistencia est\u00e1 abierta a la comunidad universitaria y al p\u00fablico interesado en la investigaci\u00f3n educativa, la migraci\u00f3n y las metodolog\u00edas participativas.<\/p>\n<p><a href=\"https:\/\/docs.google.com\/forms\/d\/e\/1FAIpQLSenJcaguBuLAMQYSQvNV1-_jOWZ6dyS83F7jWzTw1-9i6P1ew\/viewform\" target=\"_blank\" rel=\"noopener\" target=\"_blank\" rel=\"noopener\">Inscripci\u00f3n<\/a><\/p>\n","protected":false},"excerpt":{"rendered":"<p>La Universidad de La Laguna acoger\u00e1 el pr\u00f3ximo 10 de marzo,\u00a0 de 17:00 a 19:00 horas, en el Aula B.1.2.08 de la Facultad de Educaci\u00f3n (M\u00f3dulo B) el seminario-taller \u201cLa investigaci\u00f3n socioeducativa con personas migrantes desde una perspectiva multisensorial y creativa\u201d, un espacio de reflexi\u00f3n y di\u00e1logo en torno a nuevas metodolog\u00edas de investigaci\u00f3n educativa&#8230;<\/p>\n","protected":false},"author":117,"featured_media":46629,"comment_status":"closed","ping_status":"closed","template":"","tags":[],"tribe_events_cat":[4,815,345,186],"acf":[],"yoast_head":"<!-- This site is optimized with the Yoast SEO plugin v21.3 - https:\/\/yoast.com\/wordpress\/plugins\/seo\/ -->\n<title>II Seminario Permanente de Educaci\u00f3n para la Ciudadan\u00eda Global y la Transformaci\u00f3n Social - ULL - Agenda<\/title>\n<meta name=\"robots\" content=\"index, follow, max-snippet:-1, max-image-preview:large, max-video-preview:-1\" \/>\n<link rel=\"canonical\" href=\"https:\/\/www.ull.es\/portal\/agenda\/evento\/46628\/\" \/>\n<meta property=\"og:locale\" content=\"es_ES\" \/>\n<meta property=\"og:type\" content=\"article\" \/>\n<meta property=\"og:title\" content=\"II Seminario Permanente de Educaci\u00f3n para la Ciudadan\u00eda Global y la Transformaci\u00f3n Social - ULL - Agenda\" \/>\n<meta property=\"og:description\" content=\"La Universidad de La Laguna acoger\u00e1 el pr\u00f3ximo 10 de marzo,\u00a0 de 17:00 a 19:00 horas, en el Aula B.1.2.08 de la Facultad de Educaci\u00f3n (M\u00f3dulo B) el seminario-taller \u201cLa investigaci\u00f3n socioeducativa con personas migrantes desde una perspectiva multisensorial y creativa\u201d, un espacio de reflexi\u00f3n y di\u00e1logo en torno a nuevas metodolog\u00edas de investigaci\u00f3n educativa...\" \/>\n<meta property=\"og:url\" content=\"https:\/\/www.ull.es\/portal\/agenda\/evento\/46628\/\" \/>\n<meta property=\"og:site_name\" content=\"ULL - Agenda\" \/>\n<meta property=\"article:modified_time\" content=\"2026-03-06T11:08:15+00:00\" \/>\n<meta property=\"og:image\" content=\"https:\/\/www.ull.es\/portal\/agenda\/wp-content\/uploads\/sites\/12\/2026\/02\/Cruzar-umbrales_700x350px-Agenda-ULL.jpg\" \/>\n\t<meta property=\"og:image:width\" content=\"700\" \/>\n\t<meta property=\"og:image:height\" content=\"350\" \/>\n\t<meta property=\"og:image:type\" content=\"image\/jpeg\" \/>\n<meta name=\"twitter:card\" content=\"summary_large_image\" \/>\n<meta name=\"twitter:label1\" content=\"Tiempo de lectura\" \/>\n\t<meta name=\"twitter:data1\" content=\"3 minutos\" \/>\n<script type=\"application\/ld+json\" class=\"yoast-schema-graph\">{\"@context\":\"https:\/\/schema.org\",\"@graph\":[{\"@type\":\"WebPage\",\"@id\":\"https:\/\/www.ull.es\/portal\/agenda\/evento\/46628\/\",\"url\":\"https:\/\/www.ull.es\/portal\/agenda\/evento\/46628\/\",\"name\":\"II Seminario Permanente de Educaci\u00f3n para la Ciudadan\u00eda Global y la Transformaci\u00f3n Social - ULL - Agenda\",\"isPartOf\":{\"@id\":\"https:\/\/www.ull.es\/portal\/agenda\/#website\"},\"datePublished\":\"2026-02-26T14:49:32+00:00\",\"dateModified\":\"2026-03-06T11:08:15+00:00\",\"breadcrumb\":{\"@id\":\"https:\/\/www.ull.es\/portal\/agenda\/evento\/46628\/#breadcrumb\"},\"inLanguage\":\"es\",\"potentialAction\":[{\"@type\":\"ReadAction\",\"target\":[\"https:\/\/www.ull.es\/portal\/agenda\/evento\/46628\/\"]}]},{\"@type\":\"BreadcrumbList\",\"@id\":\"https:\/\/www.ull.es\/portal\/agenda\/evento\/46628\/#breadcrumb\",\"itemListElement\":[{\"@type\":\"ListItem\",\"position\":1,\"name\":\"Portada\",\"item\":\"https:\/\/www.ull.es\/portal\/agenda\/\"},{\"@type\":\"ListItem\",\"position\":2,\"name\":\"II Seminario Permanente de Educaci\u00f3n para la Ciudadan\u00eda Global y la Transformaci\u00f3n Social\"}]},{\"@type\":\"WebSite\",\"@id\":\"https:\/\/www.ull.es\/portal\/agenda\/#website\",\"url\":\"https:\/\/www.ull.es\/portal\/agenda\/\",\"name\":\"ULL - Agenda\",\"description\":\"\",\"potentialAction\":[{\"@type\":\"SearchAction\",\"target\":{\"@type\":\"EntryPoint\",\"urlTemplate\":\"https:\/\/www.ull.es\/portal\/agenda\/?s={search_term_string}\"},\"query-input\":\"required name=search_term_string\"}],\"inLanguage\":\"es\"}]}<\/script>\n<!-- \/ Yoast SEO plugin. -->","yoast_head_json":{"title":"II Seminario Permanente de Educaci\u00f3n para la Ciudadan\u00eda Global y la Transformaci\u00f3n Social - ULL - Agenda","robots":{"index":"index","follow":"follow","max-snippet":"max-snippet:-1","max-image-preview":"max-image-preview:large","max-video-preview":"max-video-preview:-1"},"canonical":"https:\/\/www.ull.es\/portal\/agenda\/evento\/46628\/","og_locale":"es_ES","og_type":"article","og_title":"II Seminario Permanente de Educaci\u00f3n para la Ciudadan\u00eda Global y la Transformaci\u00f3n Social - ULL - Agenda","og_description":"La Universidad de La Laguna acoger\u00e1 el pr\u00f3ximo 10 de marzo,\u00a0 de 17:00 a 19:00 horas, en el Aula B.1.2.08 de la Facultad de Educaci\u00f3n (M\u00f3dulo B) el seminario-taller \u201cLa investigaci\u00f3n socioeducativa con personas migrantes desde una perspectiva multisensorial y creativa\u201d, un espacio de reflexi\u00f3n y di\u00e1logo en torno a nuevas metodolog\u00edas de investigaci\u00f3n educativa...","og_url":"https:\/\/www.ull.es\/portal\/agenda\/evento\/46628\/","og_site_name":"ULL - Agenda","article_modified_time":"2026-03-06T11:08:15+00:00","og_image":[{"width":700,"height":350,"url":"https:\/\/www.ull.es\/portal\/agenda\/wp-content\/uploads\/sites\/12\/2026\/02\/Cruzar-umbrales_700x350px-Agenda-ULL.jpg","type":"image\/jpeg"}],"twitter_card":"summary_large_image","twitter_misc":{"Tiempo de lectura":"3 minutos"},"schema":{"@context":"https:\/\/schema.org","@graph":[{"@type":"WebPage","@id":"https:\/\/www.ull.es\/portal\/agenda\/evento\/46628\/","url":"https:\/\/www.ull.es\/portal\/agenda\/evento\/46628\/","name":"II Seminario Permanente de Educaci\u00f3n para la Ciudadan\u00eda Global y la Transformaci\u00f3n Social - ULL - Agenda","isPartOf":{"@id":"https:\/\/www.ull.es\/portal\/agenda\/#website"},"datePublished":"2026-02-26T14:49:32+00:00","dateModified":"2026-03-06T11:08:15+00:00","breadcrumb":{"@id":"https:\/\/www.ull.es\/portal\/agenda\/evento\/46628\/#breadcrumb"},"inLanguage":"es","potentialAction":[{"@type":"ReadAction","target":["https:\/\/www.ull.es\/portal\/agenda\/evento\/46628\/"]}]},{"@type":"BreadcrumbList","@id":"https:\/\/www.ull.es\/portal\/agenda\/evento\/46628\/#breadcrumb","itemListElement":[{"@type":"ListItem","position":1,"name":"Portada","item":"https:\/\/www.ull.es\/portal\/agenda\/"},{"@type":"ListItem","position":2,"name":"II Seminario Permanente de Educaci\u00f3n para la Ciudadan\u00eda Global y la Transformaci\u00f3n Social"}]},{"@type":"WebSite","@id":"https:\/\/www.ull.es\/portal\/agenda\/#website","url":"https:\/\/www.ull.es\/portal\/agenda\/","name":"ULL - Agenda","description":"","potentialAction":[{"@type":"SearchAction","target":{"@type":"EntryPoint","urlTemplate":"https:\/\/www.ull.es\/portal\/agenda\/?s={search_term_string}"},"query-input":"required name=search_term_string"}],"inLanguage":"es"}]}},"_links":{"self":[{"href":"https:\/\/www.ull.es\/portal\/agenda\/wp-json\/wp\/v2\/tribe_events\/46628"}],"collection":[{"href":"https:\/\/www.ull.es\/portal\/agenda\/wp-json\/wp\/v2\/tribe_events"}],"about":[{"href":"https:\/\/www.ull.es\/portal\/agenda\/wp-json\/wp\/v2\/types\/tribe_events"}],"author":[{"embeddable":true,"href":"https:\/\/www.ull.es\/portal\/agenda\/wp-json\/wp\/v2\/users\/117"}],"replies":[{"embeddable":true,"href":"https:\/\/www.ull.es\/portal\/agenda\/wp-json\/wp\/v2\/comments?post=46628"}],"version-history":[{"count":2,"href":"https:\/\/www.ull.es\/portal\/agenda\/wp-json\/wp\/v2\/tribe_events\/46628\/revisions"}],"predecessor-version":[{"id":46631,"href":"https:\/\/www.ull.es\/portal\/agenda\/wp-json\/wp\/v2\/tribe_events\/46628\/revisions\/46631"}],"wp:featuredmedia":[{"embeddable":true,"href":"https:\/\/www.ull.es\/portal\/agenda\/wp-json\/wp\/v2\/media\/46629"}],"wp:attachment":[{"href":"https:\/\/www.ull.es\/portal\/agenda\/wp-json\/wp\/v2\/media?parent=46628"}],"wp:term":[{"taxonomy":"post_tag","embeddable":true,"href":"https:\/\/www.ull.es\/portal\/agenda\/wp-json\/wp\/v2\/tags?post=46628"},{"taxonomy":"tribe_events_cat","embeddable":true,"href":"https:\/\/www.ull.es\/portal\/agenda\/wp-json\/wp\/v2\/tribe_events_cat?post=46628"}],"curies":[{"name":"wp","href":"https:\/\/api.w.org\/{rel}","templated":true}]}}