{"id":46734,"date":"2026-03-03T14:16:57","date_gmt":"2026-03-03T14:16:57","guid":{"rendered":"https:\/\/www.ull.es\/portal\/agenda\/?post_type=tribe_events&#038;p=46734"},"modified":"2026-03-05T10:49:24","modified_gmt":"2026-03-05T10:49:24","slug":"mesa-tematica-los-cuidados-no-son-gratis-y-quien-los-hace-todavia-hoy-tiene-forma-de-mujer","status":"publish","type":"tribe_events","link":"https:\/\/www.ull.es\/portal\/agenda\/evento\/mesa-tematica-los-cuidados-no-son-gratis-y-quien-los-hace-todavia-hoy-tiene-forma-de-mujer\/","title":{"rendered":"Mesa tem\u00e1tica \u00abLos cuidados no son gratis. Y quien los hace, todav\u00eda hoy, tiene forma de mujer\u00bb"},"content":{"rendered":"<p dir=\"ltr\">Desde una perspectiva econ\u00f3mica, siempre se ha justificado la remuneraci\u00f3n del trabajo para garantizar las necesidades de subsistencia y comodidad; de ah\u00ed el axioma tan defendido en econom\u00eda de \u00ablos almuerzos no son gratis\u00bb. Sin embargo, los cuidados s\u00ed han venido siendo gratis. Solo algunos estados han hecho grandes esfuerzos para paliar esta situaci\u00f3n. Hasta el momento, ese gran trabajo invisible que no entiende de horario, de vacaciones ni de bajas m\u00e9dicas ha sido desempe\u00f1ado principalmente por mujeres, ya sean de la familia o no. Todav\u00eda hoy, quienes reducen la jornada laboral, la interrumpen o abandonan su carrera profesional o de investigaci\u00f3n al tener hijos siguen siendo, mayoritariamente, ellas.<\/p>\n<p dir=\"ltr\">En la Biblioteca de Educaci\u00f3n proponemos una muestra bibliogr\u00e1fica relacionada con la econom\u00eda y el g\u00e9nero, centrada principalmente en ese sistema de cuidados. Visibilizar esta realidad\u00a0el 8 de marzo es reivindicar solo uno de los derechos que todav\u00eda est\u00e1n por alcanzar: la incorporaci\u00f3n plena y en igualdad al empleo visible, remunerado y con garant\u00edas.<\/p>\n<div><\/div>\n<p>&nbsp;<\/p>\n","protected":false},"excerpt":{"rendered":"<p>Desde una perspectiva econ\u00f3mica, siempre se ha justificado la remuneraci\u00f3n del trabajo para garantizar las necesidades de subsistencia y comodidad; de ah\u00ed el axioma tan defendido en econom\u00eda de \u00ablos almuerzos no son gratis\u00bb. Sin embargo, los cuidados s\u00ed han venido siendo gratis. Solo algunos estados han hecho grandes esfuerzos para paliar esta situaci\u00f3n. Hasta&#8230;<\/p>\n","protected":false},"author":65,"featured_media":46753,"comment_status":"closed","ping_status":"closed","template":"","tags":[],"tribe_events_cat":[1669,4,815,186],"acf":[],"yoast_head":"<!-- This site is optimized with the Yoast SEO plugin v21.3 - https:\/\/yoast.com\/wordpress\/plugins\/seo\/ -->\n<title>Mesa tem\u00e1tica &quot;Los cuidados no son gratis. Y quien los hace, todav\u00eda hoy, tiene forma de mujer&quot; - ULL - Agenda<\/title>\n<meta name=\"robots\" content=\"index, follow, max-snippet:-1, max-image-preview:large, max-video-preview:-1\" \/>\n<link rel=\"canonical\" href=\"https:\/\/www.ull.es\/portal\/agenda\/evento\/mesa-tematica-los-cuidados-no-son-gratis-y-quien-los-hace-todavia-hoy-tiene-forma-de-mujer\/\" \/>\n<meta property=\"og:locale\" content=\"es_ES\" \/>\n<meta property=\"og:type\" content=\"article\" \/>\n<meta property=\"og:title\" content=\"Mesa tem\u00e1tica &quot;Los cuidados no son gratis. Y quien los hace, todav\u00eda hoy, tiene forma de mujer&quot; - ULL - Agenda\" \/>\n<meta property=\"og:description\" content=\"Desde una perspectiva econ\u00f3mica, siempre se ha justificado la remuneraci\u00f3n del trabajo para garantizar las necesidades de subsistencia y comodidad; de ah\u00ed el axioma tan defendido en econom\u00eda de \u00ablos almuerzos no son gratis\u00bb. Sin embargo, los cuidados s\u00ed han venido siendo gratis. Solo algunos estados han hecho grandes esfuerzos para paliar esta situaci\u00f3n. Hasta...\" \/>\n<meta property=\"og:url\" content=\"https:\/\/www.ull.es\/portal\/agenda\/evento\/mesa-tematica-los-cuidados-no-son-gratis-y-quien-los-hace-todavia-hoy-tiene-forma-de-mujer\/\" \/>\n<meta property=\"og:site_name\" content=\"ULL - Agenda\" \/>\n<meta property=\"article:modified_time\" content=\"2026-03-05T10:49:24+00:00\" \/>\n<meta property=\"og:image\" content=\"https:\/\/www.ull.es\/portal\/agenda\/wp-content\/uploads\/sites\/12\/2026\/03\/banner-eventos-26.jpg\" \/>\n\t<meta property=\"og:image:width\" content=\"750\" \/>\n\t<meta property=\"og:image:height\" content=\"370\" \/>\n\t<meta property=\"og:image:type\" content=\"image\/jpeg\" \/>\n<meta name=\"twitter:card\" content=\"summary_large_image\" \/>\n<meta name=\"twitter:label1\" content=\"Tiempo de lectura\" \/>\n\t<meta name=\"twitter:data1\" content=\"1 minuto\" \/>\n<script type=\"application\/ld+json\" class=\"yoast-schema-graph\">{\"@context\":\"https:\/\/schema.org\",\"@graph\":[{\"@type\":\"WebPage\",\"@id\":\"https:\/\/www.ull.es\/portal\/agenda\/evento\/mesa-tematica-los-cuidados-no-son-gratis-y-quien-los-hace-todavia-hoy-tiene-forma-de-mujer\/\",\"url\":\"https:\/\/www.ull.es\/portal\/agenda\/evento\/mesa-tematica-los-cuidados-no-son-gratis-y-quien-los-hace-todavia-hoy-tiene-forma-de-mujer\/\",\"name\":\"Mesa tem\u00e1tica \\\"Los cuidados no son gratis. Y quien los hace, todav\u00eda hoy, tiene forma de mujer\\\" - ULL - Agenda\",\"isPartOf\":{\"@id\":\"https:\/\/www.ull.es\/portal\/agenda\/#website\"},\"datePublished\":\"2026-03-03T14:16:57+00:00\",\"dateModified\":\"2026-03-05T10:49:24+00:00\",\"breadcrumb\":{\"@id\":\"https:\/\/www.ull.es\/portal\/agenda\/evento\/mesa-tematica-los-cuidados-no-son-gratis-y-quien-los-hace-todavia-hoy-tiene-forma-de-mujer\/#breadcrumb\"},\"inLanguage\":\"es\",\"potentialAction\":[{\"@type\":\"ReadAction\",\"target\":[\"https:\/\/www.ull.es\/portal\/agenda\/evento\/mesa-tematica-los-cuidados-no-son-gratis-y-quien-los-hace-todavia-hoy-tiene-forma-de-mujer\/\"]}]},{\"@type\":\"BreadcrumbList\",\"@id\":\"https:\/\/www.ull.es\/portal\/agenda\/evento\/mesa-tematica-los-cuidados-no-son-gratis-y-quien-los-hace-todavia-hoy-tiene-forma-de-mujer\/#breadcrumb\",\"itemListElement\":[{\"@type\":\"ListItem\",\"position\":1,\"name\":\"Portada\",\"item\":\"https:\/\/www.ull.es\/portal\/agenda\/\"},{\"@type\":\"ListItem\",\"position\":2,\"name\":\"Mesa tem\u00e1tica \u00abLos cuidados no son gratis. Y quien los hace, todav\u00eda hoy, tiene forma de mujer\u00bb\"}]},{\"@type\":\"WebSite\",\"@id\":\"https:\/\/www.ull.es\/portal\/agenda\/#website\",\"url\":\"https:\/\/www.ull.es\/portal\/agenda\/\",\"name\":\"ULL - Agenda\",\"description\":\"\",\"potentialAction\":[{\"@type\":\"SearchAction\",\"target\":{\"@type\":\"EntryPoint\",\"urlTemplate\":\"https:\/\/www.ull.es\/portal\/agenda\/?s={search_term_string}\"},\"query-input\":\"required name=search_term_string\"}],\"inLanguage\":\"es\"}]}<\/script>\n<!-- \/ Yoast SEO plugin. -->","yoast_head_json":{"title":"Mesa tem\u00e1tica \"Los cuidados no son gratis. Y quien los hace, todav\u00eda hoy, tiene forma de mujer\" - ULL - Agenda","robots":{"index":"index","follow":"follow","max-snippet":"max-snippet:-1","max-image-preview":"max-image-preview:large","max-video-preview":"max-video-preview:-1"},"canonical":"https:\/\/www.ull.es\/portal\/agenda\/evento\/mesa-tematica-los-cuidados-no-son-gratis-y-quien-los-hace-todavia-hoy-tiene-forma-de-mujer\/","og_locale":"es_ES","og_type":"article","og_title":"Mesa tem\u00e1tica \"Los cuidados no son gratis. Y quien los hace, todav\u00eda hoy, tiene forma de mujer\" - ULL - Agenda","og_description":"Desde una perspectiva econ\u00f3mica, siempre se ha justificado la remuneraci\u00f3n del trabajo para garantizar las necesidades de subsistencia y comodidad; de ah\u00ed el axioma tan defendido en econom\u00eda de \u00ablos almuerzos no son gratis\u00bb. Sin embargo, los cuidados s\u00ed han venido siendo gratis. Solo algunos estados han hecho grandes esfuerzos para paliar esta situaci\u00f3n. Hasta...","og_url":"https:\/\/www.ull.es\/portal\/agenda\/evento\/mesa-tematica-los-cuidados-no-son-gratis-y-quien-los-hace-todavia-hoy-tiene-forma-de-mujer\/","og_site_name":"ULL - Agenda","article_modified_time":"2026-03-05T10:49:24+00:00","og_image":[{"width":750,"height":370,"url":"https:\/\/www.ull.es\/portal\/agenda\/wp-content\/uploads\/sites\/12\/2026\/03\/banner-eventos-26.jpg","type":"image\/jpeg"}],"twitter_card":"summary_large_image","twitter_misc":{"Tiempo de lectura":"1 minuto"},"schema":{"@context":"https:\/\/schema.org","@graph":[{"@type":"WebPage","@id":"https:\/\/www.ull.es\/portal\/agenda\/evento\/mesa-tematica-los-cuidados-no-son-gratis-y-quien-los-hace-todavia-hoy-tiene-forma-de-mujer\/","url":"https:\/\/www.ull.es\/portal\/agenda\/evento\/mesa-tematica-los-cuidados-no-son-gratis-y-quien-los-hace-todavia-hoy-tiene-forma-de-mujer\/","name":"Mesa tem\u00e1tica \"Los cuidados no son gratis. Y quien los hace, todav\u00eda hoy, tiene forma de mujer\" - ULL - Agenda","isPartOf":{"@id":"https:\/\/www.ull.es\/portal\/agenda\/#website"},"datePublished":"2026-03-03T14:16:57+00:00","dateModified":"2026-03-05T10:49:24+00:00","breadcrumb":{"@id":"https:\/\/www.ull.es\/portal\/agenda\/evento\/mesa-tematica-los-cuidados-no-son-gratis-y-quien-los-hace-todavia-hoy-tiene-forma-de-mujer\/#breadcrumb"},"inLanguage":"es","potentialAction":[{"@type":"ReadAction","target":["https:\/\/www.ull.es\/portal\/agenda\/evento\/mesa-tematica-los-cuidados-no-son-gratis-y-quien-los-hace-todavia-hoy-tiene-forma-de-mujer\/"]}]},{"@type":"BreadcrumbList","@id":"https:\/\/www.ull.es\/portal\/agenda\/evento\/mesa-tematica-los-cuidados-no-son-gratis-y-quien-los-hace-todavia-hoy-tiene-forma-de-mujer\/#breadcrumb","itemListElement":[{"@type":"ListItem","position":1,"name":"Portada","item":"https:\/\/www.ull.es\/portal\/agenda\/"},{"@type":"ListItem","position":2,"name":"Mesa tem\u00e1tica \u00abLos cuidados no son gratis. Y quien los hace, todav\u00eda hoy, tiene forma de mujer\u00bb"}]},{"@type":"WebSite","@id":"https:\/\/www.ull.es\/portal\/agenda\/#website","url":"https:\/\/www.ull.es\/portal\/agenda\/","name":"ULL - Agenda","description":"","potentialAction":[{"@type":"SearchAction","target":{"@type":"EntryPoint","urlTemplate":"https:\/\/www.ull.es\/portal\/agenda\/?s={search_term_string}"},"query-input":"required name=search_term_string"}],"inLanguage":"es"}]}},"_links":{"self":[{"href":"https:\/\/www.ull.es\/portal\/agenda\/wp-json\/wp\/v2\/tribe_events\/46734"}],"collection":[{"href":"https:\/\/www.ull.es\/portal\/agenda\/wp-json\/wp\/v2\/tribe_events"}],"about":[{"href":"https:\/\/www.ull.es\/portal\/agenda\/wp-json\/wp\/v2\/types\/tribe_events"}],"author":[{"embeddable":true,"href":"https:\/\/www.ull.es\/portal\/agenda\/wp-json\/wp\/v2\/users\/65"}],"replies":[{"embeddable":true,"href":"https:\/\/www.ull.es\/portal\/agenda\/wp-json\/wp\/v2\/comments?post=46734"}],"version-history":[{"count":2,"href":"https:\/\/www.ull.es\/portal\/agenda\/wp-json\/wp\/v2\/tribe_events\/46734\/revisions"}],"predecessor-version":[{"id":46747,"href":"https:\/\/www.ull.es\/portal\/agenda\/wp-json\/wp\/v2\/tribe_events\/46734\/revisions\/46747"}],"wp:featuredmedia":[{"embeddable":true,"href":"https:\/\/www.ull.es\/portal\/agenda\/wp-json\/wp\/v2\/media\/46753"}],"wp:attachment":[{"href":"https:\/\/www.ull.es\/portal\/agenda\/wp-json\/wp\/v2\/media?parent=46734"}],"wp:term":[{"taxonomy":"post_tag","embeddable":true,"href":"https:\/\/www.ull.es\/portal\/agenda\/wp-json\/wp\/v2\/tags?post=46734"},{"taxonomy":"tribe_events_cat","embeddable":true,"href":"https:\/\/www.ull.es\/portal\/agenda\/wp-json\/wp\/v2\/tribe_events_cat?post=46734"}],"curies":[{"name":"wp","href":"https:\/\/api.w.org\/{rel}","templated":true}]}}