{"id":46790,"date":"2026-03-06T09:04:47","date_gmt":"2026-03-06T09:04:47","guid":{"rendered":"https:\/\/www.ull.es\/portal\/agenda\/?post_type=tribe_events&#038;p=46790"},"modified":"2026-03-24T11:42:08","modified_gmt":"2026-03-24T11:42:08","slug":"festival-darc-2026","status":"publish","type":"tribe_events","link":"https:\/\/www.ull.es\/portal\/agenda\/evento\/festival-darc-2026\/","title":{"rendered":"Festival DARC 2026"},"content":{"rendered":"<p>DARC 2026 es un festival cultural gestionado por estudiantes para estudiantes que se celebra en la Facultad de Bellas Artes de la Universidad de La Laguna y que re\u00fane distintas propuestas vinculadas a la creaci\u00f3n contempor\u00e1nea. Del 23 al 27 de marzo podr\u00e1 visitarse una exposici\u00f3n de arte en la Sala de Exposiciones, mientras que del 24 al 26 de marzo se desarrollar\u00e1 una programaci\u00f3n paralela con charlas, talleres, mercadillo art\u00edstico, actividades abiertas al p\u00fablico y m\u00fasica en vivo, entre otras iniciativas. El festival busca generar un espacio de encuentro entre estudiantes, artistas y profesionales, fomentando el intercambio de ideas y la difusi\u00f3n de pr\u00e1cticas art\u00edsticas actuales.<\/p>\n<p><a href=\"https:\/\/drive.google.com\/file\/d\/18MalAWRqMWw2lFhPjCAz4ty6Cr6M7yB2\/view?usp=sharing\" target=\"_blank\" rel=\"noopener\">Cartel<\/a><\/p>\n<p><a href=\"https:\/\/drive.google.com\/file\/d\/1tar4-iAd0HF8dp47mGrBeG497rh0IL3B\/view?usp=sharing\" target=\"_blank\" rel=\"noopener\">Cronograma<\/a><\/p>\n<p>&nbsp;<\/p>\n<p>&nbsp;<\/p>\n<p>&nbsp;<\/p>\n","protected":false},"excerpt":{"rendered":"<p>DARC 2026 es un festival cultural gestionado por estudiantes para estudiantes que se celebra en la Facultad de Bellas Artes de la Universidad de La Laguna y que re\u00fane distintas propuestas vinculadas a la creaci\u00f3n contempor\u00e1nea. Del 23 al 27 de marzo podr\u00e1 visitarse una exposici\u00f3n de arte en la Sala de Exposiciones, mientras que&#8230;<\/p>\n","protected":false},"author":65,"featured_media":47135,"comment_status":"closed","ping_status":"closed","template":"","tags":[],"tribe_events_cat":[4,3096,186],"acf":[],"yoast_head":"<!-- This site is optimized with the Yoast SEO plugin v21.3 - https:\/\/yoast.com\/wordpress\/plugins\/seo\/ -->\n<title>Festival DARC 2026 - ULL - Agenda<\/title>\n<meta name=\"robots\" content=\"index, follow, max-snippet:-1, max-image-preview:large, max-video-preview:-1\" \/>\n<link rel=\"canonical\" href=\"https:\/\/www.ull.es\/portal\/agenda\/evento\/festival-darc-2026\/\" \/>\n<meta property=\"og:locale\" content=\"es_ES\" \/>\n<meta property=\"og:type\" content=\"article\" \/>\n<meta property=\"og:title\" content=\"Festival DARC 2026 - ULL - Agenda\" \/>\n<meta property=\"og:description\" content=\"DARC 2026 es un festival cultural gestionado por estudiantes para estudiantes que se celebra en la Facultad de Bellas Artes de la Universidad de La Laguna y que re\u00fane distintas propuestas vinculadas a la creaci\u00f3n contempor\u00e1nea. Del 23 al 27 de marzo podr\u00e1 visitarse una exposici\u00f3n de arte en la Sala de Exposiciones, mientras que...\" \/>\n<meta property=\"og:url\" content=\"https:\/\/www.ull.es\/portal\/agenda\/evento\/festival-darc-2026\/\" \/>\n<meta property=\"og:site_name\" content=\"ULL - Agenda\" \/>\n<meta property=\"article:modified_time\" content=\"2026-03-24T11:42:08+00:00\" \/>\n<meta property=\"og:image\" content=\"https:\/\/www.ull.es\/portal\/agenda\/wp-content\/uploads\/sites\/12\/2026\/03\/banner-eventos-45.jpg\" \/>\n\t<meta property=\"og:image:width\" content=\"750\" \/>\n\t<meta property=\"og:image:height\" content=\"370\" \/>\n\t<meta property=\"og:image:type\" content=\"image\/jpeg\" \/>\n<meta name=\"twitter:card\" content=\"summary_large_image\" \/>\n<meta name=\"twitter:label1\" content=\"Tiempo de lectura\" \/>\n\t<meta name=\"twitter:data1\" content=\"1 minuto\" \/>\n<script type=\"application\/ld+json\" class=\"yoast-schema-graph\">{\"@context\":\"https:\/\/schema.org\",\"@graph\":[{\"@type\":\"WebPage\",\"@id\":\"https:\/\/www.ull.es\/portal\/agenda\/evento\/festival-darc-2026\/\",\"url\":\"https:\/\/www.ull.es\/portal\/agenda\/evento\/festival-darc-2026\/\",\"name\":\"Festival DARC 2026 - ULL - Agenda\",\"isPartOf\":{\"@id\":\"https:\/\/www.ull.es\/portal\/agenda\/#website\"},\"datePublished\":\"2026-03-06T09:04:47+00:00\",\"dateModified\":\"2026-03-24T11:42:08+00:00\",\"breadcrumb\":{\"@id\":\"https:\/\/www.ull.es\/portal\/agenda\/evento\/festival-darc-2026\/#breadcrumb\"},\"inLanguage\":\"es\",\"potentialAction\":[{\"@type\":\"ReadAction\",\"target\":[\"https:\/\/www.ull.es\/portal\/agenda\/evento\/festival-darc-2026\/\"]}]},{\"@type\":\"BreadcrumbList\",\"@id\":\"https:\/\/www.ull.es\/portal\/agenda\/evento\/festival-darc-2026\/#breadcrumb\",\"itemListElement\":[{\"@type\":\"ListItem\",\"position\":1,\"name\":\"Portada\",\"item\":\"https:\/\/www.ull.es\/portal\/agenda\/\"},{\"@type\":\"ListItem\",\"position\":2,\"name\":\"Festival DARC 2026\"}]},{\"@type\":\"WebSite\",\"@id\":\"https:\/\/www.ull.es\/portal\/agenda\/#website\",\"url\":\"https:\/\/www.ull.es\/portal\/agenda\/\",\"name\":\"ULL - Agenda\",\"description\":\"\",\"potentialAction\":[{\"@type\":\"SearchAction\",\"target\":{\"@type\":\"EntryPoint\",\"urlTemplate\":\"https:\/\/www.ull.es\/portal\/agenda\/?s={search_term_string}\"},\"query-input\":\"required name=search_term_string\"}],\"inLanguage\":\"es\"}]}<\/script>\n<!-- \/ Yoast SEO plugin. -->","yoast_head_json":{"title":"Festival DARC 2026 - ULL - Agenda","robots":{"index":"index","follow":"follow","max-snippet":"max-snippet:-1","max-image-preview":"max-image-preview:large","max-video-preview":"max-video-preview:-1"},"canonical":"https:\/\/www.ull.es\/portal\/agenda\/evento\/festival-darc-2026\/","og_locale":"es_ES","og_type":"article","og_title":"Festival DARC 2026 - ULL - Agenda","og_description":"DARC 2026 es un festival cultural gestionado por estudiantes para estudiantes que se celebra en la Facultad de Bellas Artes de la Universidad de La Laguna y que re\u00fane distintas propuestas vinculadas a la creaci\u00f3n contempor\u00e1nea. Del 23 al 27 de marzo podr\u00e1 visitarse una exposici\u00f3n de arte en la Sala de Exposiciones, mientras que...","og_url":"https:\/\/www.ull.es\/portal\/agenda\/evento\/festival-darc-2026\/","og_site_name":"ULL - Agenda","article_modified_time":"2026-03-24T11:42:08+00:00","og_image":[{"width":750,"height":370,"url":"https:\/\/www.ull.es\/portal\/agenda\/wp-content\/uploads\/sites\/12\/2026\/03\/banner-eventos-45.jpg","type":"image\/jpeg"}],"twitter_card":"summary_large_image","twitter_misc":{"Tiempo de lectura":"1 minuto"},"schema":{"@context":"https:\/\/schema.org","@graph":[{"@type":"WebPage","@id":"https:\/\/www.ull.es\/portal\/agenda\/evento\/festival-darc-2026\/","url":"https:\/\/www.ull.es\/portal\/agenda\/evento\/festival-darc-2026\/","name":"Festival DARC 2026 - ULL - Agenda","isPartOf":{"@id":"https:\/\/www.ull.es\/portal\/agenda\/#website"},"datePublished":"2026-03-06T09:04:47+00:00","dateModified":"2026-03-24T11:42:08+00:00","breadcrumb":{"@id":"https:\/\/www.ull.es\/portal\/agenda\/evento\/festival-darc-2026\/#breadcrumb"},"inLanguage":"es","potentialAction":[{"@type":"ReadAction","target":["https:\/\/www.ull.es\/portal\/agenda\/evento\/festival-darc-2026\/"]}]},{"@type":"BreadcrumbList","@id":"https:\/\/www.ull.es\/portal\/agenda\/evento\/festival-darc-2026\/#breadcrumb","itemListElement":[{"@type":"ListItem","position":1,"name":"Portada","item":"https:\/\/www.ull.es\/portal\/agenda\/"},{"@type":"ListItem","position":2,"name":"Festival DARC 2026"}]},{"@type":"WebSite","@id":"https:\/\/www.ull.es\/portal\/agenda\/#website","url":"https:\/\/www.ull.es\/portal\/agenda\/","name":"ULL - Agenda","description":"","potentialAction":[{"@type":"SearchAction","target":{"@type":"EntryPoint","urlTemplate":"https:\/\/www.ull.es\/portal\/agenda\/?s={search_term_string}"},"query-input":"required name=search_term_string"}],"inLanguage":"es"}]}},"_links":{"self":[{"href":"https:\/\/www.ull.es\/portal\/agenda\/wp-json\/wp\/v2\/tribe_events\/46790"}],"collection":[{"href":"https:\/\/www.ull.es\/portal\/agenda\/wp-json\/wp\/v2\/tribe_events"}],"about":[{"href":"https:\/\/www.ull.es\/portal\/agenda\/wp-json\/wp\/v2\/types\/tribe_events"}],"author":[{"embeddable":true,"href":"https:\/\/www.ull.es\/portal\/agenda\/wp-json\/wp\/v2\/users\/65"}],"replies":[{"embeddable":true,"href":"https:\/\/www.ull.es\/portal\/agenda\/wp-json\/wp\/v2\/comments?post=46790"}],"version-history":[{"count":2,"href":"https:\/\/www.ull.es\/portal\/agenda\/wp-json\/wp\/v2\/tribe_events\/46790\/revisions"}],"predecessor-version":[{"id":47243,"href":"https:\/\/www.ull.es\/portal\/agenda\/wp-json\/wp\/v2\/tribe_events\/46790\/revisions\/47243"}],"wp:featuredmedia":[{"embeddable":true,"href":"https:\/\/www.ull.es\/portal\/agenda\/wp-json\/wp\/v2\/media\/47135"}],"wp:attachment":[{"href":"https:\/\/www.ull.es\/portal\/agenda\/wp-json\/wp\/v2\/media?parent=46790"}],"wp:term":[{"taxonomy":"post_tag","embeddable":true,"href":"https:\/\/www.ull.es\/portal\/agenda\/wp-json\/wp\/v2\/tags?post=46790"},{"taxonomy":"tribe_events_cat","embeddable":true,"href":"https:\/\/www.ull.es\/portal\/agenda\/wp-json\/wp\/v2\/tribe_events_cat?post=46790"}],"curies":[{"name":"wp","href":"https:\/\/api.w.org\/{rel}","templated":true}]}}