{"id":46885,"date":"2026-03-11T09:34:01","date_gmt":"2026-03-11T09:34:01","guid":{"rendered":"https:\/\/www.ull.es\/portal\/agenda\/?post_type=tribe_events&#038;p=46885"},"modified":"2026-03-12T09:34:55","modified_gmt":"2026-03-12T09:34:55","slug":"fanzines-la-autoedicion-y-los-movimientos-culturales","status":"publish","type":"tribe_events","link":"https:\/\/www.ull.es\/portal\/agenda\/evento\/fanzines-la-autoedicion-y-los-movimientos-culturales\/","title":{"rendered":"Fanzines: La autoedici\u00f3n y los movimientos culturales"},"content":{"rendered":"<p>El objetivo de la presente propuesta es, por un lado, indagar en la relaci\u00f3n entre la pr\u00e1ctica fanzinera y los movimientos culturales, poniendo especial atenci\u00f3n en aquellos n\u00fameros recogidos en el Fondo de Canarias y, por otro, explorar su valor en tanto que formato y mecanismo de comunicaci\u00f3n y defensa de la libertad de expresi\u00f3n.<\/p>\n<p>El alumnado podr\u00e1 conocer la tradici\u00f3n fanzinera en Canarias, particularmente en relaci\u00f3n a la m\u00fasica, y sus conexiones con diversos movimientos culturales, tanto locales y auton\u00f3micos como nacionales e incluso internacionales. En este sentido, se reflexionar\u00e1 sobre el valor del fanzine en t\u00e9rminos de difusi\u00f3n de ideas y, tambi\u00e9n, de conservaci\u00f3n de vivencias. La actividad fanzinera, caracterizada por la libertad creativa, el punto de vista personal y situado y una suerte de inquietud irreverente, se convierte en una fuente para la historia marcada por la diversidad de pensamiento y la fragilidad de la memoria.<\/p>\n<p>Asimismo, el curso permitir\u00e1 al alumnado explorar las posibilidades de la autoedici\u00f3n, el lenguaje visual y la creaci\u00f3n contempor\u00e1nea, incentivando la reflexi\u00f3n sobre cu\u00e1les son las relaciones posibles entre imagen, texto y pensamiento a trav\u00e9s de los fanzines. Mediante la realizaci\u00f3n de sus propios fanzines y la exploraci\u00f3n de sus propios lenguajes, el lenguaje podr\u00e1 dejar constancia de las inquietudes de su generaci\u00f3n. El curso permitir\u00e1 al alumnado situar su participaci\u00f3n en la iniciativa del fanzine en un contexto cultural m\u00e1s amplio, que considera la historia reciente de Canarias y los valores de sus movimientos creativos.<\/p>\n<p>Dirigido al alumnado (con preferencia de las asignaturas de Cultura Visual y Creaci\u00f3n Contempor\u00e1nea), profesorado de la ULL y a cualquier persona interesada en el arte, la est\u00e9tica y la cultura contempor\u00e1nea.<\/p>\n<p><strong>CERTIFICADO DE ASISTENCIA Y APTITUD:\u00a0<\/strong>La Universidad de La Laguna, a trav\u00e9s del Vicerrectorado de Cultura y Extensi\u00f3n Universitaria, emitir\u00e1 un certificado de asistencia a todas aquellas personas que participen, previa inscripci\u00f3n en la actividad. Adem\u00e1s, aquellas personas que superen la evaluaci\u00f3n, recibir\u00e1n un certificado de asistencia y aprovechamiento.<\/p>\n<p>Asistencia gratuita previa inscripci\u00f3n.\u00a0<strong><u><a href=\"https:\/\/sede.fg.ull.es\/es\/curso\/detalle?code=a26020101&amp;name=fanzines-la-autoedicion-y-los-movimientos-culturales&amp;query=%3Fcode%3DA26020101\" target=\"_blank\" rel=\"noopener\" target=\"_blank\" rel=\"noopener\">M\u00e1s informaci\u00f3n e inscripci\u00f3n aqu\u00ed<\/a>.<\/u><\/strong><\/p>\n<p><strong>Contacto:\u00a0<\/strong><a href=\"mailto:extuni@ull.edu.es\" target=\"_blank\" rel=\"noopener\" target=\"_blank\" rel=\"noopener\"><strong>extuni@ull.es<\/strong><\/a><\/p>\n<p>Organiza: Aula Cultural de Pensamiento Art\u00edstico Contempor\u00e1neo.<\/p>\n<p>Colaboran: Biblioteca de Canarias y Departamento de Bellas Artes.<\/p>\n","protected":false},"excerpt":{"rendered":"<p>El objetivo de la presente propuesta es, por un lado, indagar en la relaci\u00f3n entre la pr\u00e1ctica fanzinera y los movimientos culturales, poniendo especial atenci\u00f3n en aquellos n\u00fameros recogidos en el Fondo de Canarias y, por otro, explorar su valor en tanto que formato y mecanismo de comunicaci\u00f3n y defensa de la libertad de expresi\u00f3n&#8230;.<\/p>\n","protected":false},"author":43,"featured_media":46886,"comment_status":"closed","ping_status":"closed","template":"","tags":[4259,977,3812,4914,3751,4165],"tribe_events_cat":[472,1669,471,4,186],"acf":[],"yoast_head":"<!-- This site is optimized with the Yoast SEO plugin v21.3 - https:\/\/yoast.com\/wordpress\/plugins\/seo\/ -->\n<title>Fanzines: La autoedici\u00f3n y los movimientos culturales - ULL - Agenda<\/title>\n<meta name=\"robots\" content=\"index, follow, max-snippet:-1, max-image-preview:large, max-video-preview:-1\" \/>\n<link rel=\"canonical\" href=\"https:\/\/www.ull.es\/portal\/agenda\/evento\/fanzines-la-autoedicion-y-los-movimientos-culturales\/\" \/>\n<meta property=\"og:locale\" content=\"es_ES\" \/>\n<meta property=\"og:type\" content=\"article\" \/>\n<meta property=\"og:title\" content=\"Fanzines: La autoedici\u00f3n y los movimientos culturales - ULL - Agenda\" \/>\n<meta property=\"og:description\" content=\"El objetivo de la presente propuesta es, por un lado, indagar en la relaci\u00f3n entre la pr\u00e1ctica fanzinera y los movimientos culturales, poniendo especial atenci\u00f3n en aquellos n\u00fameros recogidos en el Fondo de Canarias y, por otro, explorar su valor en tanto que formato y mecanismo de comunicaci\u00f3n y defensa de la libertad de expresi\u00f3n....\" \/>\n<meta property=\"og:url\" content=\"https:\/\/www.ull.es\/portal\/agenda\/evento\/fanzines-la-autoedicion-y-los-movimientos-culturales\/\" \/>\n<meta property=\"og:site_name\" content=\"ULL - Agenda\" \/>\n<meta property=\"article:modified_time\" content=\"2026-03-12T09:34:55+00:00\" \/>\n<meta property=\"og:image\" content=\"https:\/\/www.ull.es\/portal\/agenda\/wp-content\/uploads\/sites\/12\/2026\/03\/BannerFanzines.jpg\" \/>\n\t<meta property=\"og:image:width\" content=\"750\" \/>\n\t<meta property=\"og:image:height\" content=\"370\" \/>\n\t<meta property=\"og:image:type\" content=\"image\/jpeg\" \/>\n<meta name=\"twitter:card\" content=\"summary_large_image\" \/>\n<meta name=\"twitter:label1\" content=\"Tiempo de lectura\" \/>\n\t<meta name=\"twitter:data1\" content=\"2 minutos\" \/>\n<script type=\"application\/ld+json\" class=\"yoast-schema-graph\">{\"@context\":\"https:\/\/schema.org\",\"@graph\":[{\"@type\":\"WebPage\",\"@id\":\"https:\/\/www.ull.es\/portal\/agenda\/evento\/fanzines-la-autoedicion-y-los-movimientos-culturales\/\",\"url\":\"https:\/\/www.ull.es\/portal\/agenda\/evento\/fanzines-la-autoedicion-y-los-movimientos-culturales\/\",\"name\":\"Fanzines: La autoedici\u00f3n y los movimientos culturales - ULL - Agenda\",\"isPartOf\":{\"@id\":\"https:\/\/www.ull.es\/portal\/agenda\/#website\"},\"datePublished\":\"2026-03-11T09:34:01+00:00\",\"dateModified\":\"2026-03-12T09:34:55+00:00\",\"breadcrumb\":{\"@id\":\"https:\/\/www.ull.es\/portal\/agenda\/evento\/fanzines-la-autoedicion-y-los-movimientos-culturales\/#breadcrumb\"},\"inLanguage\":\"es\",\"potentialAction\":[{\"@type\":\"ReadAction\",\"target\":[\"https:\/\/www.ull.es\/portal\/agenda\/evento\/fanzines-la-autoedicion-y-los-movimientos-culturales\/\"]}]},{\"@type\":\"BreadcrumbList\",\"@id\":\"https:\/\/www.ull.es\/portal\/agenda\/evento\/fanzines-la-autoedicion-y-los-movimientos-culturales\/#breadcrumb\",\"itemListElement\":[{\"@type\":\"ListItem\",\"position\":1,\"name\":\"Portada\",\"item\":\"https:\/\/www.ull.es\/portal\/agenda\/\"},{\"@type\":\"ListItem\",\"position\":2,\"name\":\"Fanzines: La autoedici\u00f3n y los movimientos culturales\"}]},{\"@type\":\"WebSite\",\"@id\":\"https:\/\/www.ull.es\/portal\/agenda\/#website\",\"url\":\"https:\/\/www.ull.es\/portal\/agenda\/\",\"name\":\"ULL - Agenda\",\"description\":\"\",\"potentialAction\":[{\"@type\":\"SearchAction\",\"target\":{\"@type\":\"EntryPoint\",\"urlTemplate\":\"https:\/\/www.ull.es\/portal\/agenda\/?s={search_term_string}\"},\"query-input\":\"required name=search_term_string\"}],\"inLanguage\":\"es\"}]}<\/script>\n<!-- \/ Yoast SEO plugin. -->","yoast_head_json":{"title":"Fanzines: La autoedici\u00f3n y los movimientos culturales - ULL - Agenda","robots":{"index":"index","follow":"follow","max-snippet":"max-snippet:-1","max-image-preview":"max-image-preview:large","max-video-preview":"max-video-preview:-1"},"canonical":"https:\/\/www.ull.es\/portal\/agenda\/evento\/fanzines-la-autoedicion-y-los-movimientos-culturales\/","og_locale":"es_ES","og_type":"article","og_title":"Fanzines: La autoedici\u00f3n y los movimientos culturales - ULL - Agenda","og_description":"El objetivo de la presente propuesta es, por un lado, indagar en la relaci\u00f3n entre la pr\u00e1ctica fanzinera y los movimientos culturales, poniendo especial atenci\u00f3n en aquellos n\u00fameros recogidos en el Fondo de Canarias y, por otro, explorar su valor en tanto que formato y mecanismo de comunicaci\u00f3n y defensa de la libertad de expresi\u00f3n....","og_url":"https:\/\/www.ull.es\/portal\/agenda\/evento\/fanzines-la-autoedicion-y-los-movimientos-culturales\/","og_site_name":"ULL - Agenda","article_modified_time":"2026-03-12T09:34:55+00:00","og_image":[{"width":750,"height":370,"url":"https:\/\/www.ull.es\/portal\/agenda\/wp-content\/uploads\/sites\/12\/2026\/03\/BannerFanzines.jpg","type":"image\/jpeg"}],"twitter_card":"summary_large_image","twitter_misc":{"Tiempo de lectura":"2 minutos"},"schema":{"@context":"https:\/\/schema.org","@graph":[{"@type":"WebPage","@id":"https:\/\/www.ull.es\/portal\/agenda\/evento\/fanzines-la-autoedicion-y-los-movimientos-culturales\/","url":"https:\/\/www.ull.es\/portal\/agenda\/evento\/fanzines-la-autoedicion-y-los-movimientos-culturales\/","name":"Fanzines: La autoedici\u00f3n y los movimientos culturales - ULL - Agenda","isPartOf":{"@id":"https:\/\/www.ull.es\/portal\/agenda\/#website"},"datePublished":"2026-03-11T09:34:01+00:00","dateModified":"2026-03-12T09:34:55+00:00","breadcrumb":{"@id":"https:\/\/www.ull.es\/portal\/agenda\/evento\/fanzines-la-autoedicion-y-los-movimientos-culturales\/#breadcrumb"},"inLanguage":"es","potentialAction":[{"@type":"ReadAction","target":["https:\/\/www.ull.es\/portal\/agenda\/evento\/fanzines-la-autoedicion-y-los-movimientos-culturales\/"]}]},{"@type":"BreadcrumbList","@id":"https:\/\/www.ull.es\/portal\/agenda\/evento\/fanzines-la-autoedicion-y-los-movimientos-culturales\/#breadcrumb","itemListElement":[{"@type":"ListItem","position":1,"name":"Portada","item":"https:\/\/www.ull.es\/portal\/agenda\/"},{"@type":"ListItem","position":2,"name":"Fanzines: La autoedici\u00f3n y los movimientos culturales"}]},{"@type":"WebSite","@id":"https:\/\/www.ull.es\/portal\/agenda\/#website","url":"https:\/\/www.ull.es\/portal\/agenda\/","name":"ULL - Agenda","description":"","potentialAction":[{"@type":"SearchAction","target":{"@type":"EntryPoint","urlTemplate":"https:\/\/www.ull.es\/portal\/agenda\/?s={search_term_string}"},"query-input":"required name=search_term_string"}],"inLanguage":"es"}]}},"_links":{"self":[{"href":"https:\/\/www.ull.es\/portal\/agenda\/wp-json\/wp\/v2\/tribe_events\/46885"}],"collection":[{"href":"https:\/\/www.ull.es\/portal\/agenda\/wp-json\/wp\/v2\/tribe_events"}],"about":[{"href":"https:\/\/www.ull.es\/portal\/agenda\/wp-json\/wp\/v2\/types\/tribe_events"}],"author":[{"embeddable":true,"href":"https:\/\/www.ull.es\/portal\/agenda\/wp-json\/wp\/v2\/users\/43"}],"replies":[{"embeddable":true,"href":"https:\/\/www.ull.es\/portal\/agenda\/wp-json\/wp\/v2\/comments?post=46885"}],"version-history":[{"count":4,"href":"https:\/\/www.ull.es\/portal\/agenda\/wp-json\/wp\/v2\/tribe_events\/46885\/revisions"}],"predecessor-version":[{"id":46891,"href":"https:\/\/www.ull.es\/portal\/agenda\/wp-json\/wp\/v2\/tribe_events\/46885\/revisions\/46891"}],"wp:featuredmedia":[{"embeddable":true,"href":"https:\/\/www.ull.es\/portal\/agenda\/wp-json\/wp\/v2\/media\/46886"}],"wp:attachment":[{"href":"https:\/\/www.ull.es\/portal\/agenda\/wp-json\/wp\/v2\/media?parent=46885"}],"wp:term":[{"taxonomy":"post_tag","embeddable":true,"href":"https:\/\/www.ull.es\/portal\/agenda\/wp-json\/wp\/v2\/tags?post=46885"},{"taxonomy":"tribe_events_cat","embeddable":true,"href":"https:\/\/www.ull.es\/portal\/agenda\/wp-json\/wp\/v2\/tribe_events_cat?post=46885"}],"curies":[{"name":"wp","href":"https:\/\/api.w.org\/{rel}","templated":true}]}}