{"id":47343,"date":"2026-03-27T08:22:12","date_gmt":"2026-03-27T08:22:12","guid":{"rendered":"https:\/\/www.ull.es\/portal\/agenda\/?post_type=tribe_events&#038;p=47343"},"modified":"2026-03-27T08:23:09","modified_gmt":"2026-03-27T08:23:09","slug":"acto-de-cierre-de-la-vi-temporada-de-todas-con-cienciull","status":"publish","type":"tribe_events","link":"https:\/\/www.ull.es\/portal\/agenda\/evento\/acto-de-cierre-de-la-vi-temporada-de-todas-con-cienciull\/","title":{"rendered":"Acto de cierre de la VI temporada de \u201cTodas con Cienci@ULL\u201d"},"content":{"rendered":"<p><span style=\"font-weight: 400;\">La Universidad de La Laguna celebra el acto de clausura de la sexta temporada de la Serie Divulgativa <\/span><a href=\"https:\/\/www.ull.es\/portal\/cienciaull\/todasconcienciull\/\" target=\"_blank\" rel=\"noopener\"><b>\u201cTodas con Cienci@ULL\u201d<\/b><span style=\"font-weight: 400;\">,<\/span><\/a><span style=\"font-weight: 400;\"> una iniciativa de divulgaci\u00f3n cient\u00edfica en marcada en el proyecto educativo Chicas con Cienci@ULL.\u00a0<\/span><\/p>\n<p><span style=\"font-weight: 400;\">La serie compuesta por 140 cap\u00edtulos distribuidos en seis temporadas busca prevenir la violencia de g\u00e9nero y fomentar la igualdad en el \u00e1mbito cient\u00edfico y acad\u00e9mico, concretamente, promover relaciones igualitarias, visibilizar el papel de las mujeres en la ciencia y empoderar a ni\u00f1as y adolescentes (nuestras chicas), fortaleciendo su autoestima, autonom\u00eda y capacidad de decisi\u00f3n para evitar violencias machistas, mediante la transmisi\u00f3n de un relato alternativo de mujeres en el \u00e1mbito de la investigaci\u00f3n<\/span><\/p>\n<p><span style=\"font-weight: 400;\">La finalidad de esta jornada es agradecer la participaci\u00f3n de las 20 investigadoras de la Universidad de La Laguna que han formado parte de la <\/span><b>VI temporada de la serie del proyecto educativo <\/b><b><i>Chicas con Cienci@ULL<\/i><\/b><span style=\"font-weight: 400;\">.\u00a0<\/span><\/p>\n<p><span style=\"font-weight: 400;\">Durante el acto se presentar\u00e1n los principales resultados de la temporada, incluyendo un recorrido por las \u00e1reas de conocimiento abordadas, la proyecci\u00f3n de un v\u00eddeo resumen y el testimonio de una investigadora participante. Asimismo, se realizar\u00e1 un reconocimiento institucional a las cient\u00edficas protagonistas de esta edici\u00f3n.<\/span><\/p>\n<p><span style=\"font-weight: 400;\">El evento tendr\u00e1 lugar el pr\u00f3ximo 15 de abril de 2026 en el Aula Magna Blas Cabrera Felipe de la Facultad de Ciencia.<\/span><\/p>\n<p><span style=\"font-weight: 400;\">Es una cita abierta a toda la comunidad universitaria.<\/span><\/p>\n<p><span style=\"font-weight: 400;\">El proyecto Chicas con Cienci@ULL es promovido por la Universidad de La Laguna con la colaboraci\u00f3n de la Direcci\u00f3n General de Juventud del Gobierno de Canarias, y CajaSiete. Se enmarca en El Pacto de Estado Contra la Violencia de G\u00e9nero desde el a\u00f1o 2022.<\/span><\/p>\n<p><a href=\"https:\/\/drive.google.com\/file\/d\/1ErJAQJuTPGjfKAHwIdMTrWokouP01-Kx\/view?usp=sharing\" target=\"_blank\" rel=\"noopener\"><b>Programa<\/b><\/a><\/p>\n<p><a href=\"https:\/\/drive.google.com\/file\/d\/1P53FmwdanTmW74BYVZ0m8EXvG7T8oqN-\/edit\" target=\"_blank\" rel=\"noopener\"><b>Libro Todas con Cienci@ULL<\/b><\/a><\/p>\n","protected":false},"excerpt":{"rendered":"<p>La Universidad de La Laguna celebra el acto de clausura de la sexta temporada de la Serie Divulgativa \u201cTodas con Cienci@ULL\u201d, una iniciativa de divulgaci\u00f3n cient\u00edfica en marcada en el proyecto educativo Chicas con Cienci@ULL.\u00a0 La serie compuesta por 140 cap\u00edtulos distribuidos en seis temporadas busca prevenir la violencia de g\u00e9nero y fomentar la igualdad&#8230;<\/p>\n","protected":false},"author":117,"featured_media":47344,"comment_status":"closed","ping_status":"closed","template":"","tags":[],"tribe_events_cat":[856,4],"acf":[],"yoast_head":"<!-- This site is optimized with the Yoast SEO plugin v21.3 - https:\/\/yoast.com\/wordpress\/plugins\/seo\/ -->\n<title>Acto de cierre de la VI temporada de \u201cTodas con Cienci@ULL\u201d - ULL - Agenda<\/title>\n<meta name=\"robots\" content=\"index, follow, max-snippet:-1, max-image-preview:large, max-video-preview:-1\" \/>\n<link rel=\"canonical\" href=\"https:\/\/www.ull.es\/portal\/agenda\/evento\/acto-de-cierre-de-la-vi-temporada-de-todas-con-cienciull\/\" \/>\n<meta property=\"og:locale\" content=\"es_ES\" \/>\n<meta property=\"og:type\" content=\"article\" \/>\n<meta property=\"og:title\" content=\"Acto de cierre de la VI temporada de \u201cTodas con Cienci@ULL\u201d - ULL - Agenda\" \/>\n<meta property=\"og:description\" content=\"La Universidad de La Laguna celebra el acto de clausura de la sexta temporada de la Serie Divulgativa \u201cTodas con Cienci@ULL\u201d, una iniciativa de divulgaci\u00f3n cient\u00edfica en marcada en el proyecto educativo Chicas con Cienci@ULL.\u00a0 La serie compuesta por 140 cap\u00edtulos distribuidos en seis temporadas busca prevenir la violencia de g\u00e9nero y fomentar la igualdad...\" \/>\n<meta property=\"og:url\" content=\"https:\/\/www.ull.es\/portal\/agenda\/evento\/acto-de-cierre-de-la-vi-temporada-de-todas-con-cienciull\/\" \/>\n<meta property=\"og:site_name\" content=\"ULL - Agenda\" \/>\n<meta property=\"article:modified_time\" content=\"2026-03-27T08:23:09+00:00\" \/>\n<meta property=\"og:image\" content=\"https:\/\/www.ull.es\/portal\/agenda\/wp-content\/uploads\/sites\/12\/2026\/03\/Todas-con-cienciaull_agenda.jpg\" \/>\n\t<meta property=\"og:image:width\" content=\"1600\" \/>\n\t<meta property=\"og:image:height\" content=\"747\" \/>\n\t<meta property=\"og:image:type\" content=\"image\/jpeg\" \/>\n<meta name=\"twitter:card\" content=\"summary_large_image\" \/>\n<meta name=\"twitter:label1\" content=\"Tiempo de lectura\" \/>\n\t<meta name=\"twitter:data1\" content=\"2 minutos\" \/>\n<script type=\"application\/ld+json\" class=\"yoast-schema-graph\">{\"@context\":\"https:\/\/schema.org\",\"@graph\":[{\"@type\":\"WebPage\",\"@id\":\"https:\/\/www.ull.es\/portal\/agenda\/evento\/acto-de-cierre-de-la-vi-temporada-de-todas-con-cienciull\/\",\"url\":\"https:\/\/www.ull.es\/portal\/agenda\/evento\/acto-de-cierre-de-la-vi-temporada-de-todas-con-cienciull\/\",\"name\":\"Acto de cierre de la VI temporada de \u201cTodas con Cienci@ULL\u201d - ULL - Agenda\",\"isPartOf\":{\"@id\":\"https:\/\/www.ull.es\/portal\/agenda\/#website\"},\"datePublished\":\"2026-03-27T08:22:12+00:00\",\"dateModified\":\"2026-03-27T08:23:09+00:00\",\"breadcrumb\":{\"@id\":\"https:\/\/www.ull.es\/portal\/agenda\/evento\/acto-de-cierre-de-la-vi-temporada-de-todas-con-cienciull\/#breadcrumb\"},\"inLanguage\":\"es\",\"potentialAction\":[{\"@type\":\"ReadAction\",\"target\":[\"https:\/\/www.ull.es\/portal\/agenda\/evento\/acto-de-cierre-de-la-vi-temporada-de-todas-con-cienciull\/\"]}]},{\"@type\":\"BreadcrumbList\",\"@id\":\"https:\/\/www.ull.es\/portal\/agenda\/evento\/acto-de-cierre-de-la-vi-temporada-de-todas-con-cienciull\/#breadcrumb\",\"itemListElement\":[{\"@type\":\"ListItem\",\"position\":1,\"name\":\"Portada\",\"item\":\"https:\/\/www.ull.es\/portal\/agenda\/\"},{\"@type\":\"ListItem\",\"position\":2,\"name\":\"Acto de cierre de la VI temporada de \u201cTodas con Cienci@ULL\u201d\"}]},{\"@type\":\"WebSite\",\"@id\":\"https:\/\/www.ull.es\/portal\/agenda\/#website\",\"url\":\"https:\/\/www.ull.es\/portal\/agenda\/\",\"name\":\"ULL - Agenda\",\"description\":\"\",\"potentialAction\":[{\"@type\":\"SearchAction\",\"target\":{\"@type\":\"EntryPoint\",\"urlTemplate\":\"https:\/\/www.ull.es\/portal\/agenda\/?s={search_term_string}\"},\"query-input\":\"required name=search_term_string\"}],\"inLanguage\":\"es\"}]}<\/script>\n<!-- \/ Yoast SEO plugin. -->","yoast_head_json":{"title":"Acto de cierre de la VI temporada de \u201cTodas con Cienci@ULL\u201d - ULL - Agenda","robots":{"index":"index","follow":"follow","max-snippet":"max-snippet:-1","max-image-preview":"max-image-preview:large","max-video-preview":"max-video-preview:-1"},"canonical":"https:\/\/www.ull.es\/portal\/agenda\/evento\/acto-de-cierre-de-la-vi-temporada-de-todas-con-cienciull\/","og_locale":"es_ES","og_type":"article","og_title":"Acto de cierre de la VI temporada de \u201cTodas con Cienci@ULL\u201d - ULL - Agenda","og_description":"La Universidad de La Laguna celebra el acto de clausura de la sexta temporada de la Serie Divulgativa \u201cTodas con Cienci@ULL\u201d, una iniciativa de divulgaci\u00f3n cient\u00edfica en marcada en el proyecto educativo Chicas con Cienci@ULL.\u00a0 La serie compuesta por 140 cap\u00edtulos distribuidos en seis temporadas busca prevenir la violencia de g\u00e9nero y fomentar la igualdad...","og_url":"https:\/\/www.ull.es\/portal\/agenda\/evento\/acto-de-cierre-de-la-vi-temporada-de-todas-con-cienciull\/","og_site_name":"ULL - Agenda","article_modified_time":"2026-03-27T08:23:09+00:00","og_image":[{"width":1600,"height":747,"url":"https:\/\/www.ull.es\/portal\/agenda\/wp-content\/uploads\/sites\/12\/2026\/03\/Todas-con-cienciaull_agenda.jpg","type":"image\/jpeg"}],"twitter_card":"summary_large_image","twitter_misc":{"Tiempo de lectura":"2 minutos"},"schema":{"@context":"https:\/\/schema.org","@graph":[{"@type":"WebPage","@id":"https:\/\/www.ull.es\/portal\/agenda\/evento\/acto-de-cierre-de-la-vi-temporada-de-todas-con-cienciull\/","url":"https:\/\/www.ull.es\/portal\/agenda\/evento\/acto-de-cierre-de-la-vi-temporada-de-todas-con-cienciull\/","name":"Acto de cierre de la VI temporada de \u201cTodas con Cienci@ULL\u201d - ULL - Agenda","isPartOf":{"@id":"https:\/\/www.ull.es\/portal\/agenda\/#website"},"datePublished":"2026-03-27T08:22:12+00:00","dateModified":"2026-03-27T08:23:09+00:00","breadcrumb":{"@id":"https:\/\/www.ull.es\/portal\/agenda\/evento\/acto-de-cierre-de-la-vi-temporada-de-todas-con-cienciull\/#breadcrumb"},"inLanguage":"es","potentialAction":[{"@type":"ReadAction","target":["https:\/\/www.ull.es\/portal\/agenda\/evento\/acto-de-cierre-de-la-vi-temporada-de-todas-con-cienciull\/"]}]},{"@type":"BreadcrumbList","@id":"https:\/\/www.ull.es\/portal\/agenda\/evento\/acto-de-cierre-de-la-vi-temporada-de-todas-con-cienciull\/#breadcrumb","itemListElement":[{"@type":"ListItem","position":1,"name":"Portada","item":"https:\/\/www.ull.es\/portal\/agenda\/"},{"@type":"ListItem","position":2,"name":"Acto de cierre de la VI temporada de \u201cTodas con Cienci@ULL\u201d"}]},{"@type":"WebSite","@id":"https:\/\/www.ull.es\/portal\/agenda\/#website","url":"https:\/\/www.ull.es\/portal\/agenda\/","name":"ULL - Agenda","description":"","potentialAction":[{"@type":"SearchAction","target":{"@type":"EntryPoint","urlTemplate":"https:\/\/www.ull.es\/portal\/agenda\/?s={search_term_string}"},"query-input":"required name=search_term_string"}],"inLanguage":"es"}]}},"_links":{"self":[{"href":"https:\/\/www.ull.es\/portal\/agenda\/wp-json\/wp\/v2\/tribe_events\/47343"}],"collection":[{"href":"https:\/\/www.ull.es\/portal\/agenda\/wp-json\/wp\/v2\/tribe_events"}],"about":[{"href":"https:\/\/www.ull.es\/portal\/agenda\/wp-json\/wp\/v2\/types\/tribe_events"}],"author":[{"embeddable":true,"href":"https:\/\/www.ull.es\/portal\/agenda\/wp-json\/wp\/v2\/users\/117"}],"replies":[{"embeddable":true,"href":"https:\/\/www.ull.es\/portal\/agenda\/wp-json\/wp\/v2\/comments?post=47343"}],"version-history":[{"count":1,"href":"https:\/\/www.ull.es\/portal\/agenda\/wp-json\/wp\/v2\/tribe_events\/47343\/revisions"}],"predecessor-version":[{"id":47345,"href":"https:\/\/www.ull.es\/portal\/agenda\/wp-json\/wp\/v2\/tribe_events\/47343\/revisions\/47345"}],"wp:featuredmedia":[{"embeddable":true,"href":"https:\/\/www.ull.es\/portal\/agenda\/wp-json\/wp\/v2\/media\/47344"}],"wp:attachment":[{"href":"https:\/\/www.ull.es\/portal\/agenda\/wp-json\/wp\/v2\/media?parent=47343"}],"wp:term":[{"taxonomy":"post_tag","embeddable":true,"href":"https:\/\/www.ull.es\/portal\/agenda\/wp-json\/wp\/v2\/tags?post=47343"},{"taxonomy":"tribe_events_cat","embeddable":true,"href":"https:\/\/www.ull.es\/portal\/agenda\/wp-json\/wp\/v2\/tribe_events_cat?post=47343"}],"curies":[{"name":"wp","href":"https:\/\/api.w.org\/{rel}","templated":true}]}}