{"id":47508,"date":"2026-04-08T10:39:09","date_gmt":"2026-04-08T10:39:09","guid":{"rendered":"https:\/\/www.ull.es\/portal\/agenda\/?post_type=tribe_events&#038;p=47508"},"modified":"2026-04-24T10:42:16","modified_gmt":"2026-04-24T10:42:16","slug":"acto-homenaje-a-rosario-alvarez-martinez","status":"publish","type":"tribe_events","link":"https:\/\/www.ull.es\/portal\/agenda\/evento\/acto-homenaje-a-rosario-alvarez-martinez\/","title":{"rendered":"Acto homenaje a Rosario \u00c1lvarez Mart\u00ednez"},"content":{"rendered":"<div>Mar\u00eda del Rosario \u00c1lvarez Mart\u00ednez destaca como pionera al convertirse en la primera mujer catedr\u00e1tica de Historia de la M\u00fasica en Espa\u00f1a. Adem\u00e1s, desde 1985 ha sido miembro de la Real Academia Canaria de Bellas Artes, instituci\u00f3n de la que fue presidenta entre 2009 y 2017. A lo largo de su trayectoria, \u00c1lvarez ha recibido numerosos premios y distinciones, entre los que destacan el Premio Nacional de Musicolog\u00eda en 1982 y la Medalla de Oro de Canarias, otorgada en 2005.<\/p>\n<p>Gran parte de su labor investigadora se centr\u00f3 en el rescate, conservaci\u00f3n y divulgaci\u00f3n del patrimonio musical de Canarias mediante la creaci\u00f3n de archivos musicales. Inicialmente, trabaj\u00f3 en el Instituto de Estudios Canarios y posteriormente facilit\u00f3 el dep\u00f3sito de archivos de m\u00fasicos destacados en el Archivo Hist\u00f3rico Provincial por parte de sus familiares. En colaboraci\u00f3n con Lothar Siemens, dirigi\u00f3 el proyecto musicol\u00f3gico RALS entre 1996 y 2017, dedicado a la recuperaci\u00f3n del patrimonio musical canario, que incluy\u00f3 la publicaci\u00f3n de libros de investigaci\u00f3n, partituras y discos compactos. Adem\u00e1s, escribi\u00f3 el primer volumen de la historia de la m\u00fasica de Canarias, titulado <em>La m\u00fasica en la sociedad canaria a trav\u00e9s de la historia I: desde el periodo aborigen hasta 1600<\/em>, publicado en 2005.<\/div>\n<div>\n<p>La Universidad de La Laguna junto con la Real Academia Canaria de Bellas Artes San Miguel Arc\u00e1ngel celebrar\u00e1n un acto de homenaje a la music\u00f3loga, que tendr\u00e1 lugar el lunes 27 de abril en el Paraninfo a las 19:00 horas.<\/p>\n<\/div>\n<p><a href=\"https:\/\/www.ecoentradas.com\/elegirsesion\/3183\" target=\"_blank\" rel=\"noopener\">Entradas gratuitas<\/a><\/p>\n<p>Para todos los p\u00fablicos<\/p>\n","protected":false},"excerpt":{"rendered":"<p>Mar\u00eda del Rosario \u00c1lvarez Mart\u00ednez destaca como pionera al convertirse en la primera mujer catedr\u00e1tica de Historia de la M\u00fasica en Espa\u00f1a. Adem\u00e1s, desde 1985 ha sido miembro de la Real Academia Canaria de Bellas Artes, instituci\u00f3n de la que fue presidenta entre 2009 y 2017. A lo largo de su trayectoria, \u00c1lvarez ha recibido&#8230;<\/p>\n","protected":false},"author":117,"featured_media":47509,"comment_status":"closed","ping_status":"closed","template":"","tags":[],"tribe_events_cat":[3987,4,343,186,191],"acf":[],"yoast_head":"<!-- This site is optimized with the Yoast SEO plugin v21.3 - https:\/\/yoast.com\/wordpress\/plugins\/seo\/ -->\n<title>Acto homenaje a Rosario \u00c1lvarez Mart\u00ednez - ULL - Agenda<\/title>\n<meta name=\"robots\" content=\"index, follow, max-snippet:-1, max-image-preview:large, max-video-preview:-1\" \/>\n<link rel=\"canonical\" href=\"https:\/\/www.ull.es\/portal\/agenda\/evento\/acto-homenaje-a-rosario-alvarez-martinez\/\" \/>\n<meta property=\"og:locale\" content=\"es_ES\" \/>\n<meta property=\"og:type\" content=\"article\" \/>\n<meta property=\"og:title\" content=\"Acto homenaje a Rosario \u00c1lvarez Mart\u00ednez - ULL - Agenda\" \/>\n<meta property=\"og:description\" content=\"Mar\u00eda del Rosario \u00c1lvarez Mart\u00ednez destaca como pionera al convertirse en la primera mujer catedr\u00e1tica de Historia de la M\u00fasica en Espa\u00f1a. Adem\u00e1s, desde 1985 ha sido miembro de la Real Academia Canaria de Bellas Artes, instituci\u00f3n de la que fue presidenta entre 2009 y 2017. A lo largo de su trayectoria, \u00c1lvarez ha recibido...\" \/>\n<meta property=\"og:url\" content=\"https:\/\/www.ull.es\/portal\/agenda\/evento\/acto-homenaje-a-rosario-alvarez-martinez\/\" \/>\n<meta property=\"og:site_name\" content=\"ULL - Agenda\" \/>\n<meta property=\"article:modified_time\" content=\"2026-04-24T10:42:16+00:00\" \/>\n<meta property=\"og:image\" content=\"https:\/\/www.ull.es\/portal\/agenda\/wp-content\/uploads\/sites\/12\/2026\/04\/Banner-Rosario-01.jpg\" \/>\n\t<meta property=\"og:image:width\" content=\"1600\" \/>\n\t<meta property=\"og:image:height\" content=\"790\" \/>\n\t<meta property=\"og:image:type\" content=\"image\/jpeg\" \/>\n<meta name=\"twitter:card\" content=\"summary_large_image\" \/>\n<meta name=\"twitter:label1\" content=\"Tiempo de lectura\" \/>\n\t<meta name=\"twitter:data1\" content=\"2 minutos\" \/>\n<script type=\"application\/ld+json\" class=\"yoast-schema-graph\">{\"@context\":\"https:\/\/schema.org\",\"@graph\":[{\"@type\":\"WebPage\",\"@id\":\"https:\/\/www.ull.es\/portal\/agenda\/evento\/acto-homenaje-a-rosario-alvarez-martinez\/\",\"url\":\"https:\/\/www.ull.es\/portal\/agenda\/evento\/acto-homenaje-a-rosario-alvarez-martinez\/\",\"name\":\"Acto homenaje a Rosario \u00c1lvarez Mart\u00ednez - ULL - Agenda\",\"isPartOf\":{\"@id\":\"https:\/\/www.ull.es\/portal\/agenda\/#website\"},\"datePublished\":\"2026-04-08T10:39:09+00:00\",\"dateModified\":\"2026-04-24T10:42:16+00:00\",\"breadcrumb\":{\"@id\":\"https:\/\/www.ull.es\/portal\/agenda\/evento\/acto-homenaje-a-rosario-alvarez-martinez\/#breadcrumb\"},\"inLanguage\":\"es\",\"potentialAction\":[{\"@type\":\"ReadAction\",\"target\":[\"https:\/\/www.ull.es\/portal\/agenda\/evento\/acto-homenaje-a-rosario-alvarez-martinez\/\"]}]},{\"@type\":\"BreadcrumbList\",\"@id\":\"https:\/\/www.ull.es\/portal\/agenda\/evento\/acto-homenaje-a-rosario-alvarez-martinez\/#breadcrumb\",\"itemListElement\":[{\"@type\":\"ListItem\",\"position\":1,\"name\":\"Portada\",\"item\":\"https:\/\/www.ull.es\/portal\/agenda\/\"},{\"@type\":\"ListItem\",\"position\":2,\"name\":\"Acto homenaje a Rosario \u00c1lvarez Mart\u00ednez\"}]},{\"@type\":\"WebSite\",\"@id\":\"https:\/\/www.ull.es\/portal\/agenda\/#website\",\"url\":\"https:\/\/www.ull.es\/portal\/agenda\/\",\"name\":\"ULL - Agenda\",\"description\":\"\",\"potentialAction\":[{\"@type\":\"SearchAction\",\"target\":{\"@type\":\"EntryPoint\",\"urlTemplate\":\"https:\/\/www.ull.es\/portal\/agenda\/?s={search_term_string}\"},\"query-input\":\"required name=search_term_string\"}],\"inLanguage\":\"es\"}]}<\/script>\n<!-- \/ Yoast SEO plugin. -->","yoast_head_json":{"title":"Acto homenaje a Rosario \u00c1lvarez Mart\u00ednez - ULL - Agenda","robots":{"index":"index","follow":"follow","max-snippet":"max-snippet:-1","max-image-preview":"max-image-preview:large","max-video-preview":"max-video-preview:-1"},"canonical":"https:\/\/www.ull.es\/portal\/agenda\/evento\/acto-homenaje-a-rosario-alvarez-martinez\/","og_locale":"es_ES","og_type":"article","og_title":"Acto homenaje a Rosario \u00c1lvarez Mart\u00ednez - ULL - Agenda","og_description":"Mar\u00eda del Rosario \u00c1lvarez Mart\u00ednez destaca como pionera al convertirse en la primera mujer catedr\u00e1tica de Historia de la M\u00fasica en Espa\u00f1a. Adem\u00e1s, desde 1985 ha sido miembro de la Real Academia Canaria de Bellas Artes, instituci\u00f3n de la que fue presidenta entre 2009 y 2017. A lo largo de su trayectoria, \u00c1lvarez ha recibido...","og_url":"https:\/\/www.ull.es\/portal\/agenda\/evento\/acto-homenaje-a-rosario-alvarez-martinez\/","og_site_name":"ULL - Agenda","article_modified_time":"2026-04-24T10:42:16+00:00","og_image":[{"width":1600,"height":790,"url":"https:\/\/www.ull.es\/portal\/agenda\/wp-content\/uploads\/sites\/12\/2026\/04\/Banner-Rosario-01.jpg","type":"image\/jpeg"}],"twitter_card":"summary_large_image","twitter_misc":{"Tiempo de lectura":"2 minutos"},"schema":{"@context":"https:\/\/schema.org","@graph":[{"@type":"WebPage","@id":"https:\/\/www.ull.es\/portal\/agenda\/evento\/acto-homenaje-a-rosario-alvarez-martinez\/","url":"https:\/\/www.ull.es\/portal\/agenda\/evento\/acto-homenaje-a-rosario-alvarez-martinez\/","name":"Acto homenaje a Rosario \u00c1lvarez Mart\u00ednez - ULL - Agenda","isPartOf":{"@id":"https:\/\/www.ull.es\/portal\/agenda\/#website"},"datePublished":"2026-04-08T10:39:09+00:00","dateModified":"2026-04-24T10:42:16+00:00","breadcrumb":{"@id":"https:\/\/www.ull.es\/portal\/agenda\/evento\/acto-homenaje-a-rosario-alvarez-martinez\/#breadcrumb"},"inLanguage":"es","potentialAction":[{"@type":"ReadAction","target":["https:\/\/www.ull.es\/portal\/agenda\/evento\/acto-homenaje-a-rosario-alvarez-martinez\/"]}]},{"@type":"BreadcrumbList","@id":"https:\/\/www.ull.es\/portal\/agenda\/evento\/acto-homenaje-a-rosario-alvarez-martinez\/#breadcrumb","itemListElement":[{"@type":"ListItem","position":1,"name":"Portada","item":"https:\/\/www.ull.es\/portal\/agenda\/"},{"@type":"ListItem","position":2,"name":"Acto homenaje a Rosario \u00c1lvarez Mart\u00ednez"}]},{"@type":"WebSite","@id":"https:\/\/www.ull.es\/portal\/agenda\/#website","url":"https:\/\/www.ull.es\/portal\/agenda\/","name":"ULL - Agenda","description":"","potentialAction":[{"@type":"SearchAction","target":{"@type":"EntryPoint","urlTemplate":"https:\/\/www.ull.es\/portal\/agenda\/?s={search_term_string}"},"query-input":"required name=search_term_string"}],"inLanguage":"es"}]}},"_links":{"self":[{"href":"https:\/\/www.ull.es\/portal\/agenda\/wp-json\/wp\/v2\/tribe_events\/47508"}],"collection":[{"href":"https:\/\/www.ull.es\/portal\/agenda\/wp-json\/wp\/v2\/tribe_events"}],"about":[{"href":"https:\/\/www.ull.es\/portal\/agenda\/wp-json\/wp\/v2\/types\/tribe_events"}],"author":[{"embeddable":true,"href":"https:\/\/www.ull.es\/portal\/agenda\/wp-json\/wp\/v2\/users\/117"}],"replies":[{"embeddable":true,"href":"https:\/\/www.ull.es\/portal\/agenda\/wp-json\/wp\/v2\/comments?post=47508"}],"version-history":[{"count":8,"href":"https:\/\/www.ull.es\/portal\/agenda\/wp-json\/wp\/v2\/tribe_events\/47508\/revisions"}],"predecessor-version":[{"id":47903,"href":"https:\/\/www.ull.es\/portal\/agenda\/wp-json\/wp\/v2\/tribe_events\/47508\/revisions\/47903"}],"wp:featuredmedia":[{"embeddable":true,"href":"https:\/\/www.ull.es\/portal\/agenda\/wp-json\/wp\/v2\/media\/47509"}],"wp:attachment":[{"href":"https:\/\/www.ull.es\/portal\/agenda\/wp-json\/wp\/v2\/media?parent=47508"}],"wp:term":[{"taxonomy":"post_tag","embeddable":true,"href":"https:\/\/www.ull.es\/portal\/agenda\/wp-json\/wp\/v2\/tags?post=47508"},{"taxonomy":"tribe_events_cat","embeddable":true,"href":"https:\/\/www.ull.es\/portal\/agenda\/wp-json\/wp\/v2\/tribe_events_cat?post=47508"}],"curies":[{"name":"wp","href":"https:\/\/api.w.org\/{rel}","templated":true}]}}