{"id":47603,"date":"2026-04-13T09:28:44","date_gmt":"2026-04-13T09:28:44","guid":{"rendered":"https:\/\/www.ull.es\/portal\/agenda\/?post_type=tribe_events&#038;p=47603"},"modified":"2026-04-27T11:53:41","modified_gmt":"2026-04-27T11:53:41","slug":"i-seminario-internacional-siglo-de-oro-lope-antes-de-lope-hacia-la-formacion-de-la-comedia-nueva","status":"publish","type":"tribe_events","link":"https:\/\/www.ull.es\/portal\/agenda\/evento\/i-seminario-internacional-siglo-de-oro-lope-antes-de-lope-hacia-la-formacion-de-la-comedia-nueva\/","title":{"rendered":"I Seminario Internacional Siglo de Oro. Lope antes de Lope: hacia la formaci\u00f3n de la comedia nueva"},"content":{"rendered":"<p>El Aula de Artes Esc\u00e9nicas del Vicerrectorado de Cultura y Extensi\u00f3n, el Vicedecanato de la Secci\u00f3n de Filolog\u00eda de la Facultad de Humanidades, el Vicerrectorado de Investigaci\u00f3n y Transferencia y el Departamento de Filolog\u00eda Espa\u00f1ola de la Universidad de La Laguna organizan este encuentro cient\u00edfico que analizar\u00e1 las estrategias para representar, cuestionar y reconceptualizar la gestaci\u00f3n del modelo dram\u00e1tico que Lope de Vega someti\u00f3 a experimentaci\u00f3n y consolid\u00f3 sobre el sustrato de los comediantes dell\u2019arte, los tr\u00e1gicos valencianos y las dramaturgias renacentistas, confirmando sobre el palimpsesto h\u00edbrido la industria cultural m\u00e1s influyente del ocio y de la econom\u00eda de la Espa\u00f1a de los siglos XVI y XVII.<\/p>\n<p>Este encuentro cient\u00edfico atiende, por primera vez en la historia de la casi tricentenaria Universidad de La Laguna, a los estudios literarios del Siglo de Oro y pretende convertirse en una escala atl\u00e1ntica de referencia para el hispanismo internacional.<\/p>\n<p>El encuentro se desarrollar\u00e1 de manera presencial en el Campus Guajara de la Universidad de La Laguna los d\u00edas 7, 8 y 9 de octubre de 2026. De esta manera, se pretende favorecer el intercambio y la generaci\u00f3n de conocimientos desde un espacio perif\u00e9rico, con una realidad investigadora tan peculiar como la del archipi\u00e9lago canario, con el fin de situar los debates sobre el Siglo de Oro fuera de los centros culturales y de investigaci\u00f3n habituales.<\/p>\n<p>Para m\u00e1s informaci\u00f3n, pulse este <a href=\"https:\/\/eventos.ull.es\/148438\/detail\/i-seminario-internacional-siglo-de-oro-lope-antes-de-lope-hacia-la-formacion-de-la-comedia-nueva-in.html\" target=\"_blank\" rel=\"noopener\">enlace<\/a>.<\/p>\n","protected":false},"excerpt":{"rendered":"<p>El Aula de Artes Esc\u00e9nicas del Vicerrectorado de Cultura y Extensi\u00f3n, el Vicedecanato de la Secci\u00f3n de Filolog\u00eda de la Facultad de Humanidades, el Vicerrectorado de Investigaci\u00f3n y Transferencia y el Departamento de Filolog\u00eda Espa\u00f1ola de la Universidad de La Laguna organizan este encuentro cient\u00edfico que analizar\u00e1 las estrategias para representar, cuestionar y reconceptualizar la&#8230;<\/p>\n","protected":false},"author":117,"featured_media":47939,"comment_status":"closed","ping_status":"closed","template":"","tags":[],"tribe_events_cat":[3987,4,985,473,5,186,191],"acf":[],"yoast_head":"<!-- This site is optimized with the Yoast SEO plugin v21.3 - https:\/\/yoast.com\/wordpress\/plugins\/seo\/ -->\n<title>I Seminario Internacional Siglo de Oro. Lope antes de Lope: hacia la formaci\u00f3n de la comedia nueva - ULL - Agenda<\/title>\n<meta name=\"robots\" content=\"index, follow, max-snippet:-1, max-image-preview:large, max-video-preview:-1\" \/>\n<link rel=\"canonical\" href=\"https:\/\/www.ull.es\/portal\/agenda\/evento\/i-seminario-internacional-siglo-de-oro-lope-antes-de-lope-hacia-la-formacion-de-la-comedia-nueva\/\" \/>\n<meta property=\"og:locale\" content=\"es_ES\" \/>\n<meta property=\"og:type\" content=\"article\" \/>\n<meta property=\"og:title\" content=\"I Seminario Internacional Siglo de Oro. Lope antes de Lope: hacia la formaci\u00f3n de la comedia nueva - ULL - Agenda\" \/>\n<meta property=\"og:description\" content=\"El Aula de Artes Esc\u00e9nicas del Vicerrectorado de Cultura y Extensi\u00f3n, el Vicedecanato de la Secci\u00f3n de Filolog\u00eda de la Facultad de Humanidades, el Vicerrectorado de Investigaci\u00f3n y Transferencia y el Departamento de Filolog\u00eda Espa\u00f1ola de la Universidad de La Laguna organizan este encuentro cient\u00edfico que analizar\u00e1 las estrategias para representar, cuestionar y reconceptualizar la...\" \/>\n<meta property=\"og:url\" content=\"https:\/\/www.ull.es\/portal\/agenda\/evento\/i-seminario-internacional-siglo-de-oro-lope-antes-de-lope-hacia-la-formacion-de-la-comedia-nueva\/\" \/>\n<meta property=\"og:site_name\" content=\"ULL - Agenda\" \/>\n<meta property=\"article:modified_time\" content=\"2026-04-27T11:53:41+00:00\" \/>\n<meta property=\"og:image\" content=\"https:\/\/www.ull.es\/portal\/agenda\/wp-content\/uploads\/sites\/12\/2026\/04\/banner-eventos-69.jpg\" \/>\n\t<meta property=\"og:image:width\" content=\"750\" \/>\n\t<meta property=\"og:image:height\" content=\"370\" \/>\n\t<meta property=\"og:image:type\" content=\"image\/jpeg\" \/>\n<meta name=\"twitter:card\" content=\"summary_large_image\" \/>\n<meta name=\"twitter:label1\" content=\"Tiempo de lectura\" \/>\n\t<meta name=\"twitter:data1\" content=\"2 minutos\" \/>\n<script type=\"application\/ld+json\" class=\"yoast-schema-graph\">{\"@context\":\"https:\/\/schema.org\",\"@graph\":[{\"@type\":\"WebPage\",\"@id\":\"https:\/\/www.ull.es\/portal\/agenda\/evento\/i-seminario-internacional-siglo-de-oro-lope-antes-de-lope-hacia-la-formacion-de-la-comedia-nueva\/\",\"url\":\"https:\/\/www.ull.es\/portal\/agenda\/evento\/i-seminario-internacional-siglo-de-oro-lope-antes-de-lope-hacia-la-formacion-de-la-comedia-nueva\/\",\"name\":\"I Seminario Internacional Siglo de Oro. Lope antes de Lope: hacia la formaci\u00f3n de la comedia nueva - ULL - Agenda\",\"isPartOf\":{\"@id\":\"https:\/\/www.ull.es\/portal\/agenda\/#website\"},\"datePublished\":\"2026-04-13T09:28:44+00:00\",\"dateModified\":\"2026-04-27T11:53:41+00:00\",\"breadcrumb\":{\"@id\":\"https:\/\/www.ull.es\/portal\/agenda\/evento\/i-seminario-internacional-siglo-de-oro-lope-antes-de-lope-hacia-la-formacion-de-la-comedia-nueva\/#breadcrumb\"},\"inLanguage\":\"es\",\"potentialAction\":[{\"@type\":\"ReadAction\",\"target\":[\"https:\/\/www.ull.es\/portal\/agenda\/evento\/i-seminario-internacional-siglo-de-oro-lope-antes-de-lope-hacia-la-formacion-de-la-comedia-nueva\/\"]}]},{\"@type\":\"BreadcrumbList\",\"@id\":\"https:\/\/www.ull.es\/portal\/agenda\/evento\/i-seminario-internacional-siglo-de-oro-lope-antes-de-lope-hacia-la-formacion-de-la-comedia-nueva\/#breadcrumb\",\"itemListElement\":[{\"@type\":\"ListItem\",\"position\":1,\"name\":\"Portada\",\"item\":\"https:\/\/www.ull.es\/portal\/agenda\/\"},{\"@type\":\"ListItem\",\"position\":2,\"name\":\"I Seminario Internacional Siglo de Oro. Lope antes de Lope: hacia la formaci\u00f3n de la comedia nueva\"}]},{\"@type\":\"WebSite\",\"@id\":\"https:\/\/www.ull.es\/portal\/agenda\/#website\",\"url\":\"https:\/\/www.ull.es\/portal\/agenda\/\",\"name\":\"ULL - Agenda\",\"description\":\"\",\"potentialAction\":[{\"@type\":\"SearchAction\",\"target\":{\"@type\":\"EntryPoint\",\"urlTemplate\":\"https:\/\/www.ull.es\/portal\/agenda\/?s={search_term_string}\"},\"query-input\":\"required name=search_term_string\"}],\"inLanguage\":\"es\"}]}<\/script>\n<!-- \/ Yoast SEO plugin. -->","yoast_head_json":{"title":"I Seminario Internacional Siglo de Oro. Lope antes de Lope: hacia la formaci\u00f3n de la comedia nueva - ULL - Agenda","robots":{"index":"index","follow":"follow","max-snippet":"max-snippet:-1","max-image-preview":"max-image-preview:large","max-video-preview":"max-video-preview:-1"},"canonical":"https:\/\/www.ull.es\/portal\/agenda\/evento\/i-seminario-internacional-siglo-de-oro-lope-antes-de-lope-hacia-la-formacion-de-la-comedia-nueva\/","og_locale":"es_ES","og_type":"article","og_title":"I Seminario Internacional Siglo de Oro. Lope antes de Lope: hacia la formaci\u00f3n de la comedia nueva - ULL - Agenda","og_description":"El Aula de Artes Esc\u00e9nicas del Vicerrectorado de Cultura y Extensi\u00f3n, el Vicedecanato de la Secci\u00f3n de Filolog\u00eda de la Facultad de Humanidades, el Vicerrectorado de Investigaci\u00f3n y Transferencia y el Departamento de Filolog\u00eda Espa\u00f1ola de la Universidad de La Laguna organizan este encuentro cient\u00edfico que analizar\u00e1 las estrategias para representar, cuestionar y reconceptualizar la...","og_url":"https:\/\/www.ull.es\/portal\/agenda\/evento\/i-seminario-internacional-siglo-de-oro-lope-antes-de-lope-hacia-la-formacion-de-la-comedia-nueva\/","og_site_name":"ULL - Agenda","article_modified_time":"2026-04-27T11:53:41+00:00","og_image":[{"width":750,"height":370,"url":"https:\/\/www.ull.es\/portal\/agenda\/wp-content\/uploads\/sites\/12\/2026\/04\/banner-eventos-69.jpg","type":"image\/jpeg"}],"twitter_card":"summary_large_image","twitter_misc":{"Tiempo de lectura":"2 minutos"},"schema":{"@context":"https:\/\/schema.org","@graph":[{"@type":"WebPage","@id":"https:\/\/www.ull.es\/portal\/agenda\/evento\/i-seminario-internacional-siglo-de-oro-lope-antes-de-lope-hacia-la-formacion-de-la-comedia-nueva\/","url":"https:\/\/www.ull.es\/portal\/agenda\/evento\/i-seminario-internacional-siglo-de-oro-lope-antes-de-lope-hacia-la-formacion-de-la-comedia-nueva\/","name":"I Seminario Internacional Siglo de Oro. Lope antes de Lope: hacia la formaci\u00f3n de la comedia nueva - ULL - Agenda","isPartOf":{"@id":"https:\/\/www.ull.es\/portal\/agenda\/#website"},"datePublished":"2026-04-13T09:28:44+00:00","dateModified":"2026-04-27T11:53:41+00:00","breadcrumb":{"@id":"https:\/\/www.ull.es\/portal\/agenda\/evento\/i-seminario-internacional-siglo-de-oro-lope-antes-de-lope-hacia-la-formacion-de-la-comedia-nueva\/#breadcrumb"},"inLanguage":"es","potentialAction":[{"@type":"ReadAction","target":["https:\/\/www.ull.es\/portal\/agenda\/evento\/i-seminario-internacional-siglo-de-oro-lope-antes-de-lope-hacia-la-formacion-de-la-comedia-nueva\/"]}]},{"@type":"BreadcrumbList","@id":"https:\/\/www.ull.es\/portal\/agenda\/evento\/i-seminario-internacional-siglo-de-oro-lope-antes-de-lope-hacia-la-formacion-de-la-comedia-nueva\/#breadcrumb","itemListElement":[{"@type":"ListItem","position":1,"name":"Portada","item":"https:\/\/www.ull.es\/portal\/agenda\/"},{"@type":"ListItem","position":2,"name":"I Seminario Internacional Siglo de Oro. Lope antes de Lope: hacia la formaci\u00f3n de la comedia nueva"}]},{"@type":"WebSite","@id":"https:\/\/www.ull.es\/portal\/agenda\/#website","url":"https:\/\/www.ull.es\/portal\/agenda\/","name":"ULL - Agenda","description":"","potentialAction":[{"@type":"SearchAction","target":{"@type":"EntryPoint","urlTemplate":"https:\/\/www.ull.es\/portal\/agenda\/?s={search_term_string}"},"query-input":"required name=search_term_string"}],"inLanguage":"es"}]}},"_links":{"self":[{"href":"https:\/\/www.ull.es\/portal\/agenda\/wp-json\/wp\/v2\/tribe_events\/47603"}],"collection":[{"href":"https:\/\/www.ull.es\/portal\/agenda\/wp-json\/wp\/v2\/tribe_events"}],"about":[{"href":"https:\/\/www.ull.es\/portal\/agenda\/wp-json\/wp\/v2\/types\/tribe_events"}],"author":[{"embeddable":true,"href":"https:\/\/www.ull.es\/portal\/agenda\/wp-json\/wp\/v2\/users\/117"}],"replies":[{"embeddable":true,"href":"https:\/\/www.ull.es\/portal\/agenda\/wp-json\/wp\/v2\/comments?post=47603"}],"version-history":[{"count":1,"href":"https:\/\/www.ull.es\/portal\/agenda\/wp-json\/wp\/v2\/tribe_events\/47603\/revisions"}],"predecessor-version":[{"id":47604,"href":"https:\/\/www.ull.es\/portal\/agenda\/wp-json\/wp\/v2\/tribe_events\/47603\/revisions\/47604"}],"wp:featuredmedia":[{"embeddable":true,"href":"https:\/\/www.ull.es\/portal\/agenda\/wp-json\/wp\/v2\/media\/47939"}],"wp:attachment":[{"href":"https:\/\/www.ull.es\/portal\/agenda\/wp-json\/wp\/v2\/media?parent=47603"}],"wp:term":[{"taxonomy":"post_tag","embeddable":true,"href":"https:\/\/www.ull.es\/portal\/agenda\/wp-json\/wp\/v2\/tags?post=47603"},{"taxonomy":"tribe_events_cat","embeddable":true,"href":"https:\/\/www.ull.es\/portal\/agenda\/wp-json\/wp\/v2\/tribe_events_cat?post=47603"}],"curies":[{"name":"wp","href":"https:\/\/api.w.org\/{rel}","templated":true}]}}