{"id":47850,"date":"2026-04-21T11:51:46","date_gmt":"2026-04-21T11:51:46","guid":{"rendered":"https:\/\/www.ull.es\/portal\/agenda\/?post_type=tribe_events&#038;p=47850"},"modified":"2026-04-27T10:40:30","modified_gmt":"2026-04-27T10:40:30","slug":"1a-jornada-sobre-gobernanza-etica-en-tiempos-de-incertidumbre-en-las-organizaciones-sociales","status":"publish","type":"tribe_events","link":"https:\/\/www.ull.es\/portal\/agenda\/evento\/1a-jornada-sobre-gobernanza-etica-en-tiempos-de-incertidumbre-en-las-organizaciones-sociales\/","title":{"rendered":"1\u00aa Jornada sobre Gobernanza \u00e9tica en tiempos de incertidumbre en las organizaciones sociales"},"content":{"rendered":"<p>El Aula Magna de la Facultad de Econom\u00eda, Empresa y Turismo de la Universidad de La Laguna organiza la 1\u00aa Jornada sobre Gobernanza \u00e9tica en tiempos de incertidumbre en las organizaciones sociales, <span style=\"font-weight: 400;\">un encuentro que reunir\u00e1 a profesionales, responsables institucionales y expertos del \u00e1mbito social para reflexionar sobre los desaf\u00edos \u00e9ticos que afrontan actualmente las organizaciones del tercer sector. La jornada se celebrar\u00e1 el 7 de mayo de 2026, en horario de 08:30 a 14:20 horas y est\u00e1 organizada por Nuevo Futuro Tenerife con la colaboraci\u00f3n de distintas instituciones p\u00fablicas y sociales.\u00a0<\/span><\/p>\n<p><span style=\"font-weight: 400;\">El evento comenzar\u00e1 con la inauguraci\u00f3n institucional a las 09:00 horas, que contar\u00e1 con la participaci\u00f3n de Isabel Le\u00f3n P\u00e9rez, vicerrectora de Cultura y Extensi\u00f3n Universitaria; \u00c1gueda Fumero Roque, consejera insular de Acci\u00f3n Social, Inclusi\u00f3n, Voluntariado y Participaci\u00f3n Ciudadana del Cabildo de Tenerife; y Esther Navarro Reyes, presidenta de Nuevo Futuro Tenerife.\u00a0<\/span><\/p>\n<p><span style=\"font-weight: 400;\">A lo largo de la ma\u00f1ana se desarrollar\u00e1n diversas ponencias y mesas redondas centradas en la \u00e9tica aplicada a la gesti\u00f3n de organizaciones sociales. Entre los temas que se abordar\u00e1n destacan la financiaci\u00f3n responsable, la gesti\u00f3n \u00e9tica de los recursos, los conflictos de inter\u00e9s, la protecci\u00f3n de las personas usuarias, la participaci\u00f3n comunitaria \u00e9tica o los retos de la interculturalidad en la intervenci\u00f3n social.\u00a0<\/span><\/p>\n<p><span style=\"font-weight: 400;\">Esta jornada pretende convertirse en un espacio de reflexi\u00f3n y di\u00e1logo entre profesionales, instituciones y entidades sociales, contribuyendo a promover buenas pr\u00e1cticas \u00e9ticas y una gesti\u00f3n responsable en el \u00e1mbito social.<\/span><\/p>\n<p><a href=\"https:\/\/drive.google.com\/file\/d\/1alNhaO4FZjvauK7nHrOvLN7Xqt5dOalq\/view?usp=sharing\" target=\"_blank\" rel=\"noopener\">Programa<\/a><\/p>\n","protected":false},"excerpt":{"rendered":"<p>El Aula Magna de la Facultad de Econom\u00eda, Empresa y Turismo de la Universidad de La Laguna organiza la 1\u00aa Jornada sobre Gobernanza \u00e9tica en tiempos de incertidumbre en las organizaciones sociales, un encuentro que reunir\u00e1 a profesionales, responsables institucionales y expertos del \u00e1mbito social para reflexionar sobre los desaf\u00edos \u00e9ticos que afrontan actualmente las&#8230;<\/p>\n","protected":false},"author":117,"featured_media":47936,"comment_status":"closed","ping_status":"closed","template":"","tags":[],"tribe_events_cat":[937],"acf":[],"yoast_head":"<!-- This site is optimized with the Yoast SEO plugin v21.3 - https:\/\/yoast.com\/wordpress\/plugins\/seo\/ -->\n<title>1\u00aa Jornada sobre Gobernanza \u00e9tica en tiempos de incertidumbre en las organizaciones sociales - ULL - Agenda<\/title>\n<meta name=\"robots\" content=\"index, follow, max-snippet:-1, max-image-preview:large, max-video-preview:-1\" \/>\n<link rel=\"canonical\" href=\"https:\/\/www.ull.es\/portal\/agenda\/evento\/1a-jornada-sobre-gobernanza-etica-en-tiempos-de-incertidumbre-en-las-organizaciones-sociales\/\" \/>\n<meta property=\"og:locale\" content=\"es_ES\" \/>\n<meta property=\"og:type\" content=\"article\" \/>\n<meta property=\"og:title\" content=\"1\u00aa Jornada sobre Gobernanza \u00e9tica en tiempos de incertidumbre en las organizaciones sociales - ULL - Agenda\" \/>\n<meta property=\"og:description\" content=\"El Aula Magna de la Facultad de Econom\u00eda, Empresa y Turismo de la Universidad de La Laguna organiza la 1\u00aa Jornada sobre Gobernanza \u00e9tica en tiempos de incertidumbre en las organizaciones sociales, un encuentro que reunir\u00e1 a profesionales, responsables institucionales y expertos del \u00e1mbito social para reflexionar sobre los desaf\u00edos \u00e9ticos que afrontan actualmente las...\" \/>\n<meta property=\"og:url\" content=\"https:\/\/www.ull.es\/portal\/agenda\/evento\/1a-jornada-sobre-gobernanza-etica-en-tiempos-de-incertidumbre-en-las-organizaciones-sociales\/\" \/>\n<meta property=\"og:site_name\" content=\"ULL - Agenda\" \/>\n<meta property=\"article:modified_time\" content=\"2026-04-27T10:40:30+00:00\" \/>\n<meta property=\"og:image\" content=\"https:\/\/www.ull.es\/portal\/agenda\/wp-content\/uploads\/sites\/12\/2026\/04\/banner-eventos-68.jpg\" \/>\n\t<meta property=\"og:image:width\" content=\"750\" \/>\n\t<meta property=\"og:image:height\" content=\"370\" \/>\n\t<meta property=\"og:image:type\" content=\"image\/jpeg\" \/>\n<meta name=\"twitter:card\" content=\"summary_large_image\" \/>\n<meta name=\"twitter:label1\" content=\"Tiempo de lectura\" \/>\n\t<meta name=\"twitter:data1\" content=\"2 minutos\" \/>\n<script type=\"application\/ld+json\" class=\"yoast-schema-graph\">{\"@context\":\"https:\/\/schema.org\",\"@graph\":[{\"@type\":\"WebPage\",\"@id\":\"https:\/\/www.ull.es\/portal\/agenda\/evento\/1a-jornada-sobre-gobernanza-etica-en-tiempos-de-incertidumbre-en-las-organizaciones-sociales\/\",\"url\":\"https:\/\/www.ull.es\/portal\/agenda\/evento\/1a-jornada-sobre-gobernanza-etica-en-tiempos-de-incertidumbre-en-las-organizaciones-sociales\/\",\"name\":\"1\u00aa Jornada sobre Gobernanza \u00e9tica en tiempos de incertidumbre en las organizaciones sociales - ULL - Agenda\",\"isPartOf\":{\"@id\":\"https:\/\/www.ull.es\/portal\/agenda\/#website\"},\"datePublished\":\"2026-04-21T11:51:46+00:00\",\"dateModified\":\"2026-04-27T10:40:30+00:00\",\"breadcrumb\":{\"@id\":\"https:\/\/www.ull.es\/portal\/agenda\/evento\/1a-jornada-sobre-gobernanza-etica-en-tiempos-de-incertidumbre-en-las-organizaciones-sociales\/#breadcrumb\"},\"inLanguage\":\"es\",\"potentialAction\":[{\"@type\":\"ReadAction\",\"target\":[\"https:\/\/www.ull.es\/portal\/agenda\/evento\/1a-jornada-sobre-gobernanza-etica-en-tiempos-de-incertidumbre-en-las-organizaciones-sociales\/\"]}]},{\"@type\":\"BreadcrumbList\",\"@id\":\"https:\/\/www.ull.es\/portal\/agenda\/evento\/1a-jornada-sobre-gobernanza-etica-en-tiempos-de-incertidumbre-en-las-organizaciones-sociales\/#breadcrumb\",\"itemListElement\":[{\"@type\":\"ListItem\",\"position\":1,\"name\":\"Portada\",\"item\":\"https:\/\/www.ull.es\/portal\/agenda\/\"},{\"@type\":\"ListItem\",\"position\":2,\"name\":\"1\u00aa Jornada sobre Gobernanza \u00e9tica en tiempos de incertidumbre en las organizaciones sociales\"}]},{\"@type\":\"WebSite\",\"@id\":\"https:\/\/www.ull.es\/portal\/agenda\/#website\",\"url\":\"https:\/\/www.ull.es\/portal\/agenda\/\",\"name\":\"ULL - Agenda\",\"description\":\"\",\"potentialAction\":[{\"@type\":\"SearchAction\",\"target\":{\"@type\":\"EntryPoint\",\"urlTemplate\":\"https:\/\/www.ull.es\/portal\/agenda\/?s={search_term_string}\"},\"query-input\":\"required name=search_term_string\"}],\"inLanguage\":\"es\"}]}<\/script>\n<!-- \/ Yoast SEO plugin. -->","yoast_head_json":{"title":"1\u00aa Jornada sobre Gobernanza \u00e9tica en tiempos de incertidumbre en las organizaciones sociales - ULL - Agenda","robots":{"index":"index","follow":"follow","max-snippet":"max-snippet:-1","max-image-preview":"max-image-preview:large","max-video-preview":"max-video-preview:-1"},"canonical":"https:\/\/www.ull.es\/portal\/agenda\/evento\/1a-jornada-sobre-gobernanza-etica-en-tiempos-de-incertidumbre-en-las-organizaciones-sociales\/","og_locale":"es_ES","og_type":"article","og_title":"1\u00aa Jornada sobre Gobernanza \u00e9tica en tiempos de incertidumbre en las organizaciones sociales - ULL - Agenda","og_description":"El Aula Magna de la Facultad de Econom\u00eda, Empresa y Turismo de la Universidad de La Laguna organiza la 1\u00aa Jornada sobre Gobernanza \u00e9tica en tiempos de incertidumbre en las organizaciones sociales, un encuentro que reunir\u00e1 a profesionales, responsables institucionales y expertos del \u00e1mbito social para reflexionar sobre los desaf\u00edos \u00e9ticos que afrontan actualmente las...","og_url":"https:\/\/www.ull.es\/portal\/agenda\/evento\/1a-jornada-sobre-gobernanza-etica-en-tiempos-de-incertidumbre-en-las-organizaciones-sociales\/","og_site_name":"ULL - Agenda","article_modified_time":"2026-04-27T10:40:30+00:00","og_image":[{"width":750,"height":370,"url":"https:\/\/www.ull.es\/portal\/agenda\/wp-content\/uploads\/sites\/12\/2026\/04\/banner-eventos-68.jpg","type":"image\/jpeg"}],"twitter_card":"summary_large_image","twitter_misc":{"Tiempo de lectura":"2 minutos"},"schema":{"@context":"https:\/\/schema.org","@graph":[{"@type":"WebPage","@id":"https:\/\/www.ull.es\/portal\/agenda\/evento\/1a-jornada-sobre-gobernanza-etica-en-tiempos-de-incertidumbre-en-las-organizaciones-sociales\/","url":"https:\/\/www.ull.es\/portal\/agenda\/evento\/1a-jornada-sobre-gobernanza-etica-en-tiempos-de-incertidumbre-en-las-organizaciones-sociales\/","name":"1\u00aa Jornada sobre Gobernanza \u00e9tica en tiempos de incertidumbre en las organizaciones sociales - ULL - Agenda","isPartOf":{"@id":"https:\/\/www.ull.es\/portal\/agenda\/#website"},"datePublished":"2026-04-21T11:51:46+00:00","dateModified":"2026-04-27T10:40:30+00:00","breadcrumb":{"@id":"https:\/\/www.ull.es\/portal\/agenda\/evento\/1a-jornada-sobre-gobernanza-etica-en-tiempos-de-incertidumbre-en-las-organizaciones-sociales\/#breadcrumb"},"inLanguage":"es","potentialAction":[{"@type":"ReadAction","target":["https:\/\/www.ull.es\/portal\/agenda\/evento\/1a-jornada-sobre-gobernanza-etica-en-tiempos-de-incertidumbre-en-las-organizaciones-sociales\/"]}]},{"@type":"BreadcrumbList","@id":"https:\/\/www.ull.es\/portal\/agenda\/evento\/1a-jornada-sobre-gobernanza-etica-en-tiempos-de-incertidumbre-en-las-organizaciones-sociales\/#breadcrumb","itemListElement":[{"@type":"ListItem","position":1,"name":"Portada","item":"https:\/\/www.ull.es\/portal\/agenda\/"},{"@type":"ListItem","position":2,"name":"1\u00aa Jornada sobre Gobernanza \u00e9tica en tiempos de incertidumbre en las organizaciones sociales"}]},{"@type":"WebSite","@id":"https:\/\/www.ull.es\/portal\/agenda\/#website","url":"https:\/\/www.ull.es\/portal\/agenda\/","name":"ULL - Agenda","description":"","potentialAction":[{"@type":"SearchAction","target":{"@type":"EntryPoint","urlTemplate":"https:\/\/www.ull.es\/portal\/agenda\/?s={search_term_string}"},"query-input":"required name=search_term_string"}],"inLanguage":"es"}]}},"_links":{"self":[{"href":"https:\/\/www.ull.es\/portal\/agenda\/wp-json\/wp\/v2\/tribe_events\/47850"}],"collection":[{"href":"https:\/\/www.ull.es\/portal\/agenda\/wp-json\/wp\/v2\/tribe_events"}],"about":[{"href":"https:\/\/www.ull.es\/portal\/agenda\/wp-json\/wp\/v2\/types\/tribe_events"}],"author":[{"embeddable":true,"href":"https:\/\/www.ull.es\/portal\/agenda\/wp-json\/wp\/v2\/users\/117"}],"replies":[{"embeddable":true,"href":"https:\/\/www.ull.es\/portal\/agenda\/wp-json\/wp\/v2\/comments?post=47850"}],"version-history":[{"count":3,"href":"https:\/\/www.ull.es\/portal\/agenda\/wp-json\/wp\/v2\/tribe_events\/47850\/revisions"}],"predecessor-version":[{"id":47875,"href":"https:\/\/www.ull.es\/portal\/agenda\/wp-json\/wp\/v2\/tribe_events\/47850\/revisions\/47875"}],"wp:featuredmedia":[{"embeddable":true,"href":"https:\/\/www.ull.es\/portal\/agenda\/wp-json\/wp\/v2\/media\/47936"}],"wp:attachment":[{"href":"https:\/\/www.ull.es\/portal\/agenda\/wp-json\/wp\/v2\/media?parent=47850"}],"wp:term":[{"taxonomy":"post_tag","embeddable":true,"href":"https:\/\/www.ull.es\/portal\/agenda\/wp-json\/wp\/v2\/tags?post=47850"},{"taxonomy":"tribe_events_cat","embeddable":true,"href":"https:\/\/www.ull.es\/portal\/agenda\/wp-json\/wp\/v2\/tribe_events_cat?post=47850"}],"curies":[{"name":"wp","href":"https:\/\/api.w.org\/{rel}","templated":true}]}}