{"id":47922,"date":"2026-04-24T13:50:13","date_gmt":"2026-04-24T13:50:13","guid":{"rendered":"https:\/\/www.ull.es\/portal\/agenda\/?post_type=tribe_events&#038;p=47922"},"modified":"2026-04-28T09:45:46","modified_gmt":"2026-04-28T09:45:46","slug":"consecuencias-de-la-guerra","status":"publish","type":"tribe_events","link":"https:\/\/www.ull.es\/portal\/agenda\/evento\/consecuencias-de-la-guerra\/","title":{"rendered":"Consecuencias de la guerra"},"content":{"rendered":"<p>[vc_row][vc_column][vc_column_text]A ra\u00edz de la situaci\u00f3n internacional actual, en l\u00ednea con la campa\u00f1a de la Universidad de La Laguna sobre los Campus por la paz y respondiendo a los ODS con los que la Biblioteca est\u00e1 comprometida, la Comisi\u00f3n de Responsabilidad Social de la Biblioteca de la Universidad de La Laguna, organiza un ciclo de conferencias sobre las\u00a0<b>Consecuencias de la guerra<\/b>, que est\u00e1 dividido en tres actividades diferenciadas.<\/p>\n<p>La paz es un valor universal que debemos defender y que la universidad asume como propio. La crisis que el mundo est\u00e1 viviendo en estos momentos nos debe hacer reflexionar sobre la importancia del di\u00e1logo y la convivencia, la libertad de expresi\u00f3n, la tolerancia, el respeto al derecho internacional y el respeto entre los pueblos y entre las personas. Por todo ello nos ha parecido importante dedicar este ciclo de conferencias a esta realidad con el fin de que la comunidad universitaria y la sociedad canaria en general sean conscientes de los peligros a los que nos enfrentamos y poder entonces articular una respuesta que proteja lo que tanto nos ha costado conseguir.<br \/>\nAnimamos a toda la comunidad universitaria a asistir a este ciclo de conferencias que se desarrollar\u00e1 de la siguiente forma:<\/p>\n<p>[\/vc_column_text][\/vc_column][\/vc_row][vc_row][vc_column][vc_tta_accordion c_icon=\u00bbchevron\u00bb c_position=\u00bbright\u00bb active_section=\u00bb1&#8243; no_fill=\u00bbtrue\u00bb collapsible_all=\u00bbtrue\u00bb][vc_tta_section title=\u00bb29 de abril: Conferencia: \u00bfEl fin del mundo basado en reglas?\u00bb tab_id=\u00bb29-abril\u00bb][vc_column_text]Conferencia:\u00a0<b>\u00bfEl fin del mundo basado en reglas?\u00a0<\/b>por Lucas Sebasti\u00e1n de Erice Aranda, profesor de Derecho Internacional P\u00fablico y Relaciones Internacionales.<\/p>\n<p><b>29 de abril. 11:00 h.<\/b><br \/>\nBiblioteca de Derecho y Ciencias Sociales.[\/vc_column_text][\/vc_tta_section][vc_tta_section title=\u00bb7 de mayo: Conferencia: Efectos econ\u00f3micos del conflicto en Oriente Medio\u00bb tab_id=\u00bb7 de mayo\u00bb][vc_column_text]<b>7 de mayo: 11:00 h.<\/b><br \/>\nEspacio de Igualdad de la Biblioteca General y de Humanidades.<br \/>\nConferencia:\u00a0<b>Efectos econ\u00f3micos del conflicto en Oriente Medio<\/b>\u00a0 por Gustavo A. Marrero, catedr\u00e1tico de An\u00e1lisis Econ\u00f3mico.[\/vc_column_text][\/vc_tta_section][vc_tta_section title=\u00bb13 de mayo: Conversatorio: Las mujeres ante el conflicto armado\u00bb tab_id=\u00bb13 de mayo\u00bb][vc_column_text]<b>Conversatorio: Las mujeres ante el conflicto armado<\/b>, por Dolores Serrano Niza, catedr\u00e1tica de Estudios \u00c1rabes e Isl\u00e1micos e Inmaculada Blasco Herranz, catedr\u00e1tica de Historia Contempor\u00e1nea.<\/p>\n<p>Modera: Andrea Valentina Delgado V\u00e1squez, alumna del grado de Ciencias de la Informaci\u00f3n.<\/p>\n<p><b>13 de mayo: 11:00 h.\u00a0<\/b><br \/>\nEspacio de Igualdad de la Biblioteca General y de Humanidades.[\/vc_column_text][\/vc_tta_section][\/vc_tta_accordion][\/vc_column][\/vc_row]<\/p>\n","protected":false},"excerpt":{"rendered":"<p>[vc_row][vc_column][vc_column_text]A ra\u00edz de la situaci\u00f3n internacional actual, en l\u00ednea con la campa\u00f1a de la Universidad de La Laguna sobre los Campus por la paz y respondiendo a los ODS con los que la Biblioteca est\u00e1 comprometida, la Comisi\u00f3n de Responsabilidad Social de la Biblioteca de la Universidad de La Laguna, organiza un ciclo de conferencias&#8230;<\/p>\n","protected":false},"author":117,"featured_media":47940,"comment_status":"closed","ping_status":"closed","template":"","tags":[],"tribe_events_cat":[1669,4,186,191],"acf":[],"yoast_head":"<!-- This site is optimized with the Yoast SEO plugin v21.3 - https:\/\/yoast.com\/wordpress\/plugins\/seo\/ -->\n<title>Consecuencias de la guerra - ULL - Agenda<\/title>\n<meta name=\"robots\" content=\"index, follow, max-snippet:-1, max-image-preview:large, max-video-preview:-1\" \/>\n<link rel=\"canonical\" href=\"https:\/\/www.ull.es\/portal\/agenda\/evento\/consecuencias-de-la-guerra\/\" \/>\n<meta property=\"og:locale\" content=\"es_ES\" \/>\n<meta property=\"og:type\" content=\"article\" \/>\n<meta property=\"og:title\" content=\"Consecuencias de la guerra - ULL - Agenda\" \/>\n<meta property=\"og:description\" content=\"[vc_row][vc_column][vc_column_text]A ra\u00edz de la situaci\u00f3n internacional actual, en l\u00ednea con la campa\u00f1a de la Universidad de La Laguna sobre los Campus por la paz y respondiendo a los ODS con los que la Biblioteca est\u00e1 comprometida, la Comisi\u00f3n de Responsabilidad Social de la Biblioteca de la Universidad de La Laguna, organiza un ciclo de conferencias...\" \/>\n<meta property=\"og:url\" content=\"https:\/\/www.ull.es\/portal\/agenda\/evento\/consecuencias-de-la-guerra\/\" \/>\n<meta property=\"og:site_name\" content=\"ULL - Agenda\" \/>\n<meta property=\"article:modified_time\" content=\"2026-04-28T09:45:46+00:00\" \/>\n<meta property=\"og:image\" content=\"https:\/\/www.ull.es\/portal\/agenda\/wp-content\/uploads\/sites\/12\/2026\/04\/banner-eventos-Generico.png\" \/>\n\t<meta property=\"og:image:width\" content=\"750\" \/>\n\t<meta property=\"og:image:height\" content=\"370\" \/>\n\t<meta property=\"og:image:type\" content=\"image\/png\" \/>\n<meta name=\"twitter:card\" content=\"summary_large_image\" \/>\n<meta name=\"twitter:label1\" content=\"Tiempo de lectura\" \/>\n\t<meta name=\"twitter:data1\" content=\"2 minutos\" \/>\n<script type=\"application\/ld+json\" class=\"yoast-schema-graph\">{\"@context\":\"https:\/\/schema.org\",\"@graph\":[{\"@type\":\"WebPage\",\"@id\":\"https:\/\/www.ull.es\/portal\/agenda\/evento\/consecuencias-de-la-guerra\/\",\"url\":\"https:\/\/www.ull.es\/portal\/agenda\/evento\/consecuencias-de-la-guerra\/\",\"name\":\"Consecuencias de la guerra - ULL - Agenda\",\"isPartOf\":{\"@id\":\"https:\/\/www.ull.es\/portal\/agenda\/#website\"},\"datePublished\":\"2026-04-24T13:50:13+00:00\",\"dateModified\":\"2026-04-28T09:45:46+00:00\",\"breadcrumb\":{\"@id\":\"https:\/\/www.ull.es\/portal\/agenda\/evento\/consecuencias-de-la-guerra\/#breadcrumb\"},\"inLanguage\":\"es\",\"potentialAction\":[{\"@type\":\"ReadAction\",\"target\":[\"https:\/\/www.ull.es\/portal\/agenda\/evento\/consecuencias-de-la-guerra\/\"]}]},{\"@type\":\"BreadcrumbList\",\"@id\":\"https:\/\/www.ull.es\/portal\/agenda\/evento\/consecuencias-de-la-guerra\/#breadcrumb\",\"itemListElement\":[{\"@type\":\"ListItem\",\"position\":1,\"name\":\"Portada\",\"item\":\"https:\/\/www.ull.es\/portal\/agenda\/\"},{\"@type\":\"ListItem\",\"position\":2,\"name\":\"Consecuencias de la guerra\"}]},{\"@type\":\"WebSite\",\"@id\":\"https:\/\/www.ull.es\/portal\/agenda\/#website\",\"url\":\"https:\/\/www.ull.es\/portal\/agenda\/\",\"name\":\"ULL - Agenda\",\"description\":\"\",\"potentialAction\":[{\"@type\":\"SearchAction\",\"target\":{\"@type\":\"EntryPoint\",\"urlTemplate\":\"https:\/\/www.ull.es\/portal\/agenda\/?s={search_term_string}\"},\"query-input\":\"required name=search_term_string\"}],\"inLanguage\":\"es\"}]}<\/script>\n<!-- \/ Yoast SEO plugin. -->","yoast_head_json":{"title":"Consecuencias de la guerra - ULL - Agenda","robots":{"index":"index","follow":"follow","max-snippet":"max-snippet:-1","max-image-preview":"max-image-preview:large","max-video-preview":"max-video-preview:-1"},"canonical":"https:\/\/www.ull.es\/portal\/agenda\/evento\/consecuencias-de-la-guerra\/","og_locale":"es_ES","og_type":"article","og_title":"Consecuencias de la guerra - ULL - Agenda","og_description":"[vc_row][vc_column][vc_column_text]A ra\u00edz de la situaci\u00f3n internacional actual, en l\u00ednea con la campa\u00f1a de la Universidad de La Laguna sobre los Campus por la paz y respondiendo a los ODS con los que la Biblioteca est\u00e1 comprometida, la Comisi\u00f3n de Responsabilidad Social de la Biblioteca de la Universidad de La Laguna, organiza un ciclo de conferencias...","og_url":"https:\/\/www.ull.es\/portal\/agenda\/evento\/consecuencias-de-la-guerra\/","og_site_name":"ULL - Agenda","article_modified_time":"2026-04-28T09:45:46+00:00","og_image":[{"width":750,"height":370,"url":"https:\/\/www.ull.es\/portal\/agenda\/wp-content\/uploads\/sites\/12\/2026\/04\/banner-eventos-Generico.png","type":"image\/png"}],"twitter_card":"summary_large_image","twitter_misc":{"Tiempo de lectura":"2 minutos"},"schema":{"@context":"https:\/\/schema.org","@graph":[{"@type":"WebPage","@id":"https:\/\/www.ull.es\/portal\/agenda\/evento\/consecuencias-de-la-guerra\/","url":"https:\/\/www.ull.es\/portal\/agenda\/evento\/consecuencias-de-la-guerra\/","name":"Consecuencias de la guerra - ULL - Agenda","isPartOf":{"@id":"https:\/\/www.ull.es\/portal\/agenda\/#website"},"datePublished":"2026-04-24T13:50:13+00:00","dateModified":"2026-04-28T09:45:46+00:00","breadcrumb":{"@id":"https:\/\/www.ull.es\/portal\/agenda\/evento\/consecuencias-de-la-guerra\/#breadcrumb"},"inLanguage":"es","potentialAction":[{"@type":"ReadAction","target":["https:\/\/www.ull.es\/portal\/agenda\/evento\/consecuencias-de-la-guerra\/"]}]},{"@type":"BreadcrumbList","@id":"https:\/\/www.ull.es\/portal\/agenda\/evento\/consecuencias-de-la-guerra\/#breadcrumb","itemListElement":[{"@type":"ListItem","position":1,"name":"Portada","item":"https:\/\/www.ull.es\/portal\/agenda\/"},{"@type":"ListItem","position":2,"name":"Consecuencias de la guerra"}]},{"@type":"WebSite","@id":"https:\/\/www.ull.es\/portal\/agenda\/#website","url":"https:\/\/www.ull.es\/portal\/agenda\/","name":"ULL - Agenda","description":"","potentialAction":[{"@type":"SearchAction","target":{"@type":"EntryPoint","urlTemplate":"https:\/\/www.ull.es\/portal\/agenda\/?s={search_term_string}"},"query-input":"required name=search_term_string"}],"inLanguage":"es"}]}},"_links":{"self":[{"href":"https:\/\/www.ull.es\/portal\/agenda\/wp-json\/wp\/v2\/tribe_events\/47922"}],"collection":[{"href":"https:\/\/www.ull.es\/portal\/agenda\/wp-json\/wp\/v2\/tribe_events"}],"about":[{"href":"https:\/\/www.ull.es\/portal\/agenda\/wp-json\/wp\/v2\/types\/tribe_events"}],"author":[{"embeddable":true,"href":"https:\/\/www.ull.es\/portal\/agenda\/wp-json\/wp\/v2\/users\/117"}],"replies":[{"embeddable":true,"href":"https:\/\/www.ull.es\/portal\/agenda\/wp-json\/wp\/v2\/comments?post=47922"}],"version-history":[{"count":2,"href":"https:\/\/www.ull.es\/portal\/agenda\/wp-json\/wp\/v2\/tribe_events\/47922\/revisions"}],"predecessor-version":[{"id":47941,"href":"https:\/\/www.ull.es\/portal\/agenda\/wp-json\/wp\/v2\/tribe_events\/47922\/revisions\/47941"}],"wp:featuredmedia":[{"embeddable":true,"href":"https:\/\/www.ull.es\/portal\/agenda\/wp-json\/wp\/v2\/media\/47940"}],"wp:attachment":[{"href":"https:\/\/www.ull.es\/portal\/agenda\/wp-json\/wp\/v2\/media?parent=47922"}],"wp:term":[{"taxonomy":"post_tag","embeddable":true,"href":"https:\/\/www.ull.es\/portal\/agenda\/wp-json\/wp\/v2\/tags?post=47922"},{"taxonomy":"tribe_events_cat","embeddable":true,"href":"https:\/\/www.ull.es\/portal\/agenda\/wp-json\/wp\/v2\/tribe_events_cat?post=47922"}],"curies":[{"name":"wp","href":"https:\/\/api.w.org\/{rel}","templated":true}]}}