{"id":47996,"date":"2026-04-30T09:01:03","date_gmt":"2026-04-30T09:01:03","guid":{"rendered":"https:\/\/www.ull.es\/portal\/agenda\/?post_type=tribe_events&#038;p=47996"},"modified":"2026-04-30T09:01:03","modified_gmt":"2026-04-30T09:01:03","slug":"dia-de-africa-2026","status":"publish","type":"tribe_events","link":"https:\/\/www.ull.es\/portal\/agenda\/evento\/dia-de-africa-2026\/","title":{"rendered":"D\u00eda de \u00c1frica 2026"},"content":{"rendered":"<div dir=\"auto\">\n<p>La Universidad de La Laguna se convierte en punto de encuentro con el continente africano en una nueva edici\u00f3n del D\u00eda de \u00c1frica 2026, una cita imprescindible para quienes desean descubrir, comprender y celebrar la riqueza y diversidad de \u00c1frica en todas sus dimensiones.<\/p>\n<p>Organizado por el Centro de Estudios Africanos y el Vicerrectorado de Cultura y Extensi\u00f3n Universitaria, con la colaboraci\u00f3n del Vicerrectorado de Internacionalizaci\u00f3n y Cooperaci\u00f3n, este evento ofrece un programa din\u00e1mico y participativo que combina conocimiento acad\u00e9mico con experiencias culturales \u00fanicas. Durante estas jornadas, el p\u00fablico podr\u00e1 disfrutar de conferencias, talleres, mesas de di\u00e1logo y espacios de encuentro que fomentan el intercambio entre la comunidad universitaria y la comunidad migrante.<\/p>\n<p>El D\u00eda de \u00c1frica 2026 nace con el prop\u00f3sito de acercar la realidad africana desde m\u00faltiples perspectivas: geogr\u00e1fica, hist\u00f3rica, econ\u00f3mica, social, ling\u00fc\u00edstica, art\u00edstica y cultural. Se trata de una oportunidad para abrir nuevas miradas, cuestionar estereotipos y generar un di\u00e1logo enriquecedor en torno a uno de los continentes m\u00e1s diversos y fascinantes del mundo.<\/p>\n<p><a href=\"https:\/\/drive.google.com\/file\/d\/1iLynU8DRG0IesMK97eTBoR3vaOEVI1Ej\/view?usp=sharing\" target=\"_blank\" rel=\"noopener\" target=\"_blank\" rel=\"noopener\">Programa<\/a><\/p>\n<\/div>\n<div dir=\"auto\"><\/div>\n","protected":false},"excerpt":{"rendered":"<p>La Universidad de La Laguna se convierte en punto de encuentro con el continente africano en una nueva edici\u00f3n del D\u00eda de \u00c1frica 2026, una cita imprescindible para quienes desean descubrir, comprender y celebrar la riqueza y diversidad de \u00c1frica en todas sus dimensiones. Organizado por el Centro de Estudios Africanos y el Vicerrectorado de&#8230;<\/p>\n","protected":false},"author":117,"featured_media":47967,"comment_status":"closed","ping_status":"closed","template":"","tags":[],"tribe_events_cat":[1669,4404,4,345,186,191],"acf":[],"yoast_head":"<!-- This site is optimized with the Yoast SEO plugin v21.3 - https:\/\/yoast.com\/wordpress\/plugins\/seo\/ -->\n<title>D\u00eda de \u00c1frica 2026 - ULL - Agenda<\/title>\n<meta name=\"robots\" content=\"index, follow, max-snippet:-1, max-image-preview:large, max-video-preview:-1\" \/>\n<link rel=\"canonical\" href=\"https:\/\/www.ull.es\/portal\/agenda\/evento\/dia-de-africa-2026\/\" \/>\n<meta property=\"og:locale\" content=\"es_ES\" \/>\n<meta property=\"og:type\" content=\"article\" \/>\n<meta property=\"og:title\" content=\"D\u00eda de \u00c1frica 2026 - ULL - Agenda\" \/>\n<meta property=\"og:description\" content=\"La Universidad de La Laguna se convierte en punto de encuentro con el continente africano en una nueva edici\u00f3n del D\u00eda de \u00c1frica 2026, una cita imprescindible para quienes desean descubrir, comprender y celebrar la riqueza y diversidad de \u00c1frica en todas sus dimensiones. Organizado por el Centro de Estudios Africanos y el Vicerrectorado de...\" \/>\n<meta property=\"og:url\" content=\"https:\/\/www.ull.es\/portal\/agenda\/evento\/dia-de-africa-2026\/\" \/>\n<meta property=\"og:site_name\" content=\"ULL - Agenda\" \/>\n<meta property=\"og:image\" content=\"https:\/\/www.ull.es\/portal\/agenda\/wp-content\/uploads\/sites\/12\/2026\/04\/Banner_edited.jpg\" \/>\n\t<meta property=\"og:image:width\" content=\"800\" \/>\n\t<meta property=\"og:image:height\" content=\"395\" \/>\n\t<meta property=\"og:image:type\" content=\"image\/jpeg\" \/>\n<meta name=\"twitter:card\" content=\"summary_large_image\" \/>\n<meta name=\"twitter:label1\" content=\"Tiempo de lectura\" \/>\n\t<meta name=\"twitter:data1\" content=\"1 minuto\" \/>\n<script type=\"application\/ld+json\" class=\"yoast-schema-graph\">{\"@context\":\"https:\/\/schema.org\",\"@graph\":[{\"@type\":\"WebPage\",\"@id\":\"https:\/\/www.ull.es\/portal\/agenda\/evento\/dia-de-africa-2026\/\",\"url\":\"https:\/\/www.ull.es\/portal\/agenda\/evento\/dia-de-africa-2026\/\",\"name\":\"D\u00eda de \u00c1frica 2026 - ULL - Agenda\",\"isPartOf\":{\"@id\":\"https:\/\/www.ull.es\/portal\/agenda\/#website\"},\"datePublished\":\"2026-04-30T09:01:03+00:00\",\"dateModified\":\"2026-04-30T09:01:03+00:00\",\"breadcrumb\":{\"@id\":\"https:\/\/www.ull.es\/portal\/agenda\/evento\/dia-de-africa-2026\/#breadcrumb\"},\"inLanguage\":\"es\",\"potentialAction\":[{\"@type\":\"ReadAction\",\"target\":[\"https:\/\/www.ull.es\/portal\/agenda\/evento\/dia-de-africa-2026\/\"]}]},{\"@type\":\"BreadcrumbList\",\"@id\":\"https:\/\/www.ull.es\/portal\/agenda\/evento\/dia-de-africa-2026\/#breadcrumb\",\"itemListElement\":[{\"@type\":\"ListItem\",\"position\":1,\"name\":\"Portada\",\"item\":\"https:\/\/www.ull.es\/portal\/agenda\/\"},{\"@type\":\"ListItem\",\"position\":2,\"name\":\"D\u00eda de \u00c1frica 2026\"}]},{\"@type\":\"WebSite\",\"@id\":\"https:\/\/www.ull.es\/portal\/agenda\/#website\",\"url\":\"https:\/\/www.ull.es\/portal\/agenda\/\",\"name\":\"ULL - Agenda\",\"description\":\"\",\"potentialAction\":[{\"@type\":\"SearchAction\",\"target\":{\"@type\":\"EntryPoint\",\"urlTemplate\":\"https:\/\/www.ull.es\/portal\/agenda\/?s={search_term_string}\"},\"query-input\":\"required name=search_term_string\"}],\"inLanguage\":\"es\"}]}<\/script>\n<!-- \/ Yoast SEO plugin. -->","yoast_head_json":{"title":"D\u00eda de \u00c1frica 2026 - ULL - Agenda","robots":{"index":"index","follow":"follow","max-snippet":"max-snippet:-1","max-image-preview":"max-image-preview:large","max-video-preview":"max-video-preview:-1"},"canonical":"https:\/\/www.ull.es\/portal\/agenda\/evento\/dia-de-africa-2026\/","og_locale":"es_ES","og_type":"article","og_title":"D\u00eda de \u00c1frica 2026 - ULL - Agenda","og_description":"La Universidad de La Laguna se convierte en punto de encuentro con el continente africano en una nueva edici\u00f3n del D\u00eda de \u00c1frica 2026, una cita imprescindible para quienes desean descubrir, comprender y celebrar la riqueza y diversidad de \u00c1frica en todas sus dimensiones. Organizado por el Centro de Estudios Africanos y el Vicerrectorado de...","og_url":"https:\/\/www.ull.es\/portal\/agenda\/evento\/dia-de-africa-2026\/","og_site_name":"ULL - Agenda","og_image":[{"width":800,"height":395,"url":"https:\/\/www.ull.es\/portal\/agenda\/wp-content\/uploads\/sites\/12\/2026\/04\/Banner_edited.jpg","type":"image\/jpeg"}],"twitter_card":"summary_large_image","twitter_misc":{"Tiempo de lectura":"1 minuto"},"schema":{"@context":"https:\/\/schema.org","@graph":[{"@type":"WebPage","@id":"https:\/\/www.ull.es\/portal\/agenda\/evento\/dia-de-africa-2026\/","url":"https:\/\/www.ull.es\/portal\/agenda\/evento\/dia-de-africa-2026\/","name":"D\u00eda de \u00c1frica 2026 - ULL - Agenda","isPartOf":{"@id":"https:\/\/www.ull.es\/portal\/agenda\/#website"},"datePublished":"2026-04-30T09:01:03+00:00","dateModified":"2026-04-30T09:01:03+00:00","breadcrumb":{"@id":"https:\/\/www.ull.es\/portal\/agenda\/evento\/dia-de-africa-2026\/#breadcrumb"},"inLanguage":"es","potentialAction":[{"@type":"ReadAction","target":["https:\/\/www.ull.es\/portal\/agenda\/evento\/dia-de-africa-2026\/"]}]},{"@type":"BreadcrumbList","@id":"https:\/\/www.ull.es\/portal\/agenda\/evento\/dia-de-africa-2026\/#breadcrumb","itemListElement":[{"@type":"ListItem","position":1,"name":"Portada","item":"https:\/\/www.ull.es\/portal\/agenda\/"},{"@type":"ListItem","position":2,"name":"D\u00eda de \u00c1frica 2026"}]},{"@type":"WebSite","@id":"https:\/\/www.ull.es\/portal\/agenda\/#website","url":"https:\/\/www.ull.es\/portal\/agenda\/","name":"ULL - Agenda","description":"","potentialAction":[{"@type":"SearchAction","target":{"@type":"EntryPoint","urlTemplate":"https:\/\/www.ull.es\/portal\/agenda\/?s={search_term_string}"},"query-input":"required name=search_term_string"}],"inLanguage":"es"}]}},"_links":{"self":[{"href":"https:\/\/www.ull.es\/portal\/agenda\/wp-json\/wp\/v2\/tribe_events\/47996"}],"collection":[{"href":"https:\/\/www.ull.es\/portal\/agenda\/wp-json\/wp\/v2\/tribe_events"}],"about":[{"href":"https:\/\/www.ull.es\/portal\/agenda\/wp-json\/wp\/v2\/types\/tribe_events"}],"author":[{"embeddable":true,"href":"https:\/\/www.ull.es\/portal\/agenda\/wp-json\/wp\/v2\/users\/117"}],"replies":[{"embeddable":true,"href":"https:\/\/www.ull.es\/portal\/agenda\/wp-json\/wp\/v2\/comments?post=47996"}],"version-history":[{"count":1,"href":"https:\/\/www.ull.es\/portal\/agenda\/wp-json\/wp\/v2\/tribe_events\/47996\/revisions"}],"predecessor-version":[{"id":47999,"href":"https:\/\/www.ull.es\/portal\/agenda\/wp-json\/wp\/v2\/tribe_events\/47996\/revisions\/47999"}],"wp:featuredmedia":[{"embeddable":true,"href":"https:\/\/www.ull.es\/portal\/agenda\/wp-json\/wp\/v2\/media\/47967"}],"wp:attachment":[{"href":"https:\/\/www.ull.es\/portal\/agenda\/wp-json\/wp\/v2\/media?parent=47996"}],"wp:term":[{"taxonomy":"post_tag","embeddable":true,"href":"https:\/\/www.ull.es\/portal\/agenda\/wp-json\/wp\/v2\/tags?post=47996"},{"taxonomy":"tribe_events_cat","embeddable":true,"href":"https:\/\/www.ull.es\/portal\/agenda\/wp-json\/wp\/v2\/tribe_events_cat?post=47996"}],"curies":[{"name":"wp","href":"https:\/\/api.w.org\/{rel}","templated":true}]}}