{"id":48017,"date":"2026-04-30T13:05:28","date_gmt":"2026-04-30T13:05:28","guid":{"rendered":"https:\/\/www.ull.es\/portal\/agenda\/?post_type=tribe_events&#038;p=48017"},"modified":"2026-04-30T13:05:28","modified_gmt":"2026-04-30T13:05:28","slug":"japon-ante-el-orden-internacional-actual","status":"publish","type":"tribe_events","link":"https:\/\/www.ull.es\/portal\/agenda\/evento\/japon-ante-el-orden-internacional-actual\/","title":{"rendered":"Jap\u00f3n ante el orden internacional actual"},"content":{"rendered":"<p>El Centro de Documentaci\u00f3n Europea de la Universidad de La Laguna organiza la conferencia \u2018Jap\u00f3n ante el orden internacional actual\u2019. Ser\u00e1 impartida por el Sr. Shinichi Sato, Ministro de la Embajada de Jap\u00f3n en Espa\u00f1a, quien abordar\u00e1 el papel de Jap\u00f3n en la defensa del orden internacional libre y abierto, la situaci\u00f3n de seguridad en el Indo\u2011Pac\u00edfico y la cooperaci\u00f3n entre Jap\u00f3n y Europa (OTAN) en materia de seguridad.<\/p>\n<p>El acto tendr\u00e1 lugar el 12 de mayo a las 13:30 h, en el Aula 02.4 de la Facultad de Derecho de la Universidad de La Laguna. La actividad est\u00e1 abierta a toda la comunidad universitaria y a cualquier persona interesada en las relaciones internacionales, la pol\u00edtica exterior y los desaf\u00edos de seguridad en la regi\u00f3n del Indo\u2011Pac\u00edfico.<\/p>\n","protected":false},"excerpt":{"rendered":"<p>El Centro de Documentaci\u00f3n Europea de la Universidad de La Laguna organiza la conferencia \u2018Jap\u00f3n ante el orden internacional actual\u2019. Ser\u00e1 impartida por el Sr. Shinichi Sato, Ministro de la Embajada de Jap\u00f3n en Espa\u00f1a, quien abordar\u00e1 el papel de Jap\u00f3n en la defensa del orden internacional libre y abierto, la situaci\u00f3n de seguridad en&#8230;<\/p>\n","protected":false},"author":117,"featured_media":48020,"comment_status":"closed","ping_status":"closed","template":"","tags":[],"tribe_events_cat":[841,865],"acf":[],"yoast_head":"<!-- This site is optimized with the Yoast SEO plugin v21.3 - https:\/\/yoast.com\/wordpress\/plugins\/seo\/ -->\n<title>Jap\u00f3n ante el orden internacional actual - ULL - Agenda<\/title>\n<meta name=\"robots\" content=\"index, follow, max-snippet:-1, max-image-preview:large, max-video-preview:-1\" \/>\n<link rel=\"canonical\" href=\"https:\/\/www.ull.es\/portal\/agenda\/evento\/japon-ante-el-orden-internacional-actual\/\" \/>\n<meta property=\"og:locale\" content=\"es_ES\" \/>\n<meta property=\"og:type\" content=\"article\" \/>\n<meta property=\"og:title\" content=\"Jap\u00f3n ante el orden internacional actual - ULL - Agenda\" \/>\n<meta property=\"og:description\" content=\"El Centro de Documentaci\u00f3n Europea de la Universidad de La Laguna organiza la conferencia \u2018Jap\u00f3n ante el orden internacional actual\u2019. Ser\u00e1 impartida por el Sr. Shinichi Sato, Ministro de la Embajada de Jap\u00f3n en Espa\u00f1a, quien abordar\u00e1 el papel de Jap\u00f3n en la defensa del orden internacional libre y abierto, la situaci\u00f3n de seguridad en...\" \/>\n<meta property=\"og:url\" content=\"https:\/\/www.ull.es\/portal\/agenda\/evento\/japon-ante-el-orden-internacional-actual\/\" \/>\n<meta property=\"og:site_name\" content=\"ULL - Agenda\" \/>\n<meta property=\"og:image\" content=\"https:\/\/www.ull.es\/portal\/agenda\/wp-content\/uploads\/sites\/12\/2026\/04\/Evento-Japon-CDE-750x370-1.png\" \/>\n\t<meta property=\"og:image:width\" content=\"750\" \/>\n\t<meta property=\"og:image:height\" content=\"370\" \/>\n\t<meta property=\"og:image:type\" content=\"image\/png\" \/>\n<meta name=\"twitter:card\" content=\"summary_large_image\" \/>\n<meta name=\"twitter:label1\" content=\"Tiempo de lectura\" \/>\n\t<meta name=\"twitter:data1\" content=\"1 minuto\" \/>\n<script type=\"application\/ld+json\" class=\"yoast-schema-graph\">{\"@context\":\"https:\/\/schema.org\",\"@graph\":[{\"@type\":\"WebPage\",\"@id\":\"https:\/\/www.ull.es\/portal\/agenda\/evento\/japon-ante-el-orden-internacional-actual\/\",\"url\":\"https:\/\/www.ull.es\/portal\/agenda\/evento\/japon-ante-el-orden-internacional-actual\/\",\"name\":\"Jap\u00f3n ante el orden internacional actual - ULL - Agenda\",\"isPartOf\":{\"@id\":\"https:\/\/www.ull.es\/portal\/agenda\/#website\"},\"datePublished\":\"2026-04-30T13:05:28+00:00\",\"dateModified\":\"2026-04-30T13:05:28+00:00\",\"breadcrumb\":{\"@id\":\"https:\/\/www.ull.es\/portal\/agenda\/evento\/japon-ante-el-orden-internacional-actual\/#breadcrumb\"},\"inLanguage\":\"es\",\"potentialAction\":[{\"@type\":\"ReadAction\",\"target\":[\"https:\/\/www.ull.es\/portal\/agenda\/evento\/japon-ante-el-orden-internacional-actual\/\"]}]},{\"@type\":\"BreadcrumbList\",\"@id\":\"https:\/\/www.ull.es\/portal\/agenda\/evento\/japon-ante-el-orden-internacional-actual\/#breadcrumb\",\"itemListElement\":[{\"@type\":\"ListItem\",\"position\":1,\"name\":\"Portada\",\"item\":\"https:\/\/www.ull.es\/portal\/agenda\/\"},{\"@type\":\"ListItem\",\"position\":2,\"name\":\"Jap\u00f3n ante el orden internacional actual\"}]},{\"@type\":\"WebSite\",\"@id\":\"https:\/\/www.ull.es\/portal\/agenda\/#website\",\"url\":\"https:\/\/www.ull.es\/portal\/agenda\/\",\"name\":\"ULL - Agenda\",\"description\":\"\",\"potentialAction\":[{\"@type\":\"SearchAction\",\"target\":{\"@type\":\"EntryPoint\",\"urlTemplate\":\"https:\/\/www.ull.es\/portal\/agenda\/?s={search_term_string}\"},\"query-input\":\"required name=search_term_string\"}],\"inLanguage\":\"es\"}]}<\/script>\n<!-- \/ Yoast SEO plugin. -->","yoast_head_json":{"title":"Jap\u00f3n ante el orden internacional actual - ULL - Agenda","robots":{"index":"index","follow":"follow","max-snippet":"max-snippet:-1","max-image-preview":"max-image-preview:large","max-video-preview":"max-video-preview:-1"},"canonical":"https:\/\/www.ull.es\/portal\/agenda\/evento\/japon-ante-el-orden-internacional-actual\/","og_locale":"es_ES","og_type":"article","og_title":"Jap\u00f3n ante el orden internacional actual - ULL - Agenda","og_description":"El Centro de Documentaci\u00f3n Europea de la Universidad de La Laguna organiza la conferencia \u2018Jap\u00f3n ante el orden internacional actual\u2019. Ser\u00e1 impartida por el Sr. Shinichi Sato, Ministro de la Embajada de Jap\u00f3n en Espa\u00f1a, quien abordar\u00e1 el papel de Jap\u00f3n en la defensa del orden internacional libre y abierto, la situaci\u00f3n de seguridad en...","og_url":"https:\/\/www.ull.es\/portal\/agenda\/evento\/japon-ante-el-orden-internacional-actual\/","og_site_name":"ULL - Agenda","og_image":[{"width":750,"height":370,"url":"https:\/\/www.ull.es\/portal\/agenda\/wp-content\/uploads\/sites\/12\/2026\/04\/Evento-Japon-CDE-750x370-1.png","type":"image\/png"}],"twitter_card":"summary_large_image","twitter_misc":{"Tiempo de lectura":"1 minuto"},"schema":{"@context":"https:\/\/schema.org","@graph":[{"@type":"WebPage","@id":"https:\/\/www.ull.es\/portal\/agenda\/evento\/japon-ante-el-orden-internacional-actual\/","url":"https:\/\/www.ull.es\/portal\/agenda\/evento\/japon-ante-el-orden-internacional-actual\/","name":"Jap\u00f3n ante el orden internacional actual - ULL - Agenda","isPartOf":{"@id":"https:\/\/www.ull.es\/portal\/agenda\/#website"},"datePublished":"2026-04-30T13:05:28+00:00","dateModified":"2026-04-30T13:05:28+00:00","breadcrumb":{"@id":"https:\/\/www.ull.es\/portal\/agenda\/evento\/japon-ante-el-orden-internacional-actual\/#breadcrumb"},"inLanguage":"es","potentialAction":[{"@type":"ReadAction","target":["https:\/\/www.ull.es\/portal\/agenda\/evento\/japon-ante-el-orden-internacional-actual\/"]}]},{"@type":"BreadcrumbList","@id":"https:\/\/www.ull.es\/portal\/agenda\/evento\/japon-ante-el-orden-internacional-actual\/#breadcrumb","itemListElement":[{"@type":"ListItem","position":1,"name":"Portada","item":"https:\/\/www.ull.es\/portal\/agenda\/"},{"@type":"ListItem","position":2,"name":"Jap\u00f3n ante el orden internacional actual"}]},{"@type":"WebSite","@id":"https:\/\/www.ull.es\/portal\/agenda\/#website","url":"https:\/\/www.ull.es\/portal\/agenda\/","name":"ULL - Agenda","description":"","potentialAction":[{"@type":"SearchAction","target":{"@type":"EntryPoint","urlTemplate":"https:\/\/www.ull.es\/portal\/agenda\/?s={search_term_string}"},"query-input":"required name=search_term_string"}],"inLanguage":"es"}]}},"_links":{"self":[{"href":"https:\/\/www.ull.es\/portal\/agenda\/wp-json\/wp\/v2\/tribe_events\/48017"}],"collection":[{"href":"https:\/\/www.ull.es\/portal\/agenda\/wp-json\/wp\/v2\/tribe_events"}],"about":[{"href":"https:\/\/www.ull.es\/portal\/agenda\/wp-json\/wp\/v2\/types\/tribe_events"}],"author":[{"embeddable":true,"href":"https:\/\/www.ull.es\/portal\/agenda\/wp-json\/wp\/v2\/users\/117"}],"replies":[{"embeddable":true,"href":"https:\/\/www.ull.es\/portal\/agenda\/wp-json\/wp\/v2\/comments?post=48017"}],"version-history":[{"count":1,"href":"https:\/\/www.ull.es\/portal\/agenda\/wp-json\/wp\/v2\/tribe_events\/48017\/revisions"}],"predecessor-version":[{"id":48021,"href":"https:\/\/www.ull.es\/portal\/agenda\/wp-json\/wp\/v2\/tribe_events\/48017\/revisions\/48021"}],"wp:featuredmedia":[{"embeddable":true,"href":"https:\/\/www.ull.es\/portal\/agenda\/wp-json\/wp\/v2\/media\/48020"}],"wp:attachment":[{"href":"https:\/\/www.ull.es\/portal\/agenda\/wp-json\/wp\/v2\/media?parent=48017"}],"wp:term":[{"taxonomy":"post_tag","embeddable":true,"href":"https:\/\/www.ull.es\/portal\/agenda\/wp-json\/wp\/v2\/tags?post=48017"},{"taxonomy":"tribe_events_cat","embeddable":true,"href":"https:\/\/www.ull.es\/portal\/agenda\/wp-json\/wp\/v2\/tribe_events_cat?post=48017"}],"curies":[{"name":"wp","href":"https:\/\/api.w.org\/{rel}","templated":true}]}}