{"id":9957,"date":"2019-01-15T09:52:43","date_gmt":"2019-01-15T09:52:43","guid":{"rendered":"https:\/\/www.ull.es\/portal\/agenda\/?post_type=tribe_events&#038;p=9957"},"modified":"2019-04-01T09:55:09","modified_gmt":"2019-04-01T09:55:09","slug":"comedia-musical-the-primitals","status":"publish","type":"tribe_events","link":"https:\/\/www.ull.es\/portal\/agenda\/evento\/comedia-musical-the-primitals\/","title":{"rendered":"Comedia musical &#8216;The Primitals&#8217;"},"content":{"rendered":"<p><a href=\"https:\/\/yllana.com\/?\" target=\"_blank\" rel=\"noopener\" target=\"_blank\" rel=\"noopener\"><strong>Yllana<\/strong><\/a> y los <a href=\"https:\/\/www.primitalbros.net\/\" target=\"_blank\" rel=\"noopener\" target=\"_blank\" rel=\"noopener\"><strong>Primital Bros<\/strong><\/a> unen sus fuerzas (y su talento) para sorprenderte con The Primitals, una divertid\u00edsima comedia musical a capela protagonizada por seres de otra \u00e9poca. \u00a1De mucho m\u00e1s atr\u00e1s en el tiempo de lo que puedas pensar. Cuatro abor\u00edgenes de un planeta que podr\u00eda ser el nuestro reclaman el escenario. Est\u00e1n dispuestos a conquistar al p\u00fablico, ya sea a carcajadas o a machetazos. Eso s\u00ed, siempre lo har\u00e1n rebosando m\u00fasica de mil g\u00e9neros que, como esponjas, han ido absorbiendo en sus viajes por los confines del espacio-tiempo. The Primitals es la extra\u00f1a y surrealista historia de una tribu ligeramente disfuncional, con luchas intestinas, sue\u00f1os de grandeza, desequilibrios mentales y farmacopea milenaria. Chamanismo a cuatro voces. Tragicomedia a capela. Vanguardismo ancestral. \u00a1Todo esto y mucho m\u00e1s en The Primitals!<\/p>\n<p>Primital es un concepto art\u00edstico creado por el compositor, saxofonista, cantante y ex componente del grupo Oskorri Santi Ibarretxe (Bilbao, 1964) que, a trav\u00e9s de los sonidos onomatop\u00e9yicos, crea todo una subcultura y conecta con la psicolog\u00eda humana en su lado m\u00e1s puro. Educado entre el cl\u00e1sico y el jazz. Adem\u00e1s de Santi Ibarretxe, el grupo est\u00e1 integrado por Pedro Herrero, I\u00f1igo Garc\u00eda, Adri\u00e1n Garc\u00eda y Manu Pilas.<\/p>\n<p><strong>Precios desde 10 a 18 euros.\u00a0<\/strong><\/p>\n<p><a href=\"https:\/\/www.tomaticket.es\/entradas-primitals-tenerife\" target=\"_blank\" rel=\"noopener\" target=\"_blank\" rel=\"noopener\"><strong>Compra de entradas<\/strong><\/a><\/p>\n","protected":false},"excerpt":{"rendered":"<p>Yllana y los Primital Bros unen sus fuerzas (y su talento) para sorprenderte con The Primitals, una divertid\u00edsima comedia musical a capela protagonizada por seres de otra \u00e9poca. \u00a1De mucho m\u00e1s atr\u00e1s en el tiempo de lo que puedas pensar. Cuatro abor\u00edgenes de un planeta que podr\u00eda ser el nuestro reclaman el escenario. Est\u00e1n dispuestos&#8230;<\/p>\n","protected":false},"author":30,"featured_media":9958,"comment_status":"closed","ping_status":"closed","template":"","tags":[2316,2315],"tribe_events_cat":[4,343,191,1722],"acf":[],"yoast_head":"<!-- This site is optimized with the Yoast SEO plugin v21.3 - https:\/\/yoast.com\/wordpress\/plugins\/seo\/ -->\n<title>Comedia musical &#039;The Primitals&#039; - ULL - Agenda<\/title>\n<meta name=\"robots\" content=\"index, follow, max-snippet:-1, max-image-preview:large, max-video-preview:-1\" \/>\n<link rel=\"canonical\" href=\"https:\/\/www.ull.es\/portal\/agenda\/evento\/comedia-musical-the-primitals\/\" \/>\n<meta property=\"og:locale\" content=\"es_ES\" \/>\n<meta property=\"og:type\" content=\"article\" \/>\n<meta property=\"og:title\" content=\"Comedia musical &#039;The Primitals&#039; - ULL - Agenda\" \/>\n<meta property=\"og:description\" content=\"Yllana y los Primital Bros unen sus fuerzas (y su talento) para sorprenderte con The Primitals, una divertid\u00edsima comedia musical a capela protagonizada por seres de otra \u00e9poca. \u00a1De mucho m\u00e1s atr\u00e1s en el tiempo de lo que puedas pensar. Cuatro abor\u00edgenes de un planeta que podr\u00eda ser el nuestro reclaman el escenario. Est\u00e1n dispuestos...\" \/>\n<meta property=\"og:url\" content=\"https:\/\/www.ull.es\/portal\/agenda\/evento\/comedia-musical-the-primitals\/\" \/>\n<meta property=\"og:site_name\" content=\"ULL - Agenda\" \/>\n<meta property=\"article:modified_time\" content=\"2019-04-01T09:55:09+00:00\" \/>\n<meta property=\"og:image\" content=\"https:\/\/www.ull.es\/portal\/agenda\/wp-content\/uploads\/sites\/12\/2019\/01\/Primitals_agenda-2.jpg\" \/>\n\t<meta property=\"og:image:width\" content=\"700\" \/>\n\t<meta property=\"og:image:height\" content=\"350\" \/>\n\t<meta property=\"og:image:type\" content=\"image\/jpeg\" \/>\n<meta name=\"twitter:card\" content=\"summary_large_image\" \/>\n<meta name=\"twitter:label1\" content=\"Tiempo de lectura\" \/>\n\t<meta name=\"twitter:data1\" content=\"1 minuto\" \/>\n<script type=\"application\/ld+json\" class=\"yoast-schema-graph\">{\"@context\":\"https:\/\/schema.org\",\"@graph\":[{\"@type\":\"WebPage\",\"@id\":\"https:\/\/www.ull.es\/portal\/agenda\/evento\/comedia-musical-the-primitals\/\",\"url\":\"https:\/\/www.ull.es\/portal\/agenda\/evento\/comedia-musical-the-primitals\/\",\"name\":\"Comedia musical 'The Primitals' - ULL - Agenda\",\"isPartOf\":{\"@id\":\"https:\/\/www.ull.es\/portal\/agenda\/#website\"},\"datePublished\":\"2019-01-15T09:52:43+00:00\",\"dateModified\":\"2019-04-01T09:55:09+00:00\",\"breadcrumb\":{\"@id\":\"https:\/\/www.ull.es\/portal\/agenda\/evento\/comedia-musical-the-primitals\/#breadcrumb\"},\"inLanguage\":\"es\",\"potentialAction\":[{\"@type\":\"ReadAction\",\"target\":[\"https:\/\/www.ull.es\/portal\/agenda\/evento\/comedia-musical-the-primitals\/\"]}]},{\"@type\":\"BreadcrumbList\",\"@id\":\"https:\/\/www.ull.es\/portal\/agenda\/evento\/comedia-musical-the-primitals\/#breadcrumb\",\"itemListElement\":[{\"@type\":\"ListItem\",\"position\":1,\"name\":\"Portada\",\"item\":\"https:\/\/www.ull.es\/portal\/agenda\/\"},{\"@type\":\"ListItem\",\"position\":2,\"name\":\"Comedia musical &#8216;The Primitals&#8217;\"}]},{\"@type\":\"WebSite\",\"@id\":\"https:\/\/www.ull.es\/portal\/agenda\/#website\",\"url\":\"https:\/\/www.ull.es\/portal\/agenda\/\",\"name\":\"ULL - Agenda\",\"description\":\"\",\"potentialAction\":[{\"@type\":\"SearchAction\",\"target\":{\"@type\":\"EntryPoint\",\"urlTemplate\":\"https:\/\/www.ull.es\/portal\/agenda\/?s={search_term_string}\"},\"query-input\":\"required name=search_term_string\"}],\"inLanguage\":\"es\"}]}<\/script>\n<!-- \/ Yoast SEO plugin. -->","yoast_head_json":{"title":"Comedia musical 'The Primitals' - ULL - Agenda","robots":{"index":"index","follow":"follow","max-snippet":"max-snippet:-1","max-image-preview":"max-image-preview:large","max-video-preview":"max-video-preview:-1"},"canonical":"https:\/\/www.ull.es\/portal\/agenda\/evento\/comedia-musical-the-primitals\/","og_locale":"es_ES","og_type":"article","og_title":"Comedia musical 'The Primitals' - ULL - Agenda","og_description":"Yllana y los Primital Bros unen sus fuerzas (y su talento) para sorprenderte con The Primitals, una divertid\u00edsima comedia musical a capela protagonizada por seres de otra \u00e9poca. \u00a1De mucho m\u00e1s atr\u00e1s en el tiempo de lo que puedas pensar. Cuatro abor\u00edgenes de un planeta que podr\u00eda ser el nuestro reclaman el escenario. Est\u00e1n dispuestos...","og_url":"https:\/\/www.ull.es\/portal\/agenda\/evento\/comedia-musical-the-primitals\/","og_site_name":"ULL - Agenda","article_modified_time":"2019-04-01T09:55:09+00:00","og_image":[{"width":700,"height":350,"url":"https:\/\/www.ull.es\/portal\/agenda\/wp-content\/uploads\/sites\/12\/2019\/01\/Primitals_agenda-2.jpg","type":"image\/jpeg"}],"twitter_card":"summary_large_image","twitter_misc":{"Tiempo de lectura":"1 minuto"},"schema":{"@context":"https:\/\/schema.org","@graph":[{"@type":"WebPage","@id":"https:\/\/www.ull.es\/portal\/agenda\/evento\/comedia-musical-the-primitals\/","url":"https:\/\/www.ull.es\/portal\/agenda\/evento\/comedia-musical-the-primitals\/","name":"Comedia musical 'The Primitals' - ULL - Agenda","isPartOf":{"@id":"https:\/\/www.ull.es\/portal\/agenda\/#website"},"datePublished":"2019-01-15T09:52:43+00:00","dateModified":"2019-04-01T09:55:09+00:00","breadcrumb":{"@id":"https:\/\/www.ull.es\/portal\/agenda\/evento\/comedia-musical-the-primitals\/#breadcrumb"},"inLanguage":"es","potentialAction":[{"@type":"ReadAction","target":["https:\/\/www.ull.es\/portal\/agenda\/evento\/comedia-musical-the-primitals\/"]}]},{"@type":"BreadcrumbList","@id":"https:\/\/www.ull.es\/portal\/agenda\/evento\/comedia-musical-the-primitals\/#breadcrumb","itemListElement":[{"@type":"ListItem","position":1,"name":"Portada","item":"https:\/\/www.ull.es\/portal\/agenda\/"},{"@type":"ListItem","position":2,"name":"Comedia musical &#8216;The Primitals&#8217;"}]},{"@type":"WebSite","@id":"https:\/\/www.ull.es\/portal\/agenda\/#website","url":"https:\/\/www.ull.es\/portal\/agenda\/","name":"ULL - Agenda","description":"","potentialAction":[{"@type":"SearchAction","target":{"@type":"EntryPoint","urlTemplate":"https:\/\/www.ull.es\/portal\/agenda\/?s={search_term_string}"},"query-input":"required name=search_term_string"}],"inLanguage":"es"}]}},"_links":{"self":[{"href":"https:\/\/www.ull.es\/portal\/agenda\/wp-json\/wp\/v2\/tribe_events\/9957"}],"collection":[{"href":"https:\/\/www.ull.es\/portal\/agenda\/wp-json\/wp\/v2\/tribe_events"}],"about":[{"href":"https:\/\/www.ull.es\/portal\/agenda\/wp-json\/wp\/v2\/types\/tribe_events"}],"author":[{"embeddable":true,"href":"https:\/\/www.ull.es\/portal\/agenda\/wp-json\/wp\/v2\/users\/30"}],"replies":[{"embeddable":true,"href":"https:\/\/www.ull.es\/portal\/agenda\/wp-json\/wp\/v2\/comments?post=9957"}],"version-history":[{"count":2,"href":"https:\/\/www.ull.es\/portal\/agenda\/wp-json\/wp\/v2\/tribe_events\/9957\/revisions"}],"predecessor-version":[{"id":9960,"href":"https:\/\/www.ull.es\/portal\/agenda\/wp-json\/wp\/v2\/tribe_events\/9957\/revisions\/9960"}],"wp:featuredmedia":[{"embeddable":true,"href":"https:\/\/www.ull.es\/portal\/agenda\/wp-json\/wp\/v2\/media\/9958"}],"wp:attachment":[{"href":"https:\/\/www.ull.es\/portal\/agenda\/wp-json\/wp\/v2\/media?parent=9957"}],"wp:term":[{"taxonomy":"post_tag","embeddable":true,"href":"https:\/\/www.ull.es\/portal\/agenda\/wp-json\/wp\/v2\/tags?post=9957"},{"taxonomy":"tribe_events_cat","embeddable":true,"href":"https:\/\/www.ull.es\/portal\/agenda\/wp-json\/wp\/v2\/tribe_events_cat?post=9957"}],"curies":[{"name":"wp","href":"https:\/\/api.w.org\/{rel}","templated":true}]}}