{"id":2216,"date":"2021-10-08T11:59:29","date_gmt":"2021-10-08T11:59:29","guid":{"rendered":"https:\/\/www.ull.es\/portal\/aulasycatedrasculturales\/?page_id=2216"},"modified":"2025-10-09T09:16:54","modified_gmt":"2025-10-09T09:16:54","slug":"aula-cultural-de-diversidad-lgtbiq","status":"publish","type":"page","link":"https:\/\/www.ull.es\/portal\/aulasycatedrasculturales\/aula-cultural-de-diversidad-lgtbiq\/","title":{"rendered":"Aula Cultural de Diversidad LGTBIQ+"},"content":{"rendered":"<p>[vc_row][vc_column][vc_empty_space][\/vc_column][\/vc_row][vc_row][vc_column width=\u00bb1\/3&#8243;][vc_single_image image=\u00bb2219&#8243; img_size=\u00bbfull\u00bb][vc_column_text]<strong>Director:<\/strong> Sergio Siverio Luis<\/p>\n<ul>\n<li>(+34) 922 31 6502 + 6012<\/li>\n<li><a href=\"mailto:ssiverio@ull.es\" target=\"_blank\" rel=\"noopener\" target=\"_blank\" rel=\"noopener\">ssiverio@ull.es<\/a><\/li>\n<\/ul>\n<p><strong>Coirectora:<\/strong> Mar\u00eda Dolores Morera Bello<\/p>\n<ul>\n<li>(+34) 922 31 6502 + 6889<\/li>\n<li><a href=\"mailto:mdmorera@ull.es\" target=\"_blank\" rel=\"noopener\">mdmorera@ull.es<\/a><\/li>\n<\/ul>\n<p><strong>Secretario<\/strong>: Jes\u00fas Manuel Garc\u00eda Acosta<\/p>\n<ul>\n<li><a href=\"mailto:auladiversidad@ull.edu.es\" target=\"_blank\" rel=\"noopener\">auladiversidad@ull.es<\/a><\/li>\n<\/ul>\n<p><a href=\"https:\/\/docs.google.com\/forms\/d\/e\/1FAIpQLScuUChITqlW0_sRdD54C6Xi-7ED36hZ0RC10n33ZJbRWxOYpw\/viewform\" target=\"_blank\" rel=\"noopener\" target=\"_blank\" rel=\"noopener\">Inscripci\u00f3n<\/a>[\/vc_column_text][vc_row_inner][vc_column_inner width=\u00bb1\/3&#8243;][vc_single_image image=\u00bb2291&#8243; img_size=\u00bb40 x 40&#8243; alignment=\u00bbright\u00bb style=\u00bbvc_box_rounded\u00bb onclick=\u00bbcustom_link\u00bb link=\u00bbhttps:\/\/www.facebook.com\/diversidadull\/\u00bb][\/vc_column_inner][vc_column_inner width=\u00bb1\/3&#8243;][vc_single_image image=\u00bb2292&#8243; img_size=\u00bb40 x 40&#8243; alignment=\u00bbcenter\u00bb style=\u00bbvc_box_rounded\u00bb onclick=\u00bbcustom_link\u00bb img_link_target=\u00bb_blank\u00bb link=\u00bbhttps:\/\/www.twitter.com\/diversidadull\u00bb][\/vc_column_inner][vc_column_inner width=\u00bb1\/3&#8243;][vc_single_image image=\u00bb2293&#8243; img_size=\u00bb40 x 40&#8243; style=\u00bbvc_box_rounded\u00bb onclick=\u00bbcustom_link\u00bb img_link_target=\u00bb_blank\u00bb link=\u00bbhttps:\/\/www.instagram.com\/diversidadull\/\u00bb][\/vc_column_inner][\/vc_row_inner][\/vc_column][vc_column width=\u00bb2\/3&#8243;][vc_column_text]<\/p>\n<h2>Aula Cultural de Diversidad LGTBIQ+<\/h2>\n<p>[\/vc_column_text][vc_column_text]La creaci\u00f3n del Aula Cultural LGBTIQ+ tiene como objetivo primordial impulsar un conjunto de acciones que favorezcan el conocimiento de las realidades LGBTIQ+, as\u00ed como la sensibilizaci\u00f3n y protecci\u00f3n de los derechos del colectivo LGBTIQ+, en el \u00e1mbito cultural, social y acad\u00e9mico.<\/p>\n<p>Esta propuesta refleja el compromiso institucional para llevar a cabo acciones coordinadas que aborden la diversidad sexual, familiar y de g\u00e9nero. El Aula Cultural pretende servir como aglutinadora de las numerosas investigaciones y recursos que se han impulsado desde la universidad por los derechos del colectivo LGBTIQ+. Asimismo, pretende ofrecer un lugar de encuentro para el alumnado que as\u00ed lo requiera para formarse, informarse y sentirse seguro en un espacio respetuoso con la diversidad sexual y de g\u00e9nero, contribuyendo a eliminar en lo posible las barreras que puedan encontrar al respecto.<\/p>\n<p>El Aula Cultural de Diversidad LGBTIQ+ tiene como director al profesor Sergio Siverio Luis, como codirectora a la profesora Mar\u00eda Dolores Morera Bello y como secretario al profesor Jes\u00fas Manuel Garc\u00eda Acosta.[\/vc_column_text][vc_column_text]<a href=\"https:\/\/www.ull.es\/portal\/aulasycatedrasculturales\/wp-content\/uploads\/sites\/19\/2024\/11\/Reglamento-Diversidad-Genero_page-0001.jpg\" target=\"_blank\" rel=\"noopener\"><img decoding=\"async\" loading=\"lazy\" class=\"alignright size-medium wp-image-2352\" src=\"https:\/\/www.ull.es\/portal\/aulasycatedrasculturales\/wp-content\/uploads\/sites\/19\/2024\/11\/Reglamento-Diversidad-Genero_page-0001-212x300.jpg\" alt=\"\" width=\"212\" height=\"300\" srcset=\"https:\/\/www.ull.es\/portal\/aulasycatedrasculturales\/wp-content\/uploads\/sites\/19\/2024\/11\/Reglamento-Diversidad-Genero_page-0001-212x300.jpg 212w, https:\/\/www.ull.es\/portal\/aulasycatedrasculturales\/wp-content\/uploads\/sites\/19\/2024\/11\/Reglamento-Diversidad-Genero_page-0001-724x1024.jpg 724w, https:\/\/www.ull.es\/portal\/aulasycatedrasculturales\/wp-content\/uploads\/sites\/19\/2024\/11\/Reglamento-Diversidad-Genero_page-0001-768x1086.jpg 768w, https:\/\/www.ull.es\/portal\/aulasycatedrasculturales\/wp-content\/uploads\/sites\/19\/2024\/11\/Reglamento-Diversidad-Genero_page-0001-1087x1536.jpg 1087w, https:\/\/www.ull.es\/portal\/aulasycatedrasculturales\/wp-content\/uploads\/sites\/19\/2024\/11\/Reglamento-Diversidad-Genero_page-0001-375x530.jpg 375w, https:\/\/www.ull.es\/portal\/aulasycatedrasculturales\/wp-content\/uploads\/sites\/19\/2024\/11\/Reglamento-Diversidad-Genero_page-0001-750x1060.jpg 750w, https:\/\/www.ull.es\/portal\/aulasycatedrasculturales\/wp-content\/uploads\/sites\/19\/2024\/11\/Reglamento-Diversidad-Genero_page-0001.jpg 1132w\" sizes=\"(max-width: 212px) 100vw, 212px\" \/><\/a>En la Universidad de La Laguna contamos con un <a href=\"https:\/\/www.ull.es\/portal\/normativa\/normativa\/reglamento-de-atencion-a-la-diversidad-de-genero-y-para-el-acompanamiento-a-estudiantes-trans-en-la-universidad-de-la-laguna\/\" target=\"_blank\" rel=\"noopener\" target=\"_blank\" rel=\"noopener\">Reglamento de atenci\u00f3n a la diversidad de g\u00e9nero y de acompa\u00f1amiento a estudiantes trans<\/a>, que contempla la posibilidad de que el alumnado trans pueda solicitar el cambio de nombre en el \u00e1mbito universitario, aunque no se haya podido realizar la rectificaci\u00f3n registral. Para tramitar el cambio de nombre, simplemente debes remitir una solicitud general en la sede electr\u00f3nica, en el siguiente <a href=\"https:\/\/sede.ull.es\/ecivilis-site\/catalog\/showProcedure\/229\" target=\"_blank\" rel=\"noopener\" target=\"_blank\" rel=\"noopener\">enlace<\/a>.<\/p>\n<p>Debes pulsar en tramitar, identificarte con tu usuario y contrase\u00f1a e iniciar la solicitud. Una vez dentro de la solicitud, debes revisar tus datos personales, indicar en el apartado expone que existe una discrepancia entre tu identidad de g\u00e9nero y tu nombre registral, se\u00f1alando expresamente el nombre por el que quieres que se dirijan a ti; y en el apartado de solicita que solicitas el cambio de nombre de acuerdo con lo establecido en el Reglamento de atenci\u00f3n a la diversidad de g\u00e9nero y de acompa\u00f1amiento a estudiantes trans de la Universidad de La Laguna. Por \u00faltimo, en el \u00faltimo apartado debes seleccionar el \u00f3rgano al que diriges la solicitud: el Vicerrectorado de Estudiantes. Guardas la solicitud, la firmas, contin\u00faas el procedimiento sin adjuntar documentaci\u00f3n y finalmente le das a presentar\/tramitar. Podr\u00e1s descargar la solicitud y el justificante de presentaci\u00f3n, que debes guardar por si en alg\u00fan momento es necesario remitirlo al \u00f3rgano competente para la tramitaci\u00f3n del expediente.<\/p>\n<p>Si todo est\u00e1 correctamente realizado, en un plazo relativamente corto de tiempo, podr\u00e1n cambiar tu nombre en el aula virtual, correo electr\u00f3nico, tarjeta universitaria y dem\u00e1s, no as\u00ed en los documentos legales como las actas, pero tambi\u00e9n lo podr\u00e1 tener en cuenta el profesorado para no hacer referencia a tu deadname ni hacer missgendering, recibir\u00e1n un aviso interno por parte del Vicerrectorado y el equipo decanal.[\/vc_column_text][\/vc_column][\/vc_row][vc_row disable_element=\u00bbyes\u00bb][vc_column width=\u00bb1\/3&#8243;][vc_single_image image=\u00bb2219&#8243; img_size=\u00bbfull\u00bb][vc_column_text]<strong>Director:<\/strong> Sergio Siverio Luis<\/p>\n<ul>\n<li>(+34) 922 31 6502 + 8964<\/li>\n<li><a href=\"mailto:ssverio@ull.es\" target=\"_blank\" rel=\"noopener\" target=\"_blank\" rel=\"noopener\">ssverio@ull.es<\/a><\/li>\n<\/ul>\n<p><strong>Coirectora:<\/strong> Mar\u00eda Dolores Morera Bello<\/p>\n<ul>\n<li>(+34) 922 31 6502 + 6889<\/li>\n<li><a href=\"mailto:mdmorera@ull.es\" target=\"_blank\" rel=\"noopener\">mdmorera@ull.es<\/a><\/li>\n<\/ul>\n<p><strong>Secretaria<\/strong>: Lola M\u00e1rquez Fuentes<\/p>\n<ul>\n<li><a href=\"mailto:auladiversidad@ull.edu.es\" target=\"_blank\" rel=\"noopener\">auladiversidad@ull.es<\/a><\/li>\n<\/ul>\n<p><a href=\"https:\/\/docs.google.com\/forms\/d\/e\/1FAIpQLScuUChITqlW0_sRdD54C6Xi-7ED36hZ0RC10n33ZJbRWxOYpw\/viewform\" target=\"_blank\" rel=\"noopener\" target=\"_blank\" rel=\"noopener\">Inscripci\u00f3n<\/a>[\/vc_column_text][vc_row_inner][vc_column_inner width=\u00bb1\/3&#8243;][vc_single_image image=\u00bb2291&#8243; img_size=\u00bb40 x 40&#8243; alignment=\u00bbright\u00bb style=\u00bbvc_box_rounded\u00bb onclick=\u00bbcustom_link\u00bb link=\u00bbhttps:\/\/www.facebook.com\/diversidadull\/\u00bb][\/vc_column_inner][vc_column_inner width=\u00bb1\/3&#8243;][vc_single_image image=\u00bb2292&#8243; img_size=\u00bb40 x 40&#8243; alignment=\u00bbcenter\u00bb style=\u00bbvc_box_rounded\u00bb onclick=\u00bbcustom_link\u00bb img_link_target=\u00bb_blank\u00bb link=\u00bbhttps:\/\/www.twitter.com\/diversidadull\u00bb][\/vc_column_inner][vc_column_inner width=\u00bb1\/3&#8243;][vc_single_image image=\u00bb2293&#8243; img_size=\u00bb40 x 40&#8243; style=\u00bbvc_box_rounded\u00bb onclick=\u00bbcustom_link\u00bb img_link_target=\u00bb_blank\u00bb link=\u00bbhttps:\/\/www.instagram.com\/diversidadull\/\u00bb][\/vc_column_inner][\/vc_row_inner][\/vc_column][vc_column width=\u00bb2\/3&#8243;][vc_column_text]<\/p>\n<h2>Aula Cultural de Diversidad LGTBIQ+<\/h2>\n<p>[\/vc_column_text][vc_column_text]La creaci\u00f3n del Aula Cultural LGBTIQ+ tiene como objetivo primordial impulsar un conjunto de acciones que favorezcan el conocimiento de las realidades LGBTIQ+, as\u00ed como la sensibilizaci\u00f3n y protecci\u00f3n de los derechos del colectivo LGBTIQ+, en el \u00e1mbito cultural, social y acad\u00e9mico.<\/p>\n<p>Esta propuesta refleja el compromiso institucional para llevar a cabo acciones coordinadas que aborden la diversidad sexual, familiar y de g\u00e9nero. El Aula Cultural pretende servir como aglutinadora de las numerosas investigaciones y recursos que se han impulsado desde la universidad por los derechos del colectivo LGBTIQ+. Asimismo, pretende ofrecer un lugar de encuentro para el alumnado que as\u00ed lo requiera para formarse, informarse y sentirse seguro en un espacio respetuoso con la diversidad sexual y de g\u00e9nero, contribuyendo a eliminar en lo posible las barreras que puedan encontrar al respecto.<\/p>\n<p>El Aula Cultural de Diversidad LGBTIQ+ tiene como direcci\u00f3n al profesor\u00a0 Sergio Siverio Luis, como codirectora a la profesora Mar\u00eda Dolores Morera Bello y como secretaria a la estudiante Lola M\u00e1rquez Fuentes, y cuenta con la colaboraci\u00f3n del Vicerrectorado de Estudiantes.<\/p>\n<p><strong>Servicio de Orientaci\u00f3n y asesoramiento en materia sexual y reproductiva<\/strong><\/p>\n<p>La Universidad de La Laguna, con la colaboraci\u00f3n del Aula Cultural de Diversidad LGBTIQ+, ha creado un servicio de orientaci\u00f3n y asesoramiento gratuito en materia sexual y reproductiva dirigido al alumnado de la instituci\u00f3n acad\u00e9mica.<\/p>\n<p>La entidad encargada de ejecutarlo ser\u00e1 la <a href=\"https:\/\/diversascanarias.com\/\" target=\"_blank\" rel=\"noopener\" target=\"_blank\" rel=\"noopener\">Asociaci\u00f3n LGBTI* Diversas Canarias<\/a>, que cuenta con una contrastada experiencia en el asesoramiento en materia de sexualidad para poblaci\u00f3n joven, as\u00ed como en el abordaje de la salud sexual de forma integral a trav\u00e9s de los diferentes servicios que ejecuta la entidad en la isla de Tenerife.<\/p>\n<p>El servicio se ofrece de forma gratuita para estudiantes. Se realizar\u00e1n sesiones individuales, confidenciales y gratuitas, de asesoramiento sexual y reproductivo, a la par que se realizar\u00e1n por personal especializado pruebas r\u00e1pidas de VIH, S\u00edfilis y Hepatitis C, con la colaboraci\u00f3n de la Direcci\u00f3n General de Salud P\u00fablica del Gobierno de Canarias.[\/vc_column_text][\/vc_column][\/vc_row]<\/p>\n","protected":false},"excerpt":{"rendered":"<p>[vc_row][vc_column][vc_empty_space][\/vc_column][\/vc_row][vc_row][vc_column width=\u00bb1\/3&#8243;][vc_single_image image=\u00bb2219&#8243; img_size=\u00bbfull\u00bb][vc_column_text]Director: Sergio Siverio Luis (+34) 922 31 6502 + 6012 ssiverio@ull.es Coirectora: Mar\u00eda Dolores Morera Bello (+34)&#8230;<\/p>\n","protected":false},"author":65,"featured_media":0,"parent":0,"menu_order":0,"comment_status":"closed","ping_status":"closed","template":"","meta":{"inline_featured_image":false,"footnotes":""},"acf":[],"yoast_head":"<!-- This site is optimized with the Yoast SEO plugin v21.3 - https:\/\/yoast.com\/wordpress\/plugins\/seo\/ -->\n<title>Aula Cultural de Diversidad LGTBIQ+ - Aulas y C\u00e1tedras Culturales<\/title>\n<meta name=\"robots\" content=\"index, follow, max-snippet:-1, max-image-preview:large, max-video-preview:-1\" \/>\n<link rel=\"canonical\" href=\"https:\/\/www.ull.es\/portal\/aulasycatedrasculturales\/aula-cultural-de-diversidad-lgtbiq\/\" \/>\n<meta property=\"og:locale\" content=\"es_ES\" \/>\n<meta property=\"og:type\" content=\"article\" \/>\n<meta property=\"og:title\" content=\"Aula Cultural de Diversidad LGTBIQ+ - Aulas y C\u00e1tedras Culturales\" \/>\n<meta property=\"og:description\" content=\"[vc_row][vc_column][vc_empty_space][\/vc_column][\/vc_row][vc_row][vc_column width=\u00bb1\/3&#8243;][vc_single_image image=\u00bb2219&#8243; img_size=\u00bbfull\u00bb][vc_column_text]Director: Sergio Siverio Luis (+34) 922 31 6502 + 6012 ssiverio@ull.es Coirectora: Mar\u00eda Dolores Morera Bello (+34)...\" \/>\n<meta property=\"og:url\" content=\"https:\/\/www.ull.es\/portal\/aulasycatedrasculturales\/aula-cultural-de-diversidad-lgtbiq\/\" \/>\n<meta property=\"og:site_name\" content=\"Aulas y C\u00e1tedras Culturales\" \/>\n<meta property=\"article:modified_time\" content=\"2025-10-09T09:16:54+00:00\" \/>\n<meta property=\"og:image\" content=\"https:\/\/www.ull.es\/portal\/aulasycatedrasculturales\/wp-content\/uploads\/sites\/19\/2024\/11\/Reglamento-Diversidad-Genero_page-0001-212x300.jpg\" \/>\n<meta name=\"twitter:card\" content=\"summary_large_image\" \/>\n<meta name=\"twitter:label1\" content=\"Tiempo de lectura\" \/>\n\t<meta name=\"twitter:data1\" content=\"5 minutos\" \/>\n<script type=\"application\/ld+json\" class=\"yoast-schema-graph\">{\"@context\":\"https:\/\/schema.org\",\"@graph\":[{\"@type\":\"WebPage\",\"@id\":\"https:\/\/www.ull.es\/portal\/aulasycatedrasculturales\/aula-cultural-de-diversidad-lgtbiq\/\",\"url\":\"https:\/\/www.ull.es\/portal\/aulasycatedrasculturales\/aula-cultural-de-diversidad-lgtbiq\/\",\"name\":\"Aula Cultural de Diversidad LGTBIQ+ - Aulas y C\u00e1tedras Culturales\",\"isPartOf\":{\"@id\":\"https:\/\/www.ull.es\/portal\/aulasycatedrasculturales\/#website\"},\"datePublished\":\"2021-10-08T11:59:29+00:00\",\"dateModified\":\"2025-10-09T09:16:54+00:00\",\"breadcrumb\":{\"@id\":\"https:\/\/www.ull.es\/portal\/aulasycatedrasculturales\/aula-cultural-de-diversidad-lgtbiq\/#breadcrumb\"},\"inLanguage\":\"es\",\"potentialAction\":[{\"@type\":\"ReadAction\",\"target\":[\"https:\/\/www.ull.es\/portal\/aulasycatedrasculturales\/aula-cultural-de-diversidad-lgtbiq\/\"]}]},{\"@type\":\"BreadcrumbList\",\"@id\":\"https:\/\/www.ull.es\/portal\/aulasycatedrasculturales\/aula-cultural-de-diversidad-lgtbiq\/#breadcrumb\",\"itemListElement\":[{\"@type\":\"ListItem\",\"position\":1,\"name\":\"Portada\",\"item\":\"https:\/\/www.ull.es\/portal\/aulasycatedrasculturales\/\"},{\"@type\":\"ListItem\",\"position\":2,\"name\":\"Aula Cultural de Diversidad LGTBIQ+\"}]},{\"@type\":\"WebSite\",\"@id\":\"https:\/\/www.ull.es\/portal\/aulasycatedrasculturales\/#website\",\"url\":\"https:\/\/www.ull.es\/portal\/aulasycatedrasculturales\/\",\"name\":\"Aulas y C\u00e1tedras Culturales\",\"description\":\"\",\"potentialAction\":[{\"@type\":\"SearchAction\",\"target\":{\"@type\":\"EntryPoint\",\"urlTemplate\":\"https:\/\/www.ull.es\/portal\/aulasycatedrasculturales\/?s={search_term_string}\"},\"query-input\":\"required name=search_term_string\"}],\"inLanguage\":\"es\"}]}<\/script>\n<!-- \/ Yoast SEO plugin. -->","yoast_head_json":{"title":"Aula Cultural de Diversidad LGTBIQ+ - Aulas y C\u00e1tedras Culturales","robots":{"index":"index","follow":"follow","max-snippet":"max-snippet:-1","max-image-preview":"max-image-preview:large","max-video-preview":"max-video-preview:-1"},"canonical":"https:\/\/www.ull.es\/portal\/aulasycatedrasculturales\/aula-cultural-de-diversidad-lgtbiq\/","og_locale":"es_ES","og_type":"article","og_title":"Aula Cultural de Diversidad LGTBIQ+ - Aulas y C\u00e1tedras Culturales","og_description":"[vc_row][vc_column][vc_empty_space][\/vc_column][\/vc_row][vc_row][vc_column width=\u00bb1\/3&#8243;][vc_single_image image=\u00bb2219&#8243; img_size=\u00bbfull\u00bb][vc_column_text]Director: Sergio Siverio Luis (+34) 922 31 6502 + 6012 ssiverio@ull.es Coirectora: Mar\u00eda Dolores Morera Bello (+34)...","og_url":"https:\/\/www.ull.es\/portal\/aulasycatedrasculturales\/aula-cultural-de-diversidad-lgtbiq\/","og_site_name":"Aulas y C\u00e1tedras Culturales","article_modified_time":"2025-10-09T09:16:54+00:00","og_image":[{"url":"https:\/\/www.ull.es\/portal\/aulasycatedrasculturales\/wp-content\/uploads\/sites\/19\/2024\/11\/Reglamento-Diversidad-Genero_page-0001-212x300.jpg"}],"twitter_card":"summary_large_image","twitter_misc":{"Tiempo de lectura":"5 minutos"},"schema":{"@context":"https:\/\/schema.org","@graph":[{"@type":"WebPage","@id":"https:\/\/www.ull.es\/portal\/aulasycatedrasculturales\/aula-cultural-de-diversidad-lgtbiq\/","url":"https:\/\/www.ull.es\/portal\/aulasycatedrasculturales\/aula-cultural-de-diversidad-lgtbiq\/","name":"Aula Cultural de Diversidad LGTBIQ+ - Aulas y C\u00e1tedras Culturales","isPartOf":{"@id":"https:\/\/www.ull.es\/portal\/aulasycatedrasculturales\/#website"},"datePublished":"2021-10-08T11:59:29+00:00","dateModified":"2025-10-09T09:16:54+00:00","breadcrumb":{"@id":"https:\/\/www.ull.es\/portal\/aulasycatedrasculturales\/aula-cultural-de-diversidad-lgtbiq\/#breadcrumb"},"inLanguage":"es","potentialAction":[{"@type":"ReadAction","target":["https:\/\/www.ull.es\/portal\/aulasycatedrasculturales\/aula-cultural-de-diversidad-lgtbiq\/"]}]},{"@type":"BreadcrumbList","@id":"https:\/\/www.ull.es\/portal\/aulasycatedrasculturales\/aula-cultural-de-diversidad-lgtbiq\/#breadcrumb","itemListElement":[{"@type":"ListItem","position":1,"name":"Portada","item":"https:\/\/www.ull.es\/portal\/aulasycatedrasculturales\/"},{"@type":"ListItem","position":2,"name":"Aula Cultural de Diversidad LGTBIQ+"}]},{"@type":"WebSite","@id":"https:\/\/www.ull.es\/portal\/aulasycatedrasculturales\/#website","url":"https:\/\/www.ull.es\/portal\/aulasycatedrasculturales\/","name":"Aulas y C\u00e1tedras Culturales","description":"","potentialAction":[{"@type":"SearchAction","target":{"@type":"EntryPoint","urlTemplate":"https:\/\/www.ull.es\/portal\/aulasycatedrasculturales\/?s={search_term_string}"},"query-input":"required name=search_term_string"}],"inLanguage":"es"}]}},"_links":{"self":[{"href":"https:\/\/www.ull.es\/portal\/aulasycatedrasculturales\/wp-json\/wp\/v2\/pages\/2216"}],"collection":[{"href":"https:\/\/www.ull.es\/portal\/aulasycatedrasculturales\/wp-json\/wp\/v2\/pages"}],"about":[{"href":"https:\/\/www.ull.es\/portal\/aulasycatedrasculturales\/wp-json\/wp\/v2\/types\/page"}],"author":[{"embeddable":true,"href":"https:\/\/www.ull.es\/portal\/aulasycatedrasculturales\/wp-json\/wp\/v2\/users\/65"}],"replies":[{"embeddable":true,"href":"https:\/\/www.ull.es\/portal\/aulasycatedrasculturales\/wp-json\/wp\/v2\/comments?post=2216"}],"version-history":[{"count":21,"href":"https:\/\/www.ull.es\/portal\/aulasycatedrasculturales\/wp-json\/wp\/v2\/pages\/2216\/revisions"}],"predecessor-version":[{"id":2387,"href":"https:\/\/www.ull.es\/portal\/aulasycatedrasculturales\/wp-json\/wp\/v2\/pages\/2216\/revisions\/2387"}],"wp:attachment":[{"href":"https:\/\/www.ull.es\/portal\/aulasycatedrasculturales\/wp-json\/wp\/v2\/media?parent=2216"}],"curies":[{"name":"wp","href":"https:\/\/api.w.org\/{rel}","templated":true}]}}